{"id":1707,"date":"2022-06-29T21:37:31","date_gmt":"2022-06-30T00:37:31","guid":{"rendered":"https:\/\/nescuba.cdtc.unb.br\/?page_id=1707"},"modified":"2026-04-20T13:51:45","modified_gmt":"2026-04-20T16:51:45","slug":"eventos","status":"publish","type":"page","link":"https:\/\/nescuba.cdtc.unb.br\/?page_id=1707","title":{"rendered":"SOLIDARIDADE BRASILEIRA COM CUBA"},"content":{"rendered":"\t\t<div data-elementor-type=\"wp-page\" data-elementor-id=\"1707\" class=\"elementor elementor-1707\">\n\t\t\t\t\t\t\t\t\t<section class=\"elementor-section elementor-top-section elementor-element elementor-element-be44388 elementor-section-boxed elementor-section-height-default elementor-section-height-default\" data-id=\"be44388\" data-element_type=\"section\" data-settings=\"{&quot;background_background&quot;:&quot;gradient&quot;,&quot;shape_divider_top&quot;:&quot;pyramids&quot;}\">\n\t\t\t\t\t<div class=\"elementor-shape elementor-shape-top\" data-negative=\"false\">\n\t\t\t<svg xmlns=\"http:\/\/www.w3.org\/2000\/svg\" viewBox=\"0 0 1000 100\" preserveAspectRatio=\"none\">\n\t<path class=\"elementor-shape-fill\" d=\"M761.9,44.1L643.1,27.2L333.8,98L0,3.8V0l1000,0v3.9\"\/>\n<\/svg>\t\t<\/div>\n\t\t\t\t\t<div class=\"elementor-container elementor-column-gap-narrow\">\n\t\t\t\t\t<div class=\"elementor-column elementor-col-33 elementor-top-column elementor-element elementor-element-9423cd8\" data-id=\"9423cd8\" data-element_type=\"column\">\n\t\t\t<div class=\"elementor-widget-wrap elementor-element-populated\">\n\t\t\t\t\t\t\t\t<div class=\"elementor-element elementor-element-f2c86d9 elementor-widget elementor-widget-image\" data-id=\"f2c86d9\" data-element_type=\"widget\" data-widget_type=\"image.default\">\n\t\t\t\t<div class=\"elementor-widget-container\">\n\t\t\t<style>\/*! elementor - v3.13.3 - 28-05-2023 *\/\n.elementor-widget-image{text-align:center}.elementor-widget-image a{display:inline-block}.elementor-widget-image a img[src$=\".svg\"]{width:48px}.elementor-widget-image img{vertical-align:middle;display:inline-block}<\/style>\t\t\t\t\t\t\t\t\t\t\t\t<img decoding=\"async\" width=\"1280\" height=\"853\" src=\"https:\/\/nescuba.cdtc.unb.br\/wp-content\/uploads\/2023\/08\/meet-7715179_1280.jpg\" class=\"attachment-1536x1536 size-1536x1536 wp-image-7624\" alt=\"\" loading=\"lazy\" srcset=\"https:\/\/nescuba.cdtc.unb.br\/wp-content\/uploads\/2023\/08\/meet-7715179_1280.jpg 1280w, https:\/\/nescuba.cdtc.unb.br\/wp-content\/uploads\/2023\/08\/meet-7715179_1280-300x200.jpg 300w, https:\/\/nescuba.cdtc.unb.br\/wp-content\/uploads\/2023\/08\/meet-7715179_1280-1024x682.jpg 1024w, https:\/\/nescuba.cdtc.unb.br\/wp-content\/uploads\/2023\/08\/meet-7715179_1280-768x512.jpg 768w\" sizes=\"(max-width: 1280px) 100vw, 1280px\" \/>\t\t\t\t\t\t\t\t\t\t\t\t\t\t\t<\/div>\n\t\t\t\t<\/div>\n\t\t\t\t\t<\/div>\n\t\t<\/div>\n\t\t\t\t<div class=\"elementor-column elementor-col-66 elementor-top-column elementor-element elementor-element-3bf20aa\" data-id=\"3bf20aa\" data-element_type=\"column\">\n\t\t\t<div class=\"elementor-widget-wrap elementor-element-populated\">\n\t\t\t\t\t\t\t\t<div class=\"elementor-element elementor-element-dd5b0a1 e-transform elementor-widget elementor-widget-heading\" data-id=\"dd5b0a1\" data-element_type=\"widget\" data-settings=\"{&quot;_transform_rotateZ_effect&quot;:{&quot;unit&quot;:&quot;px&quot;,&quot;size&quot;:360,&quot;sizes&quot;:[]},&quot;_transform_rotateZ_effect_tablet&quot;:{&quot;unit&quot;:&quot;deg&quot;,&quot;size&quot;:&quot;&quot;,&quot;sizes&quot;:[]},&quot;_transform_rotateZ_effect_mobile&quot;:{&quot;unit&quot;:&quot;deg&quot;,&quot;size&quot;:&quot;&quot;,&quot;sizes&quot;:[]}}\" data-widget_type=\"heading.default\">\n\t\t\t\t<div class=\"elementor-widget-container\">\n\t\t\t<style>\/*! elementor - v3.13.3 - 28-05-2023 *\/\n.elementor-heading-title{padding:0;margin:0;line-height:1}.elementor-widget-heading .elementor-heading-title[class*=elementor-size-]>a{color:inherit;font-size:inherit;line-height:inherit}.elementor-widget-heading .elementor-heading-title.elementor-size-small{font-size:15px}.elementor-widget-heading .elementor-heading-title.elementor-size-medium{font-size:19px}.elementor-widget-heading .elementor-heading-title.elementor-size-large{font-size:29px}.elementor-widget-heading .elementor-heading-title.elementor-size-xl{font-size:39px}.elementor-widget-heading .elementor-heading-title.elementor-size-xxl{font-size:59px}<\/style><h2 class=\"elementor-heading-title elementor-size-default\">SOLIDARIDADE BRASILEIRA COM CUBA<\/h2>\t\t<\/div>\n\t\t\t\t<\/div>\n\t\t\t\t\t<\/div>\n\t\t<\/div>\n\t\t\t\t\t\t\t<\/div>\n\t\t<\/section>\n\t\t\t\t<section class=\"elementor-section elementor-top-section elementor-element elementor-element-388d19f elementor-section-boxed elementor-section-height-default elementor-section-height-default\" data-id=\"388d19f\" data-element_type=\"section\" data-settings=\"{&quot;background_background&quot;:&quot;gradient&quot;,&quot;shape_divider_top&quot;:&quot;opacity-tilt&quot;}\">\n\t\t\t\t\t<div class=\"elementor-shape elementor-shape-top\" data-negative=\"false\">\n\t\t\t<svg xmlns=\"http:\/\/www.w3.org\/2000\/svg\" viewBox=\"0 0 2600 131.1\" preserveAspectRatio=\"none\">\n\t<path class=\"elementor-shape-fill\" d=\"M0 0L2600 0 2600 69.1 0 0z\"\/>\n\t<path class=\"elementor-shape-fill\" style=\"opacity:0.5\" d=\"M0 0L2600 0 2600 69.1 0 69.1z\"\/>\n\t<path class=\"elementor-shape-fill\" style=\"opacity:0.25\" d=\"M2600 0L0 0 0 130.1 2600 69.1z\"\/>\n<\/svg>\t\t<\/div>\n\t\t\t\t\t<div class=\"elementor-container elementor-column-gap-narrow\">\n\t\t\t\t\t<div class=\"elementor-column elementor-col-100 elementor-top-column elementor-element elementor-element-9204b46\" data-id=\"9204b46\" data-element_type=\"column\">\n\t\t\t<div class=\"elementor-widget-wrap\">\n\t\t\t\t\t\t\t\t\t<\/div>\n\t\t<\/div>\n\t\t\t\t\t\t\t<\/div>\n\t\t<\/section>\n\t\t\t\t<section class=\"elementor-section elementor-top-section elementor-element elementor-element-a8827c8 elementor-section-boxed elementor-section-height-default elementor-section-height-default\" data-id=\"a8827c8\" data-element_type=\"section\">\n\t\t\t\t\t\t<div class=\"elementor-container elementor-column-gap-default\">\n\t\t\t\t\t<div class=\"elementor-column elementor-col-25 elementor-top-column elementor-element elementor-element-1d2870b\" data-id=\"1d2870b\" data-element_type=\"column\">\n\t\t\t<div class=\"elementor-widget-wrap elementor-element-populated\">\n\t\t\t\t\t\t\t\t<div class=\"elementor-element elementor-element-b4b25e8 elementor-widget elementor-widget-image\" data-id=\"b4b25e8\" data-element_type=\"widget\" data-widget_type=\"image.default\">\n\t\t\t\t<div class=\"elementor-widget-container\">\n\t\t\t\t\t\t\t\t\t\t\t\t\t\t\t\t<a href=\"http:\/\/www.facebook.com\/AssociacaoCulturalJoseMartiRS\/\">\n\t\t\t\t\t\t\t<img decoding=\"async\" width=\"700\" height=\"498\" src=\"https:\/\/nescuba.cdtc.unb.br\/wp-content\/uploads\/2023\/12\/346664373_260377386481308_6857618563690599460_n.jpg\" class=\"attachment-large size-large wp-image-11022\" alt=\"\" loading=\"lazy\" srcset=\"https:\/\/nescuba.cdtc.unb.br\/wp-content\/uploads\/2023\/12\/346664373_260377386481308_6857618563690599460_n.jpg 700w, https:\/\/nescuba.cdtc.unb.br\/wp-content\/uploads\/2023\/12\/346664373_260377386481308_6857618563690599460_n-600x427.jpg 600w\" sizes=\"(max-width: 700px) 100vw, 700px\" \/>\t\t\t\t\t\t\t\t<\/a>\n\t\t\t\t\t\t\t\t\t\t\t\t\t\t\t<\/div>\n\t\t\t\t<\/div>\n\t\t\t\t\t<\/div>\n\t\t<\/div>\n\t\t\t\t<div class=\"elementor-column elementor-col-25 elementor-top-column elementor-element elementor-element-8037fb0\" data-id=\"8037fb0\" data-element_type=\"column\">\n\t\t\t<div class=\"elementor-widget-wrap elementor-element-populated\">\n\t\t\t\t\t\t\t\t<div class=\"elementor-element elementor-element-f722fdb elementor-widget elementor-widget-image\" data-id=\"f722fdb\" data-element_type=\"widget\" data-widget_type=\"image.default\">\n\t\t\t\t<div class=\"elementor-widget-container\">\n\t\t\t\t\t\t\t\t\t\t\t\t\t\t\t\t<a href=\"http:\/\/solidariedadecubarj.blogspot.com\/\">\n\t\t\t\t\t\t\t<img decoding=\"async\" width=\"800\" height=\"222\" src=\"https:\/\/nescuba.cdtc.unb.br\/wp-content\/uploads\/2023\/12\/logo-blog-1024x284.jpg\" class=\"attachment-large size-large wp-image-11021\" alt=\"\" loading=\"lazy\" srcset=\"https:\/\/nescuba.cdtc.unb.br\/wp-content\/uploads\/2023\/12\/logo-blog-1024x284.jpg 1024w, https:\/\/nescuba.cdtc.unb.br\/wp-content\/uploads\/2023\/12\/logo-blog-600x166.jpg 600w, https:\/\/nescuba.cdtc.unb.br\/wp-content\/uploads\/2023\/12\/logo-blog-768x213.jpg 768w, https:\/\/nescuba.cdtc.unb.br\/wp-content\/uploads\/2023\/12\/logo-blog.jpg 1170w\" sizes=\"(max-width: 800px) 100vw, 800px\" \/>\t\t\t\t\t\t\t\t<\/a>\n\t\t\t\t\t\t\t\t\t\t\t\t\t\t\t<\/div>\n\t\t\t\t<\/div>\n\t\t\t\t\t<\/div>\n\t\t<\/div>\n\t\t\t\t<div class=\"elementor-column elementor-col-25 elementor-top-column elementor-element elementor-element-b38a646\" data-id=\"b38a646\" data-element_type=\"column\">\n\t\t\t<div class=\"elementor-widget-wrap elementor-element-populated\">\n\t\t\t\t\t\t\t\t<div class=\"elementor-element elementor-element-dc7131d elementor-widget elementor-widget-image\" data-id=\"dc7131d\" data-element_type=\"widget\" data-widget_type=\"image.default\">\n\t\t\t\t<div class=\"elementor-widget-container\">\n\t\t\t\t\t\t\t\t\t\t\t\t\t\t\t\t<a href=\"http:\/\/www.facebook.com\/comitecuba\/\">\n\t\t\t\t\t\t\t<img decoding=\"async\" width=\"400\" height=\"459\" src=\"https:\/\/nescuba.cdtc.unb.br\/wp-content\/uploads\/2023\/12\/386256648_714863907335242_6848134400383393117_n.jpg\" class=\"attachment-large size-large wp-image-11032\" alt=\"\" loading=\"lazy\" \/>\t\t\t\t\t\t\t\t<\/a>\n\t\t\t\t\t\t\t\t\t\t\t\t\t\t\t<\/div>\n\t\t\t\t<\/div>\n\t\t\t\t\t<\/div>\n\t\t<\/div>\n\t\t\t\t<div class=\"elementor-column elementor-col-25 elementor-top-column elementor-element elementor-element-2d6b743\" data-id=\"2d6b743\" data-element_type=\"column\">\n\t\t\t<div class=\"elementor-widget-wrap elementor-element-populated\">\n\t\t\t\t\t\t\t\t<div class=\"elementor-element elementor-element-4e9b765 elementor-widget elementor-widget-image\" data-id=\"4e9b765\" data-element_type=\"widget\" data-widget_type=\"image.default\">\n\t\t\t\t<div class=\"elementor-widget-container\">\n\t\t\t\t\t\t\t\t\t\t\t\t\t\t\t\t<a href=\"http:\/\/www.facebook.com\/brasilcubaceara\/?locale=pt_BR\">\n\t\t\t\t\t\t\t<img decoding=\"async\" width=\"800\" height=\"599\" src=\"https:\/\/nescuba.cdtc.unb.br\/wp-content\/uploads\/2023\/12\/328743041_1162609434428395_1475098848608019958_n-1024x767.png\" class=\"attachment-large size-large wp-image-11027\" alt=\"\" loading=\"lazy\" srcset=\"https:\/\/nescuba.cdtc.unb.br\/wp-content\/uploads\/2023\/12\/328743041_1162609434428395_1475098848608019958_n-1024x767.png 1024w, https:\/\/nescuba.cdtc.unb.br\/wp-content\/uploads\/2023\/12\/328743041_1162609434428395_1475098848608019958_n-600x449.png 600w, https:\/\/nescuba.cdtc.unb.br\/wp-content\/uploads\/2023\/12\/328743041_1162609434428395_1475098848608019958_n-768x575.png 768w, https:\/\/nescuba.cdtc.unb.br\/wp-content\/uploads\/2023\/12\/328743041_1162609434428395_1475098848608019958_n.png 1206w\" sizes=\"(max-width: 800px) 100vw, 800px\" \/>\t\t\t\t\t\t\t\t<\/a>\n\t\t\t\t\t\t\t\t\t\t\t\t\t\t\t<\/div>\n\t\t\t\t<\/div>\n\t\t\t\t\t<\/div>\n\t\t<\/div>\n\t\t\t\t\t\t\t<\/div>\n\t\t<\/section>\n\t\t\t\t<section class=\"elementor-section elementor-top-section elementor-element elementor-element-5673b29 elementor-section-full_width elementor-section-height-default elementor-section-height-default\" data-id=\"5673b29\" data-element_type=\"section\" data-settings=\"{&quot;background_background&quot;:&quot;gradient&quot;,&quot;shape_divider_top&quot;:&quot;waves&quot;}\">\n\t\t\t\t\t\t\t<div class=\"elementor-background-overlay\"><\/div>\n\t\t\t\t\t\t<div class=\"elementor-shape elementor-shape-top\" data-negative=\"false\">\n\t\t\t<svg xmlns=\"http:\/\/www.w3.org\/2000\/svg\" viewBox=\"0 0 1000 100\" preserveAspectRatio=\"none\">\n\t<path class=\"elementor-shape-fill\" d=\"M421.9,6.5c22.6-2.5,51.5,0.4,75.5,5.3c23.6,4.9,70.9,23.5,100.5,35.7c75.8,32.2,133.7,44.5,192.6,49.7\n\tc23.6,2.1,48.7,3.5,103.4-2.5c54.7-6,106.2-25.6,106.2-25.6V0H0v30.3c0,0,72,32.6,158.4,30.5c39.2-0.7,92.8-6.7,134-22.4\n\tc21.2-8.1,52.2-18.2,79.7-24.2C399.3,7.9,411.6,7.5,421.9,6.5z\"\/>\n<\/svg>\t\t<\/div>\n\t\t\t\t\t<div class=\"elementor-container elementor-column-gap-extended\">\n\t\t\t\t\t<div class=\"elementor-column elementor-col-100 elementor-top-column elementor-element elementor-element-94b3d70\" data-id=\"94b3d70\" data-element_type=\"column\" data-settings=\"{&quot;background_background&quot;:&quot;gradient&quot;}\">\n\t\t\t<div class=\"elementor-widget-wrap elementor-element-populated\">\n\t\t\t\t\t\t\t\t<div class=\"elementor-element elementor-element-caceded elementor-widget__width-initial elementor-widget elementor-widget-heading\" data-id=\"caceded\" data-element_type=\"widget\" data-widget_type=\"heading.default\">\n\t\t\t\t<div class=\"elementor-widget-container\">\n\t\t\t<h4 class=\"elementor-heading-title elementor-size-large\"><a href=\"https:\/\/www.siempreconcuba.org\/una-caravana-y-un-gran-amigo\/\">Pedalada por Cuba DF\/2026<\/a><\/h4>\t\t<\/div>\n\t\t\t\t<\/div>\n\t\t\t\t\t<\/div>\n\t\t<\/div>\n\t\t\t\t\t\t\t<\/div>\n\t\t<\/section>\n\t\t\t\t<section class=\"elementor-section elementor-top-section elementor-element elementor-element-073553b elementor-section-boxed elementor-section-height-default elementor-section-height-default\" data-id=\"073553b\" data-element_type=\"section\">\n\t\t\t\t\t\t<div class=\"elementor-container elementor-column-gap-default\">\n\t\t\t\t\t<div class=\"elementor-column elementor-col-25 elementor-top-column elementor-element elementor-element-118f889\" data-id=\"118f889\" data-element_type=\"column\" data-settings=\"{&quot;background_background&quot;:&quot;gradient&quot;}\">\n\t\t\t<div class=\"elementor-widget-wrap elementor-element-populated\">\n\t\t\t\t\t\t\t\t<div class=\"elementor-element elementor-element-2c9bc02 elementor-widget elementor-widget-image\" data-id=\"2c9bc02\" data-element_type=\"widget\" data-widget_type=\"image.default\">\n\t\t\t\t<div class=\"elementor-widget-container\">\n\t\t\t\t\t\t\t\t\t\t\t\t\t\t\t<img decoding=\"async\" width=\"800\" height=\"1000\" src=\"https:\/\/nescuba.cdtc.unb.br\/wp-content\/uploads\/2026\/04\/IMG-20260409-WA00461-819x1024.jpg\" class=\"attachment-large size-large wp-image-31218\" alt=\"\" loading=\"lazy\" srcset=\"https:\/\/nescuba.cdtc.unb.br\/wp-content\/uploads\/2026\/04\/IMG-20260409-WA00461-819x1024.jpg 819w, https:\/\/nescuba.cdtc.unb.br\/wp-content\/uploads\/2026\/04\/IMG-20260409-WA00461-480x600.jpg 480w, https:\/\/nescuba.cdtc.unb.br\/wp-content\/uploads\/2026\/04\/IMG-20260409-WA00461-768x960.jpg 768w, https:\/\/nescuba.cdtc.unb.br\/wp-content\/uploads\/2026\/04\/IMG-20260409-WA00461.jpg 1080w\" sizes=\"(max-width: 800px) 100vw, 800px\" \/>\t\t\t\t\t\t\t\t\t\t\t\t\t\t\t<\/div>\n\t\t\t\t<\/div>\n\t\t\t\t\t<\/div>\n\t\t<\/div>\n\t\t\t\t<div class=\"elementor-column elementor-col-25 elementor-top-column elementor-element elementor-element-e652fd2\" data-id=\"e652fd2\" data-element_type=\"column\">\n\t\t\t<div class=\"elementor-widget-wrap elementor-element-populated\">\n\t\t\t\t\t\t\t\t<div class=\"elementor-element elementor-element-d629599 elementor-widget elementor-widget-image\" data-id=\"d629599\" data-element_type=\"widget\" data-widget_type=\"image.default\">\n\t\t\t\t<div class=\"elementor-widget-container\">\n\t\t\t\t\t\t\t\t\t\t\t\t\t\t\t<img decoding=\"async\" width=\"800\" height=\"600\" src=\"https:\/\/nescuba.cdtc.unb.br\/wp-content\/uploads\/2026\/04\/IMG-20260413-WA00201-1024x768.jpg\" class=\"attachment-large size-large wp-image-31219\" alt=\"\" loading=\"lazy\" srcset=\"https:\/\/nescuba.cdtc.unb.br\/wp-content\/uploads\/2026\/04\/IMG-20260413-WA00201-1024x768.jpg 1024w, https:\/\/nescuba.cdtc.unb.br\/wp-content\/uploads\/2026\/04\/IMG-20260413-WA00201-600x450.jpg 600w, https:\/\/nescuba.cdtc.unb.br\/wp-content\/uploads\/2026\/04\/IMG-20260413-WA00201-768x576.jpg 768w, https:\/\/nescuba.cdtc.unb.br\/wp-content\/uploads\/2026\/04\/IMG-20260413-WA00201-1536x1152.jpg 1536w, https:\/\/nescuba.cdtc.unb.br\/wp-content\/uploads\/2026\/04\/IMG-20260413-WA00201-2048x1536.jpg 2048w\" sizes=\"(max-width: 800px) 100vw, 800px\" \/>\t\t\t\t\t\t\t\t\t\t\t\t\t\t\t<\/div>\n\t\t\t\t<\/div>\n\t\t\t\t\t<\/div>\n\t\t<\/div>\n\t\t\t\t<div class=\"elementor-column elementor-col-25 elementor-top-column elementor-element elementor-element-9f260ad\" data-id=\"9f260ad\" data-element_type=\"column\">\n\t\t\t<div class=\"elementor-widget-wrap elementor-element-populated\">\n\t\t\t\t\t\t\t\t<div class=\"elementor-element elementor-element-00f781f elementor-widget elementor-widget-image\" data-id=\"00f781f\" data-element_type=\"widget\" data-widget_type=\"image.default\">\n\t\t\t\t<div class=\"elementor-widget-container\">\n\t\t\t\t\t\t\t\t\t\t\t\t\t\t\t<img decoding=\"async\" width=\"800\" height=\"600\" src=\"https:\/\/nescuba.cdtc.unb.br\/wp-content\/uploads\/2026\/04\/IMG-20260413-WA00161-1024x768.jpg\" class=\"attachment-large size-large wp-image-31220\" alt=\"\" loading=\"lazy\" srcset=\"https:\/\/nescuba.cdtc.unb.br\/wp-content\/uploads\/2026\/04\/IMG-20260413-WA00161-1024x768.jpg 1024w, https:\/\/nescuba.cdtc.unb.br\/wp-content\/uploads\/2026\/04\/IMG-20260413-WA00161-600x450.jpg 600w, https:\/\/nescuba.cdtc.unb.br\/wp-content\/uploads\/2026\/04\/IMG-20260413-WA00161-768x576.jpg 768w, https:\/\/nescuba.cdtc.unb.br\/wp-content\/uploads\/2026\/04\/IMG-20260413-WA00161-1536x1152.jpg 1536w, https:\/\/nescuba.cdtc.unb.br\/wp-content\/uploads\/2026\/04\/IMG-20260413-WA00161-2048x1536.jpg 2048w\" sizes=\"(max-width: 800px) 100vw, 800px\" \/>\t\t\t\t\t\t\t\t\t\t\t\t\t\t\t<\/div>\n\t\t\t\t<\/div>\n\t\t\t\t\t<\/div>\n\t\t<\/div>\n\t\t\t\t<div class=\"elementor-column elementor-col-25 elementor-top-column elementor-element elementor-element-f60788e\" data-id=\"f60788e\" data-element_type=\"column\">\n\t\t\t<div class=\"elementor-widget-wrap elementor-element-populated\">\n\t\t\t\t\t\t\t\t<div class=\"elementor-element elementor-element-ef8f944 elementor-widget elementor-widget-image\" data-id=\"ef8f944\" data-element_type=\"widget\" data-widget_type=\"image.default\">\n\t\t\t\t<div class=\"elementor-widget-container\">\n\t\t\t\t\t\t\t\t\t\t\t\t\t\t\t<img decoding=\"async\" width=\"800\" height=\"600\" src=\"https:\/\/nescuba.cdtc.unb.br\/wp-content\/uploads\/2026\/04\/IMG-20260413-WA00181-1024x768.jpg\" class=\"attachment-large size-large wp-image-31222\" alt=\"\" loading=\"lazy\" srcset=\"https:\/\/nescuba.cdtc.unb.br\/wp-content\/uploads\/2026\/04\/IMG-20260413-WA00181-1024x768.jpg 1024w, https:\/\/nescuba.cdtc.unb.br\/wp-content\/uploads\/2026\/04\/IMG-20260413-WA00181-600x450.jpg 600w, https:\/\/nescuba.cdtc.unb.br\/wp-content\/uploads\/2026\/04\/IMG-20260413-WA00181-768x576.jpg 768w, https:\/\/nescuba.cdtc.unb.br\/wp-content\/uploads\/2026\/04\/IMG-20260413-WA00181-1536x1152.jpg 1536w, https:\/\/nescuba.cdtc.unb.br\/wp-content\/uploads\/2026\/04\/IMG-20260413-WA00181-2048x1536.jpg 2048w\" sizes=\"(max-width: 800px) 100vw, 800px\" \/>\t\t\t\t\t\t\t\t\t\t\t\t\t\t\t<\/div>\n\t\t\t\t<\/div>\n\t\t\t\t\t<\/div>\n\t\t<\/div>\n\t\t\t\t\t\t\t<\/div>\n\t\t<\/section>\n\t\t\t\t<section class=\"elementor-section elementor-top-section elementor-element elementor-element-c7d7b42 elementor-section-full_width elementor-section-height-default elementor-section-height-default\" data-id=\"c7d7b42\" data-element_type=\"section\" data-settings=\"{&quot;background_background&quot;:&quot;gradient&quot;,&quot;shape_divider_top&quot;:&quot;waves&quot;}\">\n\t\t\t\t\t\t\t<div class=\"elementor-background-overlay\"><\/div>\n\t\t\t\t\t\t<div class=\"elementor-shape elementor-shape-top\" data-negative=\"false\">\n\t\t\t<svg xmlns=\"http:\/\/www.w3.org\/2000\/svg\" viewBox=\"0 0 1000 100\" preserveAspectRatio=\"none\">\n\t<path class=\"elementor-shape-fill\" d=\"M421.9,6.5c22.6-2.5,51.5,0.4,75.5,5.3c23.6,4.9,70.9,23.5,100.5,35.7c75.8,32.2,133.7,44.5,192.6,49.7\n\tc23.6,2.1,48.7,3.5,103.4-2.5c54.7-6,106.2-25.6,106.2-25.6V0H0v30.3c0,0,72,32.6,158.4,30.5c39.2-0.7,92.8-6.7,134-22.4\n\tc21.2-8.1,52.2-18.2,79.7-24.2C399.3,7.9,411.6,7.5,421.9,6.5z\"\/>\n<\/svg>\t\t<\/div>\n\t\t\t\t\t<div class=\"elementor-container elementor-column-gap-extended\">\n\t\t\t\t\t<div class=\"elementor-column elementor-col-100 elementor-top-column elementor-element elementor-element-60462ea\" data-id=\"60462ea\" data-element_type=\"column\" data-settings=\"{&quot;background_background&quot;:&quot;gradient&quot;}\">\n\t\t\t<div class=\"elementor-widget-wrap elementor-element-populated\">\n\t\t\t\t\t\t\t\t<div class=\"elementor-element elementor-element-c8ae70d elementor-widget__width-initial elementor-widget elementor-widget-heading\" data-id=\"c8ae70d\" data-element_type=\"widget\" data-widget_type=\"heading.default\">\n\t\t\t\t<div class=\"elementor-widget-container\">\n\t\t\t<h4 class=\"elementor-heading-title elementor-size-large\"><a href=\"https:\/\/www.siempreconcuba.org\/una-caravana-y-un-gran-amigo\/\">Comemora\u00e7\u00f5es do Centen\u00e1rio de Fidel Castro em Brasilia\/DF\/2026<\/a><\/h4>\t\t<\/div>\n\t\t\t\t<\/div>\n\t\t\t\t\t<\/div>\n\t\t<\/div>\n\t\t\t\t\t\t\t<\/div>\n\t\t<\/section>\n\t\t\t\t<section class=\"elementor-section elementor-top-section elementor-element elementor-element-70b44d5 elementor-section-boxed elementor-section-height-default elementor-section-height-default\" data-id=\"70b44d5\" data-element_type=\"section\">\n\t\t\t\t\t\t<div class=\"elementor-container elementor-column-gap-default\">\n\t\t\t\t\t<div class=\"elementor-column elementor-col-25 elementor-top-column elementor-element elementor-element-c8e0581\" data-id=\"c8e0581\" data-element_type=\"column\" data-settings=\"{&quot;background_background&quot;:&quot;gradient&quot;}\">\n\t\t\t<div class=\"elementor-widget-wrap elementor-element-populated\">\n\t\t\t\t\t\t\t\t<div class=\"elementor-element elementor-element-2ec9c79 elementor-drop-cap-yes elementor-drop-cap-view-default elementor-widget elementor-widget-text-editor\" data-id=\"2ec9c79\" data-element_type=\"widget\" data-settings=\"{&quot;drop_cap&quot;:&quot;yes&quot;}\" data-widget_type=\"text-editor.default\">\n\t\t\t\t<div class=\"elementor-widget-container\">\n\t\t\t<style>\/*! elementor - v3.13.3 - 28-05-2023 *\/\n.elementor-widget-text-editor.elementor-drop-cap-view-stacked .elementor-drop-cap{background-color:#69727d;color:#fff}.elementor-widget-text-editor.elementor-drop-cap-view-framed .elementor-drop-cap{color:#69727d;border:3px solid;background-color:transparent}.elementor-widget-text-editor:not(.elementor-drop-cap-view-default) .elementor-drop-cap{margin-top:8px}.elementor-widget-text-editor:not(.elementor-drop-cap-view-default) .elementor-drop-cap-letter{width:1em;height:1em}.elementor-widget-text-editor .elementor-drop-cap{float:left;text-align:center;line-height:1;font-size:50px}.elementor-widget-text-editor .elementor-drop-cap-letter{display:inline-block}<\/style>\t\t\t\t<h6><strong>Centen\u00e1rio de Fidel Castro Ruz<\/strong><\/h6><p>Uma exposi\u00e7\u00e3o de cartazes intitulada Da Serra Maestra ao Mundo serviu de cen\u00e1rio do evento que marcou o in\u00edcio das comemora\u00e7\u00f5es do Centen\u00e1rio de Fidel, no qual se realizaram diversas atividades no dia 12 de mar\u00e7o nas depend\u00eancias do Sindicato dos Banc\u00e1rios em Bras\u00edlia\/DF, resultado de uma constru\u00e7\u00e3o coletiva. <br \/>Inspirada no livro A Revolu\u00e7\u00e3o de Anita, de Shirley Langer, a atriz Julie Wetzel, da Cia de Teatro Burlesca, apresentou o emocionante mon\u00f3logo A Aurora que fala de uma educa\u00e7\u00e3o libertadora, rememorando a Paulo Freire, e a transforma\u00e7\u00e3o de vidas individuais e coletivas, atrav\u00e9s da hist\u00f3ria da Campanha Nacional de Alfabetiza\u00e7\u00e3o que erradicou o analfabetismo em Cuba em 1961.\u00a0<br \/>Em uma mesa, composta pelos Embaixadores de Cuba &#8211; Victor Emanuel Cairo Palomo, da Venezuela e da Rep\u00fablica \u00c1rabe Saarau\u00ed Democr\u00e1tica, representantes da Embaixada da Rep\u00fablica Isl\u00e2mica do Ir\u00e3, da Palestina, de Mo\u00e7ambique e representantes de organiza\u00e7\u00f5es sociais, pol\u00edticas e estudantis e do Movimento Brasileiro de Solidariedade a Cuba, se pronunciaram discursos exaltando, assim como no v\u00eddeo de Frei Beto, a figura do Comandante Fidel, l\u00edder hist\u00f3rico da Revolu\u00e7\u00e3o Cubana. Oferenda de flores foram entregues por meninas brasileira e cubana, emotiva homenagem ao centen\u00e1rio de Fidel. Ao final o p\u00fablico foi convidado a participar da constru\u00e7\u00e3o da 28\u00aa Conven\u00e7\u00e3o Nacional de Solidariedade com Cuba a realizar-se em Bras\u00edlia em junho de 2027.\u00a0<br \/>Nossos agradecimentos a sindicatos e partidos que fizeram poss\u00edvel a realiza\u00e7\u00e3o do evento, que reuniu 40 organiza\u00e7\u00f5es &#8211; movimentos sociais e populares, sindicatos, partidos, organiza\u00e7\u00f5es sociais, culturais e pol\u00edticas -, na sua constru\u00e7\u00e3o, com sucesso de p\u00fablico, lotando o teatro dos banc\u00e1rios, de 400 lugares.<\/p>\t\t\t\t\t\t<\/div>\n\t\t\t\t<\/div>\n\t\t\t\t\t<\/div>\n\t\t<\/div>\n\t\t\t\t<div class=\"elementor-column elementor-col-25 elementor-top-column elementor-element elementor-element-0fdf4fe\" data-id=\"0fdf4fe\" data-element_type=\"column\">\n\t\t\t<div class=\"elementor-widget-wrap elementor-element-populated\">\n\t\t\t\t\t\t\t\t<div class=\"elementor-element elementor-element-f7b2b88 elementor-widget elementor-widget-image\" data-id=\"f7b2b88\" data-element_type=\"widget\" data-widget_type=\"image.default\">\n\t\t\t\t<div class=\"elementor-widget-container\">\n\t\t\t\t\t\t\t\t\t\t\t\t\t\t\t<img decoding=\"async\" width=\"800\" height=\"205\" src=\"https:\/\/nescuba.cdtc.unb.br\/wp-content\/uploads\/2026\/03\/IMG-20260316-WA0045-1-1024x262.jpg\" class=\"attachment-large size-large wp-image-30461\" alt=\"\" loading=\"lazy\" srcset=\"https:\/\/nescuba.cdtc.unb.br\/wp-content\/uploads\/2026\/03\/IMG-20260316-WA0045-1-1024x262.jpg 1024w, https:\/\/nescuba.cdtc.unb.br\/wp-content\/uploads\/2026\/03\/IMG-20260316-WA0045-1-600x153.jpg 600w, https:\/\/nescuba.cdtc.unb.br\/wp-content\/uploads\/2026\/03\/IMG-20260316-WA0045-1-768x196.jpg 768w, https:\/\/nescuba.cdtc.unb.br\/wp-content\/uploads\/2026\/03\/IMG-20260316-WA0045-1.jpg 1280w\" sizes=\"(max-width: 800px) 100vw, 800px\" \/>\t\t\t\t\t\t\t\t\t\t\t\t\t\t\t<\/div>\n\t\t\t\t<\/div>\n\t\t\t\t<div class=\"elementor-element elementor-element-046cc1b elementor-widget elementor-widget-image\" data-id=\"046cc1b\" data-element_type=\"widget\" data-widget_type=\"image.default\">\n\t\t\t\t<div class=\"elementor-widget-container\">\n\t\t\t\t\t\t\t\t\t\t\t\t\t\t\t<img decoding=\"async\" width=\"800\" height=\"600\" src=\"https:\/\/nescuba.cdtc.unb.br\/wp-content\/uploads\/2026\/03\/IMG-20260316-WA0048-1024x768.jpg\" class=\"attachment-large size-large wp-image-30266\" alt=\"\" loading=\"lazy\" srcset=\"https:\/\/nescuba.cdtc.unb.br\/wp-content\/uploads\/2026\/03\/IMG-20260316-WA0048-1024x768.jpg 1024w, https:\/\/nescuba.cdtc.unb.br\/wp-content\/uploads\/2026\/03\/IMG-20260316-WA0048-600x450.jpg 600w, https:\/\/nescuba.cdtc.unb.br\/wp-content\/uploads\/2026\/03\/IMG-20260316-WA0048-768x576.jpg 768w, https:\/\/nescuba.cdtc.unb.br\/wp-content\/uploads\/2026\/03\/IMG-20260316-WA0048-1536x1152.jpg 1536w, https:\/\/nescuba.cdtc.unb.br\/wp-content\/uploads\/2026\/03\/IMG-20260316-WA0048.jpg 1600w\" sizes=\"(max-width: 800px) 100vw, 800px\" \/>\t\t\t\t\t\t\t\t\t\t\t\t\t\t\t<\/div>\n\t\t\t\t<\/div>\n\t\t\t\t\t<\/div>\n\t\t<\/div>\n\t\t\t\t<div class=\"elementor-column elementor-col-25 elementor-top-column elementor-element elementor-element-bdc7300\" data-id=\"bdc7300\" data-element_type=\"column\">\n\t\t\t<div class=\"elementor-widget-wrap elementor-element-populated\">\n\t\t\t\t\t\t\t\t<div class=\"elementor-element elementor-element-daf5866 elementor-widget elementor-widget-image\" data-id=\"daf5866\" data-element_type=\"widget\" data-widget_type=\"image.default\">\n\t\t\t\t<div class=\"elementor-widget-container\">\n\t\t\t\t\t\t\t\t\t\t\t\t\t\t\t<img decoding=\"async\" width=\"800\" height=\"449\" src=\"https:\/\/nescuba.cdtc.unb.br\/wp-content\/uploads\/2026\/03\/IMG-20260316-WA0054.jpg\" class=\"attachment-large size-large wp-image-30258\" alt=\"\" loading=\"lazy\" srcset=\"https:\/\/nescuba.cdtc.unb.br\/wp-content\/uploads\/2026\/03\/IMG-20260316-WA0054.jpg 1020w, https:\/\/nescuba.cdtc.unb.br\/wp-content\/uploads\/2026\/03\/IMG-20260316-WA0054-600x336.jpg 600w, https:\/\/nescuba.cdtc.unb.br\/wp-content\/uploads\/2026\/03\/IMG-20260316-WA0054-768x431.jpg 768w\" sizes=\"(max-width: 800px) 100vw, 800px\" \/>\t\t\t\t\t\t\t\t\t\t\t\t\t\t\t<\/div>\n\t\t\t\t<\/div>\n\t\t\t\t<div class=\"elementor-element elementor-element-1b175db elementor-widget elementor-widget-image\" data-id=\"1b175db\" data-element_type=\"widget\" data-widget_type=\"image.default\">\n\t\t\t\t<div class=\"elementor-widget-container\">\n\t\t\t\t\t\t\t\t\t\t\t\t\t\t\t<img decoding=\"async\" width=\"800\" height=\"968\" src=\"https:\/\/nescuba.cdtc.unb.br\/wp-content\/uploads\/2026\/03\/IMG-20260316-WA0053-846x1024.jpg\" class=\"attachment-large size-large wp-image-30260\" alt=\"\" loading=\"lazy\" srcset=\"https:\/\/nescuba.cdtc.unb.br\/wp-content\/uploads\/2026\/03\/IMG-20260316-WA0053-846x1024.jpg 846w, https:\/\/nescuba.cdtc.unb.br\/wp-content\/uploads\/2026\/03\/IMG-20260316-WA0053-495x600.jpg 495w, https:\/\/nescuba.cdtc.unb.br\/wp-content\/uploads\/2026\/03\/IMG-20260316-WA0053-768x930.jpg 768w, https:\/\/nescuba.cdtc.unb.br\/wp-content\/uploads\/2026\/03\/IMG-20260316-WA0053.jpg 1080w\" sizes=\"(max-width: 800px) 100vw, 800px\" \/>\t\t\t\t\t\t\t\t\t\t\t\t\t\t\t<\/div>\n\t\t\t\t<\/div>\n\t\t\t\t\t<\/div>\n\t\t<\/div>\n\t\t\t\t<div class=\"elementor-column elementor-col-25 elementor-top-column elementor-element elementor-element-4e21501\" data-id=\"4e21501\" data-element_type=\"column\">\n\t\t\t<div class=\"elementor-widget-wrap elementor-element-populated\">\n\t\t\t\t\t\t\t\t<div class=\"elementor-element elementor-element-16d5d32 elementor-widget elementor-widget-image\" data-id=\"16d5d32\" data-element_type=\"widget\" data-widget_type=\"image.default\">\n\t\t\t\t<div class=\"elementor-widget-container\">\n\t\t\t\t\t\t\t\t\t\t\t\t\t\t\t<img decoding=\"async\" width=\"800\" height=\"600\" src=\"https:\/\/nescuba.cdtc.unb.br\/wp-content\/uploads\/2026\/03\/IMG-20260316-WA0047-1024x768.jpg\" class=\"attachment-large size-large wp-image-30259\" alt=\"\" loading=\"lazy\" srcset=\"https:\/\/nescuba.cdtc.unb.br\/wp-content\/uploads\/2026\/03\/IMG-20260316-WA0047-1024x768.jpg 1024w, https:\/\/nescuba.cdtc.unb.br\/wp-content\/uploads\/2026\/03\/IMG-20260316-WA0047-600x450.jpg 600w, https:\/\/nescuba.cdtc.unb.br\/wp-content\/uploads\/2026\/03\/IMG-20260316-WA0047-768x576.jpg 768w, https:\/\/nescuba.cdtc.unb.br\/wp-content\/uploads\/2026\/03\/IMG-20260316-WA0047.jpg 1280w\" sizes=\"(max-width: 800px) 100vw, 800px\" \/>\t\t\t\t\t\t\t\t\t\t\t\t\t\t\t<\/div>\n\t\t\t\t<\/div>\n\t\t\t\t<div class=\"elementor-element elementor-element-d8b9185 elementor-widget elementor-widget-image\" data-id=\"d8b9185\" data-element_type=\"widget\" data-widget_type=\"image.default\">\n\t\t\t\t<div class=\"elementor-widget-container\">\n\t\t\t\t\t\t\t\t\t\t\t\t\t\t\t<img decoding=\"async\" width=\"800\" height=\"600\" src=\"https:\/\/nescuba.cdtc.unb.br\/wp-content\/uploads\/2026\/03\/IMG-20260316-WA0046-1024x768.jpg\" class=\"attachment-large size-large wp-image-30460\" alt=\"\" loading=\"lazy\" srcset=\"https:\/\/nescuba.cdtc.unb.br\/wp-content\/uploads\/2026\/03\/IMG-20260316-WA0046-1024x768.jpg 1024w, https:\/\/nescuba.cdtc.unb.br\/wp-content\/uploads\/2026\/03\/IMG-20260316-WA0046-600x450.jpg 600w, https:\/\/nescuba.cdtc.unb.br\/wp-content\/uploads\/2026\/03\/IMG-20260316-WA0046-768x576.jpg 768w, https:\/\/nescuba.cdtc.unb.br\/wp-content\/uploads\/2026\/03\/IMG-20260316-WA0046.jpg 1280w\" sizes=\"(max-width: 800px) 100vw, 800px\" \/>\t\t\t\t\t\t\t\t\t\t\t\t\t\t\t<\/div>\n\t\t\t\t<\/div>\n\t\t\t\t\t<\/div>\n\t\t<\/div>\n\t\t\t\t\t\t\t<\/div>\n\t\t<\/section>\n\t\t\t\t<section class=\"elementor-section elementor-top-section elementor-element elementor-element-036c92c elementor-section-full_width elementor-section-height-default elementor-section-height-default\" data-id=\"036c92c\" data-element_type=\"section\" data-settings=\"{&quot;background_background&quot;:&quot;gradient&quot;,&quot;shape_divider_top&quot;:&quot;waves&quot;}\">\n\t\t\t\t\t\t\t<div class=\"elementor-background-overlay\"><\/div>\n\t\t\t\t\t\t<div class=\"elementor-shape elementor-shape-top\" data-negative=\"false\">\n\t\t\t<svg xmlns=\"http:\/\/www.w3.org\/2000\/svg\" viewBox=\"0 0 1000 100\" preserveAspectRatio=\"none\">\n\t<path class=\"elementor-shape-fill\" d=\"M421.9,6.5c22.6-2.5,51.5,0.4,75.5,5.3c23.6,4.9,70.9,23.5,100.5,35.7c75.8,32.2,133.7,44.5,192.6,49.7\n\tc23.6,2.1,48.7,3.5,103.4-2.5c54.7-6,106.2-25.6,106.2-25.6V0H0v30.3c0,0,72,32.6,158.4,30.5c39.2-0.7,92.8-6.7,134-22.4\n\tc21.2-8.1,52.2-18.2,79.7-24.2C399.3,7.9,411.6,7.5,421.9,6.5z\"\/>\n<\/svg>\t\t<\/div>\n\t\t\t\t\t<div class=\"elementor-container elementor-column-gap-extended\">\n\t\t\t\t\t<div class=\"elementor-column elementor-col-100 elementor-top-column elementor-element elementor-element-cec06d3\" data-id=\"cec06d3\" data-element_type=\"column\" data-settings=\"{&quot;background_background&quot;:&quot;gradient&quot;}\">\n\t\t\t<div class=\"elementor-widget-wrap elementor-element-populated\">\n\t\t\t\t\t\t\t\t<div class=\"elementor-element elementor-element-1e31d2d elementor-widget elementor-widget-heading\" data-id=\"1e31d2d\" data-element_type=\"widget\" data-settings=\"{&quot;_animation&quot;:&quot;none&quot;}\" data-widget_type=\"heading.default\">\n\t\t\t\t<div class=\"elementor-widget-container\">\n\t\t\t<h2 class=\"elementor-heading-title elementor-size-large\">Caravana Internacionalista de Solidaridade con Cuba \/ 16 a 26 julho 2025<\/h2>\t\t<\/div>\n\t\t\t\t<\/div>\n\t\t\t\t\t<\/div>\n\t\t<\/div>\n\t\t\t\t\t\t\t<\/div>\n\t\t<\/section>\n\t\t\t\t<section class=\"elementor-section elementor-top-section elementor-element elementor-element-5044332 elementor-section-height-min-height elementor-section-boxed elementor-section-height-default elementor-section-items-middle\" data-id=\"5044332\" data-element_type=\"section\">\n\t\t\t\t\t\t<div class=\"elementor-container elementor-column-gap-default\">\n\t\t\t\t\t<div class=\"elementor-column elementor-col-25 elementor-top-column elementor-element elementor-element-e6ba16a\" data-id=\"e6ba16a\" data-element_type=\"column\" data-settings=\"{&quot;background_background&quot;:&quot;gradient&quot;}\">\n\t\t\t<div class=\"elementor-widget-wrap elementor-element-populated\">\n\t\t\t\t\t\t\t\t<div class=\"elementor-element elementor-element-e85ea36 elementor-widget elementor-widget-heading\" data-id=\"e85ea36\" data-element_type=\"widget\" data-widget_type=\"heading.default\">\n\t\t\t\t<div class=\"elementor-widget-container\">\n\t\t\t<h2 class=\"elementor-heading-title elementor-size-default\">A Caravana Internacionalista de Solidariedade Brasil Cuba seguiu, por diferentes prov\u00edncias de Cuba, at\u00e9 chegar a Ciego de \u00c1vila, para participar do ato central comemorativo dos 72 anos da data nacional emblem\u00e1tica de 26 de julho, vit\u00f3ria pol\u00edtica fundamental para o trinfo, em 1959, da Revolu\u00e7\u00e3o Cubana. No dia anterior, um encontro do presidente Diaz Canel Berm\u00fadez com delega\u00e7\u00f5es de solidariedade de diversos pa\u00edses j\u00e1 anunciava os momentos comoventes do Ato na Pra\u00e7a da Revolu\u00e7\u00e3o. As fotos revelam a alegria e a emo\u00e7\u00e3o dos participantes dessa caravana solid\u00e1ria que, do in\u00edcio ao fim, puderam se apropriar de valentes hist\u00f3rias sobre o processo revolucion\u00e1rio cubano, suas lutas e resist\u00eancias, seus desafios e perspectivas futuras.        <\/h2>\t\t<\/div>\n\t\t\t\t<\/div>\n\t\t\t\t\t<\/div>\n\t\t<\/div>\n\t\t\t\t<div class=\"elementor-column elementor-col-25 elementor-top-column elementor-element elementor-element-8e6adcd\" data-id=\"8e6adcd\" data-element_type=\"column\">\n\t\t\t<div class=\"elementor-widget-wrap elementor-element-populated\">\n\t\t\t\t\t\t\t\t<div class=\"elementor-element elementor-element-d4a5a9c elementor-widget elementor-widget-image\" data-id=\"d4a5a9c\" data-element_type=\"widget\" data-widget_type=\"image.default\">\n\t\t\t\t<div class=\"elementor-widget-container\">\n\t\t\t\t\t\t\t\t\t\t\t\t\t\t\t<img decoding=\"async\" width=\"800\" height=\"600\" src=\"https:\/\/nescuba.cdtc.unb.br\/wp-content\/uploads\/2025\/07\/Caravana-26-julio-1024x768.jpg\" class=\"attachment-large size-large wp-image-24623\" alt=\"\" loading=\"lazy\" srcset=\"https:\/\/nescuba.cdtc.unb.br\/wp-content\/uploads\/2025\/07\/Caravana-26-julio-1024x768.jpg 1024w, https:\/\/nescuba.cdtc.unb.br\/wp-content\/uploads\/2025\/07\/Caravana-26-julio-600x450.jpg 600w, https:\/\/nescuba.cdtc.unb.br\/wp-content\/uploads\/2025\/07\/Caravana-26-julio-768x576.jpg 768w, https:\/\/nescuba.cdtc.unb.br\/wp-content\/uploads\/2025\/07\/Caravana-26-julio-1536x1152.jpg 1536w, https:\/\/nescuba.cdtc.unb.br\/wp-content\/uploads\/2025\/07\/Caravana-26-julio-2048x1536.jpg 2048w\" sizes=\"(max-width: 800px) 100vw, 800px\" \/>\t\t\t\t\t\t\t\t\t\t\t\t\t\t\t<\/div>\n\t\t\t\t<\/div>\n\t\t\t\t<div class=\"elementor-element elementor-element-b290496 elementor-widget elementor-widget-image\" data-id=\"b290496\" data-element_type=\"widget\" data-widget_type=\"image.default\">\n\t\t\t\t<div class=\"elementor-widget-container\">\n\t\t\t\t\t\t\t\t\t\t\t\t\t\t\t<img decoding=\"async\" width=\"768\" height=\"1024\" src=\"https:\/\/nescuba.cdtc.unb.br\/wp-content\/uploads\/2025\/07\/IMG-20250721-WA00671-768x1024.jpg\" class=\"attachment-large size-large wp-image-24625\" alt=\"\" loading=\"lazy\" srcset=\"https:\/\/nescuba.cdtc.unb.br\/wp-content\/uploads\/2025\/07\/IMG-20250721-WA00671-768x1024.jpg 768w, https:\/\/nescuba.cdtc.unb.br\/wp-content\/uploads\/2025\/07\/IMG-20250721-WA00671-450x600.jpg 450w, https:\/\/nescuba.cdtc.unb.br\/wp-content\/uploads\/2025\/07\/IMG-20250721-WA00671-1152x1536.jpg 1152w, https:\/\/nescuba.cdtc.unb.br\/wp-content\/uploads\/2025\/07\/IMG-20250721-WA00671-1536x2048.jpg 1536w, https:\/\/nescuba.cdtc.unb.br\/wp-content\/uploads\/2025\/07\/IMG-20250721-WA00671-scaled.jpg 1920w\" sizes=\"(max-width: 768px) 100vw, 768px\" \/>\t\t\t\t\t\t\t\t\t\t\t\t\t\t\t<\/div>\n\t\t\t\t<\/div>\n\t\t\t\t\t<\/div>\n\t\t<\/div>\n\t\t\t\t<div class=\"elementor-column elementor-col-25 elementor-top-column elementor-element elementor-element-fe77acc\" data-id=\"fe77acc\" data-element_type=\"column\">\n\t\t\t<div class=\"elementor-widget-wrap elementor-element-populated\">\n\t\t\t\t\t\t\t\t<div class=\"elementor-element elementor-element-9262330 elementor-widget elementor-widget-image\" data-id=\"9262330\" data-element_type=\"widget\" data-widget_type=\"image.default\">\n\t\t\t\t<div class=\"elementor-widget-container\">\n\t\t\t\t\t\t\t\t\t\t\t\t\t\t\t<img decoding=\"async\" width=\"800\" height=\"425\" src=\"https:\/\/nescuba.cdtc.unb.br\/wp-content\/uploads\/2025\/07\/IMG-20250727-WA0027-1024x544.jpg\" class=\"attachment-large size-large wp-image-24916\" alt=\"\" loading=\"lazy\" srcset=\"https:\/\/nescuba.cdtc.unb.br\/wp-content\/uploads\/2025\/07\/IMG-20250727-WA0027-1024x544.jpg 1024w, https:\/\/nescuba.cdtc.unb.br\/wp-content\/uploads\/2025\/07\/IMG-20250727-WA0027-600x319.jpg 600w, https:\/\/nescuba.cdtc.unb.br\/wp-content\/uploads\/2025\/07\/IMG-20250727-WA0027-768x408.jpg 768w, https:\/\/nescuba.cdtc.unb.br\/wp-content\/uploads\/2025\/07\/IMG-20250727-WA0027-1536x816.jpg 1536w, https:\/\/nescuba.cdtc.unb.br\/wp-content\/uploads\/2025\/07\/IMG-20250727-WA0027-2048x1088.jpg 2048w\" sizes=\"(max-width: 800px) 100vw, 800px\" \/>\t\t\t\t\t\t\t\t\t\t\t\t\t\t\t<\/div>\n\t\t\t\t<\/div>\n\t\t\t\t<div class=\"elementor-element elementor-element-0b96900 elementor-widget elementor-widget-image\" data-id=\"0b96900\" data-element_type=\"widget\" data-widget_type=\"image.default\">\n\t\t\t\t<div class=\"elementor-widget-container\">\n\t\t\t\t\t\t\t\t\t\t\t\t\t\t\t<img decoding=\"async\" width=\"768\" height=\"1024\" src=\"https:\/\/nescuba.cdtc.unb.br\/wp-content\/uploads\/2025\/07\/IMG-20250721-WA00651-768x1024.jpg\" class=\"attachment-large size-large wp-image-24626\" alt=\"\" loading=\"lazy\" srcset=\"https:\/\/nescuba.cdtc.unb.br\/wp-content\/uploads\/2025\/07\/IMG-20250721-WA00651-768x1024.jpg 768w, https:\/\/nescuba.cdtc.unb.br\/wp-content\/uploads\/2025\/07\/IMG-20250721-WA00651-450x600.jpg 450w, https:\/\/nescuba.cdtc.unb.br\/wp-content\/uploads\/2025\/07\/IMG-20250721-WA00651-1152x1536.jpg 1152w, https:\/\/nescuba.cdtc.unb.br\/wp-content\/uploads\/2025\/07\/IMG-20250721-WA00651-1536x2048.jpg 1536w, https:\/\/nescuba.cdtc.unb.br\/wp-content\/uploads\/2025\/07\/IMG-20250721-WA00651-scaled.jpg 1920w\" sizes=\"(max-width: 768px) 100vw, 768px\" \/>\t\t\t\t\t\t\t\t\t\t\t\t\t\t\t<\/div>\n\t\t\t\t<\/div>\n\t\t\t\t\t<\/div>\n\t\t<\/div>\n\t\t\t\t<div class=\"elementor-column elementor-col-25 elementor-top-column elementor-element elementor-element-f88948f\" data-id=\"f88948f\" data-element_type=\"column\">\n\t\t\t<div class=\"elementor-widget-wrap elementor-element-populated\">\n\t\t\t\t\t\t\t\t<div class=\"elementor-element elementor-element-f78446a elementor-widget elementor-widget-image\" data-id=\"f78446a\" data-element_type=\"widget\" data-widget_type=\"image.default\">\n\t\t\t\t<div class=\"elementor-widget-container\">\n\t\t\t\t\t\t\t\t\t\t\t\t\t\t\t<img decoding=\"async\" width=\"800\" height=\"600\" src=\"https:\/\/nescuba.cdtc.unb.br\/wp-content\/uploads\/2025\/07\/IMG-20250727-WA0040-1024x768.jpg\" class=\"attachment-large size-large wp-image-24917\" alt=\"\" loading=\"lazy\" srcset=\"https:\/\/nescuba.cdtc.unb.br\/wp-content\/uploads\/2025\/07\/IMG-20250727-WA0040-1024x768.jpg 1024w, https:\/\/nescuba.cdtc.unb.br\/wp-content\/uploads\/2025\/07\/IMG-20250727-WA0040-600x450.jpg 600w, https:\/\/nescuba.cdtc.unb.br\/wp-content\/uploads\/2025\/07\/IMG-20250727-WA0040-768x576.jpg 768w, https:\/\/nescuba.cdtc.unb.br\/wp-content\/uploads\/2025\/07\/IMG-20250727-WA0040-1536x1152.jpg 1536w, https:\/\/nescuba.cdtc.unb.br\/wp-content\/uploads\/2025\/07\/IMG-20250727-WA0040-2048x1536.jpg 2048w\" sizes=\"(max-width: 800px) 100vw, 800px\" \/>\t\t\t\t\t\t\t\t\t\t\t\t\t\t\t<\/div>\n\t\t\t\t<\/div>\n\t\t\t\t<div class=\"elementor-element elementor-element-7f937a8 elementor-widget elementor-widget-image\" data-id=\"7f937a8\" data-element_type=\"widget\" data-widget_type=\"image.default\">\n\t\t\t\t<div class=\"elementor-widget-container\">\n\t\t\t\t\t\t\t\t\t\t\t\t\t\t\t<img decoding=\"async\" width=\"800\" height=\"600\" src=\"https:\/\/nescuba.cdtc.unb.br\/wp-content\/uploads\/2025\/07\/IMG-20250727-WA0029-1024x768.jpg\" class=\"attachment-large size-large wp-image-24918\" alt=\"\" loading=\"lazy\" srcset=\"https:\/\/nescuba.cdtc.unb.br\/wp-content\/uploads\/2025\/07\/IMG-20250727-WA0029-1024x768.jpg 1024w, https:\/\/nescuba.cdtc.unb.br\/wp-content\/uploads\/2025\/07\/IMG-20250727-WA0029-600x450.jpg 600w, https:\/\/nescuba.cdtc.unb.br\/wp-content\/uploads\/2025\/07\/IMG-20250727-WA0029-768x576.jpg 768w, https:\/\/nescuba.cdtc.unb.br\/wp-content\/uploads\/2025\/07\/IMG-20250727-WA0029-1536x1152.jpg 1536w, https:\/\/nescuba.cdtc.unb.br\/wp-content\/uploads\/2025\/07\/IMG-20250727-WA0029-2048x1536.jpg 2048w\" sizes=\"(max-width: 800px) 100vw, 800px\" \/>\t\t\t\t\t\t\t\t\t\t\t\t\t\t\t<\/div>\n\t\t\t\t<\/div>\n\t\t\t\t\t<\/div>\n\t\t<\/div>\n\t\t\t\t\t\t\t<\/div>\n\t\t<\/section>\n\t\t\t\t<section class=\"elementor-section elementor-top-section elementor-element elementor-element-1d8105a elementor-section-full_width elementor-section-content-top elementor-section-height-min-height elementor-section-height-default elementor-section-items-middle\" data-id=\"1d8105a\" data-element_type=\"section\" data-settings=\"{&quot;background_background&quot;:&quot;gradient&quot;}\">\n\t\t\t\t\t\t<div class=\"elementor-container elementor-column-gap-narrow\">\n\t\t\t\t\t<div class=\"elementor-column elementor-col-100 elementor-top-column elementor-element elementor-element-69ca1d8\" data-id=\"69ca1d8\" data-element_type=\"column\" data-settings=\"{&quot;background_background&quot;:&quot;gradient&quot;}\">\n\t\t\t<div class=\"elementor-widget-wrap elementor-element-populated\">\n\t\t\t\t\t\t\t\t<div class=\"elementor-element elementor-element-20ba610 elementor-widget elementor-widget-heading\" data-id=\"20ba610\" data-element_type=\"widget\" data-settings=\"{&quot;_animation&quot;:&quot;none&quot;}\" data-widget_type=\"heading.default\">\n\t\t\t\t<div class=\"elementor-widget-container\">\n\t\t\t<h2 class=\"elementor-heading-title elementor-size-large\">Conclui XXVII Conven\u00e7\u00e3o Nacional de Solidariedade com Cuba \/  2025<\/h2>\t\t<\/div>\n\t\t\t\t<\/div>\n\t\t\t\t\t<\/div>\n\t\t<\/div>\n\t\t\t\t\t\t\t<\/div>\n\t\t<\/section>\n\t\t\t\t<section class=\"elementor-section elementor-top-section elementor-element elementor-element-6112899 elementor-section-boxed elementor-section-height-default elementor-section-height-default\" data-id=\"6112899\" data-element_type=\"section\" data-settings=\"{&quot;background_background&quot;:&quot;gradient&quot;}\">\n\t\t\t\t\t\t\t<div class=\"elementor-background-overlay\"><\/div>\n\t\t\t\t\t\t\t<div class=\"elementor-container elementor-column-gap-default\">\n\t\t\t\t\t<div class=\"elementor-column elementor-col-33 elementor-top-column elementor-element elementor-element-a0c7865\" data-id=\"a0c7865\" data-element_type=\"column\">\n\t\t\t<div class=\"elementor-widget-wrap elementor-element-populated\">\n\t\t\t\t\t\t\t\t<div class=\"elementor-element elementor-element-3542966 elementor-widget__width-initial elementor-widget elementor-widget-heading\" data-id=\"3542966\" data-element_type=\"widget\" data-widget_type=\"heading.default\">\n\t\t\t\t<div class=\"elementor-widget-container\">\n\t\t\t<h2 class=\"elementor-heading-title elementor-size-default\"><a href=\"https:\/\/drive.google.com\/file\/d\/1CGsQGbhNsoOGtQYdIzvTLyvJ0p3qWSuC\/view?usp=sharing\" target=\"_blank\">Conclui XXVII Conven\u00e7\u00e3o Nacional de Solidariedade com Cuba 2025, com \"Carta de Vit\u00f3ria em Defesa de Cuba\"...clique aqui <\/a><\/h2>\t\t<\/div>\n\t\t\t\t<\/div>\n\t\t\t\t\t<\/div>\n\t\t<\/div>\n\t\t\t\t<div class=\"elementor-column elementor-col-33 elementor-top-column elementor-element elementor-element-bf5f2a9\" data-id=\"bf5f2a9\" data-element_type=\"column\">\n\t\t\t<div class=\"elementor-widget-wrap elementor-element-populated\">\n\t\t\t\t\t\t\t\t<div class=\"elementor-element elementor-element-c4029f5 elementor-widget elementor-widget-video\" data-id=\"c4029f5\" data-element_type=\"widget\" data-settings=\"{&quot;video_type&quot;:&quot;hosted&quot;,&quot;start&quot;:0,&quot;controls&quot;:&quot;yes&quot;}\" data-widget_type=\"video.default\">\n\t\t\t\t<div class=\"elementor-widget-container\">\n\t\t\t<style>\/*! elementor - v3.13.3 - 28-05-2023 *\/\n.elementor-widget-video .elementor-widget-container{overflow:hidden;transform:translateZ(0)}.elementor-widget-video .elementor-wrapper{aspect-ratio:var(--video-aspect-ratio)}.elementor-widget-video .elementor-wrapper iframe,.elementor-widget-video .elementor-wrapper video{height:100%;width:100%;display:flex;border:none;background-color:#000}@supports not (aspect-ratio:1\/1){.elementor-widget-video .elementor-wrapper{position:relative;overflow:hidden;height:0;padding-bottom:calc(100% \/ var(--video-aspect-ratio))}.elementor-widget-video .elementor-wrapper iframe,.elementor-widget-video .elementor-wrapper video{position:absolute;top:0;right:0;bottom:0;left:0}}.elementor-widget-video .elementor-open-inline .elementor-custom-embed-image-overlay{position:absolute;top:0;left:0;width:100%;height:100%;background-size:cover;background-position:50%}.elementor-widget-video .elementor-custom-embed-image-overlay{cursor:pointer;text-align:center}.elementor-widget-video .elementor-custom-embed-image-overlay:hover .elementor-custom-embed-play i{opacity:1}.elementor-widget-video .elementor-custom-embed-image-overlay img{display:block;width:100%}.elementor-widget-video .e-hosted-video .elementor-video{-o-object-fit:cover;object-fit:cover}.e-con-inner>.elementor-widget-video,.e-con>.elementor-widget-video{width:var(--container-widget-width);--flex-grow:var(--container-widget-flex-grow)}<\/style>\t\t<div class=\"e-hosted-video elementor-wrapper elementor-open-inline\">\n\t\t\t\t\t<video class=\"elementor-video\" src=\"https:\/\/nescuba.cdtc.unb.br\/wp-content\/uploads\/2025\/06\/VID-20250623-WA00004-1.mp4\" controls=\"\" preload=\"auto\" controlsList=\"nodownload\" poster=\"https:\/\/drive.google.com\/file\/d\/1xi7z_wOp-L9UR3ssvvM7Nq3Ey_WLzCx-\/view?usp=sharing\"><\/video>\n\t\t\t\t<\/div>\n\t\t\t\t<\/div>\n\t\t\t\t<\/div>\n\t\t\t\t<div class=\"elementor-element elementor-element-e5a4b9e elementor-widget elementor-widget-image\" data-id=\"e5a4b9e\" data-element_type=\"widget\" data-widget_type=\"image.default\">\n\t\t\t\t<div class=\"elementor-widget-container\">\n\t\t\t\t\t\t\t\t\t\t\t\t\t\t\t<img decoding=\"async\" width=\"600\" height=\"582\" src=\"https:\/\/nescuba.cdtc.unb.br\/wp-content\/uploads\/2025\/06\/IMG-20250409-WA0095-e1748972885193-600x582-1.jpg\" class=\"attachment-large size-large wp-image-23912\" alt=\"\" loading=\"lazy\" \/>\t\t\t\t\t\t\t\t\t\t\t\t\t\t\t<\/div>\n\t\t\t\t<\/div>\n\t\t\t\t\t<\/div>\n\t\t<\/div>\n\t\t\t\t<div class=\"elementor-column elementor-col-33 elementor-top-column elementor-element elementor-element-3080f46\" data-id=\"3080f46\" data-element_type=\"column\">\n\t\t\t<div class=\"elementor-widget-wrap elementor-element-populated\">\n\t\t\t\t\t\t\t\t<div class=\"elementor-element elementor-element-0f2727a elementor-widget elementor-widget-heading\" data-id=\"0f2727a\" data-element_type=\"widget\" data-widget_type=\"heading.default\">\n\t\t\t\t<div class=\"elementor-widget-container\">\n\t\t\t<h2 class=\"elementor-heading-title elementor-size-default\">Conven\u00e7\u00f5es estaduais de Solidaridade com Cuba   2025<\/h2>\t\t<\/div>\n\t\t\t\t<\/div>\n\t\t\t\t<div class=\"elementor-element elementor-element-c9c1867 elementor-arrows-position-outside elementor-widget elementor-widget-image-carousel\" data-id=\"c9c1867\" data-element_type=\"widget\" data-settings=\"{&quot;slides_to_show&quot;:&quot;1&quot;,&quot;navigation&quot;:&quot;arrows&quot;,&quot;autoplay&quot;:&quot;yes&quot;,&quot;pause_on_hover&quot;:&quot;yes&quot;,&quot;pause_on_interaction&quot;:&quot;yes&quot;,&quot;autoplay_speed&quot;:5000,&quot;infinite&quot;:&quot;yes&quot;,&quot;effect&quot;:&quot;slide&quot;,&quot;speed&quot;:500}\" data-widget_type=\"image-carousel.default\">\n\t\t\t\t<div class=\"elementor-widget-container\">\n\t\t\t<style>\/*! elementor - v3.13.3 - 28-05-2023 *\/\n.elementor-widget-image-carousel .swiper,.elementor-widget-image-carousel .swiper-container{position:static}.elementor-widget-image-carousel .swiper-container .swiper-slide figure,.elementor-widget-image-carousel .swiper .swiper-slide figure{line-height:inherit}.elementor-widget-image-carousel .swiper-slide{text-align:center}.elementor-image-carousel-wrapper:not(.swiper-container-initialized):not(.swiper-initialized) .swiper-slide{max-width:calc(100% \/ var(--e-image-carousel-slides-to-show, 3))}<\/style>\t\t<div class=\"elementor-image-carousel-wrapper swiper-container\" dir=\"ltr\">\n\t\t\t<div class=\"elementor-image-carousel swiper-wrapper\">\n\t\t\t\t\t\t\t\t<div class=\"swiper-slide\"><figure class=\"swiper-slide-inner\"><img decoding=\"async\" class=\"swiper-slide-image\" src=\"https:\/\/nescuba.cdtc.unb.br\/wp-content\/uploads\/elementor\/thumbs\/IMG-20250516-WA0062-r6ru6h64dvl3gibbysu6y1hsayixcl1mjq2dn73d9o.jpg\" alt=\"IMG-20250516-WA0062\" \/><\/figure><\/div><div class=\"swiper-slide\"><figure class=\"swiper-slide-inner\"><img decoding=\"async\" class=\"swiper-slide-image\" src=\"https:\/\/nescuba.cdtc.unb.br\/wp-content\/uploads\/elementor\/thumbs\/IMG-20250514-WA0082-r6ru6nqzppu3ps1rwdokxhu0gnmhugrqwmms04tm24.jpg\" alt=\"IMG-20250514-WA0082\" \/><\/figure><\/div><div class=\"swiper-slide\"><figure class=\"swiper-slide-inner\"><img decoding=\"async\" class=\"swiper-slide-image\" src=\"https:\/\/nescuba.cdtc.unb.br\/wp-content\/uploads\/elementor\/thumbs\/IMG-20250514-WA0081-1-e1748972408313-r6rwkn1iv5jbpp5ou1n1iaqwmhu6xr3ue6wpcbc6wc.jpg\" alt=\"IMG-20250514-WA0081\" \/><\/figure><\/div><div class=\"swiper-slide\"><figure class=\"swiper-slide-inner\"><img decoding=\"async\" class=\"swiper-slide-image\" src=\"https:\/\/nescuba.cdtc.unb.br\/wp-content\/uploads\/elementor\/thumbs\/IMG-20250514-WA0080-r6ru78ffw2met77qjmmdgcm5j4skjt1ubgzgk7yy98.jpg\" alt=\"IMG-20250514-WA0080\" \/><\/figure><\/div><div class=\"swiper-slide\"><figure class=\"swiper-slide-inner\"><img decoding=\"async\" class=\"swiper-slide-image\" src=\"https:\/\/nescuba.cdtc.unb.br\/wp-content\/uploads\/elementor\/thumbs\/IMG-20250514-WA0077-1-r6ru7nguxf6zyylw3t4ek8tj1aqfyypjpjf88ncnho.jpg\" alt=\"IMG-20250514-WA0077\" \/><\/figure><\/div><div class=\"swiper-slide\"><figure class=\"swiper-slide-inner\"><img decoding=\"async\" class=\"swiper-slide-image\" src=\"https:\/\/nescuba.cdtc.unb.br\/wp-content\/uploads\/elementor\/thumbs\/IMG-20250514-WA0076-r6ru7s61vldfl0f2cd5jepmu083a1g87e6onn15omk.jpg\" alt=\"IMG-20250514-WA0076\" \/><\/figure><\/div><div class=\"swiper-slide\"><figure class=\"swiper-slide-inner\"><img decoding=\"async\" class=\"swiper-slide-image\" src=\"https:\/\/nescuba.cdtc.unb.br\/wp-content\/uploads\/elementor\/thumbs\/IMG-20250514-WA0073-r6ru7xt30ll5io6vfflato7lkjbhbmuleylkioxbl8.jpg\" alt=\"IMG-20250514-WA0073\" \/><\/figure><\/div><div class=\"swiper-slide\"><figure class=\"swiper-slide-inner\"><img decoding=\"async\" class=\"swiper-slide-image\" src=\"https:\/\/nescuba.cdtc.unb.br\/wp-content\/uploads\/elementor\/thumbs\/IMG-20250514-WA007211-r6rwgn87ti2gdcyl5th4et1dqjj1828wuf3ewz9fcc.jpg\" alt=\"IMG-20250514-WA0072(1)[1]\" \/><\/figure><\/div><div class=\"swiper-slide\"><figure class=\"swiper-slide-inner\"><img decoding=\"async\" class=\"swiper-slide-image\" src=\"https:\/\/nescuba.cdtc.unb.br\/wp-content\/uploads\/elementor\/thumbs\/IMG-20250516-WA00631-r6rwhbo0r6zwr7z3741f7mvd6k6ks6xxls21e696uk.jpg\" alt=\"IMG-20250516-WA0063[1]\" \/><\/figure><\/div>\t\t\t<\/div>\n\t\t\t\t\t\t\t\t\t\t\t\t\t\t\t\t<div class=\"elementor-swiper-button elementor-swiper-button-prev\" role=\"button\" tabindex=\"0\">\n\t\t\t\t\t\t<i aria-hidden=\"true\" class=\"eicon-chevron-left\"><\/i>\t\t\t\t\t\t<span class=\"elementor-screen-only\">Previous image<\/span>\n\t\t\t\t\t<\/div>\n\t\t\t\t\t<div class=\"elementor-swiper-button elementor-swiper-button-next\" role=\"button\" tabindex=\"0\">\n\t\t\t\t\t\t<i aria-hidden=\"true\" class=\"eicon-chevron-right\"><\/i>\t\t\t\t\t\t<span class=\"elementor-screen-only\">Next image<\/span>\n\t\t\t\t\t<\/div>\n\t\t\t\t\t\t\t\t\t<\/div>\n\t\t\t\t<\/div>\n\t\t\t\t<\/div>\n\t\t\t\t\t<\/div>\n\t\t<\/div>\n\t\t\t\t\t\t\t<\/div>\n\t\t<\/section>\n\t\t\t\t<section class=\"elementor-section elementor-top-section elementor-element elementor-element-13ce5fa elementor-section-full_width elementor-section-content-top elementor-section-height-min-height elementor-section-height-default elementor-section-items-middle\" data-id=\"13ce5fa\" data-element_type=\"section\" data-settings=\"{&quot;background_background&quot;:&quot;gradient&quot;}\">\n\t\t\t\t\t\t<div class=\"elementor-container elementor-column-gap-narrow\">\n\t\t\t\t\t<div class=\"elementor-column elementor-col-100 elementor-top-column elementor-element elementor-element-75f90c9\" data-id=\"75f90c9\" data-element_type=\"column\" data-settings=\"{&quot;background_background&quot;:&quot;gradient&quot;}\">\n\t\t\t<div class=\"elementor-widget-wrap elementor-element-populated\">\n\t\t\t\t\t\t\t\t<div class=\"elementor-element elementor-element-89b4e5b elementor-widget elementor-widget-heading\" data-id=\"89b4e5b\" data-element_type=\"widget\" data-settings=\"{&quot;_animation&quot;:&quot;none&quot;}\" data-widget_type=\"heading.default\">\n\t\t\t\t<div class=\"elementor-widget-container\">\n\t\t\t<h2 class=\"elementor-heading-title elementor-size-large\">Apresenta\u00e7\u00e3o do libro \u201cO Partido Revolucion\u00e1rio Cubano de Jos\u00e9 Mart\u00ed \/ Porto Alegre\/RS  \/ 2025<\/h2>\t\t<\/div>\n\t\t\t\t<\/div>\n\t\t\t\t\t<\/div>\n\t\t<\/div>\n\t\t\t\t\t\t\t<\/div>\n\t\t<\/section>\n\t\t\t\t<section class=\"elementor-section elementor-top-section elementor-element elementor-element-6e2bfd8 elementor-section-boxed elementor-section-height-default elementor-section-height-default\" data-id=\"6e2bfd8\" data-element_type=\"section\" data-settings=\"{&quot;background_background&quot;:&quot;gradient&quot;,&quot;shape_divider_top&quot;:&quot;opacity-tilt&quot;}\">\n\t\t\t\t\t<div class=\"elementor-shape elementor-shape-top\" data-negative=\"false\">\n\t\t\t<svg xmlns=\"http:\/\/www.w3.org\/2000\/svg\" viewBox=\"0 0 2600 131.1\" preserveAspectRatio=\"none\">\n\t<path class=\"elementor-shape-fill\" d=\"M0 0L2600 0 2600 69.1 0 0z\"\/>\n\t<path class=\"elementor-shape-fill\" style=\"opacity:0.5\" d=\"M0 0L2600 0 2600 69.1 0 69.1z\"\/>\n\t<path class=\"elementor-shape-fill\" style=\"opacity:0.25\" d=\"M2600 0L0 0 0 130.1 2600 69.1z\"\/>\n<\/svg>\t\t<\/div>\n\t\t\t\t\t<div class=\"elementor-container elementor-column-gap-narrow\">\n\t\t\t\t\t<div class=\"elementor-column elementor-col-100 elementor-top-column elementor-element elementor-element-ea87b05\" data-id=\"ea87b05\" data-element_type=\"column\">\n\t\t\t<div class=\"elementor-widget-wrap\">\n\t\t\t\t\t\t\t\t\t<\/div>\n\t\t<\/div>\n\t\t\t\t\t\t\t<\/div>\n\t\t<\/section>\n\t\t\t\t<section class=\"elementor-section elementor-top-section elementor-element elementor-element-50a3bff elementor-section-height-min-height elementor-section-boxed elementor-section-height-default elementor-section-items-middle\" data-id=\"50a3bff\" data-element_type=\"section\" data-settings=\"{&quot;background_background&quot;:&quot;gradient&quot;}\">\n\t\t\t\t\t\t<div class=\"elementor-container elementor-column-gap-default\">\n\t\t\t\t\t<div class=\"elementor-column elementor-col-33 elementor-top-column elementor-element elementor-element-c541af5\" data-id=\"c541af5\" data-element_type=\"column\">\n\t\t\t<div class=\"elementor-widget-wrap elementor-element-populated\">\n\t\t\t\t\t\t\t\t<div class=\"elementor-element elementor-element-eb1eb29 elementor-widget elementor-widget-image\" data-id=\"eb1eb29\" data-element_type=\"widget\" data-widget_type=\"image.default\">\n\t\t\t\t<div class=\"elementor-widget-container\">\n\t\t\t\t\t\t\t\t\t\t\t\t\t\t\t<img decoding=\"async\" width=\"800\" height=\"370\" src=\"https:\/\/nescuba.cdtc.unb.br\/wp-content\/uploads\/2025\/06\/IMG-20250601-WA00701-1024x473.jpg\" class=\"attachment-large size-large wp-image-23510\" alt=\"\" loading=\"lazy\" srcset=\"https:\/\/nescuba.cdtc.unb.br\/wp-content\/uploads\/2025\/06\/IMG-20250601-WA00701-1024x473.jpg 1024w, https:\/\/nescuba.cdtc.unb.br\/wp-content\/uploads\/2025\/06\/IMG-20250601-WA00701-600x277.jpg 600w, https:\/\/nescuba.cdtc.unb.br\/wp-content\/uploads\/2025\/06\/IMG-20250601-WA00701-768x355.jpg 768w, https:\/\/nescuba.cdtc.unb.br\/wp-content\/uploads\/2025\/06\/IMG-20250601-WA00701.jpg 1280w\" sizes=\"(max-width: 800px) 100vw, 800px\" \/>\t\t\t\t\t\t\t\t\t\t\t\t\t\t\t<\/div>\n\t\t\t\t<\/div>\n\t\t\t\t\t<\/div>\n\t\t<\/div>\n\t\t\t\t<div class=\"elementor-column elementor-col-33 elementor-top-column elementor-element elementor-element-27791da\" data-id=\"27791da\" data-element_type=\"column\">\n\t\t\t<div class=\"elementor-widget-wrap elementor-element-populated\">\n\t\t\t\t\t\t\t\t<div class=\"elementor-element elementor-element-c4d4e50 elementor-widget elementor-widget-image\" data-id=\"c4d4e50\" data-element_type=\"widget\" data-widget_type=\"image.default\">\n\t\t\t\t<div class=\"elementor-widget-container\">\n\t\t\t\t\t\t\t\t\t\t\t\t\t\t\t<img decoding=\"async\" width=\"584\" height=\"467\" src=\"https:\/\/nescuba.cdtc.unb.br\/wp-content\/uploads\/2025\/06\/Dora-RGS-IMG-20250514-WA0073.jpg\" class=\"attachment-large size-large wp-image-23509\" alt=\"\" loading=\"lazy\" \/>\t\t\t\t\t\t\t\t\t\t\t\t\t\t\t<\/div>\n\t\t\t\t<\/div>\n\t\t\t\t\t<\/div>\n\t\t<\/div>\n\t\t\t\t<div class=\"elementor-column elementor-col-33 elementor-top-column elementor-element elementor-element-5963b85\" data-id=\"5963b85\" data-element_type=\"column\">\n\t\t\t<div class=\"elementor-widget-wrap elementor-element-populated\">\n\t\t\t\t\t\t\t\t<div class=\"elementor-element elementor-element-0b7e341 elementor-widget elementor-widget-image\" data-id=\"0b7e341\" data-element_type=\"widget\" data-widget_type=\"image.default\">\n\t\t\t\t<div class=\"elementor-widget-container\">\n\t\t\t\t\t\t\t\t\t\t\t\t\t\t\t<img decoding=\"async\" width=\"800\" height=\"600\" src=\"https:\/\/nescuba.cdtc.unb.br\/wp-content\/uploads\/2025\/06\/IMG-20250601-WA0068-1024x768.jpg\" class=\"attachment-large size-large wp-image-23511\" alt=\"\" loading=\"lazy\" srcset=\"https:\/\/nescuba.cdtc.unb.br\/wp-content\/uploads\/2025\/06\/IMG-20250601-WA0068-1024x768.jpg 1024w, https:\/\/nescuba.cdtc.unb.br\/wp-content\/uploads\/2025\/06\/IMG-20250601-WA0068-600x450.jpg 600w, https:\/\/nescuba.cdtc.unb.br\/wp-content\/uploads\/2025\/06\/IMG-20250601-WA0068-768x576.jpg 768w, https:\/\/nescuba.cdtc.unb.br\/wp-content\/uploads\/2025\/06\/IMG-20250601-WA0068-1536x1152.jpg 1536w, https:\/\/nescuba.cdtc.unb.br\/wp-content\/uploads\/2025\/06\/IMG-20250601-WA0068-2048x1536.jpg 2048w\" sizes=\"(max-width: 800px) 100vw, 800px\" \/>\t\t\t\t\t\t\t\t\t\t\t\t\t\t\t<\/div>\n\t\t\t\t<\/div>\n\t\t\t\t\t<\/div>\n\t\t<\/div>\n\t\t\t\t\t\t\t<\/div>\n\t\t<\/section>\n\t\t\t\t<section class=\"elementor-section elementor-top-section elementor-element elementor-element-3fd01f1 elementor-section-full_width elementor-section-content-top elementor-section-height-min-height elementor-section-height-default elementor-section-items-middle\" data-id=\"3fd01f1\" data-element_type=\"section\" data-settings=\"{&quot;background_background&quot;:&quot;gradient&quot;}\">\n\t\t\t\t\t\t<div class=\"elementor-container elementor-column-gap-narrow\">\n\t\t\t\t\t<div class=\"elementor-column elementor-col-100 elementor-top-column elementor-element elementor-element-d997b17\" data-id=\"d997b17\" data-element_type=\"column\" data-settings=\"{&quot;background_background&quot;:&quot;gradient&quot;}\">\n\t\t\t<div class=\"elementor-widget-wrap elementor-element-populated\">\n\t\t\t\t\t\t\t\t<div class=\"elementor-element elementor-element-4ac9ca9 elementor-widget elementor-widget-heading\" data-id=\"4ac9ca9\" data-element_type=\"widget\" data-settings=\"{&quot;_animation&quot;:&quot;none&quot;}\" data-widget_type=\"heading.default\">\n\t\t\t\t<div class=\"elementor-widget-container\">\n\t\t\t<h2 class=\"elementor-heading-title elementor-size-large\">Reuni\u00f5es Internacionais em Cuba \/  2025<\/h2>\t\t<\/div>\n\t\t\t\t<\/div>\n\t\t\t\t\t<\/div>\n\t\t<\/div>\n\t\t\t\t\t\t\t<\/div>\n\t\t<\/section>\n\t\t\t\t<section class=\"elementor-section elementor-top-section elementor-element elementor-element-923604f elementor-section-boxed elementor-section-height-default elementor-section-height-default\" data-id=\"923604f\" data-element_type=\"section\" data-settings=\"{&quot;background_background&quot;:&quot;gradient&quot;,&quot;shape_divider_top&quot;:&quot;opacity-tilt&quot;}\">\n\t\t\t\t\t<div class=\"elementor-shape elementor-shape-top\" data-negative=\"false\">\n\t\t\t<svg xmlns=\"http:\/\/www.w3.org\/2000\/svg\" viewBox=\"0 0 2600 131.1\" preserveAspectRatio=\"none\">\n\t<path class=\"elementor-shape-fill\" d=\"M0 0L2600 0 2600 69.1 0 0z\"\/>\n\t<path class=\"elementor-shape-fill\" style=\"opacity:0.5\" d=\"M0 0L2600 0 2600 69.1 0 69.1z\"\/>\n\t<path class=\"elementor-shape-fill\" style=\"opacity:0.25\" d=\"M2600 0L0 0 0 130.1 2600 69.1z\"\/>\n<\/svg>\t\t<\/div>\n\t\t\t\t\t<div class=\"elementor-container elementor-column-gap-narrow\">\n\t\t\t\t\t<div class=\"elementor-column elementor-col-33 elementor-top-column elementor-element elementor-element-5405fb1\" data-id=\"5405fb1\" data-element_type=\"column\">\n\t\t\t<div class=\"elementor-widget-wrap elementor-element-populated\">\n\t\t\t\t\t\t\t\t<div class=\"elementor-element elementor-element-3eb4eba elementor-widget elementor-widget-image\" data-id=\"3eb4eba\" data-element_type=\"widget\" data-widget_type=\"image.default\">\n\t\t\t\t<div class=\"elementor-widget-container\">\n\t\t\t\t\t\t\t\t\t\t\t\t\t\t\t<img decoding=\"async\" width=\"800\" height=\"200\" src=\"https:\/\/nescuba.cdtc.unb.br\/wp-content\/uploads\/2025\/02\/Captura-de-pantalla_12-2-2025_192421_-1024x256.jpeg\" class=\"attachment-large size-large wp-image-21488\" alt=\"\" loading=\"lazy\" srcset=\"https:\/\/nescuba.cdtc.unb.br\/wp-content\/uploads\/2025\/02\/Captura-de-pantalla_12-2-2025_192421_-1024x256.jpeg 1024w, https:\/\/nescuba.cdtc.unb.br\/wp-content\/uploads\/2025\/02\/Captura-de-pantalla_12-2-2025_192421_-600x150.jpeg 600w, https:\/\/nescuba.cdtc.unb.br\/wp-content\/uploads\/2025\/02\/Captura-de-pantalla_12-2-2025_192421_-768x192.jpeg 768w, https:\/\/nescuba.cdtc.unb.br\/wp-content\/uploads\/2025\/02\/Captura-de-pantalla_12-2-2025_192421_.jpeg 1285w\" sizes=\"(max-width: 800px) 100vw, 800px\" \/>\t\t\t\t\t\t\t\t\t\t\t\t\t\t\t<\/div>\n\t\t\t\t<\/div>\n\t\t\t\t<div class=\"elementor-element elementor-element-5b2f05f elementor-widget elementor-widget-heading\" data-id=\"5b2f05f\" data-element_type=\"widget\" data-widget_type=\"heading.default\">\n\t\t\t\t<div class=\"elementor-widget-container\">\n\t\t\t<h2 class=\"elementor-heading-title elementor-size-default\"><a href=\"https:\/\/drive.google.com\/file\/d\/1ktTxzQuGvnGcqwBCULk5OJ3He4Nau4bO\/view?usp=sharing\">O Instituto Cubano de Amizade com os Povos (ICAP), junto com sua ag\u00eancia de viagens, Amistur Cuba S.A., e o \nMovimento Brasileiro de Solidariedade com Cuba (MBSC), convidam voc\u00ea a participar da XVIII Brigada Internacional \n1\u00ba de Maio de Trabalho Volunt\u00e1rio e Solidariedade com Cuba, que ocorrer\u00e1 de 25 de abril a 10 de maio, dedicada\nao 65\u00ba anivers\u00e1rio do ICAP e em celebra\u00e7\u00e3o ao Dia Internacional dos Trabalhadores...mais informa\u00e7\u00e3o clique aqui\n<\/a><\/h2>\t\t<\/div>\n\t\t\t\t<\/div>\n\t\t\t\t\t<\/div>\n\t\t<\/div>\n\t\t\t\t<div class=\"elementor-column elementor-col-33 elementor-top-column elementor-element elementor-element-c3b0249\" data-id=\"c3b0249\" data-element_type=\"column\">\n\t\t\t<div class=\"elementor-widget-wrap elementor-element-populated\">\n\t\t\t\t\t\t\t\t<div class=\"elementor-element elementor-element-675fa34 elementor-widget elementor-widget-image\" data-id=\"675fa34\" data-element_type=\"widget\" data-widget_type=\"image.default\">\n\t\t\t\t<div class=\"elementor-widget-container\">\n\t\t\t\t\t\t\t\t\t\t\t\t\t\t\t<img decoding=\"async\" width=\"800\" height=\"485\" src=\"https:\/\/nescuba.cdtc.unb.br\/wp-content\/uploads\/2025\/04\/IMG-20250428-WA0052-1024x621.jpg\" class=\"attachment-large size-large wp-image-22966\" alt=\"\" loading=\"lazy\" srcset=\"https:\/\/nescuba.cdtc.unb.br\/wp-content\/uploads\/2025\/04\/IMG-20250428-WA0052-1024x621.jpg 1024w, https:\/\/nescuba.cdtc.unb.br\/wp-content\/uploads\/2025\/04\/IMG-20250428-WA0052-600x364.jpg 600w, https:\/\/nescuba.cdtc.unb.br\/wp-content\/uploads\/2025\/04\/IMG-20250428-WA0052-768x466.jpg 768w, https:\/\/nescuba.cdtc.unb.br\/wp-content\/uploads\/2025\/04\/IMG-20250428-WA0052.jpg 1200w\" sizes=\"(max-width: 800px) 100vw, 800px\" \/>\t\t\t\t\t\t\t\t\t\t\t\t\t\t\t<\/div>\n\t\t\t\t<\/div>\n\t\t\t\t<div class=\"elementor-element elementor-element-2809adb elementor-widget elementor-widget-heading\" data-id=\"2809adb\" data-element_type=\"widget\" data-widget_type=\"heading.default\">\n\t\t\t\t<div class=\"elementor-widget-container\">\n\t\t\t<h2 class=\"elementor-heading-title elementor-size-default\"><a href=\"https:\/\/www.siempreconcuba.org\/bienvenida-a-brigada-primero-de-mayo-hermoso-preambulo-de-una-historica-visita\/\">Bienvenida a brigada Primero de Mayo, hermoso pre\u00e1mbulo de una hist\u00f3rica visita<\/a><\/h2>\t\t<\/div>\n\t\t\t\t<\/div>\n\t\t\t\t<div class=\"elementor-element elementor-element-9b4d368 elementor-widget__width-initial elementor-widget elementor-widget-image\" data-id=\"9b4d368\" data-element_type=\"widget\" data-widget_type=\"image.default\">\n\t\t\t\t<div class=\"elementor-widget-container\">\n\t\t\t\t\t\t\t\t\t\t\t\t\t\t\t<img decoding=\"async\" width=\"756\" height=\"432\" src=\"https:\/\/nescuba.cdtc.unb.br\/wp-content\/uploads\/2025\/04\/WhatsApp-Image-2025-04-16-at-5.22.22-PM-1.jpeg\" class=\"attachment-large size-large wp-image-22935\" alt=\"\" loading=\"lazy\" srcset=\"https:\/\/nescuba.cdtc.unb.br\/wp-content\/uploads\/2025\/04\/WhatsApp-Image-2025-04-16-at-5.22.22-PM-1.jpeg 756w, https:\/\/nescuba.cdtc.unb.br\/wp-content\/uploads\/2025\/04\/WhatsApp-Image-2025-04-16-at-5.22.22-PM-1-600x343.jpeg 600w\" sizes=\"(max-width: 756px) 100vw, 756px\" \/>\t\t\t\t\t\t\t\t\t\t\t\t\t\t\t<\/div>\n\t\t\t\t<\/div>\n\t\t\t\t<div class=\"elementor-element elementor-element-9d0ec0e elementor-widget elementor-widget-heading\" data-id=\"9d0ec0e\" data-element_type=\"widget\" data-widget_type=\"heading.default\">\n\t\t\t\t<div class=\"elementor-widget-container\">\n\t\t\t<h2 class=\"elementor-heading-title elementor-size-default\"><a href=\"https:\/\/www.siempreconcuba.org\/amigos-de-numerosos-paises-celebraran-en-cuba-el-primero-de-mayo\/\">Amigos de numerosos pa\u00edses celebrar\u00e1n en Cuba el Primero de Mayo<\/a><\/h2>\t\t<\/div>\n\t\t\t\t<\/div>\n\t\t\t\t\t<\/div>\n\t\t<\/div>\n\t\t\t\t<div class=\"elementor-column elementor-col-33 elementor-top-column elementor-element elementor-element-c21f616\" data-id=\"c21f616\" data-element_type=\"column\">\n\t\t\t<div class=\"elementor-widget-wrap elementor-element-populated\">\n\t\t\t\t\t\t\t\t<div class=\"elementor-element elementor-element-a734796 elementor-widget elementor-widget-image\" data-id=\"a734796\" data-element_type=\"widget\" data-widget_type=\"image.default\">\n\t\t\t\t<div class=\"elementor-widget-container\">\n\t\t\t\t\t\t\t\t\t\t\t\t\t\t\t<img decoding=\"async\" width=\"800\" height=\"444\" src=\"https:\/\/nescuba.cdtc.unb.br\/wp-content\/uploads\/2025\/05\/WhatsApp-Image-2025-05-01-at-08.16.57-1024x568.jpeg\" class=\"attachment-large size-large wp-image-23023\" alt=\"\" loading=\"lazy\" srcset=\"https:\/\/nescuba.cdtc.unb.br\/wp-content\/uploads\/2025\/05\/WhatsApp-Image-2025-05-01-at-08.16.57-1024x568.jpeg 1024w, https:\/\/nescuba.cdtc.unb.br\/wp-content\/uploads\/2025\/05\/WhatsApp-Image-2025-05-01-at-08.16.57-600x333.jpeg 600w, https:\/\/nescuba.cdtc.unb.br\/wp-content\/uploads\/2025\/05\/WhatsApp-Image-2025-05-01-at-08.16.57-768x426.jpeg 768w, https:\/\/nescuba.cdtc.unb.br\/wp-content\/uploads\/2025\/05\/WhatsApp-Image-2025-05-01-at-08.16.57.jpeg 1082w\" sizes=\"(max-width: 800px) 100vw, 800px\" \/>\t\t\t\t\t\t\t\t\t\t\t\t\t\t\t<\/div>\n\t\t\t\t<\/div>\n\t\t\t\t<div class=\"elementor-element elementor-element-9f29efc elementor-widget elementor-widget-heading\" data-id=\"9f29efc\" data-element_type=\"widget\" data-widget_type=\"heading.default\">\n\t\t\t\t<div class=\"elementor-widget-container\">\n\t\t\t<h2 class=\"elementor-heading-title elementor-size-default\"><a href=\"https:\/\/www.telesurtv.net\/cuba-marcha-trabajadores-respaldo-revolucion\/\">Cuba: Grande marcha oper\u00e1ria reafirma apoio \u00e0 Revolu\u00e7\u00e3o em 1\u00ba de maio<\/a><\/h2>\t\t<\/div>\n\t\t\t\t<\/div>\n\t\t\t\t<div class=\"elementor-element elementor-element-c391a5b elementor-widget elementor-widget-image\" data-id=\"c391a5b\" data-element_type=\"widget\" data-widget_type=\"image.default\">\n\t\t\t\t<div class=\"elementor-widget-container\">\n\t\t\t\t\t\t\t\t\t\t\t\t\t\t\t<img decoding=\"async\" width=\"720\" height=\"540\" src=\"https:\/\/nescuba.cdtc.unb.br\/wp-content\/uploads\/2025\/05\/plaza1-720x540-1.jpeg\" class=\"attachment-large size-large wp-image-23008\" alt=\"\" loading=\"lazy\" srcset=\"https:\/\/nescuba.cdtc.unb.br\/wp-content\/uploads\/2025\/05\/plaza1-720x540-1.jpeg 720w, https:\/\/nescuba.cdtc.unb.br\/wp-content\/uploads\/2025\/05\/plaza1-720x540-1-600x450.jpeg 600w\" sizes=\"(max-width: 720px) 100vw, 720px\" \/>\t\t\t\t\t\t\t\t\t\t\t\t\t\t\t<\/div>\n\t\t\t\t<\/div>\n\t\t\t\t<div class=\"elementor-element elementor-element-b8d8cb3 elementor-widget elementor-widget-heading\" data-id=\"b8d8cb3\" data-element_type=\"widget\" data-widget_type=\"heading.default\">\n\t\t\t\t<div class=\"elementor-widget-container\">\n\t\t\t<h2 class=\"elementor-heading-title elementor-size-default\"><a href=\"https:\/\/www.siempreconcuba.org\/cubanos-y-amigos-del-mundo-juntos-en-la-plaza\/\">Amigos de otras naciones impresionados por demostraci\u00f3n popular de apoyo a la Revoluci\u00f3n<\/a><\/h2>\t\t<\/div>\n\t\t\t\t<\/div>\n\t\t\t\t\t<\/div>\n\t\t<\/div>\n\t\t\t\t\t\t\t<\/div>\n\t\t<\/section>\n\t\t\t\t<section class=\"elementor-section elementor-top-section elementor-element elementor-element-d144046 elementor-section-full_width elementor-section-content-top elementor-section-height-min-height elementor-section-height-default elementor-section-items-middle\" data-id=\"d144046\" data-element_type=\"section\" data-settings=\"{&quot;background_background&quot;:&quot;gradient&quot;}\">\n\t\t\t\t\t\t<div class=\"elementor-container elementor-column-gap-narrow\">\n\t\t\t\t\t<div class=\"elementor-column elementor-col-100 elementor-top-column elementor-element elementor-element-6025448\" data-id=\"6025448\" data-element_type=\"column\" data-settings=\"{&quot;background_background&quot;:&quot;gradient&quot;}\">\n\t\t\t<div class=\"elementor-widget-wrap elementor-element-populated\">\n\t\t\t\t\t\t\t\t<div class=\"elementor-element elementor-element-dfa7a69 elementor-widget elementor-widget-heading\" data-id=\"dfa7a69\" data-element_type=\"widget\" data-settings=\"{&quot;_animation&quot;:&quot;none&quot;}\" data-widget_type=\"heading.default\">\n\t\t\t\t<div class=\"elementor-widget-container\">\n\t\t\t<h2 class=\"elementor-heading-title elementor-size-large\">Apresenta\u00e7\u00e3o do libro \u201cO Partido Revolucion\u00e1rio Cubano de Jos\u00e9 Mart\u00ed \/ Brasilia \/ 2024<\/h2>\t\t<\/div>\n\t\t\t\t<\/div>\n\t\t\t\t\t<\/div>\n\t\t<\/div>\n\t\t\t\t\t\t\t<\/div>\n\t\t<\/section>\n\t\t\t\t<section class=\"elementor-section elementor-top-section elementor-element elementor-element-e7f3280 elementor-section-boxed elementor-section-height-default elementor-section-height-default\" data-id=\"e7f3280\" data-element_type=\"section\" data-settings=\"{&quot;background_background&quot;:&quot;gradient&quot;}\">\n\t\t\t\t\t\t<div class=\"elementor-container elementor-column-gap-default\">\n\t\t\t\t\t<div class=\"elementor-column elementor-col-25 elementor-top-column elementor-element elementor-element-3863053\" data-id=\"3863053\" data-element_type=\"column\">\n\t\t\t<div class=\"elementor-widget-wrap elementor-element-populated\">\n\t\t\t\t\t\t\t\t<div class=\"elementor-element elementor-element-5bbb55f elementor-widget elementor-widget-heading\" data-id=\"5bbb55f\" data-element_type=\"widget\" data-widget_type=\"heading.default\">\n\t\t\t\t<div class=\"elementor-widget-container\">\n\t\t\t<h2 class=\"elementor-heading-title elementor-size-default\">A publica\u00e7\u00e3o \u201cO Partido Revolucion\u00e1rio Cubano de Jos\u00e9 Mart\u00ed: concep\u00e7\u00e3o \u00e9tico- pol\u00edtica original\u201d, Editora da UnB, 2024, foi apresentada na se\u00e7\u00e3o sindical da Associa\u00e7\u00e3o dos Docentes da Universidade de Bras\u00edlia (UnB), no dia 17 de maio, com um p\u00fablico diverso de professores, alunos e funcion\u00e1rios da Universidade, participantes de entidades de solidariedade a Cuba, com a presen\u00e7a do Embaixador de Cuba no Brasil, Sr. Adolfo Curbelo e membros do corpo diplom\u00e1tico da Embaixada, da Diretora da Editora da UnB, o professor Dion\u00edsio Poey Bar\u00f3, da Universidade Federal do Par\u00e1 e a professora Maria Auxiliadora C\u00e9sar (UnB).\n \n<\/h2>\t\t<\/div>\n\t\t\t\t<\/div>\n\t\t\t\t\t<\/div>\n\t\t<\/div>\n\t\t\t\t<div class=\"elementor-column elementor-col-25 elementor-top-column elementor-element elementor-element-825a2f2\" data-id=\"825a2f2\" data-element_type=\"column\">\n\t\t\t<div class=\"elementor-widget-wrap elementor-element-populated\">\n\t\t\t\t\t\t\t\t<div class=\"elementor-element elementor-element-32fe9ef elementor-widget elementor-widget-image\" data-id=\"32fe9ef\" data-element_type=\"widget\" data-widget_type=\"image.default\">\n\t\t\t\t<div class=\"elementor-widget-container\">\n\t\t\t\t\t\t\t\t\t\t\t\t\t\t\t<img decoding=\"async\" width=\"768\" height=\"1024\" src=\"https:\/\/nescuba.cdtc.unb.br\/wp-content\/uploads\/2024\/05\/IMG-20240519-WA00421-1-768x1024.jpg\" class=\"attachment-large size-large wp-image-15055\" alt=\"\" loading=\"lazy\" srcset=\"https:\/\/nescuba.cdtc.unb.br\/wp-content\/uploads\/2024\/05\/IMG-20240519-WA00421-1-768x1024.jpg 768w, https:\/\/nescuba.cdtc.unb.br\/wp-content\/uploads\/2024\/05\/IMG-20240519-WA00421-1-450x600.jpg 450w, https:\/\/nescuba.cdtc.unb.br\/wp-content\/uploads\/2024\/05\/IMG-20240519-WA00421-1.jpg 960w\" sizes=\"(max-width: 768px) 100vw, 768px\" \/>\t\t\t\t\t\t\t\t\t\t\t\t\t\t\t<\/div>\n\t\t\t\t<\/div>\n\t\t\t\t\t<\/div>\n\t\t<\/div>\n\t\t\t\t<div class=\"elementor-column elementor-col-25 elementor-top-column elementor-element elementor-element-4330cf5\" data-id=\"4330cf5\" data-element_type=\"column\">\n\t\t\t<div class=\"elementor-widget-wrap elementor-element-populated\">\n\t\t\t\t\t\t\t\t<div class=\"elementor-element elementor-element-1be8e7d elementor-widget elementor-widget-image\" data-id=\"1be8e7d\" data-element_type=\"widget\" data-widget_type=\"image.default\">\n\t\t\t\t<div class=\"elementor-widget-container\">\n\t\t\t\t\t\t\t\t\t\t\t\t\t\t\t<img decoding=\"async\" width=\"800\" height=\"600\" src=\"https:\/\/nescuba.cdtc.unb.br\/wp-content\/uploads\/2024\/05\/IMG-20240519-WA00451-1024x768.jpg\" class=\"attachment-large size-large wp-image-15056\" alt=\"\" loading=\"lazy\" srcset=\"https:\/\/nescuba.cdtc.unb.br\/wp-content\/uploads\/2024\/05\/IMG-20240519-WA00451-1024x768.jpg 1024w, https:\/\/nescuba.cdtc.unb.br\/wp-content\/uploads\/2024\/05\/IMG-20240519-WA00451-600x450.jpg 600w, https:\/\/nescuba.cdtc.unb.br\/wp-content\/uploads\/2024\/05\/IMG-20240519-WA00451-768x576.jpg 768w, https:\/\/nescuba.cdtc.unb.br\/wp-content\/uploads\/2024\/05\/IMG-20240519-WA00451.jpg 1280w\" sizes=\"(max-width: 800px) 100vw, 800px\" \/>\t\t\t\t\t\t\t\t\t\t\t\t\t\t\t<\/div>\n\t\t\t\t<\/div>\n\t\t\t\t\t<\/div>\n\t\t<\/div>\n\t\t\t\t<div class=\"elementor-column elementor-col-25 elementor-top-column elementor-element elementor-element-85d7d22\" data-id=\"85d7d22\" data-element_type=\"column\">\n\t\t\t<div class=\"elementor-widget-wrap elementor-element-populated\">\n\t\t\t\t\t\t\t\t<div class=\"elementor-element elementor-element-833ddcf elementor-widget elementor-widget-image\" data-id=\"833ddcf\" data-element_type=\"widget\" data-widget_type=\"image.default\">\n\t\t\t\t<div class=\"elementor-widget-container\">\n\t\t\t\t\t\t\t\t\t\t\t\t\t\t\t<img decoding=\"async\" width=\"800\" height=\"600\" src=\"https:\/\/nescuba.cdtc.unb.br\/wp-content\/uploads\/2024\/05\/IMG-20240519-WA00471-1024x768.jpg\" class=\"attachment-large size-large wp-image-15058\" alt=\"\" loading=\"lazy\" srcset=\"https:\/\/nescuba.cdtc.unb.br\/wp-content\/uploads\/2024\/05\/IMG-20240519-WA00471-1024x768.jpg 1024w, https:\/\/nescuba.cdtc.unb.br\/wp-content\/uploads\/2024\/05\/IMG-20240519-WA00471-600x450.jpg 600w, https:\/\/nescuba.cdtc.unb.br\/wp-content\/uploads\/2024\/05\/IMG-20240519-WA00471-768x576.jpg 768w, https:\/\/nescuba.cdtc.unb.br\/wp-content\/uploads\/2024\/05\/IMG-20240519-WA00471-1536x1152.jpg 1536w, https:\/\/nescuba.cdtc.unb.br\/wp-content\/uploads\/2024\/05\/IMG-20240519-WA00471.jpg 1600w\" sizes=\"(max-width: 800px) 100vw, 800px\" \/>\t\t\t\t\t\t\t\t\t\t\t\t\t\t\t<\/div>\n\t\t\t\t<\/div>\n\t\t\t\t\t<\/div>\n\t\t<\/div>\n\t\t\t\t\t\t\t<\/div>\n\t\t<\/section>\n\t\t\t\t<section class=\"elementor-section elementor-top-section elementor-element elementor-element-85bf1ae elementor-section-full_width elementor-section-content-top elementor-section-height-min-height elementor-section-height-default elementor-section-items-middle\" data-id=\"85bf1ae\" data-element_type=\"section\" data-settings=\"{&quot;background_background&quot;:&quot;gradient&quot;}\">\n\t\t\t\t\t\t<div class=\"elementor-container elementor-column-gap-narrow\">\n\t\t\t\t\t<div class=\"elementor-column elementor-col-100 elementor-top-column elementor-element elementor-element-79826cf\" data-id=\"79826cf\" data-element_type=\"column\" data-settings=\"{&quot;background_background&quot;:&quot;gradient&quot;}\">\n\t\t\t<div class=\"elementor-widget-wrap elementor-element-populated\">\n\t\t\t\t\t\t\t\t<div class=\"elementor-element elementor-element-8dde3da elementor-widget elementor-widget-heading\" data-id=\"8dde3da\" data-element_type=\"widget\" data-settings=\"{&quot;_animation&quot;:&quot;none&quot;}\" data-widget_type=\"heading.default\">\n\t\t\t\t<div class=\"elementor-widget-container\">\n\t\t\t<h2 class=\"elementor-heading-title elementor-size-large\">Homenagem a Her\u00f3i Nacional de Cuba, Jos\u00e9 Mart\u00ed, em Brasilia \/ 2024<\/h2>\t\t<\/div>\n\t\t\t\t<\/div>\n\t\t\t\t\t<\/div>\n\t\t<\/div>\n\t\t\t\t\t\t\t<\/div>\n\t\t<\/section>\n\t\t\t\t<section class=\"elementor-section elementor-top-section elementor-element elementor-element-1bed90d elementor-section-boxed elementor-section-height-default elementor-section-height-default\" data-id=\"1bed90d\" data-element_type=\"section\" data-settings=\"{&quot;background_background&quot;:&quot;gradient&quot;}\">\n\t\t\t\t\t\t<div class=\"elementor-container elementor-column-gap-default\">\n\t\t\t\t\t<div class=\"elementor-column elementor-col-25 elementor-top-column elementor-element elementor-element-2616c05\" data-id=\"2616c05\" data-element_type=\"column\" data-settings=\"{&quot;background_background&quot;:&quot;gradient&quot;}\">\n\t\t\t<div class=\"elementor-widget-wrap elementor-element-populated\">\n\t\t\t\t\t\t\t\t<div class=\"elementor-element elementor-element-d4a0d05 elementor-widget elementor-widget-heading\" data-id=\"d4a0d05\" data-element_type=\"widget\" data-widget_type=\"heading.default\">\n\t\t\t\t<div class=\"elementor-widget-container\">\n\t\t\t<h2 class=\"elementor-heading-title elementor-size-default\">Oferenda Floral Her\u00f3i Nacional de Cuba, Jos\u00e9 Mart\u00ed. O ato contou com a prese\u00e7a de embaixadores de diferentes paises, e de representantes do Governo do Distrito Federal, de Partidos Politicos y de entidades de solidaridade a Cuba<\/h2>\t\t<\/div>\n\t\t\t\t<\/div>\n\t\t\t\t\t<\/div>\n\t\t<\/div>\n\t\t\t\t<div class=\"elementor-column elementor-col-25 elementor-top-column elementor-element elementor-element-ddacfdc\" data-id=\"ddacfdc\" data-element_type=\"column\">\n\t\t\t<div class=\"elementor-widget-wrap elementor-element-populated\">\n\t\t\t\t\t\t\t\t<div class=\"elementor-element elementor-element-1647299 elementor-widget elementor-widget-image\" data-id=\"1647299\" data-element_type=\"widget\" data-widget_type=\"image.default\">\n\t\t\t\t<div class=\"elementor-widget-container\">\n\t\t\t\t\t\t\t\t\t\t\t\t\t\t\t<img decoding=\"async\" width=\"800\" height=\"600\" src=\"https:\/\/nescuba.cdtc.unb.br\/wp-content\/uploads\/2024\/05\/IMG-20240519-WA00601-1024x768.jpg\" class=\"attachment-large size-large wp-image-15059\" alt=\"\" loading=\"lazy\" srcset=\"https:\/\/nescuba.cdtc.unb.br\/wp-content\/uploads\/2024\/05\/IMG-20240519-WA00601-1024x768.jpg 1024w, https:\/\/nescuba.cdtc.unb.br\/wp-content\/uploads\/2024\/05\/IMG-20240519-WA00601-600x450.jpg 600w, https:\/\/nescuba.cdtc.unb.br\/wp-content\/uploads\/2024\/05\/IMG-20240519-WA00601-768x576.jpg 768w, https:\/\/nescuba.cdtc.unb.br\/wp-content\/uploads\/2024\/05\/IMG-20240519-WA00601.jpg 1280w\" sizes=\"(max-width: 800px) 100vw, 800px\" \/>\t\t\t\t\t\t\t\t\t\t\t\t\t\t\t<\/div>\n\t\t\t\t<\/div>\n\t\t\t\t\t<\/div>\n\t\t<\/div>\n\t\t\t\t<div class=\"elementor-column elementor-col-25 elementor-top-column elementor-element elementor-element-8260efb\" data-id=\"8260efb\" data-element_type=\"column\">\n\t\t\t<div class=\"elementor-widget-wrap elementor-element-populated\">\n\t\t\t\t\t\t\t\t<div class=\"elementor-element elementor-element-b472c6b elementor-widget elementor-widget-image\" data-id=\"b472c6b\" data-element_type=\"widget\" data-widget_type=\"image.default\">\n\t\t\t\t<div class=\"elementor-widget-container\">\n\t\t\t\t\t\t\t\t\t\t\t\t\t\t\t<img decoding=\"async\" width=\"800\" height=\"600\" src=\"https:\/\/nescuba.cdtc.unb.br\/wp-content\/uploads\/2024\/05\/IMG-20240519-WA00621-1024x768.jpg\" class=\"attachment-large size-large wp-image-15061\" alt=\"\" loading=\"lazy\" srcset=\"https:\/\/nescuba.cdtc.unb.br\/wp-content\/uploads\/2024\/05\/IMG-20240519-WA00621-1024x768.jpg 1024w, https:\/\/nescuba.cdtc.unb.br\/wp-content\/uploads\/2024\/05\/IMG-20240519-WA00621-600x450.jpg 600w, https:\/\/nescuba.cdtc.unb.br\/wp-content\/uploads\/2024\/05\/IMG-20240519-WA00621-768x576.jpg 768w, https:\/\/nescuba.cdtc.unb.br\/wp-content\/uploads\/2024\/05\/IMG-20240519-WA00621.jpg 1280w\" sizes=\"(max-width: 800px) 100vw, 800px\" \/>\t\t\t\t\t\t\t\t\t\t\t\t\t\t\t<\/div>\n\t\t\t\t<\/div>\n\t\t\t\t\t<\/div>\n\t\t<\/div>\n\t\t\t\t<div class=\"elementor-column elementor-col-25 elementor-top-column elementor-element elementor-element-4b8120a\" data-id=\"4b8120a\" data-element_type=\"column\">\n\t\t\t<div class=\"elementor-widget-wrap elementor-element-populated\">\n\t\t\t\t\t\t\t\t<div class=\"elementor-element elementor-element-385e16b elementor-widget elementor-widget-image\" data-id=\"385e16b\" data-element_type=\"widget\" data-widget_type=\"image.default\">\n\t\t\t\t<div class=\"elementor-widget-container\">\n\t\t\t\t\t\t\t\t\t\t\t\t\t\t\t<img decoding=\"async\" width=\"800\" height=\"600\" src=\"https:\/\/nescuba.cdtc.unb.br\/wp-content\/uploads\/2024\/05\/IMG-20240519-WA00641-1024x768.jpg\" class=\"attachment-large size-large wp-image-15062\" alt=\"\" loading=\"lazy\" srcset=\"https:\/\/nescuba.cdtc.unb.br\/wp-content\/uploads\/2024\/05\/IMG-20240519-WA00641-1024x768.jpg 1024w, https:\/\/nescuba.cdtc.unb.br\/wp-content\/uploads\/2024\/05\/IMG-20240519-WA00641-600x450.jpg 600w, https:\/\/nescuba.cdtc.unb.br\/wp-content\/uploads\/2024\/05\/IMG-20240519-WA00641-768x576.jpg 768w, https:\/\/nescuba.cdtc.unb.br\/wp-content\/uploads\/2024\/05\/IMG-20240519-WA00641-1536x1152.jpg 1536w, https:\/\/nescuba.cdtc.unb.br\/wp-content\/uploads\/2024\/05\/IMG-20240519-WA00641.jpg 2048w\" sizes=\"(max-width: 800px) 100vw, 800px\" \/>\t\t\t\t\t\t\t\t\t\t\t\t\t\t\t<\/div>\n\t\t\t\t<\/div>\n\t\t\t\t\t<\/div>\n\t\t<\/div>\n\t\t\t\t\t\t\t<\/div>\n\t\t<\/section>\n\t\t\t\t<section class=\"elementor-section elementor-top-section elementor-element elementor-element-1d0648d elementor-section-full_width elementor-section-content-top elementor-section-height-min-height elementor-section-height-default elementor-section-items-middle\" data-id=\"1d0648d\" data-element_type=\"section\" data-settings=\"{&quot;background_background&quot;:&quot;gradient&quot;}\">\n\t\t\t\t\t\t<div class=\"elementor-container elementor-column-gap-narrow\">\n\t\t\t\t\t<div class=\"elementor-column elementor-col-100 elementor-top-column elementor-element elementor-element-fb86ab5\" data-id=\"fb86ab5\" data-element_type=\"column\" data-settings=\"{&quot;background_background&quot;:&quot;gradient&quot;}\">\n\t\t\t<div class=\"elementor-widget-wrap elementor-element-populated\">\n\t\t\t\t\t\t\t\t<div class=\"elementor-element elementor-element-6b961ac elementor-widget elementor-widget-heading\" data-id=\"6b961ac\" data-element_type=\"widget\" data-settings=\"{&quot;_animation&quot;:&quot;none&quot;}\" data-widget_type=\"heading.default\">\n\t\t\t\t<div class=\"elementor-widget-container\">\n\t\t\t<h2 class=\"elementor-heading-title elementor-size-large\">Homenagem p\u00f3stuma ao querido amigo Tirso W. S\u00e1enz S\u00e1nchez<\/h2>\t\t<\/div>\n\t\t\t\t<\/div>\n\t\t\t\t\t<\/div>\n\t\t<\/div>\n\t\t\t\t\t\t\t<\/div>\n\t\t<\/section>\n\t\t\t\t<section class=\"elementor-section elementor-top-section elementor-element elementor-element-1ed0d8e elementor-section-boxed elementor-section-height-default elementor-section-height-default\" data-id=\"1ed0d8e\" data-element_type=\"section\" data-settings=\"{&quot;background_background&quot;:&quot;gradient&quot;,&quot;shape_divider_top&quot;:&quot;opacity-tilt&quot;}\">\n\t\t\t\t\t<div class=\"elementor-shape elementor-shape-top\" data-negative=\"false\">\n\t\t\t<svg xmlns=\"http:\/\/www.w3.org\/2000\/svg\" viewBox=\"0 0 2600 131.1\" preserveAspectRatio=\"none\">\n\t<path class=\"elementor-shape-fill\" d=\"M0 0L2600 0 2600 69.1 0 0z\"\/>\n\t<path class=\"elementor-shape-fill\" style=\"opacity:0.5\" d=\"M0 0L2600 0 2600 69.1 0 69.1z\"\/>\n\t<path class=\"elementor-shape-fill\" style=\"opacity:0.25\" d=\"M2600 0L0 0 0 130.1 2600 69.1z\"\/>\n<\/svg>\t\t<\/div>\n\t\t\t\t\t<div class=\"elementor-container elementor-column-gap-default\">\n\t\t\t\t\t<div class=\"elementor-column elementor-col-100 elementor-top-column elementor-element elementor-element-832b9e9\" data-id=\"832b9e9\" data-element_type=\"column\" data-settings=\"{&quot;background_background&quot;:&quot;gradient&quot;}\">\n\t\t\t<div class=\"elementor-widget-wrap elementor-element-populated\">\n\t\t\t\t\t\t\t\t<section class=\"elementor-section elementor-inner-section elementor-element elementor-element-e8d42d4 elementor-section-boxed elementor-section-height-default elementor-section-height-default\" data-id=\"e8d42d4\" data-element_type=\"section\">\n\t\t\t\t\t\t<div class=\"elementor-container elementor-column-gap-default\">\n\t\t\t\t\t<div class=\"elementor-column elementor-col-33 elementor-inner-column elementor-element elementor-element-3879825\" data-id=\"3879825\" data-element_type=\"column\">\n\t\t\t<div class=\"elementor-widget-wrap elementor-element-populated\">\n\t\t\t\t\t\t\t\t<div class=\"elementor-element elementor-element-18b4b49 elementor-widget elementor-widget-image\" data-id=\"18b4b49\" data-element_type=\"widget\" data-widget_type=\"image.default\">\n\t\t\t\t<div class=\"elementor-widget-container\">\n\t\t\t\t\t\t\t\t\t\t\t\t\t\t\t<img decoding=\"async\" width=\"368\" height=\"310\" src=\"https:\/\/nescuba.cdtc.unb.br\/wp-content\/uploads\/2024\/06\/IMG-20240624-WA0027-2.jpg\" class=\"attachment-large size-large wp-image-15676\" alt=\"\" loading=\"lazy\" \/>\t\t\t\t\t\t\t\t\t\t\t\t\t\t\t<\/div>\n\t\t\t\t<\/div>\n\t\t\t\t<div class=\"elementor-element elementor-element-a687936 elementor-widget elementor-widget-text-editor\" data-id=\"a687936\" data-element_type=\"widget\" data-widget_type=\"text-editor.default\">\n\t\t\t\t<div class=\"elementor-widget-container\">\n\t\t\t\t\t\t\t<p style=\"text-align: center;\"><strong>TIRSO, PRESENTE!!<br \/><\/strong>Com a presen\u00e7a de representantes de organiza\u00e7\u00f5es de solidariedade a Cuba, como a Ancreb-JM, o Nescuba\/Ceam\/UnB, o Coletivo Bem Viver, de sindicatos e partidos pol\u00edticos, foi realizado, na Embaixada de Cuba, um emotivo ato em homenagem p\u00f3stuma ao querido amigo Tirso W. S\u00e1enz, por sua relevante e inesquec\u00edvel contribui\u00e7\u00e3o em defesa da Revolu\u00e7\u00e3o Cubana. N\u00f3s, do Nescuba, onde foi professor, o teremos sempre presente, tamb\u00e9m como apoiador e incentivador dos diferentes eventos realizados por este N\u00facleo.<\/p>\t\t\t\t\t\t<\/div>\n\t\t\t\t<\/div>\n\t\t\t\t\t<\/div>\n\t\t<\/div>\n\t\t\t\t<div class=\"elementor-column elementor-col-33 elementor-inner-column elementor-element elementor-element-57ef2af\" data-id=\"57ef2af\" data-element_type=\"column\">\n\t\t\t<div class=\"elementor-widget-wrap elementor-element-populated\">\n\t\t\t\t\t\t\t\t<div class=\"elementor-element elementor-element-7f06313 elementor-widget__width-initial elementor-widget elementor-widget-image\" data-id=\"7f06313\" data-element_type=\"widget\" data-widget_type=\"image.default\">\n\t\t\t\t<div class=\"elementor-widget-container\">\n\t\t\t\t\t\t\t\t\t\t\t\t\t\t\t<img decoding=\"async\" width=\"800\" height=\"424\" src=\"https:\/\/nescuba.cdtc.unb.br\/wp-content\/uploads\/2024\/06\/IMG-20240624-WA0016-e1719274366359-1024x543.jpg\" class=\"attachment-large size-large wp-image-15678\" alt=\"\" loading=\"lazy\" srcset=\"https:\/\/nescuba.cdtc.unb.br\/wp-content\/uploads\/2024\/06\/IMG-20240624-WA0016-e1719274366359-1024x543.jpg 1024w, https:\/\/nescuba.cdtc.unb.br\/wp-content\/uploads\/2024\/06\/IMG-20240624-WA0016-e1719274366359-600x318.jpg 600w, https:\/\/nescuba.cdtc.unb.br\/wp-content\/uploads\/2024\/06\/IMG-20240624-WA0016-e1719274366359-768x407.jpg 768w, https:\/\/nescuba.cdtc.unb.br\/wp-content\/uploads\/2024\/06\/IMG-20240624-WA0016-e1719274366359-1536x814.jpg 1536w, https:\/\/nescuba.cdtc.unb.br\/wp-content\/uploads\/2024\/06\/IMG-20240624-WA0016-e1719274366359.jpg 1600w\" sizes=\"(max-width: 800px) 100vw, 800px\" \/>\t\t\t\t\t\t\t\t\t\t\t\t\t\t\t<\/div>\n\t\t\t\t<\/div>\n\t\t\t\t<div class=\"elementor-element elementor-element-aa9a95c elementor-widget elementor-widget-image\" data-id=\"aa9a95c\" data-element_type=\"widget\" data-widget_type=\"image.default\">\n\t\t\t\t<div class=\"elementor-widget-container\">\n\t\t\t\t\t\t\t\t\t\t\t\t\t\t\t<img decoding=\"async\" width=\"800\" height=\"400\" src=\"https:\/\/nescuba.cdtc.unb.br\/wp-content\/uploads\/2024\/06\/IMG-20240624-WA0017-1-1024x512.jpg\" class=\"attachment-large size-large wp-image-15680\" alt=\"\" loading=\"lazy\" srcset=\"https:\/\/nescuba.cdtc.unb.br\/wp-content\/uploads\/2024\/06\/IMG-20240624-WA0017-1-1024x512.jpg 1024w, https:\/\/nescuba.cdtc.unb.br\/wp-content\/uploads\/2024\/06\/IMG-20240624-WA0017-1-600x300.jpg 600w, https:\/\/nescuba.cdtc.unb.br\/wp-content\/uploads\/2024\/06\/IMG-20240624-WA0017-1-768x384.jpg 768w, https:\/\/nescuba.cdtc.unb.br\/wp-content\/uploads\/2024\/06\/IMG-20240624-WA0017-1.jpg 1152w\" sizes=\"(max-width: 800px) 100vw, 800px\" \/>\t\t\t\t\t\t\t\t\t\t\t\t\t\t\t<\/div>\n\t\t\t\t<\/div>\n\t\t\t\t\t<\/div>\n\t\t<\/div>\n\t\t\t\t<div class=\"elementor-column elementor-col-33 elementor-inner-column elementor-element elementor-element-ca9f609\" data-id=\"ca9f609\" data-element_type=\"column\">\n\t\t\t<div class=\"elementor-widget-wrap elementor-element-populated\">\n\t\t\t\t\t\t\t\t<div class=\"elementor-element elementor-element-c0af4eb elementor-widget elementor-widget-image\" data-id=\"c0af4eb\" data-element_type=\"widget\" data-widget_type=\"image.default\">\n\t\t\t\t<div class=\"elementor-widget-container\">\n\t\t\t\t\t\t\t\t\t\t\t\t\t\t\t<img decoding=\"async\" width=\"800\" height=\"359\" src=\"https:\/\/nescuba.cdtc.unb.br\/wp-content\/uploads\/2024\/06\/IMG-20240624-WA0021-1024x460.jpg\" class=\"attachment-large size-large wp-image-15679\" alt=\"\" loading=\"lazy\" srcset=\"https:\/\/nescuba.cdtc.unb.br\/wp-content\/uploads\/2024\/06\/IMG-20240624-WA0021-1024x460.jpg 1024w, https:\/\/nescuba.cdtc.unb.br\/wp-content\/uploads\/2024\/06\/IMG-20240624-WA0021-600x270.jpg 600w, https:\/\/nescuba.cdtc.unb.br\/wp-content\/uploads\/2024\/06\/IMG-20240624-WA0021-768x345.jpg 768w, https:\/\/nescuba.cdtc.unb.br\/wp-content\/uploads\/2024\/06\/IMG-20240624-WA0021.jpg 1280w\" sizes=\"(max-width: 800px) 100vw, 800px\" \/>\t\t\t\t\t\t\t\t\t\t\t\t\t\t\t<\/div>\n\t\t\t\t<\/div>\n\t\t\t\t<div class=\"elementor-element elementor-element-290e992 elementor-widget elementor-widget-image\" data-id=\"290e992\" data-element_type=\"widget\" data-widget_type=\"image.default\">\n\t\t\t\t<div class=\"elementor-widget-container\">\n\t\t\t\t\t\t\t\t\t\t\t\t\t\t\t<img decoding=\"async\" width=\"800\" height=\"359\" src=\"https:\/\/nescuba.cdtc.unb.br\/wp-content\/uploads\/2024\/06\/IMG-20240624-WA0020-1024x460.jpg\" class=\"attachment-large size-large wp-image-15681\" alt=\"\" loading=\"lazy\" srcset=\"https:\/\/nescuba.cdtc.unb.br\/wp-content\/uploads\/2024\/06\/IMG-20240624-WA0020-1024x460.jpg 1024w, https:\/\/nescuba.cdtc.unb.br\/wp-content\/uploads\/2024\/06\/IMG-20240624-WA0020-600x270.jpg 600w, https:\/\/nescuba.cdtc.unb.br\/wp-content\/uploads\/2024\/06\/IMG-20240624-WA0020-768x345.jpg 768w, https:\/\/nescuba.cdtc.unb.br\/wp-content\/uploads\/2024\/06\/IMG-20240624-WA0020.jpg 1280w\" sizes=\"(max-width: 800px) 100vw, 800px\" \/>\t\t\t\t\t\t\t\t\t\t\t\t\t\t\t<\/div>\n\t\t\t\t<\/div>\n\t\t\t\t\t<\/div>\n\t\t<\/div>\n\t\t\t\t\t\t\t<\/div>\n\t\t<\/section>\n\t\t\t\t\t<\/div>\n\t\t<\/div>\n\t\t\t\t\t\t\t<\/div>\n\t\t<\/section>\n\t\t\t\t<section class=\"elementor-section elementor-top-section elementor-element elementor-element-45c6e4a elementor-section-boxed elementor-section-height-default elementor-section-height-default\" data-id=\"45c6e4a\" data-element_type=\"section\" data-settings=\"{&quot;shape_divider_top&quot;:&quot;opacity-tilt&quot;}\">\n\t\t\t\t\t<div class=\"elementor-shape elementor-shape-top\" data-negative=\"false\">\n\t\t\t<svg xmlns=\"http:\/\/www.w3.org\/2000\/svg\" viewBox=\"0 0 2600 131.1\" preserveAspectRatio=\"none\">\n\t<path class=\"elementor-shape-fill\" d=\"M0 0L2600 0 2600 69.1 0 0z\"\/>\n\t<path class=\"elementor-shape-fill\" style=\"opacity:0.5\" d=\"M0 0L2600 0 2600 69.1 0 69.1z\"\/>\n\t<path class=\"elementor-shape-fill\" style=\"opacity:0.25\" d=\"M2600 0L0 0 0 130.1 2600 69.1z\"\/>\n<\/svg>\t\t<\/div>\n\t\t\t\t\t<div class=\"elementor-container elementor-column-gap-default\">\n\t\t\t\t\t<div class=\"elementor-column elementor-col-50 elementor-top-column elementor-element elementor-element-594f7eb\" data-id=\"594f7eb\" data-element_type=\"column\">\n\t\t\t<div class=\"elementor-widget-wrap elementor-element-populated\">\n\t\t\t\t\t\t\t\t<div class=\"elementor-element elementor-element-3fbc934 elementor-widget elementor-widget-image\" data-id=\"3fbc934\" data-element_type=\"widget\" data-widget_type=\"image.default\">\n\t\t\t\t<div class=\"elementor-widget-container\">\n\t\t\t\t\t\t\t\t\t\t\t\t\t\t\t<img decoding=\"async\" width=\"710\" height=\"355\" src=\"https:\/\/nescuba.cdtc.unb.br\/wp-content\/uploads\/2024\/01\/VIII-Seminario.png\" class=\"attachment-large size-large wp-image-12068\" alt=\"\" loading=\"lazy\" srcset=\"https:\/\/nescuba.cdtc.unb.br\/wp-content\/uploads\/2024\/01\/VIII-Seminario.png 710w, https:\/\/nescuba.cdtc.unb.br\/wp-content\/uploads\/2024\/01\/VIII-Seminario-600x300.png 600w\" sizes=\"(max-width: 710px) 100vw, 710px\" \/>\t\t\t\t\t\t\t\t\t\t\t\t\t\t\t<\/div>\n\t\t\t\t<\/div>\n\t\t\t\t\t<\/div>\n\t\t<\/div>\n\t\t\t\t<div class=\"elementor-column elementor-col-50 elementor-top-column elementor-element elementor-element-0ae6bb2\" data-id=\"0ae6bb2\" data-element_type=\"column\">\n\t\t\t<div class=\"elementor-widget-wrap elementor-element-populated\">\n\t\t\t\t\t\t\t\t<div class=\"elementor-element elementor-element-6ddaf04 elementor-widget elementor-widget-heading\" data-id=\"6ddaf04\" data-element_type=\"widget\" data-widget_type=\"heading.default\">\n\t\t\t\t<div class=\"elementor-widget-container\">\n\t\t\t<h2 class=\"elementor-heading-title elementor-size-default\"><a href=\"http:\/\/www.radiohc.cu\/pt\/noticias\/nacionales\/354011-seminario-pela-paz-ratifica-a-luta-pela-soberania-dos-povos\">Concluye VIII Seminario Internacional por la Paz y la Abolici\u00f3n de las Bases Militares Extranjeras #CubaPorLaPaz<\/a><\/h2>\t\t<\/div>\n\t\t\t\t<\/div>\n\t\t\t\t<div class=\"elementor-element elementor-element-acb2321 elementor-widget elementor-widget-heading\" data-id=\"acb2321\" data-element_type=\"widget\" data-widget_type=\"heading.default\">\n\t\t\t\t<div class=\"elementor-widget-container\">\n\t\t\t<h2 class=\"elementor-heading-title elementor-size-default\"><a href=\"http:\/\/www.siempreconcuba.org\/octavo-seminario-internacional-de-paz-y-por-la-abolicion-de-las-bases-militares-extranjeras-un-mundo-de-paz-y-de-justicia-social-es-necesario-guantanamo-4-5-mayo-de-2024\/\">\u201cDeclaraci\u00f3n de Paz: Clausura Triunfal del VIII Seminario en Guant\u00e1namo\u201d. Declaraci\u00f3n final<\/a><\/h2>\t\t<\/div>\n\t\t\t\t<\/div>\n\t\t\t\t<div class=\"elementor-element elementor-element-156985e elementor-widget elementor-widget-heading\" data-id=\"156985e\" data-element_type=\"widget\" data-widget_type=\"heading.default\">\n\t\t\t\t<div class=\"elementor-widget-container\">\n\t\t\t<h2 class=\"elementor-heading-title elementor-size-default\"><a href=\"http:\/\/www.siempreconcuba.org\/reflexiones-profundas-viii-seminario-de-paz-y-contra-las-bases-militares-extranjeras\/\">\u201cReflexiones profundas: VIII Seminario de Paz y Contra las Bases Militares Extranjeras\u201d<\/a><\/h2>\t\t<\/div>\n\t\t\t\t<\/div>\n\t\t\t\t\t<\/div>\n\t\t<\/div>\n\t\t\t\t\t\t\t<\/div>\n\t\t<\/section>\n\t\t\t\t<section class=\"elementor-section elementor-top-section elementor-element elementor-element-e4d7704 elementor-section-full_width elementor-section-content-top elementor-section-height-min-height elementor-section-height-default elementor-section-items-middle\" data-id=\"e4d7704\" data-element_type=\"section\" data-settings=\"{&quot;background_background&quot;:&quot;gradient&quot;}\">\n\t\t\t\t\t\t<div class=\"elementor-container elementor-column-gap-narrow\">\n\t\t\t\t\t<div class=\"elementor-column elementor-col-100 elementor-top-column elementor-element elementor-element-7b5cc35\" data-id=\"7b5cc35\" data-element_type=\"column\" data-settings=\"{&quot;background_background&quot;:&quot;gradient&quot;}\">\n\t\t\t<div class=\"elementor-widget-wrap elementor-element-populated\">\n\t\t\t\t\t\t\t\t<div class=\"elementor-element elementor-element-b64f4be elementor-widget elementor-widget-heading\" data-id=\"b64f4be\" data-element_type=\"widget\" data-settings=\"{&quot;_animation&quot;:&quot;none&quot;}\" data-widget_type=\"heading.default\">\n\t\t\t\t<div class=\"elementor-widget-container\">\n\t\t\t<h2 class=\"elementor-heading-title elementor-size-large\">Feira Internacional do Livro de Havana \u2013 15 a 25 de fevereiro \/ 2024<\/h2>\t\t<\/div>\n\t\t\t\t<\/div>\n\t\t\t\t\t<\/div>\n\t\t<\/div>\n\t\t\t\t\t\t\t<\/div>\n\t\t<\/section>\n\t\t\t\t<section class=\"elementor-section elementor-top-section elementor-element elementor-element-f8f8e29 elementor-section-full_width elementor-section-content-top elementor-section-height-min-height elementor-section-height-default elementor-section-items-middle\" data-id=\"f8f8e29\" data-element_type=\"section\" data-settings=\"{&quot;background_background&quot;:&quot;gradient&quot;}\">\n\t\t\t\t\t\t\t<div class=\"elementor-background-overlay\"><\/div>\n\t\t\t\t\t\t\t<div class=\"elementor-container elementor-column-gap-narrow\">\n\t\t\t\t\t<div class=\"elementor-column elementor-col-100 elementor-top-column elementor-element elementor-element-97854f0\" data-id=\"97854f0\" data-element_type=\"column\" data-settings=\"{&quot;background_background&quot;:&quot;gradient&quot;}\">\n\t\t\t<div class=\"elementor-widget-wrap elementor-element-populated\">\n\t\t\t\t\t\t\t\t<div class=\"elementor-element elementor-element-eafa8b9 elementor-widget elementor-widget-heading\" data-id=\"eafa8b9\" data-element_type=\"widget\" data-widget_type=\"heading.default\">\n\t\t\t\t<div class=\"elementor-widget-container\">\n\t\t\t<h2 class=\"elementor-heading-title elementor-size-default\">Ler \u00e9 construir identidade<\/h2>\t\t<\/div>\n\t\t\t\t<\/div>\n\t\t\t\t<section class=\"elementor-section elementor-inner-section elementor-element elementor-element-d668f2c elementor-section-height-min-height elementor-section-boxed elementor-section-height-default\" data-id=\"d668f2c\" data-element_type=\"section\">\n\t\t\t\t\t\t<div class=\"elementor-container elementor-column-gap-default\">\n\t\t\t\t\t<div class=\"elementor-column elementor-col-33 elementor-inner-column elementor-element elementor-element-805cc13\" data-id=\"805cc13\" data-element_type=\"column\" data-settings=\"{&quot;background_background&quot;:&quot;gradient&quot;}\">\n\t\t\t<div class=\"elementor-widget-wrap elementor-element-populated\">\n\t\t\t\t\t\t\t\t<div class=\"elementor-element elementor-element-4230832 elementor-widget__width-initial elementor-widget elementor-widget-image\" data-id=\"4230832\" data-element_type=\"widget\" data-widget_type=\"image.default\">\n\t\t\t\t<div class=\"elementor-widget-container\">\n\t\t\t\t\t\t\t\t\t\t\t\t\t\t\t\t<a href=\"http:\/\/www.filhcuba.cu\/evento\/1\/normas-de-participacion\">\n\t\t\t\t\t\t\t<img decoding=\"async\" width=\"640\" height=\"531\" src=\"https:\/\/nescuba.cdtc.unb.br\/wp-content\/uploads\/2023\/12\/374571750_314960517719866_3612189115547750877_n.jpg\" class=\"attachment-large size-large wp-image-10656\" alt=\"\" loading=\"lazy\" srcset=\"https:\/\/nescuba.cdtc.unb.br\/wp-content\/uploads\/2023\/12\/374571750_314960517719866_3612189115547750877_n.jpg 640w, https:\/\/nescuba.cdtc.unb.br\/wp-content\/uploads\/2023\/12\/374571750_314960517719866_3612189115547750877_n-300x249.jpg 300w\" sizes=\"(max-width: 640px) 100vw, 640px\" \/>\t\t\t\t\t\t\t\t<\/a>\n\t\t\t\t\t\t\t\t\t\t\t\t\t\t\t<\/div>\n\t\t\t\t<\/div>\n\t\t\t\t<div class=\"elementor-element elementor-element-9d75b2f elementor-widget elementor-widget-image\" data-id=\"9d75b2f\" data-element_type=\"widget\" data-widget_type=\"image.default\">\n\t\t\t\t<div class=\"elementor-widget-container\">\n\t\t\t\t\t\t\t\t\t\t\t\t\t\t\t<img decoding=\"async\" width=\"800\" height=\"600\" src=\"https:\/\/nescuba.cdtc.unb.br\/wp-content\/uploads\/2024\/03\/IMG-20240301-WA0045-1024x768.jpg\" class=\"attachment-large size-large wp-image-12913\" alt=\"\" loading=\"lazy\" srcset=\"https:\/\/nescuba.cdtc.unb.br\/wp-content\/uploads\/2024\/03\/IMG-20240301-WA0045-1024x768.jpg 1024w, https:\/\/nescuba.cdtc.unb.br\/wp-content\/uploads\/2024\/03\/IMG-20240301-WA0045-600x450.jpg 600w, https:\/\/nescuba.cdtc.unb.br\/wp-content\/uploads\/2024\/03\/IMG-20240301-WA0045-768x576.jpg 768w, https:\/\/nescuba.cdtc.unb.br\/wp-content\/uploads\/2024\/03\/IMG-20240301-WA0045.jpg 1280w\" sizes=\"(max-width: 800px) 100vw, 800px\" \/>\t\t\t\t\t\t\t\t\t\t\t\t\t\t\t<\/div>\n\t\t\t\t<\/div>\n\t\t\t\t<div class=\"elementor-element elementor-element-c9d6fdf elementor-widget elementor-widget-image\" data-id=\"c9d6fdf\" data-element_type=\"widget\" data-widget_type=\"image.default\">\n\t\t\t\t<div class=\"elementor-widget-container\">\n\t\t\t\t\t\t\t\t\t\t\t\t\t\t\t<img decoding=\"async\" width=\"800\" height=\"600\" src=\"https:\/\/nescuba.cdtc.unb.br\/wp-content\/uploads\/2024\/03\/IMG-20240301-WA0054-1024x768.jpg\" class=\"attachment-large size-large wp-image-12914\" alt=\"\" loading=\"lazy\" srcset=\"https:\/\/nescuba.cdtc.unb.br\/wp-content\/uploads\/2024\/03\/IMG-20240301-WA0054-1024x768.jpg 1024w, https:\/\/nescuba.cdtc.unb.br\/wp-content\/uploads\/2024\/03\/IMG-20240301-WA0054-600x450.jpg 600w, https:\/\/nescuba.cdtc.unb.br\/wp-content\/uploads\/2024\/03\/IMG-20240301-WA0054-768x576.jpg 768w, https:\/\/nescuba.cdtc.unb.br\/wp-content\/uploads\/2024\/03\/IMG-20240301-WA0054.jpg 1280w\" sizes=\"(max-width: 800px) 100vw, 800px\" \/>\t\t\t\t\t\t\t\t\t\t\t\t\t\t\t<\/div>\n\t\t\t\t<\/div>\n\t\t\t\t<div class=\"elementor-element elementor-element-b5f23d9 elementor-widget elementor-widget-image\" data-id=\"b5f23d9\" data-element_type=\"widget\" data-widget_type=\"image.default\">\n\t\t\t\t<div class=\"elementor-widget-container\">\n\t\t\t\t\t\t\t\t\t\t\t\t\t\t\t<img decoding=\"async\" width=\"800\" height=\"600\" src=\"https:\/\/nescuba.cdtc.unb.br\/wp-content\/uploads\/2024\/03\/IMG-20240301-WA0047-1024x768.jpg\" class=\"attachment-large size-large wp-image-12917\" alt=\"\" loading=\"lazy\" srcset=\"https:\/\/nescuba.cdtc.unb.br\/wp-content\/uploads\/2024\/03\/IMG-20240301-WA0047-1024x768.jpg 1024w, https:\/\/nescuba.cdtc.unb.br\/wp-content\/uploads\/2024\/03\/IMG-20240301-WA0047-600x450.jpg 600w, https:\/\/nescuba.cdtc.unb.br\/wp-content\/uploads\/2024\/03\/IMG-20240301-WA0047-768x576.jpg 768w, https:\/\/nescuba.cdtc.unb.br\/wp-content\/uploads\/2024\/03\/IMG-20240301-WA0047.jpg 1280w\" sizes=\"(max-width: 800px) 100vw, 800px\" \/>\t\t\t\t\t\t\t\t\t\t\t\t\t\t\t<\/div>\n\t\t\t\t<\/div>\n\t\t\t\t\t<\/div>\n\t\t<\/div>\n\t\t\t\t<div class=\"elementor-column elementor-col-33 elementor-inner-column elementor-element elementor-element-61670c7\" data-id=\"61670c7\" data-element_type=\"column\">\n\t\t\t<div class=\"elementor-widget-wrap elementor-element-populated\">\n\t\t\t\t\t\t\t\t<div class=\"elementor-element elementor-element-dbd2527 elementor-widget elementor-widget-heading\" data-id=\"dbd2527\" data-element_type=\"widget\" data-widget_type=\"heading.default\">\n\t\t\t\t<div class=\"elementor-widget-container\">\n\t\t\t<h2 class=\"elementor-heading-title elementor-size-medium\">XXXII Feria Internacional del Libro de La Habana, 15 al 25 de febrero de 2024 <\/h2>\t\t<\/div>\n\t\t\t\t<\/div>\n\t\t\t\t<div class=\"elementor-element elementor-element-3754fe6 elementor-widget elementor-widget-heading\" data-id=\"3754fe6\" data-element_type=\"widget\" data-widget_type=\"heading.default\">\n\t\t\t\t<div class=\"elementor-widget-container\">\n\t\t\t<h2 class=\"elementor-heading-title elementor-size-default\">Fortaleza de San Carlos de la Caba\u00f1a,              \nLa Habana, Cuba<\/h2>\t\t<\/div>\n\t\t\t\t<\/div>\n\t\t\t\t<div class=\"elementor-element elementor-element-a7aedb9 elementor-widget elementor-widget-heading\" data-id=\"a7aedb9\" data-element_type=\"widget\" data-widget_type=\"heading.default\">\n\t\t\t\t<div class=\"elementor-widget-container\">\n\t\t\t<h2 class=\"elementor-heading-title elementor-size-default\">Pa\u00eds Invitado Rep\u00fablica Federativa de Brasil\n <\/h2>\t\t<\/div>\n\t\t\t\t<\/div>\n\t\t\t\t<div class=\"elementor-element elementor-element-04e7039 elementor-widget elementor-widget-image\" data-id=\"04e7039\" data-element_type=\"widget\" data-widget_type=\"image.default\">\n\t\t\t\t<div class=\"elementor-widget-container\">\n\t\t\t\t\t\t\t\t\t\t\t\t\t\t\t<img decoding=\"async\" width=\"800\" height=\"600\" src=\"https:\/\/nescuba.cdtc.unb.br\/wp-content\/uploads\/2024\/03\/IMG-20240301-WA0061-1024x768.jpg\" class=\"attachment-large size-large wp-image-12915\" alt=\"\" loading=\"lazy\" srcset=\"https:\/\/nescuba.cdtc.unb.br\/wp-content\/uploads\/2024\/03\/IMG-20240301-WA0061-1024x768.jpg 1024w, https:\/\/nescuba.cdtc.unb.br\/wp-content\/uploads\/2024\/03\/IMG-20240301-WA0061-600x450.jpg 600w, https:\/\/nescuba.cdtc.unb.br\/wp-content\/uploads\/2024\/03\/IMG-20240301-WA0061-768x576.jpg 768w, https:\/\/nescuba.cdtc.unb.br\/wp-content\/uploads\/2024\/03\/IMG-20240301-WA0061.jpg 1280w\" sizes=\"(max-width: 800px) 100vw, 800px\" \/>\t\t\t\t\t\t\t\t\t\t\t\t\t\t\t<\/div>\n\t\t\t\t<\/div>\n\t\t\t\t<div class=\"elementor-element elementor-element-476902a elementor-widget elementor-widget-image\" data-id=\"476902a\" data-element_type=\"widget\" data-widget_type=\"image.default\">\n\t\t\t\t<div class=\"elementor-widget-container\">\n\t\t\t\t\t\t\t\t\t\t\t\t\t\t\t<img decoding=\"async\" width=\"800\" height=\"600\" src=\"https:\/\/nescuba.cdtc.unb.br\/wp-content\/uploads\/2024\/03\/IMG-20240301-WA0057-1024x768.jpg\" class=\"attachment-large size-large wp-image-12922\" alt=\"\" loading=\"lazy\" srcset=\"https:\/\/nescuba.cdtc.unb.br\/wp-content\/uploads\/2024\/03\/IMG-20240301-WA0057-1024x768.jpg 1024w, https:\/\/nescuba.cdtc.unb.br\/wp-content\/uploads\/2024\/03\/IMG-20240301-WA0057-600x450.jpg 600w, https:\/\/nescuba.cdtc.unb.br\/wp-content\/uploads\/2024\/03\/IMG-20240301-WA0057-768x576.jpg 768w, https:\/\/nescuba.cdtc.unb.br\/wp-content\/uploads\/2024\/03\/IMG-20240301-WA0057.jpg 1280w\" sizes=\"(max-width: 800px) 100vw, 800px\" \/>\t\t\t\t\t\t\t\t\t\t\t\t\t\t\t<\/div>\n\t\t\t\t<\/div>\n\t\t\t\t<div class=\"elementor-element elementor-element-e25632d elementor-widget elementor-widget-image\" data-id=\"e25632d\" data-element_type=\"widget\" data-widget_type=\"image.default\">\n\t\t\t\t<div class=\"elementor-widget-container\">\n\t\t\t\t\t\t\t\t\t\t\t\t\t\t\t<img decoding=\"async\" width=\"800\" height=\"600\" src=\"https:\/\/nescuba.cdtc.unb.br\/wp-content\/uploads\/2024\/03\/IMG-20240301-WA0053-1024x768.jpg\" class=\"attachment-large size-large wp-image-12916\" alt=\"\" loading=\"lazy\" srcset=\"https:\/\/nescuba.cdtc.unb.br\/wp-content\/uploads\/2024\/03\/IMG-20240301-WA0053-1024x768.jpg 1024w, https:\/\/nescuba.cdtc.unb.br\/wp-content\/uploads\/2024\/03\/IMG-20240301-WA0053-600x450.jpg 600w, https:\/\/nescuba.cdtc.unb.br\/wp-content\/uploads\/2024\/03\/IMG-20240301-WA0053-768x576.jpg 768w, https:\/\/nescuba.cdtc.unb.br\/wp-content\/uploads\/2024\/03\/IMG-20240301-WA0053.jpg 1280w\" sizes=\"(max-width: 800px) 100vw, 800px\" \/>\t\t\t\t\t\t\t\t\t\t\t\t\t\t\t<\/div>\n\t\t\t\t<\/div>\n\t\t\t\t\t<\/div>\n\t\t<\/div>\n\t\t\t\t<div class=\"elementor-column elementor-col-33 elementor-inner-column elementor-element elementor-element-b512788\" data-id=\"b512788\" data-element_type=\"column\">\n\t\t\t<div class=\"elementor-widget-wrap elementor-element-populated\">\n\t\t\t\t\t\t\t\t<div class=\"elementor-element elementor-element-1fd1444 elementor-widget elementor-widget-text-editor\" data-id=\"1fd1444\" data-element_type=\"widget\" data-widget_type=\"text-editor.default\">\n\t\t\t\t<div class=\"elementor-widget-container\">\n\t\t\t\t\t\t\t<h6><strong>Atividades do Rinc\u00e3o na Feira Internacional do Livro de Havana \u2013 15 a 25 de fevereiro<\/strong><\/h6><p>A Feira, neste ano, teve o Brasil como convidado de honra <strong>e o <\/strong>Rinc\u00e3o do Brasil em Cuba \u00a0\u00a0apoiou a organiza\u00e7\u00e3o do stand do Brasil, propondo e realizando algumas das atividades da Embaixada do Brasil em Cuba, como: apresenta\u00e7\u00e3o e doa\u00e7\u00e3o de livros de brasileiros e brasileiras que abordam temas cubanos. Durante a Feira foram distribu\u00eddos folhetos do Rinc\u00e3o e divulgadas suas atividades. Os livros apresentados com a gest\u00e3o do Rinc\u00e3o foram:<\/p><p>\u00a0<\/p><p style=\"text-align: left;\">1. <strong>Livro: \u201cCuba insurgente. Identidade e Educa\u00e7\u00e3o\u201d<\/strong> \u2013 portugu\u00eas<br \/>Editora CRV &#8211; Curitiba <br \/>Autora: Maria do Carmo Luiz Caldas Leite<\/p><p style=\"text-align: left;\">2.<strong> Livro: \u201cInimigo. A guerra da CIA contra a juventude cubana\u201d<\/strong> &#8211; portugu\u00eas<br \/>Editora Consequ\u00eancia (RJ) <br \/>Autor: Raul Capote <br \/>Tradu\u00e7\u00e3o: Carmen Diniz<\/p><p style=\"text-align: left;\">3. <strong>Livro: O enigma do La Coubre<\/strong> \u2013 portugu\u00eas<br \/>Editora Insular (SC)<br \/>Autor: Hernando Calvo Ospina <br \/>Tradu\u00e7\u00e3o: Carmen Diniz<\/p><p style=\"text-align: left;\">4. <strong>Livro: \u201cO Partido Revolucion\u00e1rio Cubano de Jos\u00e9 Mart\u00ed: concep\u00e7\u00e3o \u00e9tico-pol\u00edtica original\u201d.<\/strong> Edi\u00e7\u00e3o bilingue.<br \/>Autor: Jos\u00e9 Mart\u00ed<br \/>Tradu\u00e7\u00e3o: Dionisio Poey Bar\u00f3 e Maria Auxiliadora C\u00e9sar<\/p><p style=\"text-align: left;\">5. <strong>Livro: Nossa Am\u00e9rica<\/strong> \u2013 edi\u00e7\u00e3o bilingue<br \/>Editora UnB<br \/>Autor: Jos\u00e9 Mart\u00ed<br \/>Tradu\u00e7\u00e3o: Dionisio Poey Bar\u00f3 e Maria Auxiliadora C\u00e9sar<\/p><p style=\"text-align: left;\">6. <strong>Livro: \u201cDireto de Cuba: cr\u00f4nicas de uma pandemia\u201d<\/strong><br \/>Editora Kotter e Dem\u00f3critus<br \/>Autora: Marcia Choueri<\/p><p style=\"text-align: left;\">7. <strong>Publica\u00e7\u00e3o: \u201cBiocombust\u00edvel con soberania alimentaria: una propuesta revolucionaria\u201d<\/strong>&#8211; espanhol \u2013 2\u00aa edi\u00e7\u00e3o.<br \/>A3 Gr\u00e1fica e Editora Ltda. Bras\u00edlia- DF<br \/>Tradu\u00e7\u00e3o: Josina Godoy e Helena Iono<br \/>Coletivo de autores<br \/>Apresenta\u00e7\u00e3o: Beto Almeida<\/p><p style=\"text-align: left;\">8. <strong>Livro: Chavez: a dial\u00e9tica bolivariana do petr\u00f3leo<\/strong><br \/>Publica\u00e7\u00e3o: AEPET (Associa\u00e7\u00e3o dos Engenheiros da Petrobr\u00e1s)<br \/>Autor: Beto Almeida<\/p><p style=\"text-align: left;\">9.<strong> Livro: Indom\u00e1vel<\/strong><br \/>Editora Labrador<br \/>Autora: Malu Garciaitora UnB<br \/>Autor: Jos\u00e9 Mart\u00ed<br \/>Tradu\u00e7\u00e3o: Dionisio Poey Bar\u00f3 e Maria Auxiliadora C\u00e9sar<\/p>\t\t\t\t\t\t<\/div>\n\t\t\t\t<\/div>\n\t\t\t\t\t<\/div>\n\t\t<\/div>\n\t\t\t\t\t\t\t<\/div>\n\t\t<\/section>\n\t\t\t\t\t<\/div>\n\t\t<\/div>\n\t\t\t\t\t\t\t<\/div>\n\t\t<\/section>\n\t\t\t\t<section class=\"elementor-section elementor-top-section elementor-element elementor-element-e92dc5b elementor-section-full_width elementor-section-content-top elementor-section-height-min-height elementor-section-height-default elementor-section-items-middle\" data-id=\"e92dc5b\" data-element_type=\"section\" data-settings=\"{&quot;background_background&quot;:&quot;gradient&quot;}\">\n\t\t\t\t\t\t<div class=\"elementor-container elementor-column-gap-narrow\">\n\t\t\t\t\t<div class=\"elementor-column elementor-col-100 elementor-top-column elementor-element elementor-element-f3d1190\" data-id=\"f3d1190\" data-element_type=\"column\" data-settings=\"{&quot;background_background&quot;:&quot;gradient&quot;}\">\n\t\t\t<div class=\"elementor-widget-wrap elementor-element-populated\">\n\t\t\t\t\t\t\t\t<div class=\"elementor-element elementor-element-7b32c42 elementor-widget elementor-widget-image\" data-id=\"7b32c42\" data-element_type=\"widget\" data-widget_type=\"image.default\">\n\t\t\t\t<div class=\"elementor-widget-container\">\n\t\t\t\t\t\t\t\t\t\t\t\t\t\t\t<img decoding=\"async\" width=\"551\" height=\"173\" src=\"https:\/\/nescuba.cdtc.unb.br\/wp-content\/uploads\/2023\/12\/IMG-20231202-WA0031-1-e1701625581462.jpg\" class=\"attachment-large size-large wp-image-10680\" alt=\"\" loading=\"lazy\" srcset=\"https:\/\/nescuba.cdtc.unb.br\/wp-content\/uploads\/2023\/12\/IMG-20231202-WA0031-1-e1701625581462.jpg 551w, https:\/\/nescuba.cdtc.unb.br\/wp-content\/uploads\/2023\/12\/IMG-20231202-WA0031-1-e1701625581462-300x94.jpg 300w\" sizes=\"(max-width: 551px) 100vw, 551px\" \/>\t\t\t\t\t\t\t\t\t\t\t\t\t\t\t<\/div>\n\t\t\t\t<\/div>\n\t\t\t\t<section class=\"elementor-section elementor-inner-section elementor-element elementor-element-fb24cab elementor-section-boxed elementor-section-height-default elementor-section-height-default\" data-id=\"fb24cab\" data-element_type=\"section\">\n\t\t\t\t\t\t<div class=\"elementor-container elementor-column-gap-default\">\n\t\t\t\t\t<div class=\"elementor-column elementor-col-33 elementor-inner-column elementor-element elementor-element-12ea895\" data-id=\"12ea895\" data-element_type=\"column\">\n\t\t\t<div class=\"elementor-widget-wrap elementor-element-populated\">\n\t\t\t\t\t\t\t\t<div class=\"elementor-element elementor-element-49a3b6c elementor-widget elementor-widget-image\" data-id=\"49a3b6c\" data-element_type=\"widget\" data-widget_type=\"image.default\">\n\t\t\t\t<div class=\"elementor-widget-container\">\n\t\t\t\t\t\t\t\t\t\t\t\t\t\t\t<img decoding=\"async\" width=\"595\" height=\"842\" src=\"https:\/\/nescuba.cdtc.unb.br\/wp-content\/uploads\/2023\/12\/IMG-20231202-WA0031.jpg\" class=\"attachment-large size-large wp-image-10679\" alt=\"\" loading=\"lazy\" srcset=\"https:\/\/nescuba.cdtc.unb.br\/wp-content\/uploads\/2023\/12\/IMG-20231202-WA0031.jpg 595w, https:\/\/nescuba.cdtc.unb.br\/wp-content\/uploads\/2023\/12\/IMG-20231202-WA0031-212x300.jpg 212w\" sizes=\"(max-width: 595px) 100vw, 595px\" \/>\t\t\t\t\t\t\t\t\t\t\t\t\t\t\t<\/div>\n\t\t\t\t<\/div>\n\t\t\t\t\t<\/div>\n\t\t<\/div>\n\t\t\t\t<div class=\"elementor-column elementor-col-33 elementor-inner-column elementor-element elementor-element-d636ae9\" data-id=\"d636ae9\" data-element_type=\"column\">\n\t\t\t<div class=\"elementor-widget-wrap elementor-element-populated\">\n\t\t\t\t\t\t\t\t<div class=\"elementor-element elementor-element-e3bdee9 elementor-widget elementor-widget-image\" data-id=\"e3bdee9\" data-element_type=\"widget\" data-widget_type=\"image.default\">\n\t\t\t\t<div class=\"elementor-widget-container\">\n\t\t\t\t\t\t\t\t\t\t\t\t\t\t\t<img decoding=\"async\" width=\"800\" height=\"316\" src=\"https:\/\/nescuba.cdtc.unb.br\/wp-content\/uploads\/2023\/12\/IMG-20231203-WA0006-1024x404.jpg\" class=\"attachment-large size-large wp-image-10681\" alt=\"\" loading=\"lazy\" srcset=\"https:\/\/nescuba.cdtc.unb.br\/wp-content\/uploads\/2023\/12\/IMG-20231203-WA0006-1024x404.jpg 1024w, https:\/\/nescuba.cdtc.unb.br\/wp-content\/uploads\/2023\/12\/IMG-20231203-WA0006-300x118.jpg 300w, https:\/\/nescuba.cdtc.unb.br\/wp-content\/uploads\/2023\/12\/IMG-20231203-WA0006-768x303.jpg 768w, https:\/\/nescuba.cdtc.unb.br\/wp-content\/uploads\/2023\/12\/IMG-20231203-WA0006-1536x606.jpg 1536w, https:\/\/nescuba.cdtc.unb.br\/wp-content\/uploads\/2023\/12\/IMG-20231203-WA0006.jpg 1600w\" sizes=\"(max-width: 800px) 100vw, 800px\" \/>\t\t\t\t\t\t\t\t\t\t\t\t\t\t\t<\/div>\n\t\t\t\t<\/div>\n\t\t\t\t\t<\/div>\n\t\t<\/div>\n\t\t\t\t<div class=\"elementor-column elementor-col-33 elementor-inner-column elementor-element elementor-element-c3ce3c5\" data-id=\"c3ce3c5\" data-element_type=\"column\">\n\t\t\t<div class=\"elementor-widget-wrap elementor-element-populated\">\n\t\t\t\t\t\t\t\t<div class=\"elementor-element elementor-element-0a43f0b elementor-widget elementor-widget-image\" data-id=\"0a43f0b\" data-element_type=\"widget\" data-widget_type=\"image.default\">\n\t\t\t\t<div class=\"elementor-widget-container\">\n\t\t\t\t\t\t\t\t\t\t\t\t\t\t\t<img decoding=\"async\" width=\"800\" height=\"600\" src=\"https:\/\/nescuba.cdtc.unb.br\/wp-content\/uploads\/2023\/12\/IMG-20231202-WA0032-1024x768.jpg\" class=\"attachment-large size-large wp-image-10682\" alt=\"\" loading=\"lazy\" srcset=\"https:\/\/nescuba.cdtc.unb.br\/wp-content\/uploads\/2023\/12\/IMG-20231202-WA0032-1024x768.jpg 1024w, https:\/\/nescuba.cdtc.unb.br\/wp-content\/uploads\/2023\/12\/IMG-20231202-WA0032-300x225.jpg 300w, https:\/\/nescuba.cdtc.unb.br\/wp-content\/uploads\/2023\/12\/IMG-20231202-WA0032-768x576.jpg 768w, https:\/\/nescuba.cdtc.unb.br\/wp-content\/uploads\/2023\/12\/IMG-20231202-WA0032.jpg 1280w\" sizes=\"(max-width: 800px) 100vw, 800px\" \/>\t\t\t\t\t\t\t\t\t\t\t\t\t\t\t<\/div>\n\t\t\t\t<\/div>\n\t\t\t\t\t<\/div>\n\t\t<\/div>\n\t\t\t\t\t\t\t<\/div>\n\t\t<\/section>\n\t\t\t\t\t<\/div>\n\t\t<\/div>\n\t\t\t\t\t\t\t<\/div>\n\t\t<\/section>\n\t\t\t\t<section class=\"elementor-section elementor-top-section elementor-element elementor-element-ce42ed9 elementor-section-full_width elementor-section-content-top elementor-section-height-min-height elementor-section-height-default elementor-section-items-middle\" data-id=\"ce42ed9\" data-element_type=\"section\" data-settings=\"{&quot;background_background&quot;:&quot;gradient&quot;}\">\n\t\t\t\t\t\t<div class=\"elementor-container elementor-column-gap-narrow\">\n\t\t\t\t\t<div class=\"elementor-column elementor-col-100 elementor-top-column elementor-element elementor-element-f80fd15\" data-id=\"f80fd15\" data-element_type=\"column\" data-settings=\"{&quot;background_background&quot;:&quot;gradient&quot;}\">\n\t\t\t<div class=\"elementor-widget-wrap elementor-element-populated\">\n\t\t\t\t\t\t\t\t<div class=\"elementor-element elementor-element-718d17c elementor-widget elementor-widget-heading\" data-id=\"718d17c\" data-element_type=\"widget\" data-widget_type=\"heading.default\">\n\t\t\t\t<div class=\"elementor-widget-container\">\n\t\t\t<h2 class=\"elementor-heading-title elementor-size-medium\">1\u00b0 Encontro das Brigadas de trabalho volunt\u00e1rio e solidariedade com Cuba, Brasilia 06\/08\/2023<\/h2>\t\t<\/div>\n\t\t\t\t<\/div>\n\t\t\t\t\t<\/div>\n\t\t<\/div>\n\t\t\t\t\t\t\t<\/div>\n\t\t<\/section>\n\t\t\t\t<section class=\"elementor-section elementor-top-section elementor-element elementor-element-d22a168 elementor-section-boxed elementor-section-height-default elementor-section-height-default\" data-id=\"d22a168\" data-element_type=\"section\">\n\t\t\t\t\t\t<div class=\"elementor-container elementor-column-gap-default\">\n\t\t\t\t\t<div class=\"elementor-column elementor-col-25 elementor-top-column elementor-element elementor-element-8ac7737\" data-id=\"8ac7737\" data-element_type=\"column\">\n\t\t\t<div class=\"elementor-widget-wrap elementor-element-populated\">\n\t\t\t\t\t\t\t\t<div class=\"elementor-element elementor-element-7ce3706 elementor-widget elementor-widget-image\" data-id=\"7ce3706\" data-element_type=\"widget\" data-widget_type=\"image.default\">\n\t\t\t\t<div class=\"elementor-widget-container\">\n\t\t\t\t\t\t\t\t\t\t\t\t\t\t\t<img decoding=\"async\" width=\"567\" height=\"567\" src=\"https:\/\/nescuba.cdtc.unb.br\/wp-content\/uploads\/2023\/08\/Encuentro-Brigadas-4.jpg\" class=\"attachment-large size-large wp-image-7705\" alt=\"\" loading=\"lazy\" srcset=\"https:\/\/nescuba.cdtc.unb.br\/wp-content\/uploads\/2023\/08\/Encuentro-Brigadas-4.jpg 567w, https:\/\/nescuba.cdtc.unb.br\/wp-content\/uploads\/2023\/08\/Encuentro-Brigadas-4-300x300.jpg 300w, https:\/\/nescuba.cdtc.unb.br\/wp-content\/uploads\/2023\/08\/Encuentro-Brigadas-4-150x150.jpg 150w\" sizes=\"(max-width: 567px) 100vw, 567px\" \/>\t\t\t\t\t\t\t\t\t\t\t\t\t\t\t<\/div>\n\t\t\t\t<\/div>\n\t\t\t\t\t<\/div>\n\t\t<\/div>\n\t\t\t\t<div class=\"elementor-column elementor-col-25 elementor-top-column elementor-element elementor-element-1bda5ce\" data-id=\"1bda5ce\" data-element_type=\"column\">\n\t\t\t<div class=\"elementor-widget-wrap elementor-element-populated\">\n\t\t\t\t\t\t\t\t<div class=\"elementor-element elementor-element-171972b elementor-widget elementor-widget-image\" data-id=\"171972b\" data-element_type=\"widget\" data-widget_type=\"image.default\">\n\t\t\t\t<div class=\"elementor-widget-container\">\n\t\t\t\t\t\t\t\t\t\t\t\t\t\t\t<img decoding=\"async\" width=\"567\" height=\"567\" src=\"https:\/\/nescuba.cdtc.unb.br\/wp-content\/uploads\/2023\/08\/Encuentro-Brigadas-3.jpg\" class=\"attachment-large size-large wp-image-7706\" alt=\"\" loading=\"lazy\" srcset=\"https:\/\/nescuba.cdtc.unb.br\/wp-content\/uploads\/2023\/08\/Encuentro-Brigadas-3.jpg 567w, https:\/\/nescuba.cdtc.unb.br\/wp-content\/uploads\/2023\/08\/Encuentro-Brigadas-3-300x300.jpg 300w, https:\/\/nescuba.cdtc.unb.br\/wp-content\/uploads\/2023\/08\/Encuentro-Brigadas-3-150x150.jpg 150w\" sizes=\"(max-width: 567px) 100vw, 567px\" \/>\t\t\t\t\t\t\t\t\t\t\t\t\t\t\t<\/div>\n\t\t\t\t<\/div>\n\t\t\t\t\t<\/div>\n\t\t<\/div>\n\t\t\t\t<div class=\"elementor-column elementor-col-25 elementor-top-column elementor-element elementor-element-18445e5\" data-id=\"18445e5\" data-element_type=\"column\">\n\t\t\t<div class=\"elementor-widget-wrap elementor-element-populated\">\n\t\t\t\t\t\t\t\t<div class=\"elementor-element elementor-element-211e51a elementor-widget elementor-widget-image\" data-id=\"211e51a\" data-element_type=\"widget\" data-widget_type=\"image.default\">\n\t\t\t\t<div class=\"elementor-widget-container\">\n\t\t\t\t\t\t\t\t\t\t\t\t\t\t\t<img decoding=\"async\" width=\"766\" height=\"421\" src=\"https:\/\/nescuba.cdtc.unb.br\/wp-content\/uploads\/2023\/12\/solodaridad.jpg\" class=\"attachment-large size-large wp-image-10628\" alt=\"\" loading=\"lazy\" srcset=\"https:\/\/nescuba.cdtc.unb.br\/wp-content\/uploads\/2023\/12\/solodaridad.jpg 766w, https:\/\/nescuba.cdtc.unb.br\/wp-content\/uploads\/2023\/12\/solodaridad-300x165.jpg 300w\" sizes=\"(max-width: 766px) 100vw, 766px\" \/>\t\t\t\t\t\t\t\t\t\t\t\t\t\t\t<\/div>\n\t\t\t\t<\/div>\n\t\t\t\t\t<\/div>\n\t\t<\/div>\n\t\t\t\t<div class=\"elementor-column elementor-col-25 elementor-top-column elementor-element elementor-element-303ffc8\" data-id=\"303ffc8\" data-element_type=\"column\">\n\t\t\t<div class=\"elementor-widget-wrap elementor-element-populated\">\n\t\t\t\t\t\t\t\t<div class=\"elementor-element elementor-element-9720c78 elementor-widget elementor-widget-image\" data-id=\"9720c78\" data-element_type=\"widget\" data-widget_type=\"image.default\">\n\t\t\t\t<div class=\"elementor-widget-container\">\n\t\t\t\t\t\t\t\t\t\t\t\t\t\t\t<img decoding=\"async\" width=\"563\" height=\"567\" src=\"https:\/\/nescuba.cdtc.unb.br\/wp-content\/uploads\/2023\/08\/Encuentro-Brigadas-1.jpg\" class=\"attachment-2048x2048 size-2048x2048 wp-image-7708\" alt=\"\" loading=\"lazy\" srcset=\"https:\/\/nescuba.cdtc.unb.br\/wp-content\/uploads\/2023\/08\/Encuentro-Brigadas-1.jpg 563w, https:\/\/nescuba.cdtc.unb.br\/wp-content\/uploads\/2023\/08\/Encuentro-Brigadas-1-298x300.jpg 298w, https:\/\/nescuba.cdtc.unb.br\/wp-content\/uploads\/2023\/08\/Encuentro-Brigadas-1-150x150.jpg 150w\" sizes=\"(max-width: 563px) 100vw, 563px\" \/>\t\t\t\t\t\t\t\t\t\t\t\t\t\t\t<\/div>\n\t\t\t\t<\/div>\n\t\t\t\t\t<\/div>\n\t\t<\/div>\n\t\t\t\t\t\t\t<\/div>\n\t\t<\/section>\n\t\t\t\t<section class=\"elementor-section elementor-top-section elementor-element elementor-element-d604393 elementor-section-full_width elementor-section-content-top elementor-section-height-min-height elementor-section-height-default elementor-section-items-middle\" data-id=\"d604393\" data-element_type=\"section\" data-settings=\"{&quot;background_background&quot;:&quot;gradient&quot;}\">\n\t\t\t\t\t\t<div class=\"elementor-container elementor-column-gap-narrow\">\n\t\t\t\t\t<div class=\"elementor-column elementor-col-100 elementor-top-column elementor-element elementor-element-c9ee9fb\" data-id=\"c9ee9fb\" data-element_type=\"column\" data-settings=\"{&quot;background_background&quot;:&quot;gradient&quot;}\">\n\t\t\t<div class=\"elementor-widget-wrap elementor-element-populated\">\n\t\t\t\t\t\t\t\t<div class=\"elementor-element elementor-element-80e94a3 elementor-widget elementor-widget-heading\" data-id=\"80e94a3\" data-element_type=\"widget\" data-widget_type=\"heading.default\">\n\t\t\t\t<div class=\"elementor-widget-container\">\n\t\t\t<h2 class=\"elementor-heading-title elementor-size-medium\">Caravana Internacionalista \"Sempre 26 Cuba 2023\"\n<\/h2>\t\t<\/div>\n\t\t\t\t<\/div>\n\t\t\t\t\t<\/div>\n\t\t<\/div>\n\t\t\t\t\t\t\t<\/div>\n\t\t<\/section>\n\t\t\t\t<section class=\"elementor-section elementor-top-section elementor-element elementor-element-eac8972 elementor-section-boxed elementor-section-height-default elementor-section-height-default\" data-id=\"eac8972\" data-element_type=\"section\">\n\t\t\t\t\t\t<div class=\"elementor-container elementor-column-gap-default\">\n\t\t\t\t\t<div class=\"elementor-column elementor-col-20 elementor-top-column elementor-element elementor-element-b14191f\" data-id=\"b14191f\" data-element_type=\"column\">\n\t\t\t<div class=\"elementor-widget-wrap elementor-element-populated\">\n\t\t\t\t\t\t\t\t<div class=\"elementor-element elementor-element-a9a54d7 elementor-widget elementor-widget-text-editor\" data-id=\"a9a54d7\" data-element_type=\"widget\" data-widget_type=\"text-editor.default\">\n\t\t\t\t<div class=\"elementor-widget-container\">\n\t\t\t\t\t\t\t<h6 style=\"text-align: center;\"><strong>Caravana Internacionalista &#8220;Sempre 26 Cuba 2023&#8221;<\/strong><\/h6><p style=\"text-align: center;\">A Caravana contribuiu para aprofundar os la\u00e7os de amizade entre Brasil e Cuba e fortalecer o movimento brasileiro de solidariedade. Participaram 39 militantes de diversos estados brasileiros que, com muito entusiasmo, estiveram presentes no Ato Central comemorativo dos 70 anos do Assalto aos quarteis Moncada e Carlos M. de C\u00e9spedes.<\/p>\t\t\t\t\t\t<\/div>\n\t\t\t\t<\/div>\n\t\t\t\t\t<\/div>\n\t\t<\/div>\n\t\t\t\t<div class=\"elementor-column elementor-col-20 elementor-top-column elementor-element elementor-element-f534ca8\" data-id=\"f534ca8\" data-element_type=\"column\">\n\t\t\t<div class=\"elementor-widget-wrap elementor-element-populated\">\n\t\t\t\t\t\t\t\t<div class=\"elementor-element elementor-element-69761a7 elementor-widget elementor-widget-image\" data-id=\"69761a7\" data-element_type=\"widget\" data-widget_type=\"image.default\">\n\t\t\t\t<div class=\"elementor-widget-container\">\n\t\t\t\t\t\t\t\t\t\t\t\t\t\t\t<img decoding=\"async\" width=\"800\" height=\"534\" src=\"https:\/\/nescuba.cdtc.unb.br\/wp-content\/uploads\/2023\/08\/IMG-20230801-WA0026-1024x683.jpg\" class=\"attachment-large size-large wp-image-6631\" alt=\"\" loading=\"lazy\" srcset=\"https:\/\/nescuba.cdtc.unb.br\/wp-content\/uploads\/2023\/08\/IMG-20230801-WA0026-1024x683.jpg 1024w, https:\/\/nescuba.cdtc.unb.br\/wp-content\/uploads\/2023\/08\/IMG-20230801-WA0026-300x200.jpg 300w, https:\/\/nescuba.cdtc.unb.br\/wp-content\/uploads\/2023\/08\/IMG-20230801-WA0026-768x512.jpg 768w, https:\/\/nescuba.cdtc.unb.br\/wp-content\/uploads\/2023\/08\/IMG-20230801-WA0026.jpg 1080w\" sizes=\"(max-width: 800px) 100vw, 800px\" \/>\t\t\t\t\t\t\t\t\t\t\t\t\t\t\t<\/div>\n\t\t\t\t<\/div>\n\t\t\t\t\t<\/div>\n\t\t<\/div>\n\t\t\t\t<div class=\"elementor-column elementor-col-20 elementor-top-column elementor-element elementor-element-749737f\" data-id=\"749737f\" data-element_type=\"column\">\n\t\t\t<div class=\"elementor-widget-wrap elementor-element-populated\">\n\t\t\t\t\t\t\t\t<div class=\"elementor-element elementor-element-95218cc elementor-widget elementor-widget-image\" data-id=\"95218cc\" data-element_type=\"widget\" data-widget_type=\"image.default\">\n\t\t\t\t<div class=\"elementor-widget-container\">\n\t\t\t\t\t\t\t\t\t\t\t\t\t\t\t<img decoding=\"async\" width=\"473\" height=\"1024\" src=\"https:\/\/nescuba.cdtc.unb.br\/wp-content\/uploads\/2023\/08\/IMG-20230801-WA00441-473x1024.jpg\" class=\"attachment-large size-large wp-image-7714\" alt=\"\" loading=\"lazy\" srcset=\"https:\/\/nescuba.cdtc.unb.br\/wp-content\/uploads\/2023\/08\/IMG-20230801-WA00441-473x1024.jpg 473w, https:\/\/nescuba.cdtc.unb.br\/wp-content\/uploads\/2023\/08\/IMG-20230801-WA00441-138x300.jpg 138w, https:\/\/nescuba.cdtc.unb.br\/wp-content\/uploads\/2023\/08\/IMG-20230801-WA00441.jpg 540w\" sizes=\"(max-width: 473px) 100vw, 473px\" \/>\t\t\t\t\t\t\t\t\t\t\t\t\t\t\t<\/div>\n\t\t\t\t<\/div>\n\t\t\t\t\t<\/div>\n\t\t<\/div>\n\t\t\t\t<div class=\"elementor-column elementor-col-20 elementor-top-column elementor-element elementor-element-e93fa20\" data-id=\"e93fa20\" data-element_type=\"column\">\n\t\t\t<div class=\"elementor-widget-wrap elementor-element-populated\">\n\t\t\t\t\t\t\t\t<div class=\"elementor-element elementor-element-a7a97c2 elementor-widget elementor-widget-image\" data-id=\"a7a97c2\" data-element_type=\"widget\" data-widget_type=\"image.default\">\n\t\t\t\t<div class=\"elementor-widget-container\">\n\t\t\t\t\t\t\t\t\t\t\t\t\t\t\t<img decoding=\"async\" width=\"800\" height=\"600\" src=\"https:\/\/nescuba.cdtc.unb.br\/wp-content\/uploads\/2023\/08\/IMG-20230801-WA00421-1024x768.jpg\" class=\"attachment-large size-large wp-image-7715\" alt=\"\" loading=\"lazy\" srcset=\"https:\/\/nescuba.cdtc.unb.br\/wp-content\/uploads\/2023\/08\/IMG-20230801-WA00421-1024x768.jpg 1024w, https:\/\/nescuba.cdtc.unb.br\/wp-content\/uploads\/2023\/08\/IMG-20230801-WA00421-300x225.jpg 300w, https:\/\/nescuba.cdtc.unb.br\/wp-content\/uploads\/2023\/08\/IMG-20230801-WA00421-768x576.jpg 768w, https:\/\/nescuba.cdtc.unb.br\/wp-content\/uploads\/2023\/08\/IMG-20230801-WA00421.jpg 1280w\" sizes=\"(max-width: 800px) 100vw, 800px\" \/>\t\t\t\t\t\t\t\t\t\t\t\t\t\t\t<\/div>\n\t\t\t\t<\/div>\n\t\t\t\t\t<\/div>\n\t\t<\/div>\n\t\t\t\t<div class=\"elementor-column elementor-col-20 elementor-top-column elementor-element elementor-element-4903a98\" data-id=\"4903a98\" data-element_type=\"column\">\n\t\t\t<div class=\"elementor-widget-wrap elementor-element-populated\">\n\t\t\t\t\t\t\t\t<div class=\"elementor-element elementor-element-f39bcf0 elementor-widget elementor-widget-image\" data-id=\"f39bcf0\" data-element_type=\"widget\" data-widget_type=\"image.default\">\n\t\t\t\t<div class=\"elementor-widget-container\">\n\t\t\t\t\t\t\t\t\t\t\t\t\t\t\t<img decoding=\"async\" width=\"800\" height=\"360\" src=\"https:\/\/nescuba.cdtc.unb.br\/wp-content\/uploads\/2023\/08\/IMG-20230804-WA00291.jpg\" class=\"attachment-large size-large wp-image-7716\" alt=\"\" loading=\"lazy\" srcset=\"https:\/\/nescuba.cdtc.unb.br\/wp-content\/uploads\/2023\/08\/IMG-20230804-WA00291.jpg 1000w, https:\/\/nescuba.cdtc.unb.br\/wp-content\/uploads\/2023\/08\/IMG-20230804-WA00291-300x135.jpg 300w, https:\/\/nescuba.cdtc.unb.br\/wp-content\/uploads\/2023\/08\/IMG-20230804-WA00291-768x346.jpg 768w\" sizes=\"(max-width: 800px) 100vw, 800px\" \/>\t\t\t\t\t\t\t\t\t\t\t\t\t\t\t<\/div>\n\t\t\t\t<\/div>\n\t\t\t\t\t<\/div>\n\t\t<\/div>\n\t\t\t\t\t\t\t<\/div>\n\t\t<\/section>\n\t\t\t\t<section class=\"elementor-section elementor-top-section elementor-element elementor-element-5adf56f elementor-section-full_width elementor-section-content-top elementor-section-height-min-height elementor-section-height-default elementor-section-items-middle\" data-id=\"5adf56f\" data-element_type=\"section\" data-settings=\"{&quot;background_background&quot;:&quot;gradient&quot;}\">\n\t\t\t\t\t\t<div class=\"elementor-container elementor-column-gap-narrow\">\n\t\t\t\t\t<div class=\"elementor-column elementor-col-100 elementor-top-column elementor-element elementor-element-0f6e42d\" data-id=\"0f6e42d\" data-element_type=\"column\" data-settings=\"{&quot;background_background&quot;:&quot;gradient&quot;}\">\n\t\t\t<div class=\"elementor-widget-wrap elementor-element-populated\">\n\t\t\t\t\t\t\t\t<div class=\"elementor-element elementor-element-343ae2a elementor-widget elementor-widget-heading\" data-id=\"343ae2a\" data-element_type=\"widget\" data-widget_type=\"heading.default\">\n\t\t\t\t<div class=\"elementor-widget-container\">\n\t\t\t<h2 class=\"elementor-heading-title elementor-size-medium\">Celebram 70 anos da Rebeldia Cubana em Brasil <\/h2>\t\t<\/div>\n\t\t\t\t<\/div>\n\t\t\t\t\t<\/div>\n\t\t<\/div>\n\t\t\t\t\t\t\t<\/div>\n\t\t<\/section>\n\t\t\t\t<section class=\"elementor-section elementor-top-section elementor-element elementor-element-c6ada1d elementor-section-boxed elementor-section-height-default elementor-section-height-default\" data-id=\"c6ada1d\" data-element_type=\"section\">\n\t\t\t\t\t\t<div class=\"elementor-container elementor-column-gap-default\">\n\t\t\t\t\t<div class=\"elementor-column elementor-col-25 elementor-top-column elementor-element elementor-element-68733b6\" data-id=\"68733b6\" data-element_type=\"column\">\n\t\t\t<div class=\"elementor-widget-wrap elementor-element-populated\">\n\t\t\t\t\t\t\t\t<div class=\"elementor-element elementor-element-27bfc51 elementor-widget elementor-widget-image\" data-id=\"27bfc51\" data-element_type=\"widget\" data-widget_type=\"image.default\">\n\t\t\t\t<div class=\"elementor-widget-container\">\n\t\t\t\t\t\t\t\t\t\t\t\t\t\t\t<img decoding=\"async\" width=\"800\" height=\"600\" src=\"https:\/\/nescuba.cdtc.unb.br\/wp-content\/uploads\/2023\/08\/F1hBuNJWIAAZhKP.jpg\" class=\"attachment-large size-large wp-image-6872\" alt=\"\" loading=\"lazy\" srcset=\"https:\/\/nescuba.cdtc.unb.br\/wp-content\/uploads\/2023\/08\/F1hBuNJWIAAZhKP.jpg 900w, https:\/\/nescuba.cdtc.unb.br\/wp-content\/uploads\/2023\/08\/F1hBuNJWIAAZhKP-300x225.jpg 300w, https:\/\/nescuba.cdtc.unb.br\/wp-content\/uploads\/2023\/08\/F1hBuNJWIAAZhKP-768x576.jpg 768w\" sizes=\"(max-width: 800px) 100vw, 800px\" \/>\t\t\t\t\t\t\t\t\t\t\t\t\t\t\t<\/div>\n\t\t\t\t<\/div>\n\t\t\t\t<div class=\"elementor-element elementor-element-0406630 elementor-widget elementor-widget-heading\" data-id=\"0406630\" data-element_type=\"widget\" data-widget_type=\"heading.default\">\n\t\t\t\t<div class=\"elementor-widget-container\">\n\t\t\t<h2 class=\"elementor-heading-title elementor-size-default\"><a href=\"http:\/\/vermelho.org.br\/2023\/07\/26\/cuba-70-anos-da-invasao-ao-quartel-moncada-e-comemorado-com-atos-politicos\/\">Cuba: 70 anos da invas\u00e3o ao Quartel Moncada s\u00e3o comemorados com atos pol\u00edticos<\/a><\/h2>\t\t<\/div>\n\t\t\t\t<\/div>\n\t\t\t\t\t<\/div>\n\t\t<\/div>\n\t\t\t\t<div class=\"elementor-column elementor-col-25 elementor-top-column elementor-element elementor-element-96c7bad\" data-id=\"96c7bad\" data-element_type=\"column\">\n\t\t\t<div class=\"elementor-widget-wrap elementor-element-populated\">\n\t\t\t\t\t\t\t\t<div class=\"elementor-element elementor-element-866130e elementor-widget elementor-widget-image\" data-id=\"866130e\" data-element_type=\"widget\" data-widget_type=\"image.default\">\n\t\t\t\t<div class=\"elementor-widget-container\">\n\t\t\t\t\t\t\t\t\t\t\t\t\t\t\t<img decoding=\"async\" width=\"800\" height=\"533\" src=\"https:\/\/nescuba.cdtc.unb.br\/wp-content\/uploads\/2023\/07\/image_processing20230727-27129-z9pgoc.jpeg\" class=\"attachment-large size-large wp-image-6622\" alt=\"\" loading=\"lazy\" srcset=\"https:\/\/nescuba.cdtc.unb.br\/wp-content\/uploads\/2023\/07\/image_processing20230727-27129-z9pgoc.jpeg 800w, https:\/\/nescuba.cdtc.unb.br\/wp-content\/uploads\/2023\/07\/image_processing20230727-27129-z9pgoc-300x200.jpeg 300w, https:\/\/nescuba.cdtc.unb.br\/wp-content\/uploads\/2023\/07\/image_processing20230727-27129-z9pgoc-768x512.jpeg 768w\" sizes=\"(max-width: 800px) 100vw, 800px\" \/>\t\t\t\t\t\t\t\t\t\t\t\t\t\t\t<\/div>\n\t\t\t\t<\/div>\n\t\t\t\t<div class=\"elementor-element elementor-element-717995f elementor-widget elementor-widget-heading\" data-id=\"717995f\" data-element_type=\"widget\" data-widget_type=\"heading.default\">\n\t\t\t\t<div class=\"elementor-widget-container\">\n\t\t\t<h2 class=\"elementor-heading-title elementor-size-default\"><a href=\"http:\/\/www.brasildefators.com.br\/2023\/07\/27\/confraternizacao-celebra-70-anos-da-rebeldia-cubana-em-porto-alegre\">Confraterniza\u00e7\u00e3o celebra 70 anos da Rebeldia Cubana em Porto Alegre\n<\/a><\/h2>\t\t<\/div>\n\t\t\t\t<\/div>\n\t\t\t\t\t<\/div>\n\t\t<\/div>\n\t\t\t\t<div class=\"elementor-column elementor-col-25 elementor-top-column elementor-element elementor-element-447ca1c\" data-id=\"447ca1c\" data-element_type=\"column\">\n\t\t\t<div class=\"elementor-widget-wrap elementor-element-populated\">\n\t\t\t\t\t\t\t\t<div class=\"elementor-element elementor-element-2bced6e elementor-widget elementor-widget-image\" data-id=\"2bced6e\" data-element_type=\"widget\" data-widget_type=\"image.default\">\n\t\t\t\t<div class=\"elementor-widget-container\">\n\t\t\t\t\t\t\t\t\t\t\t\t\t\t\t<img decoding=\"async\" width=\"800\" height=\"532\" src=\"https:\/\/nescuba.cdtc.unb.br\/wp-content\/uploads\/2023\/08\/Cuba-Brasil-26J.jpg\" class=\"attachment-large size-large wp-image-6873\" alt=\"\" loading=\"lazy\" srcset=\"https:\/\/nescuba.cdtc.unb.br\/wp-content\/uploads\/2023\/08\/Cuba-Brasil-26J.jpg 1024w, https:\/\/nescuba.cdtc.unb.br\/wp-content\/uploads\/2023\/08\/Cuba-Brasil-26J-300x200.jpg 300w, https:\/\/nescuba.cdtc.unb.br\/wp-content\/uploads\/2023\/08\/Cuba-Brasil-26J-768x511.jpg 768w\" sizes=\"(max-width: 800px) 100vw, 800px\" \/>\t\t\t\t\t\t\t\t\t\t\t\t\t\t\t<\/div>\n\t\t\t\t<\/div>\n\t\t\t\t<div class=\"elementor-element elementor-element-cb219a4 elementor-widget elementor-widget-heading\" data-id=\"cb219a4\" data-element_type=\"widget\" data-widget_type=\"heading.default\">\n\t\t\t\t<div class=\"elementor-widget-container\">\n\t\t\t<h2 class=\"elementor-heading-title elementor-size-default\"><a href=\"http:\/\/www.prensa-latina.cu\/2023\/07\/27\/enaltecen-en-brasil-gesta-de-ultima-lucha-por-independencia-de-cuba\">Enaltecen en Brasil gesta de \u00faltima lucha por independencia de Cuba <\/a><\/h2>\t\t<\/div>\n\t\t\t\t<\/div>\n\t\t\t\t\t<\/div>\n\t\t<\/div>\n\t\t\t\t<div class=\"elementor-column elementor-col-25 elementor-top-column elementor-element elementor-element-48ffaf6\" data-id=\"48ffaf6\" data-element_type=\"column\">\n\t\t\t<div class=\"elementor-widget-wrap elementor-element-populated\">\n\t\t\t\t\t\t\t\t<div class=\"elementor-element elementor-element-dfc17ba elementor-widget elementor-widget-image\" data-id=\"dfc17ba\" data-element_type=\"widget\" data-widget_type=\"image.default\">\n\t\t\t\t<div class=\"elementor-widget-container\">\n\t\t\t\t\t\t\t\t\t\t\t\t\t\t\t<img decoding=\"async\" width=\"740\" height=\"1024\" src=\"https:\/\/nescuba.cdtc.unb.br\/wp-content\/uploads\/2023\/08\/IMG-20230801-WA0039-740x1024.jpg\" class=\"attachment-large size-large wp-image-6875\" alt=\"\" loading=\"lazy\" srcset=\"https:\/\/nescuba.cdtc.unb.br\/wp-content\/uploads\/2023\/08\/IMG-20230801-WA0039-740x1024.jpg 740w, https:\/\/nescuba.cdtc.unb.br\/wp-content\/uploads\/2023\/08\/IMG-20230801-WA0039-217x300.jpg 217w, https:\/\/nescuba.cdtc.unb.br\/wp-content\/uploads\/2023\/08\/IMG-20230801-WA0039-768x1063.jpg 768w, https:\/\/nescuba.cdtc.unb.br\/wp-content\/uploads\/2023\/08\/IMG-20230801-WA0039-1110x1536.jpg 1110w, https:\/\/nescuba.cdtc.unb.br\/wp-content\/uploads\/2023\/08\/IMG-20230801-WA0039.jpg 1150w\" sizes=\"(max-width: 740px) 100vw, 740px\" \/>\t\t\t\t\t\t\t\t\t\t\t\t\t\t\t<\/div>\n\t\t\t\t<\/div>\n\t\t\t\t<div class=\"elementor-element elementor-element-64c0c5c elementor-widget elementor-widget-heading\" data-id=\"64c0c5c\" data-element_type=\"widget\" data-widget_type=\"heading.default\">\n\t\t\t\t<div class=\"elementor-widget-container\">\n\t\t\t<h2 class=\"elementor-heading-title elementor-size-default\">Evento Pol\u00edtico\/Cultural Gracias Cuba<\/h2>\t\t<\/div>\n\t\t\t\t<\/div>\n\t\t\t\t\t<\/div>\n\t\t<\/div>\n\t\t\t\t\t\t\t<\/div>\n\t\t<\/section>\n\t\t\t\t<section class=\"elementor-section elementor-top-section elementor-element elementor-element-34debc4 elementor-section-full_width elementor-section-content-top elementor-section-height-min-height elementor-section-height-default elementor-section-items-middle\" data-id=\"34debc4\" data-element_type=\"section\" data-settings=\"{&quot;background_background&quot;:&quot;gradient&quot;}\">\n\t\t\t\t\t\t<div class=\"elementor-container elementor-column-gap-narrow\">\n\t\t\t\t\t<div class=\"elementor-column elementor-col-100 elementor-top-column elementor-element elementor-element-0d86df6\" data-id=\"0d86df6\" data-element_type=\"column\" data-settings=\"{&quot;background_background&quot;:&quot;gradient&quot;}\">\n\t\t\t<div class=\"elementor-widget-wrap elementor-element-populated\">\n\t\t\t\t\t\t\t\t<div class=\"elementor-element elementor-element-be2e9ea elementor-widget elementor-widget-heading\" data-id=\"be2e9ea\" data-element_type=\"widget\" data-widget_type=\"heading.default\">\n\t\t\t\t<div class=\"elementor-widget-container\">\n\t\t\t<h2 class=\"elementor-heading-title elementor-size-medium\">26\u00aa CONVEN\u00c7\u00c3O NACIONAL\nDE SOLIDARIDADE COM CUBA<\/h2>\t\t<\/div>\n\t\t\t\t<\/div>\n\t\t\t\t<div class=\"elementor-element elementor-element-0f7277b elementor-widget elementor-widget-heading\" data-id=\"0f7277b\" data-element_type=\"widget\" data-widget_type=\"heading.default\">\n\t\t\t\t<div class=\"elementor-widget-container\">\n\t\t\t<h2 class=\"elementor-heading-title elementor-size-default\">Bel\u00e9m do Para, 8 - 11 de junho 2023 <\/h2>\t\t<\/div>\n\t\t\t\t<\/div>\n\t\t\t\t\t<\/div>\n\t\t<\/div>\n\t\t\t\t\t\t\t<\/div>\n\t\t<\/section>\n\t\t\t\t<section class=\"elementor-section elementor-top-section elementor-element elementor-element-b368a34 elementor-section-height-min-height elementor-section-boxed elementor-section-height-default elementor-section-items-middle\" data-id=\"b368a34\" data-element_type=\"section\">\n\t\t\t\t\t\t<div class=\"elementor-container elementor-column-gap-default\">\n\t\t\t\t\t<div class=\"elementor-column elementor-col-50 elementor-top-column elementor-element elementor-element-3fdba33\" data-id=\"3fdba33\" data-element_type=\"column\">\n\t\t\t<div class=\"elementor-widget-wrap elementor-element-populated\">\n\t\t\t\t\t\t\t\t<div class=\"elementor-element elementor-element-cd6af86 elementor-widget elementor-widget-image\" data-id=\"cd6af86\" data-element_type=\"widget\" data-widget_type=\"image.default\">\n\t\t\t\t<div class=\"elementor-widget-container\">\n\t\t\t\t\t\t\t\t\t\t\t\t\t\t\t<img decoding=\"async\" width=\"800\" height=\"397\" src=\"https:\/\/nescuba.cdtc.unb.br\/wp-content\/uploads\/2023\/06\/brasil-solidaridad-cuba-2.jpg\" class=\"attachment-large size-large wp-image-5930\" alt=\"\" loading=\"lazy\" srcset=\"https:\/\/nescuba.cdtc.unb.br\/wp-content\/uploads\/2023\/06\/brasil-solidaridad-cuba-2.jpg 1024w, https:\/\/nescuba.cdtc.unb.br\/wp-content\/uploads\/2023\/06\/brasil-solidaridad-cuba-2-300x149.jpg 300w, https:\/\/nescuba.cdtc.unb.br\/wp-content\/uploads\/2023\/06\/brasil-solidaridad-cuba-2-768x381.jpg 768w\" sizes=\"(max-width: 800px) 100vw, 800px\" \/>\t\t\t\t\t\t\t\t\t\t\t\t\t\t\t<\/div>\n\t\t\t\t<\/div>\n\t\t\t\t<div class=\"elementor-element elementor-element-4e75951 elementor-widget elementor-widget-heading\" data-id=\"4e75951\" data-element_type=\"widget\" data-widget_type=\"heading.default\">\n\t\t\t\t<div class=\"elementor-widget-container\">\n\t\t\t<h2 class=\"elementor-heading-title elementor-size-default\"><a href=\"http:\/\/www.prensa-latina.cu\/2023\/06\/10\/educacion-cubana-acaparo-atencion-en-foro-solidario-en-brasil\">Educaci\u00f3n cubana acapar\u00f3 atenci\u00f3n en foro solidario en Brasil <\/a><\/h2>\t\t<\/div>\n\t\t\t\t<\/div>\n\t\t\t\t\t<\/div>\n\t\t<\/div>\n\t\t\t\t<div class=\"elementor-column elementor-col-50 elementor-top-column elementor-element elementor-element-431871a\" data-id=\"431871a\" data-element_type=\"column\">\n\t\t\t<div class=\"elementor-widget-wrap elementor-element-populated\">\n\t\t\t\t\t\t\t\t<div class=\"elementor-element elementor-element-720002e e-transform elementor-widget elementor-widget-image\" data-id=\"720002e\" data-element_type=\"widget\" data-settings=\"{&quot;_transform_translateX_effect&quot;:{&quot;unit&quot;:&quot;px&quot;,&quot;size&quot;:0,&quot;sizes&quot;:[]},&quot;_transform_translateX_effect_tablet&quot;:{&quot;unit&quot;:&quot;px&quot;,&quot;size&quot;:&quot;&quot;,&quot;sizes&quot;:[]},&quot;_transform_translateX_effect_mobile&quot;:{&quot;unit&quot;:&quot;px&quot;,&quot;size&quot;:&quot;&quot;,&quot;sizes&quot;:[]},&quot;_transform_translateY_effect&quot;:{&quot;unit&quot;:&quot;px&quot;,&quot;size&quot;:&quot;&quot;,&quot;sizes&quot;:[]},&quot;_transform_translateY_effect_tablet&quot;:{&quot;unit&quot;:&quot;px&quot;,&quot;size&quot;:&quot;&quot;,&quot;sizes&quot;:[]},&quot;_transform_translateY_effect_mobile&quot;:{&quot;unit&quot;:&quot;px&quot;,&quot;size&quot;:&quot;&quot;,&quot;sizes&quot;:[]}}\" data-widget_type=\"image.default\">\n\t\t\t\t<div class=\"elementor-widget-container\">\n\t\t\t\t\t\t\t\t\t\t\t\t\t\t\t<img decoding=\"async\" width=\"800\" height=\"598\" src=\"https:\/\/nescuba.cdtc.unb.br\/wp-content\/uploads\/2023\/06\/Educacion-Cubana2-2048x1531-1-1024x766.jpg\" class=\"attachment-large size-large wp-image-5938\" alt=\"\" loading=\"lazy\" srcset=\"https:\/\/nescuba.cdtc.unb.br\/wp-content\/uploads\/2023\/06\/Educacion-Cubana2-2048x1531-1-1024x766.jpg 1024w, https:\/\/nescuba.cdtc.unb.br\/wp-content\/uploads\/2023\/06\/Educacion-Cubana2-2048x1531-1-300x224.jpg 300w, https:\/\/nescuba.cdtc.unb.br\/wp-content\/uploads\/2023\/06\/Educacion-Cubana2-2048x1531-1-768x574.jpg 768w, https:\/\/nescuba.cdtc.unb.br\/wp-content\/uploads\/2023\/06\/Educacion-Cubana2-2048x1531-1-1536x1148.jpg 1536w, https:\/\/nescuba.cdtc.unb.br\/wp-content\/uploads\/2023\/06\/Educacion-Cubana2-2048x1531-1.jpg 2048w\" sizes=\"(max-width: 800px) 100vw, 800px\" \/>\t\t\t\t\t\t\t\t\t\t\t\t\t\t\t<\/div>\n\t\t\t\t<\/div>\n\t\t\t\t<div class=\"elementor-element elementor-element-07748c4 elementor-widget elementor-widget-heading\" data-id=\"07748c4\" data-element_type=\"widget\" data-widget_type=\"heading.default\">\n\t\t\t\t<div class=\"elementor-widget-container\">\n\t\t\t<h2 class=\"elementor-heading-title elementor-size-default\"><a href=\"http:\/\/www.prensa-latina.cu\/2023\/06\/10\/llaman-en-brasil-a-fortalecer-movimiento-solidario-con-cuba\">Llaman en Brasil a fortalecer movimiento solidario con Cuba<\/a><\/h2>\t\t<\/div>\n\t\t\t\t<\/div>\n\t\t\t\t\t<\/div>\n\t\t<\/div>\n\t\t\t\t\t\t\t<\/div>\n\t\t<\/section>\n\t\t\t\t<section class=\"elementor-section elementor-top-section elementor-element elementor-element-d693246 elementor-section-full_width elementor-section-content-top elementor-section-height-min-height elementor-section-height-default elementor-section-items-middle\" data-id=\"d693246\" data-element_type=\"section\" data-settings=\"{&quot;background_background&quot;:&quot;gradient&quot;}\">\n\t\t\t\t\t\t<div class=\"elementor-container elementor-column-gap-narrow\">\n\t\t\t\t\t<div class=\"elementor-column elementor-col-100 elementor-top-column elementor-element elementor-element-574fd3a\" data-id=\"574fd3a\" data-element_type=\"column\" data-settings=\"{&quot;background_background&quot;:&quot;gradient&quot;}\">\n\t\t\t<div class=\"elementor-widget-wrap elementor-element-populated\">\n\t\t\t\t\t\t\t\t<div class=\"elementor-element elementor-element-cb80aac elementor-widget elementor-widget-heading\" data-id=\"cb80aac\" data-element_type=\"widget\" data-widget_type=\"heading.default\">\n\t\t\t\t<div class=\"elementor-widget-container\">\n\t\t\t<h2 class=\"elementor-heading-title elementor-size-medium\">Conven\u00e7\u00e3o Distrital de Solidariedade a Cuba, 27 de maio 2023<\/h2>\t\t<\/div>\n\t\t\t\t<\/div>\n\t\t\t\t\t<\/div>\n\t\t<\/div>\n\t\t\t\t\t\t\t<\/div>\n\t\t<\/section>\n\t\t\t\t<section class=\"elementor-section elementor-top-section elementor-element elementor-element-16f205b elementor-section-height-min-height elementor-section-boxed elementor-section-height-default elementor-section-items-middle\" data-id=\"16f205b\" data-element_type=\"section\" data-settings=\"{&quot;background_background&quot;:&quot;gradient&quot;}\">\n\t\t\t\t\t\t\t<div class=\"elementor-background-overlay\"><\/div>\n\t\t\t\t\t\t\t<div class=\"elementor-container elementor-column-gap-default\">\n\t\t\t\t\t<div class=\"elementor-column elementor-col-50 elementor-top-column elementor-element elementor-element-9daaa6b\" data-id=\"9daaa6b\" data-element_type=\"column\" data-settings=\"{&quot;background_background&quot;:&quot;gradient&quot;}\">\n\t\t\t<div class=\"elementor-widget-wrap elementor-element-populated\">\n\t\t\t\t\t\t\t\t<div class=\"elementor-element elementor-element-8b2f6a2 elementor-widget elementor-widget-image\" data-id=\"8b2f6a2\" data-element_type=\"widget\" data-widget_type=\"image.default\">\n\t\t\t\t<div class=\"elementor-widget-container\">\n\t\t\t\t\t\t\t\t\t\t\t\t\t\t\t\t<a href=\"https:\/\/nescuba.cdtc.unb.br\/wp-content\/uploads\/2023\/05\/IMG-20230522-WA0202.jpg\" data-elementor-open-lightbox=\"yes\" data-elementor-lightbox-title=\"IMG-20230522-WA0202\" data-e-action-hash=\"#elementor-action%3Aaction%3Dlightbox%26settings%3DeyJpZCI6Mzg3OSwidXJsIjoiaHR0cHM6XC9cL25lc2N1YmEuY2R0Yy51bmIuYnJcL3dwLWNvbnRlbnRcL3VwbG9hZHNcLzIwMjNcLzA1XC9JTUctMjAyMzA1MjItV0EwMjAyLmpwZyJ9\">\n\t\t\t\t\t\t\t<img decoding=\"async\" src=\"https:\/\/nescuba.cdtc.unb.br\/wp-content\/uploads\/elementor\/thumbs\/IMG-20230522-WA0202-q6uys3qyet0kwtvqtcrgh2wez216n7rnpbkgfas0uo.jpg\" title=\"IMG-20230522-WA0202\" alt=\"IMG-20230522-WA0202\" loading=\"lazy\" \/>\t\t\t\t\t\t\t\t<\/a>\n\t\t\t\t\t\t\t\t\t\t\t\t\t\t\t<\/div>\n\t\t\t\t<\/div>\n\t\t\t\t<div class=\"elementor-element elementor-element-df71d81 elementor-widget elementor-widget-heading\" data-id=\"df71d81\" data-element_type=\"widget\" data-widget_type=\"heading.default\">\n\t\t\t\t<div class=\"elementor-widget-container\">\n\t\t\t<h2 class=\"elementor-heading-title elementor-size-default\">Reunindo cerca de 150 militantes da esquerda brasiliense e representantes de organiza\u00e7\u00f5es internacionalistas, o encontro no Distrito Federal \u00e9 uma etapa preparat\u00f3ria da conven\u00e7\u00e3o nacional, que ser\u00e1 realizada entre os dias 8 e 11 de junho em Bel\u00e9m, no Par\u00e1<\/h2>\t\t<\/div>\n\t\t\t\t<\/div>\n\t\t\t\t\t<\/div>\n\t\t<\/div>\n\t\t\t\t<div class=\"elementor-column elementor-col-50 elementor-top-column elementor-element elementor-element-26184cf\" data-id=\"26184cf\" data-element_type=\"column\">\n\t\t\t<div class=\"elementor-widget-wrap elementor-element-populated\">\n\t\t\t\t\t\t\t\t<div class=\"elementor-element elementor-element-e9aaf55 elementor-widget elementor-widget-heading\" data-id=\"e9aaf55\" data-element_type=\"widget\" data-widget_type=\"heading.default\">\n\t\t\t\t<div class=\"elementor-widget-container\">\n\t\t\t<h2 class=\"elementor-heading-title elementor-size-default\"><a href=\"http:\/\/www.brasildefatodf.com.br\/2023\/05\/29\/carta-de-brasilia-23-entidades-assinam-documento-em-solidariedade-a-cuba\">`Carta de Bras\u00edlia\u2019: 23 entidades assinam documento em solidariedade a Cuba <\/a><\/h2>\t\t<\/div>\n\t\t\t\t<\/div>\n\t\t\t\t<div class=\"elementor-element elementor-element-b63440e elementor-widget elementor-widget-image\" data-id=\"b63440e\" data-element_type=\"widget\" data-widget_type=\"image.default\">\n\t\t\t\t<div class=\"elementor-widget-container\">\n\t\t\t\t\t\t\t\t\t\t\t\t\t\t\t<img decoding=\"async\" width=\"800\" height=\"534\" src=\"https:\/\/nescuba.cdtc.unb.br\/wp-content\/uploads\/2023\/05\/Convencion-Brasilia-mayo-2023.jpeg\" class=\"attachment-large size-large wp-image-4566\" alt=\"\" loading=\"lazy\" srcset=\"https:\/\/nescuba.cdtc.unb.br\/wp-content\/uploads\/2023\/05\/Convencion-Brasilia-mayo-2023.jpeg 800w, https:\/\/nescuba.cdtc.unb.br\/wp-content\/uploads\/2023\/05\/Convencion-Brasilia-mayo-2023-300x200.jpeg 300w, https:\/\/nescuba.cdtc.unb.br\/wp-content\/uploads\/2023\/05\/Convencion-Brasilia-mayo-2023-768x513.jpeg 768w\" sizes=\"(max-width: 800px) 100vw, 800px\" \/>\t\t\t\t\t\t\t\t\t\t\t\t\t\t\t<\/div>\n\t\t\t\t<\/div>\n\t\t\t\t\t<\/div>\n\t\t<\/div>\n\t\t\t\t\t\t\t<\/div>\n\t\t<\/section>\n\t\t\t\t\t\t\t<\/div>\n\t\t","protected":false},"excerpt":{"rendered":"<p>SOLIDARIDADE BRASILEIRA COM CUBA Pedalada por Cuba DF\/2026 Comemora\u00e7\u00f5es do Centen\u00e1rio de Fidel Castro em Brasilia\/DF\/2026 Centen\u00e1rio de Fidel Castro Ruz Uma exposi\u00e7\u00e3o de cartazes intitulada Da Serra Maestra ao Mundo serviu de cen\u00e1rio do evento que marcou o in\u00edcio das comemora\u00e7\u00f5es do Centen\u00e1rio de Fidel, no qual se realizaram diversas atividades no dia 12 [&hellip;]<\/p>\n","protected":false},"author":2,"featured_media":0,"parent":0,"menu_order":0,"comment_status":"closed","ping_status":"closed","template":"","meta":[],"_links":{"self":[{"href":"https:\/\/nescuba.cdtc.unb.br\/index.php?rest_route=\/wp\/v2\/pages\/1707"}],"collection":[{"href":"https:\/\/nescuba.cdtc.unb.br\/index.php?rest_route=\/wp\/v2\/pages"}],"about":[{"href":"https:\/\/nescuba.cdtc.unb.br\/index.php?rest_route=\/wp\/v2\/types\/page"}],"author":[{"embeddable":true,"href":"https:\/\/nescuba.cdtc.unb.br\/index.php?rest_route=\/wp\/v2\/users\/2"}],"replies":[{"embeddable":true,"href":"https:\/\/nescuba.cdtc.unb.br\/index.php?rest_route=%2Fwp%2Fv2%2Fcomments&post=1707"}],"version-history":[{"count":295,"href":"https:\/\/nescuba.cdtc.unb.br\/index.php?rest_route=\/wp\/v2\/pages\/1707\/revisions"}],"predecessor-version":[{"id":31459,"href":"https:\/\/nescuba.cdtc.unb.br\/index.php?rest_route=\/wp\/v2\/pages\/1707\/revisions\/31459"}],"wp:attachment":[{"href":"https:\/\/nescuba.cdtc.unb.br\/index.php?rest_route=%2Fwp%2Fv2%2Fmedia&parent=1707"}],"curies":[{"name":"wp","href":"https:\/\/api.w.org\/{rel}","templated":true}]}}