{"id":109,"date":"2022-03-07T16:16:08","date_gmt":"2022-03-07T19:16:08","guid":{"rendered":"https:\/\/nescuba.cdtc.unb.br\/?page_id=109"},"modified":"2026-03-24T17:51:26","modified_gmt":"2026-03-24T20:51:26","slug":"cursos-e-eventos","status":"publish","type":"page","link":"https:\/\/nescuba.cdtc.unb.br\/?page_id=109","title":{"rendered":"ENSINO PESQUISA EXTENS\u00c3O"},"content":{"rendered":"\t\t<div data-elementor-type=\"wp-page\" data-elementor-id=\"109\" class=\"elementor elementor-109\">\n\t\t\t\t\t\t\t\t\t<section class=\"elementor-section elementor-top-section elementor-element elementor-element-1b7d14a elementor-section-full_width elementor-section-height-default elementor-section-height-default\" data-id=\"1b7d14a\" data-element_type=\"section\" data-settings=\"{&quot;background_background&quot;:&quot;gradient&quot;,&quot;shape_divider_top&quot;:&quot;waves&quot;}\">\n\t\t\t\t\t\t\t<div class=\"elementor-background-overlay\"><\/div>\n\t\t\t\t\t\t<div class=\"elementor-shape elementor-shape-top\" data-negative=\"false\">\n\t\t\t<svg xmlns=\"http:\/\/www.w3.org\/2000\/svg\" viewBox=\"0 0 1000 100\" preserveAspectRatio=\"none\">\n\t<path class=\"elementor-shape-fill\" d=\"M421.9,6.5c22.6-2.5,51.5,0.4,75.5,5.3c23.6,4.9,70.9,23.5,100.5,35.7c75.8,32.2,133.7,44.5,192.6,49.7\n\tc23.6,2.1,48.7,3.5,103.4-2.5c54.7-6,106.2-25.6,106.2-25.6V0H0v30.3c0,0,72,32.6,158.4,30.5c39.2-0.7,92.8-6.7,134-22.4\n\tc21.2-8.1,52.2-18.2,79.7-24.2C399.3,7.9,411.6,7.5,421.9,6.5z\"\/>\n<\/svg>\t\t<\/div>\n\t\t\t\t\t<div class=\"elementor-container elementor-column-gap-extended\">\n\t\t\t\t\t<div class=\"elementor-column elementor-col-100 elementor-top-column elementor-element elementor-element-89ab108\" data-id=\"89ab108\" data-element_type=\"column\" data-settings=\"{&quot;background_background&quot;:&quot;gradient&quot;}\">\n\t\t\t<div class=\"elementor-widget-wrap elementor-element-populated\">\n\t\t\t\t\t\t\t\t<div class=\"elementor-element elementor-element-f4cc99b elementor-widget__width-initial elementor-widget elementor-widget-heading\" data-id=\"f4cc99b\" data-element_type=\"widget\" data-widget_type=\"heading.default\">\n\t\t\t\t<div class=\"elementor-widget-container\">\n\t\t\t<style>\/*! elementor - v3.13.3 - 28-05-2023 *\/\n.elementor-heading-title{padding:0;margin:0;line-height:1}.elementor-widget-heading .elementor-heading-title[class*=elementor-size-]>a{color:inherit;font-size:inherit;line-height:inherit}.elementor-widget-heading .elementor-heading-title.elementor-size-small{font-size:15px}.elementor-widget-heading .elementor-heading-title.elementor-size-medium{font-size:19px}.elementor-widget-heading .elementor-heading-title.elementor-size-large{font-size:29px}.elementor-widget-heading .elementor-heading-title.elementor-size-xl{font-size:39px}.elementor-widget-heading .elementor-heading-title.elementor-size-xxl{font-size:59px}<\/style><h4 class=\"elementor-heading-title elementor-size-large\">Curso de M\u00f3dulo Libre \"Processo s\u00f3cio-hist\u00f3rico cubano e contexto atual\"<\/h4>\t\t<\/div>\n\t\t\t\t<\/div>\n\t\t\t\t\t<\/div>\n\t\t<\/div>\n\t\t\t\t\t\t\t<\/div>\n\t\t<\/section>\n\t\t\t\t<section class=\"elementor-section elementor-top-section elementor-element elementor-element-28a110a elementor-section-height-min-height elementor-section-boxed elementor-section-height-default elementor-section-items-middle\" data-id=\"28a110a\" data-element_type=\"section\" data-settings=\"{&quot;background_background&quot;:&quot;gradient&quot;}\">\n\t\t\t\t\t\t<div class=\"elementor-container elementor-column-gap-default\">\n\t\t\t\t\t<div class=\"elementor-column elementor-col-50 elementor-top-column elementor-element elementor-element-ca855b8\" data-id=\"ca855b8\" data-element_type=\"column\">\n\t\t\t<div class=\"elementor-widget-wrap elementor-element-populated\">\n\t\t\t\t\t\t\t\t<div class=\"elementor-element elementor-element-397e654 elementor-widget elementor-widget-image\" data-id=\"397e654\" data-element_type=\"widget\" data-widget_type=\"image.default\">\n\t\t\t\t<div class=\"elementor-widget-container\">\n\t\t\t<style>\/*! elementor - v3.13.3 - 28-05-2023 *\/\n.elementor-widget-image{text-align:center}.elementor-widget-image a{display:inline-block}.elementor-widget-image a img[src$=\".svg\"]{width:48px}.elementor-widget-image img{vertical-align:middle;display:inline-block}<\/style>\t\t\t\t\t\t\t\t\t\t\t\t<img decoding=\"async\" width=\"800\" height=\"600\" src=\"https:\/\/nescuba.cdtc.unb.br\/wp-content\/uploads\/2025\/06\/IMG-20250601-WA0065-1024x768.jpg\" class=\"attachment-large size-large wp-image-23418\" alt=\"\" loading=\"lazy\" srcset=\"https:\/\/nescuba.cdtc.unb.br\/wp-content\/uploads\/2025\/06\/IMG-20250601-WA0065-1024x768.jpg 1024w, https:\/\/nescuba.cdtc.unb.br\/wp-content\/uploads\/2025\/06\/IMG-20250601-WA0065-600x450.jpg 600w, https:\/\/nescuba.cdtc.unb.br\/wp-content\/uploads\/2025\/06\/IMG-20250601-WA0065-768x576.jpg 768w, https:\/\/nescuba.cdtc.unb.br\/wp-content\/uploads\/2025\/06\/IMG-20250601-WA0065-1536x1152.jpg 1536w, https:\/\/nescuba.cdtc.unb.br\/wp-content\/uploads\/2025\/06\/IMG-20250601-WA0065.jpg 1600w\" sizes=\"(max-width: 800px) 100vw, 800px\" \/>\t\t\t\t\t\t\t\t\t\t\t\t\t\t\t<\/div>\n\t\t\t\t<\/div>\n\t\t\t\t<div class=\"elementor-element elementor-element-66879dc elementor-widget elementor-widget-image\" data-id=\"66879dc\" data-element_type=\"widget\" data-widget_type=\"image.default\">\n\t\t\t\t<div class=\"elementor-widget-container\">\n\t\t\t\t\t\t\t\t\t\t\t\t\t\t\t<img decoding=\"async\" width=\"800\" height=\"360\" src=\"https:\/\/nescuba.cdtc.unb.br\/wp-content\/uploads\/2023\/05\/IMG-20230523-WA0062-1024x461.jpg\" class=\"attachment-large size-large wp-image-4398\" alt=\"\" loading=\"lazy\" srcset=\"https:\/\/nescuba.cdtc.unb.br\/wp-content\/uploads\/2023\/05\/IMG-20230523-WA0062-1024x461.jpg 1024w, https:\/\/nescuba.cdtc.unb.br\/wp-content\/uploads\/2023\/05\/IMG-20230523-WA0062-300x135.jpg 300w, https:\/\/nescuba.cdtc.unb.br\/wp-content\/uploads\/2023\/05\/IMG-20230523-WA0062-768x346.jpg 768w, https:\/\/nescuba.cdtc.unb.br\/wp-content\/uploads\/2023\/05\/IMG-20230523-WA0062-1536x691.jpg 1536w, https:\/\/nescuba.cdtc.unb.br\/wp-content\/uploads\/2023\/05\/IMG-20230523-WA0062.jpg 1600w\" sizes=\"(max-width: 800px) 100vw, 800px\" \/>\t\t\t\t\t\t\t\t\t\t\t\t\t\t\t<\/div>\n\t\t\t\t<\/div>\n\t\t\t\t<div class=\"elementor-element elementor-element-c560655 elementor-widget elementor-widget-image\" data-id=\"c560655\" data-element_type=\"widget\" data-widget_type=\"image.default\">\n\t\t\t\t<div class=\"elementor-widget-container\">\n\t\t\t\t\t\t\t\t\t\t\t\t\t\t\t<img decoding=\"async\" width=\"800\" height=\"600\" src=\"https:\/\/nescuba.cdtc.unb.br\/wp-content\/uploads\/2023\/08\/IMG-20230705-WA0160-1024x768.jpg\" class=\"attachment-large size-large wp-image-7256\" alt=\"\" loading=\"lazy\" srcset=\"https:\/\/nescuba.cdtc.unb.br\/wp-content\/uploads\/2023\/08\/IMG-20230705-WA0160-1024x768.jpg 1024w, https:\/\/nescuba.cdtc.unb.br\/wp-content\/uploads\/2023\/08\/IMG-20230705-WA0160-300x225.jpg 300w, https:\/\/nescuba.cdtc.unb.br\/wp-content\/uploads\/2023\/08\/IMG-20230705-WA0160-768x576.jpg 768w, https:\/\/nescuba.cdtc.unb.br\/wp-content\/uploads\/2023\/08\/IMG-20230705-WA0160.jpg 1280w\" sizes=\"(max-width: 800px) 100vw, 800px\" \/>\t\t\t\t\t\t\t\t\t\t\t\t\t\t\t<\/div>\n\t\t\t\t<\/div>\n\t\t\t\t\t<\/div>\n\t\t<\/div>\n\t\t\t\t<div class=\"elementor-column elementor-col-50 elementor-top-column elementor-element elementor-element-b76dc9b\" data-id=\"b76dc9b\" data-element_type=\"column\">\n\t\t\t<div class=\"elementor-widget-wrap elementor-element-populated\">\n\t\t\t\t\t\t\t\t<div class=\"elementor-element elementor-element-4739d41 elementor-widget elementor-widget-heading\" data-id=\"4739d41\" data-element_type=\"widget\" data-widget_type=\"heading.default\">\n\t\t\t\t<div class=\"elementor-widget-container\">\n\t\t\t<h2 class=\"elementor-heading-title elementor-size-small\">C\u00f3digo: 199494 2025.2 <\/h2>\t\t<\/div>\n\t\t\t\t<\/div>\n\t\t\t\t<div class=\"elementor-element elementor-element-41db1ca elementor-widget elementor-widget-heading\" data-id=\"41db1ca\" data-element_type=\"widget\" data-widget_type=\"heading.default\">\n\t\t\t\t<div class=\"elementor-widget-container\">\n\t\t\t<h2 class=\"elementor-heading-title elementor-size-small\">Identifica\u00e7\u00e3o Disciplina de M\u00f3dulo Livre: \u201cProcesso s\u00f3cio-hist\u00f3rico cubano e contexto atual\u201d \n<\/h2>\t\t<\/div>\n\t\t\t\t<\/div>\n\t\t\t\t<div class=\"elementor-element elementor-element-52187ad elementor-widget elementor-widget-heading\" data-id=\"52187ad\" data-element_type=\"widget\" data-widget_type=\"heading.default\">\n\t\t\t\t<div class=\"elementor-widget-container\">\n\t\t\t<h2 class=\"elementor-heading-title elementor-size-small\">Professores respons\u00e1veis:<\/h2>\t\t<\/div>\n\t\t\t\t<\/div>\n\t\t\t\t<div class=\"elementor-element elementor-element-d4f2877 elementor-widget elementor-widget-text-editor\" data-id=\"d4f2877\" data-element_type=\"widget\" data-widget_type=\"text-editor.default\">\n\t\t\t\t<div class=\"elementor-widget-container\">\n\t\t\t<style>\/*! elementor - v3.13.3 - 28-05-2023 *\/\n.elementor-widget-text-editor.elementor-drop-cap-view-stacked .elementor-drop-cap{background-color:#69727d;color:#fff}.elementor-widget-text-editor.elementor-drop-cap-view-framed .elementor-drop-cap{color:#69727d;border:3px solid;background-color:transparent}.elementor-widget-text-editor:not(.elementor-drop-cap-view-default) .elementor-drop-cap{margin-top:8px}.elementor-widget-text-editor:not(.elementor-drop-cap-view-default) .elementor-drop-cap-letter{width:1em;height:1em}.elementor-widget-text-editor .elementor-drop-cap{float:left;text-align:center;line-height:1;font-size:50px}.elementor-widget-text-editor .elementor-drop-cap-letter{display:inline-block}<\/style>\t\t\t\t<p>Gissele Carraro \u2013 gcarraro5@gmail.com <br \/>Jales Dantas da Costa \u2013 jalesdc@unb.br <br \/>Maria Auxiliadora C\u00e9sar &#8211; maria.dorita51@gmail.com <br \/>Rafael Villas Boas \u2013 rafaellvboas@gmail.com <br \/>Monitor Respons\u00e1vel: <br \/>Pablo Magno \u2013 pablomhgm@gmail.com<\/p>\t\t\t\t\t\t<\/div>\n\t\t\t\t<\/div>\n\t\t\t\t<div class=\"elementor-element elementor-element-f0608a4 elementor-widget elementor-widget-text-editor\" data-id=\"f0608a4\" data-element_type=\"widget\" data-widget_type=\"text-editor.default\">\n\t\t\t\t<div class=\"elementor-widget-container\">\n\t\t\t\t\t\t\t<p>Dia da semana: ter\u00e7as-feiras <br \/>Hor\u00e1rio: 19:00 \u00e0s 20:40 horas <br \/>Carga hor\u00e1ria: 30 horas <br \/>N\u00famero total de vagas: 50. Turma: 01 <br \/>Local: PJC BT 124<\/p>\t\t\t\t\t\t<\/div>\n\t\t\t\t<\/div>\n\t\t\t\t<div class=\"elementor-element elementor-element-3799b5b elementor-widget elementor-widget-heading\" data-id=\"3799b5b\" data-element_type=\"widget\" data-widget_type=\"heading.default\">\n\t\t\t\t<div class=\"elementor-widget-container\">\n\t\t\t<h2 class=\"elementor-heading-title elementor-size-small\">Ementa: \n\nAs condi\u00e7\u00f5es socio-hist\u00f3ricas do processo revolucion\u00e1rio cubano. A etapa anterior \u00e0 \nd\u00e9cada de 1960. Aspectos estruturais de transforma\u00e7\u00e3o ap\u00f3s 1959 nos campos hist\u00f3ricos, \nsocioculturais, econ\u00f4micos e pol\u00edticos. O \u2018per\u00edodo especial\u00b4. A conforma\u00e7\u00e3o do Estado cubano \nna atualidade frente aos novos desafios. <\/h2>\t\t<\/div>\n\t\t\t\t<\/div>\n\t\t\t\t<div class=\"elementor-element elementor-element-6701788 elementor-widget elementor-widget-text-editor\" data-id=\"6701788\" data-element_type=\"widget\" data-widget_type=\"text-editor.default\">\n\t\t\t\t<div class=\"elementor-widget-container\">\n\t\t\t\t\t\t\t<p>Objetivos:<\/p><ul><li>Apresentar aos estudantes informa\u00e7\u00f5es sobre o processo revolucion\u00e1rio cubano, desde seus antecedentes hist\u00f3ricos at\u00e9 a atualidade<\/li><li>Conhecer, sob a \u00e9gide do socialismo, a estrutura e a infraestrutura do Estado e da sociedade cubana<\/li><li>Analisar sob m\u00faltiplas dimens\u00f5es \u2013 s\u00f3cio hist\u00f3rica e cultural, pol\u00edtica e econ\u00f4mica &#8211; a conforma\u00e7\u00e3o atual do Estado cubano e sua rela\u00e7\u00e3o com o contexto latino-americano.<\/li><\/ul>\t\t\t\t\t\t<\/div>\n\t\t\t\t<\/div>\n\t\t\t\t<div class=\"elementor-element elementor-element-2a4a3f2 elementor-widget elementor-widget-heading\" data-id=\"2a4a3f2\" data-element_type=\"widget\" data-widget_type=\"heading.default\">\n\t\t\t\t<div class=\"elementor-widget-container\">\n\t\t\t<h2 class=\"elementor-heading-title elementor-size-small\">Din\u00e2mica do curso: \nA disciplina constar\u00e1 de aulas expositivas, leituras de textos selecionados, apresenta\u00e7\u00e3o de \nv\u00eddeos e discuss\u00f5es.  Do curso participar\u00e3o professores da UnB, profissionais de diferentes \u00e1reas do \nconhecimento e especialistas em temas sobre a realidade cubana.  \n<\/h2>\t\t<\/div>\n\t\t\t\t<\/div>\n\t\t\t\t<div class=\"elementor-element elementor-element-0c4f500 elementor-widget elementor-widget-text-editor\" data-id=\"0c4f500\" data-element_type=\"widget\" data-widget_type=\"text-editor.default\">\n\t\t\t\t<div class=\"elementor-widget-container\">\n\t\t\t\t\t\t\t<p>Avalia\u00e7\u00e3o<\/p><p>1. A avalia\u00e7\u00e3o levar\u00e1 em conta a elabora\u00e7\u00e3o de trabalho final sobre uma das tem\u00e1ticas do programa, <br \/>de interesse de estudantes, ou correlatas ao conte\u00fado do curso, al\u00e9m da frequ\u00eancia, no m\u00ednimo, de <br \/>75% das aulas. <br \/>2. O trabalho final, entre 2500 a 4000 palavras, dever\u00e1 conter a) t\u00edtulo e subt\u00edtulo, nome completo do <br \/>ou da estudante, palavras chave, b) resumo, c) breve introdu\u00e7\u00e3o com o objetivo do mesmo, b) <br \/>discuss\u00e3o e\/ou an\u00e1lise principal da tem\u00e1tica, e) considera\u00e7\u00f5es finais e f) refer\u00eancias bibliogr\u00e1ficas. <br \/>Deve ser enviado via plataforma Teams at\u00e9 o dia 06\/07\/2026 e elaborado individualmente. <br \/>3. O estudante pode, durante o semestre, socializar informa\u00e7\u00f5es relativas ao trabalho final, como: o <br \/>tema escolhido; a bibliografia levantada; e as dificuldades encontradas, e solicitar orienta\u00e7\u00f5es via <br \/>plataforma Teams. <br \/>4. Os textos para leitura obrigat\u00f3ria e discuss\u00e3o em sala de aula, assim como todo o conte\u00fado <br \/>relacionado \u00e0 disciplina Processo s\u00f3cio-hist\u00f3rico cubano e contexto atual, encontram-se na <br \/>plataforma Teams.<\/p>\t\t\t\t\t\t<\/div>\n\t\t\t\t<\/div>\n\t\t\t\t\t<\/div>\n\t\t<\/div>\n\t\t\t\t\t\t\t<\/div>\n\t\t<\/section>\n\t\t\t\t<section class=\"elementor-section elementor-top-section elementor-element elementor-element-dc44041 elementor-section-height-min-height elementor-section-content-top elementor-section-boxed elementor-section-height-default elementor-section-items-middle\" data-id=\"dc44041\" data-element_type=\"section\" data-settings=\"{&quot;background_background&quot;:&quot;gradient&quot;}\">\n\t\t\t\t\t\t<div class=\"elementor-container elementor-column-gap-default\">\n\t\t\t\t\t<div class=\"elementor-column elementor-col-100 elementor-top-column elementor-element elementor-element-67c1579\" data-id=\"67c1579\" data-element_type=\"column\" data-settings=\"{&quot;background_background&quot;:&quot;gradient&quot;}\">\n\t\t\t<div class=\"elementor-widget-wrap elementor-element-populated\">\n\t\t\t\t\t\t\t\t<div class=\"elementor-element elementor-element-7b0dc09 elementor-widget elementor-widget-heading\" data-id=\"7b0dc09\" data-element_type=\"widget\" data-widget_type=\"heading.default\">\n\t\t\t\t<div class=\"elementor-widget-container\">\n\t\t\t<h2 class=\"elementor-heading-title elementor-size-large\">Conte\u00fado Program\u00e1tico<\/h2>\t\t<\/div>\n\t\t\t\t<\/div>\n\t\t\t\t\t<\/div>\n\t\t<\/div>\n\t\t\t\t\t\t\t<\/div>\n\t\t<\/section>\n\t\t\t\t<section class=\"elementor-section elementor-top-section elementor-element elementor-element-70b068a elementor-section-boxed elementor-section-height-default elementor-section-height-default\" data-id=\"70b068a\" data-element_type=\"section\" data-settings=\"{&quot;background_background&quot;:&quot;gradient&quot;}\">\n\t\t\t\t\t\t<div class=\"elementor-container elementor-column-gap-default\">\n\t\t\t\t\t<div class=\"elementor-column elementor-col-50 elementor-top-column elementor-element elementor-element-687066c\" data-id=\"687066c\" data-element_type=\"column\" data-settings=\"{&quot;background_background&quot;:&quot;gradient&quot;}\">\n\t\t\t<div class=\"elementor-widget-wrap elementor-element-populated\">\n\t\t\t\t\t\t\t\t<div class=\"elementor-element elementor-element-79e816d elementor-widget elementor-widget-heading\" data-id=\"79e816d\" data-element_type=\"widget\" data-widget_type=\"heading.default\">\n\t\t\t\t<div class=\"elementor-widget-container\">\n\t\t\t<h2 class=\"elementor-heading-title elementor-size-default\">Neste semestre 1\/2026 retomamos a oferta da disciplina de m\u00f3dulo livre com o curso de extens\u00e3o para p\u00fablico externo \u00e1 Universidade, com o mesmo conte\u00fado<\/h2>\t\t<\/div>\n\t\t\t\t<\/div>\n\t\t\t\t<div class=\"elementor-element elementor-element-a7ca23e elementor-widget elementor-widget-text-editor\" data-id=\"a7ca23e\" data-element_type=\"widget\" data-widget_type=\"text-editor.default\">\n\t\t\t\t<div class=\"elementor-widget-container\">\n\t\t\t\t\t\t\t<h6 style=\"text-align: center;\">Conte\u00fado Program\u00e1tico<\/h6><p>Unidade 1- 17\/03\/26 \u2013 Embaixador de Cuba no Brasil \u2013 V\u00edctor Manuel Cairo Palomo <br \/>Aula magna \u2013 A pol\u00edtica imperialista do governo Trump, seus efeitos devastadores e as medidas de <br \/>resist\u00eancia e solidariedade internacional <br \/>Unidade 2 \u2013 24\/03\/2026 \u2013 H\u00e9lio Doyle <br \/>Prim\u00f3rdios das lutas revolucion\u00e1rias, triunfo da Revolu\u00e7\u00e3o e atualidade do processo revolucion\u00e1rio. <br \/>Unidade 3 \u2013 31\/03\/2026 \u2013 H\u00e9lio Doyle <br \/>A democracia participativa do Sistema pol\u00edtico e do processo eleitoral cubano. <br \/>Unidade 4 &#8211; 07\/04\/2026 \u2013 Gissele Carraro e Rodrigo Borges <br \/>O processo de planifica\u00e7\u00e3o econ\u00f4mica e social em Cuba <br \/>Unidade 5 \u2013 14\/04\/2026 &#8211; Idalmis Brooks e Maria Auxiliadora C\u00e9sar <br \/>O sistema de sa\u00fade em Cuba, o per\u00edodo pand\u00eamico e os desafios atuais. <br \/>Unidade 6 \u2013 28\/04\/2026 &#8211; Maria Auxiliadora Cesar <br \/>Quest\u00f5es de g\u00eanero e sexualidades em Cuba no contexto das pol\u00edticas sociais. <br \/>Unidade 7 \u2013 05\/05\/2026 \u2013 Idalmis Brooks <br \/>O bloqueio econ\u00f4mico a Cuba: do triunfo da Revolu\u00e7\u00e3o aos dias atuais. <br \/>Unidade 8 &#8211; 12\/05\/2026 \u2013 Dionisio Poey Bar\u00f3 <br \/>Vig\u00eancia do pensamento pol\u00edtico de Jos\u00e9 Mart\u00ed, Her\u00f3i Nacional de Cuba. <br \/>Unidade 9 \u2013 19\/05\/2026 &#8211; Rafael Villas Boas e Simone Menezes da Rosa <br \/>Cultura e Revolu\u00e7\u00e3o. Cuba e o projeto intercontinental de Cultura para as Am\u00e9ricas <br \/>Unidade 10 \u2013 26\/05\/2026 \u2013 Afonso Magalh\u00e3es <br \/>A dimens\u00e3o econ\u00f4mica: dos prim\u00f3rdios ao momento atual de Cuba nos BRICS, passando pelo per\u00edodo <br \/>especial, e crises internacionais. <br \/>Unidade 11 \u2013 02\/06\/2026 \u2013 Paulo Gabriel <br \/>A quest\u00e3o racial: hist\u00f3ria, luta contra o racismo e sincretismo religioso <br \/>Unidade 12 \u2013 09\/06\/2026 \u2013 Karine Lemes <br \/>O sistema de educa\u00e7\u00e3o em Cuba: do c\u00edrculo infantil ao n\u00edvel superior. <br \/>Unidade 13 \u2013 16\/06\/2026 \u2013 Manoel Pereira de Andrade e Enaile Iadanza <br \/>Quest\u00e3o agr\u00e1ria: hist\u00f3ria, alternativas dos \u00faltimos anos e Programa de soberania alimentar atual. <br \/>Unidade 14 &#8211; 23\/06\/2026 \u2013 Beto Almeida <br \/>Comunica\u00e7\u00e3o, Arte e Cultura. Cuba e os meios hegem\u00f4nicos de comunica\u00e7\u00e3o. <br \/>Encerramento \u2013 30\/06\/2026 \u2013 Roda de conversa: compartilhando problematiza\u00e7\u00f5es, viv\u00eancias e <br \/>aprendizados sobre Cuba.<\/p><h6><a href=\"https:\/\/drive.google.com\/file\/d\/1Fxc_kcmdyHcRj0bPlMqxY1IZEna-kWbT\/view?usp=sharing\">Refer\u00eancias <span class=\"Y2IQFc\" lang=\"pt\">bibliogr\u00e1ficas&#8230;acesse o programa completo aqui&#8230;<\/span><\/a><\/h6>\t\t\t\t\t\t<\/div>\n\t\t\t\t<\/div>\n\t\t\t\t\t<\/div>\n\t\t<\/div>\n\t\t\t\t<div class=\"elementor-column elementor-col-50 elementor-top-column elementor-element elementor-element-f3dc6a5\" data-id=\"f3dc6a5\" data-element_type=\"column\" data-settings=\"{&quot;background_background&quot;:&quot;gradient&quot;}\">\n\t\t\t<div class=\"elementor-widget-wrap elementor-element-populated\">\n\t\t\t\t\t\t\t\t<div class=\"elementor-element elementor-element-bed7ac9 elementor-widget elementor-widget-heading\" data-id=\"bed7ac9\" data-element_type=\"widget\" data-widget_type=\"heading.default\">\n\t\t\t\t<div class=\"elementor-widget-container\">\n\t\t\t<h2 class=\"elementor-heading-title elementor-size-large\">Trabalhos Finais selecionados Curso 2025 (1)<\/h2>\t\t<\/div>\n\t\t\t\t<\/div>\n\t\t\t\t<div class=\"elementor-element elementor-element-878722f elementor-widget elementor-widget-heading\" data-id=\"878722f\" data-element_type=\"widget\" data-widget_type=\"heading.default\">\n\t\t\t\t<div class=\"elementor-widget-container\">\n\t\t\t<h2 class=\"elementor-heading-title elementor-size-default\"><a href=\"https:\/\/drive.google.com\/file\/d\/17Zec_fvquwefysrLDtCK2KIDkzEYn1Hs\/view?usp=sharing\">Minha hist\u00f3ria com Cuba: Duas Hist\u00f3rias e um sonho \/ Mariza Garcia Borges<\/a><\/h2>\t\t<\/div>\n\t\t\t\t<\/div>\n\t\t\t\t<div class=\"elementor-element elementor-element-36fbb02 elementor-widget elementor-widget-heading\" data-id=\"36fbb02\" data-element_type=\"widget\" data-widget_type=\"heading.default\">\n\t\t\t\t<div class=\"elementor-widget-container\">\n\t\t\t<h2 class=\"elementor-heading-title elementor-size-default\"><a href=\"https:\/\/drive.google.com\/file\/d\/1qqcKnHY7F_85Pse8gQMQSacbQUcrJXO0\/view?usp=sharing\">A Revolu\u00e7\u00e3o Cubana representada na m\u00eddia impressa brasileira, no per\u00edodo de 1959 A 1964...\/ Gabriela Braz Gomes-<\/a><\/h2>\t\t<\/div>\n\t\t\t\t<\/div>\n\t\t\t\t<div class=\"elementor-element elementor-element-529d83a elementor-widget elementor-widget-heading\" data-id=\"529d83a\" data-element_type=\"widget\" data-widget_type=\"heading.default\">\n\t\t\t\t<div class=\"elementor-widget-container\">\n\t\t\t<h2 class=\"elementor-heading-title elementor-size-default\"><a href=\"https:\/\/drive.google.com\/file\/d\/1hCZuAViIM068vql--CXkXshYdOqgHMPT\/view?usp=sharing\">Mulheres Negras em Cuba: Caminhos de resist\u00eancia e Silenciamentos \/ Maria Jos\u00e9 Firmino<\/a><\/h2>\t\t<\/div>\n\t\t\t\t<\/div>\n\t\t\t\t<div class=\"elementor-element elementor-element-21f7ca4 elementor-widget elementor-widget-heading\" data-id=\"21f7ca4\" data-element_type=\"widget\" data-widget_type=\"heading.default\">\n\t\t\t\t<div class=\"elementor-widget-container\">\n\t\t\t<h2 class=\"elementor-heading-title elementor-size-default\"><a href=\"https:\/\/drive.google.com\/file\/d\/1WS3ys8oVfes5hSY3ajGk4O53p5qCn8Vb\/view?usp=sharing\">O Cen\u00e1rio Latino Americano: desafios e propostas \/ Isadora de Ara\u00fajo Nascimento<\/a><\/h2>\t\t<\/div>\n\t\t\t\t<\/div>\n\t\t\t\t<div class=\"elementor-element elementor-element-78c9ce0 elementor-widget elementor-widget-heading\" data-id=\"78c9ce0\" data-element_type=\"widget\" data-widget_type=\"heading.default\">\n\t\t\t\t<div class=\"elementor-widget-container\">\n\t\t\t<h2 class=\"elementor-heading-title elementor-size-default\"><a href=\"https:\/\/drive.google.com\/file\/d\/1mhaDYHYvkvSYHCZiMiAfCrAbhQzR_UID\/view?usp=sharing\">O Bloqueio dos Estados Unidos contra Cuba \/ Heitor de Menezes Cavalcanti<\/a><\/h2>\t\t<\/div>\n\t\t\t\t<\/div>\n\t\t\t\t<div class=\"elementor-element elementor-element-4e8afd6 elementor-widget elementor-widget-heading\" data-id=\"4e8afd6\" data-element_type=\"widget\" data-widget_type=\"heading.default\">\n\t\t\t\t<div class=\"elementor-widget-container\">\n\t\t\t<h2 class=\"elementor-heading-title elementor-size-default\"><a href=\"https:\/\/drive.google.com\/file\/d\/1sIxfh1gAYdRQgmytmzm3mO57JJwkG1l2\/view?usp=sharing\">Cinema Latino-americano: A hist\u00f3ria e relev\u00e2ncia do Instituto Cubano del Arte e Industria Cinematogr\u00e1ficos \/ Maria Eduarda Coelho Valentini<\/a><\/h2>\t\t<\/div>\n\t\t\t\t<\/div>\n\t\t\t\t<div class=\"elementor-element elementor-element-2d593c3 elementor-widget elementor-widget-heading\" data-id=\"2d593c3\" data-element_type=\"widget\" data-widget_type=\"heading.default\">\n\t\t\t\t<div class=\"elementor-widget-container\">\n\t\t\t<h2 class=\"elementor-heading-title elementor-size-default\"><a href=\"https:\/\/drive.google.com\/file\/d\/1sjlsU2moj0vpVhMAy-jr5GxJ4F6jSwyi\/view?usp=sharing\">Ra\u00edzes afro-ind\u00edgenas no processo cultural cubano \/ Moreno da Silva Lion\u00e7o<\/a><\/h2>\t\t<\/div>\n\t\t\t\t<\/div>\n\t\t\t\t<div class=\"elementor-element elementor-element-f182560 elementor-widget elementor-widget-heading\" data-id=\"f182560\" data-element_type=\"widget\" data-widget_type=\"heading.default\">\n\t\t\t\t<div class=\"elementor-widget-container\">\n\t\t\t<h2 class=\"elementor-heading-title elementor-size-default\"><a href=\"https:\/\/drive.google.com\/file\/d\/14yOBL5jmr4ikSyDBsxsyGbaZzWF37DcW\/view?usp=sharing\">De Mart\u00ed a Victor Frankl:\nA Poesia de Jos\u00e9 Mart\u00ed na Logoterapia \/ Jeancarlo Macgregory Pereira<\/a><\/h2>\t\t<\/div>\n\t\t\t\t<\/div>\n\t\t\t\t<div class=\"elementor-element elementor-element-ed01ee2 elementor-widget elementor-widget-heading\" data-id=\"ed01ee2\" data-element_type=\"widget\" data-widget_type=\"heading.default\">\n\t\t\t\t<div class=\"elementor-widget-container\">\n\t\t\t<h2 class=\"elementor-heading-title elementor-size-default\"><a href=\"https:\/\/drive.google.com\/file\/d\/1T_MqZY1bZeNlLAR2tCTOakqtG5pdJnOZ\/view?usp=sharing\">M\u00eddia, embargo e constru\u00e7\u00e3o da fal\u00eancia da Revolu\u00e7\u00e3o Cubana \/ Emerson Cirino<\/a><\/h2>\t\t<\/div>\n\t\t\t\t<\/div>\n\t\t\t\t<div class=\"elementor-element elementor-element-c794403 elementor-widget elementor-widget-image\" data-id=\"c794403\" data-element_type=\"widget\" data-widget_type=\"image.default\">\n\t\t\t\t<div class=\"elementor-widget-container\">\n\t\t\t\t\t\t\t\t\t\t\t\t\t\t\t<img decoding=\"async\" width=\"800\" height=\"369\" src=\"https:\/\/nescuba.cdtc.unb.br\/wp-content\/uploads\/2025\/12\/IMG-20251203-WA0005-1024x472.jpg\" class=\"attachment-large size-large wp-image-28316\" alt=\"\" loading=\"lazy\" srcset=\"https:\/\/nescuba.cdtc.unb.br\/wp-content\/uploads\/2025\/12\/IMG-20251203-WA0005-1024x472.jpg 1024w, https:\/\/nescuba.cdtc.unb.br\/wp-content\/uploads\/2025\/12\/IMG-20251203-WA0005-600x277.jpg 600w, https:\/\/nescuba.cdtc.unb.br\/wp-content\/uploads\/2025\/12\/IMG-20251203-WA0005-768x354.jpg 768w, https:\/\/nescuba.cdtc.unb.br\/wp-content\/uploads\/2025\/12\/IMG-20251203-WA0005-1536x708.jpg 1536w, https:\/\/nescuba.cdtc.unb.br\/wp-content\/uploads\/2025\/12\/IMG-20251203-WA0005.jpg 1600w\" sizes=\"(max-width: 800px) 100vw, 800px\" \/>\t\t\t\t\t\t\t\t\t\t\t\t\t\t\t<\/div>\n\t\t\t\t<\/div>\n\t\t\t\t<div class=\"elementor-element elementor-element-538d39e elementor-widget elementor-widget-heading\" data-id=\"538d39e\" data-element_type=\"widget\" data-widget_type=\"heading.default\">\n\t\t\t\t<div class=\"elementor-widget-container\">\n\t\t\t<h2 class=\"elementor-heading-title elementor-size-default\">Finalizou com \u00e9xito mais um semestre do curso de M\u00f3dulo Livre: \u201cProcesso s\u00f3cio-hist\u00f3rico cubano e contexto atual\u201d oferecido pelo Nescuba<\/h2>\t\t<\/div>\n\t\t\t\t<\/div>\n\t\t\t\t\t<\/div>\n\t\t<\/div>\n\t\t\t\t\t\t\t<\/div>\n\t\t<\/section>\n\t\t\t\t<section class=\"elementor-section elementor-top-section elementor-element elementor-element-5bf262c elementor-section-height-min-height elementor-section-boxed elementor-section-height-default elementor-section-items-middle\" data-id=\"5bf262c\" data-element_type=\"section\" data-settings=\"{&quot;background_background&quot;:&quot;gradient&quot;,&quot;shape_divider_top&quot;:&quot;waves&quot;,&quot;shape_divider_bottom&quot;:&quot;book&quot;}\">\n\t\t\t\t\t\t\t<div class=\"elementor-background-overlay\"><\/div>\n\t\t\t\t\t\t<div class=\"elementor-shape elementor-shape-top\" data-negative=\"false\">\n\t\t\t<svg xmlns=\"http:\/\/www.w3.org\/2000\/svg\" viewBox=\"0 0 1000 100\" preserveAspectRatio=\"none\">\n\t<path class=\"elementor-shape-fill\" d=\"M421.9,6.5c22.6-2.5,51.5,0.4,75.5,5.3c23.6,4.9,70.9,23.5,100.5,35.7c75.8,32.2,133.7,44.5,192.6,49.7\n\tc23.6,2.1,48.7,3.5,103.4-2.5c54.7-6,106.2-25.6,106.2-25.6V0H0v30.3c0,0,72,32.6,158.4,30.5c39.2-0.7,92.8-6.7,134-22.4\n\tc21.2-8.1,52.2-18.2,79.7-24.2C399.3,7.9,411.6,7.5,421.9,6.5z\"\/>\n<\/svg>\t\t<\/div>\n\t\t\t\t<div class=\"elementor-shape elementor-shape-bottom\" data-negative=\"false\">\n\t\t\t<svg xmlns=\"http:\/\/www.w3.org\/2000\/svg\" viewBox=\"0 0 1000 100\" preserveAspectRatio=\"none\">\n\t<path class=\"elementor-shape-fill\" d=\"M194,99c186.7,0.7,305-78.3,306-97.2c1,18.9,119.3,97.9,306,97.2c114.3-0.3,194,0.3,194,0.3s0-91.7,0-100c0,0,0,0,0-0 L0,0v99.3C0,99.3,79.7,98.7,194,99z\"\/>\n<\/svg>\t\t<\/div>\n\t\t\t\t\t<div class=\"elementor-container elementor-column-gap-default\">\n\t\t\t\t\t<div class=\"elementor-column elementor-col-100 elementor-top-column elementor-element elementor-element-b0f6c85\" data-id=\"b0f6c85\" data-element_type=\"column\">\n\t\t\t<div class=\"elementor-widget-wrap elementor-element-populated\">\n\t\t\t\t\t\t\t\t<div class=\"elementor-element elementor-element-cb2c25d elementor-widget__width-initial e-transform elementor-widget elementor-widget-heading\" data-id=\"cb2c25d\" data-element_type=\"widget\" data-settings=\"{&quot;_transform_scale_effect&quot;:{&quot;unit&quot;:&quot;px&quot;,&quot;size&quot;:&quot;&quot;,&quot;sizes&quot;:[]},&quot;_transform_scale_effect_tablet&quot;:{&quot;unit&quot;:&quot;px&quot;,&quot;size&quot;:&quot;&quot;,&quot;sizes&quot;:[]},&quot;_transform_scale_effect_mobile&quot;:{&quot;unit&quot;:&quot;px&quot;,&quot;size&quot;:&quot;&quot;,&quot;sizes&quot;:[]}}\" data-widget_type=\"heading.default\">\n\t\t\t\t<div class=\"elementor-widget-container\">\n\t\t\t<h4 class=\"elementor-heading-title elementor-size-large\"><a href=\"https:\/\/www.siempreconcuba.org\/una-caravana-y-un-gran-amigo\/\">30 anos de funda\u00e7\u00e3o do Nescuba\/ Ceam\/UnB  -  2025<\/a><\/h4>\t\t<\/div>\n\t\t\t\t<\/div>\n\t\t\t\t\t<\/div>\n\t\t<\/div>\n\t\t\t\t\t\t\t<\/div>\n\t\t<\/section>\n\t\t\t\t<section class=\"elementor-section elementor-top-section elementor-element elementor-element-4e7eab0 elementor-section-boxed elementor-section-height-default elementor-section-height-default\" data-id=\"4e7eab0\" data-element_type=\"section\">\n\t\t\t\t\t\t<div class=\"elementor-container elementor-column-gap-default\">\n\t\t\t\t\t<div class=\"elementor-column elementor-col-33 elementor-top-column elementor-element elementor-element-60e81bb\" data-id=\"60e81bb\" data-element_type=\"column\">\n\t\t\t<div class=\"elementor-widget-wrap elementor-element-populated\">\n\t\t\t\t\t\t\t\t<div class=\"elementor-element elementor-element-5a9c0a7 elementor-widget elementor-widget-video\" data-id=\"5a9c0a7\" data-element_type=\"widget\" data-settings=\"{&quot;video_type&quot;:&quot;hosted&quot;,&quot;controls&quot;:&quot;yes&quot;}\" data-widget_type=\"video.default\">\n\t\t\t\t<div class=\"elementor-widget-container\">\n\t\t\t<style>\/*! elementor - v3.13.3 - 28-05-2023 *\/\n.elementor-widget-video .elementor-widget-container{overflow:hidden;transform:translateZ(0)}.elementor-widget-video .elementor-wrapper{aspect-ratio:var(--video-aspect-ratio)}.elementor-widget-video .elementor-wrapper iframe,.elementor-widget-video .elementor-wrapper video{height:100%;width:100%;display:flex;border:none;background-color:#000}@supports not (aspect-ratio:1\/1){.elementor-widget-video .elementor-wrapper{position:relative;overflow:hidden;height:0;padding-bottom:calc(100% \/ var(--video-aspect-ratio))}.elementor-widget-video .elementor-wrapper iframe,.elementor-widget-video .elementor-wrapper video{position:absolute;top:0;right:0;bottom:0;left:0}}.elementor-widget-video .elementor-open-inline .elementor-custom-embed-image-overlay{position:absolute;top:0;left:0;width:100%;height:100%;background-size:cover;background-position:50%}.elementor-widget-video .elementor-custom-embed-image-overlay{cursor:pointer;text-align:center}.elementor-widget-video .elementor-custom-embed-image-overlay:hover .elementor-custom-embed-play i{opacity:1}.elementor-widget-video .elementor-custom-embed-image-overlay img{display:block;width:100%}.elementor-widget-video .e-hosted-video .elementor-video{-o-object-fit:cover;object-fit:cover}.e-con-inner>.elementor-widget-video,.e-con>.elementor-widget-video{width:var(--container-widget-width);--flex-grow:var(--container-widget-flex-grow)}<\/style>\t\t<div class=\"e-hosted-video elementor-wrapper elementor-open-inline\">\n\t\t\t\t\t<video class=\"elementor-video\" src=\"https:\/\/nescuba.cdtc.unb.br\/wp-content\/uploads\/2022\/04\/25-anos-do-Nescuba.mp4\" controls=\"\" preload=\"metadata\" controlsList=\"nodownload\"><\/video>\n\t\t\t\t<\/div>\n\t\t\t\t<\/div>\n\t\t\t\t<\/div>\n\t\t\t\t\t<\/div>\n\t\t<\/div>\n\t\t\t\t<div class=\"elementor-column elementor-col-33 elementor-top-column elementor-element elementor-element-32e5bb7\" data-id=\"32e5bb7\" data-element_type=\"column\">\n\t\t\t<div class=\"elementor-widget-wrap elementor-element-populated\">\n\t\t\t\t\t\t\t\t<div class=\"elementor-element elementor-element-3fcd501 elementor-widget elementor-widget-heading\" data-id=\"3fcd501\" data-element_type=\"widget\" data-widget_type=\"heading.default\">\n\t\t\t\t<div class=\"elementor-widget-container\">\n\t\t\t<h2 class=\"elementor-heading-title elementor-size-default\"><a href=\"https:\/\/docs.google.com\/document\/d\/1jB6z5q2w-c48wyWtQjRi8mooA1Ga6vdp\/edit?usp=sharing&#038;ouid=110523032549812385089&#038;rtpof=true&#038;sd=truehttps:\/\/docs.google.com\/document\/d\/1jB6z5q2w-c48wyWtQjRi8mooA1Ga6vdp\/edit?usp=sharing&#038;ouid=110523032549812385089&#038;rtpof=true&#038;sd=true\" target=\"_blank\">Os 30 anos de funda\u00e7\u00e3o do Nescuba\/Ceam\/UnB...clique aqui <\/a><\/h2>\t\t<\/div>\n\t\t\t\t<\/div>\n\t\t\t\t\t<\/div>\n\t\t<\/div>\n\t\t\t\t<div class=\"elementor-column elementor-col-33 elementor-top-column elementor-element elementor-element-eb8ccd4\" data-id=\"eb8ccd4\" data-element_type=\"column\">\n\t\t\t<div class=\"elementor-widget-wrap elementor-element-populated\">\n\t\t\t\t\t\t\t\t<div class=\"elementor-element elementor-element-47f2b90 elementor-arrows-position-outside elementor-widget elementor-widget-image-carousel\" data-id=\"47f2b90\" data-element_type=\"widget\" data-settings=\"{&quot;slides_to_show&quot;:&quot;1&quot;,&quot;navigation&quot;:&quot;arrows&quot;,&quot;autoplay&quot;:&quot;yes&quot;,&quot;pause_on_hover&quot;:&quot;yes&quot;,&quot;pause_on_interaction&quot;:&quot;yes&quot;,&quot;autoplay_speed&quot;:5000,&quot;infinite&quot;:&quot;yes&quot;,&quot;effect&quot;:&quot;slide&quot;,&quot;speed&quot;:500}\" data-widget_type=\"image-carousel.default\">\n\t\t\t\t<div class=\"elementor-widget-container\">\n\t\t\t<style>\/*! elementor - v3.13.3 - 28-05-2023 *\/\n.elementor-widget-image-carousel .swiper,.elementor-widget-image-carousel .swiper-container{position:static}.elementor-widget-image-carousel .swiper-container .swiper-slide figure,.elementor-widget-image-carousel .swiper .swiper-slide figure{line-height:inherit}.elementor-widget-image-carousel .swiper-slide{text-align:center}.elementor-image-carousel-wrapper:not(.swiper-container-initialized):not(.swiper-initialized) .swiper-slide{max-width:calc(100% \/ var(--e-image-carousel-slides-to-show, 3))}<\/style>\t\t<div class=\"elementor-image-carousel-wrapper swiper-container\" dir=\"ltr\">\n\t\t\t<div class=\"elementor-image-carousel swiper-wrapper\">\n\t\t\t\t\t\t\t\t<div class=\"swiper-slide\"><figure class=\"swiper-slide-inner\"><img decoding=\"async\" class=\"swiper-slide-image\" src=\"https:\/\/nescuba.cdtc.unb.br\/wp-content\/uploads\/elementor\/thumbs\/IMG-20251026-WA0051-scaled-rdssrduosn5lf2yefxh0a8y84gq9l1i6egx90pv0hw.jpg\" alt=\"IMG-20251026-WA0051\" \/><\/figure><\/div><div class=\"swiper-slide\"><figure class=\"swiper-slide-inner\"><img decoding=\"async\" class=\"swiper-slide-image\" src=\"https:\/\/nescuba.cdtc.unb.br\/wp-content\/uploads\/elementor\/thumbs\/IMG-20251026-WA0059-rdsst2y74vh8dqhnj5vrabj6qid4hd8qavbt7pcf9g.jpg\" alt=\"IMG-20251026-WA0059\" \/><\/figure><\/div><div class=\"swiper-slide\"><figure class=\"swiper-slide-inner\"><img decoding=\"async\" class=\"swiper-slide-image\" src=\"https:\/\/nescuba.cdtc.unb.br\/wp-content\/uploads\/elementor\/thumbs\/IMG-20251026-WA0058-rdst1vpt41iv2bpj5gt14llixcztjd69uf6fxyar0k.jpg\" alt=\"IMG-20251026-WA0058\" \/><\/figure><\/div><div class=\"swiper-slide\"><figure class=\"swiper-slide-inner\"><img decoding=\"async\" class=\"swiper-slide-image\" src=\"https:\/\/nescuba.cdtc.unb.br\/wp-content\/uploads\/elementor\/thumbs\/IMG-20251026-WA0049-scaled-rdst2bp2c84qjp2bk5poszkd0wt267xpkm9p3nn22s.jpg\" alt=\"IMG-20251026-WA0049\" \/><\/figure><\/div><div class=\"swiper-slide\"><figure class=\"swiper-slide-inner\"><img decoding=\"async\" class=\"swiper-slide-image\" src=\"https:\/\/nescuba.cdtc.unb.br\/wp-content\/uploads\/elementor\/thumbs\/IMG-20251026-WA0048-scaled-rdst2mz4m8k6f0lxqal7mwpw5j9gql6hm63iuz6c04.jpg\" alt=\"IMG-20251026-WA0048\" \/><\/figure><\/div><div class=\"swiper-slide\"><figure class=\"swiper-slide-inner\"><img decoding=\"async\" class=\"swiper-slide-image\" src=\"https:\/\/nescuba.cdtc.unb.br\/wp-content\/uploads\/elementor\/thumbs\/IMG-20251026-WA0061-rdst3e8g4flhrpicb4de57u9dpj3xt6pdx0ls01wzo.jpg\" alt=\"IMG-20251026-WA0061\" \/><\/figure><\/div><div class=\"swiper-slide\"><figure class=\"swiper-slide-inner\"><img decoding=\"async\" class=\"swiper-slide-image\" src=\"https:\/\/nescuba.cdtc.unb.br\/wp-content\/uploads\/elementor\/thumbs\/IMG-20251026-WA0060-rdst3g44i3o2exfm056na7d6kh9ud7e626bkqjz4n8.jpg\" alt=\"IMG-20251026-WA0060\" \/><\/figure><\/div><div class=\"swiper-slide\"><figure class=\"swiper-slide-inner\"><img decoding=\"async\" class=\"swiper-slide-image\" src=\"https:\/\/nescuba.cdtc.unb.br\/wp-content\/uploads\/elementor\/thumbs\/IMG-20251026-WA0057-rdst3ktbg9ui0z8s8p7s4o6hjemofowtqtl04xs5s4.jpg\" alt=\"IMG-20251026-WA0057\" \/><\/figure><\/div><div class=\"swiper-slide\"><figure class=\"swiper-slide-inner\"><img decoding=\"async\" class=\"swiper-slide-image\" src=\"https:\/\/nescuba.cdtc.unb.br\/wp-content\/uploads\/elementor\/thumbs\/IMG-20251026-WA0052-scaled-rdst3sc0yy4sluxv0sgsoma6ahlm59qofusvz5h0ec.jpg\" alt=\"IMG-20251026-WA0052\" \/><\/figure><\/div>\t\t\t<\/div>\n\t\t\t\t\t\t\t\t\t\t\t\t\t\t\t\t<div class=\"elementor-swiper-button elementor-swiper-button-prev\" role=\"button\" tabindex=\"0\">\n\t\t\t\t\t\t<i aria-hidden=\"true\" class=\"eicon-chevron-left\"><\/i>\t\t\t\t\t\t<span class=\"elementor-screen-only\">Previous image<\/span>\n\t\t\t\t\t<\/div>\n\t\t\t\t\t<div class=\"elementor-swiper-button elementor-swiper-button-next\" role=\"button\" tabindex=\"0\">\n\t\t\t\t\t\t<i aria-hidden=\"true\" class=\"eicon-chevron-right\"><\/i>\t\t\t\t\t\t<span class=\"elementor-screen-only\">Next image<\/span>\n\t\t\t\t\t<\/div>\n\t\t\t\t\t\t\t\t\t<\/div>\n\t\t\t\t<\/div>\n\t\t\t\t<\/div>\n\t\t\t\t\t<\/div>\n\t\t<\/div>\n\t\t\t\t\t\t\t<\/div>\n\t\t<\/section>\n\t\t\t\t<section class=\"elementor-section elementor-top-section elementor-element elementor-element-8c6265d elementor-section-full_width elementor-section-height-default elementor-section-height-default\" data-id=\"8c6265d\" data-element_type=\"section\" data-settings=\"{&quot;background_background&quot;:&quot;gradient&quot;,&quot;shape_divider_top&quot;:&quot;waves&quot;}\">\n\t\t\t\t\t\t\t<div class=\"elementor-background-overlay\"><\/div>\n\t\t\t\t\t\t<div class=\"elementor-shape elementor-shape-top\" data-negative=\"false\">\n\t\t\t<svg xmlns=\"http:\/\/www.w3.org\/2000\/svg\" viewBox=\"0 0 1000 100\" preserveAspectRatio=\"none\">\n\t<path class=\"elementor-shape-fill\" d=\"M421.9,6.5c22.6-2.5,51.5,0.4,75.5,5.3c23.6,4.9,70.9,23.5,100.5,35.7c75.8,32.2,133.7,44.5,192.6,49.7\n\tc23.6,2.1,48.7,3.5,103.4-2.5c54.7-6,106.2-25.6,106.2-25.6V0H0v30.3c0,0,72,32.6,158.4,30.5c39.2-0.7,92.8-6.7,134-22.4\n\tc21.2-8.1,52.2-18.2,79.7-24.2C399.3,7.9,411.6,7.5,421.9,6.5z\"\/>\n<\/svg>\t\t<\/div>\n\t\t\t\t\t<div class=\"elementor-container elementor-column-gap-extended\">\n\t\t\t\t\t<div class=\"elementor-column elementor-col-100 elementor-top-column elementor-element elementor-element-4d8a934\" data-id=\"4d8a934\" data-element_type=\"column\">\n\t\t\t<div class=\"elementor-widget-wrap elementor-element-populated\">\n\t\t\t\t\t\t\t\t<div class=\"elementor-element elementor-element-f044f49 elementor-widget__width-initial elementor-widget elementor-widget-heading\" data-id=\"f044f49\" data-element_type=\"widget\" data-widget_type=\"heading.default\">\n\t\t\t\t<div class=\"elementor-widget-container\">\n\t\t\t<h4 class=\"elementor-heading-title elementor-size-large\">Homenagem ao companheiro Tirso S\u00e1enz<\/h4>\t\t<\/div>\n\t\t\t\t<\/div>\n\t\t\t\t\t<\/div>\n\t\t<\/div>\n\t\t\t\t\t\t\t<\/div>\n\t\t<\/section>\n\t\t\t\t<section class=\"elementor-section elementor-top-section elementor-element elementor-element-3626168 elementor-section-boxed elementor-section-height-default elementor-section-height-default\" data-id=\"3626168\" data-element_type=\"section\" data-settings=\"{&quot;background_background&quot;:&quot;gradient&quot;}\">\n\t\t\t\t\t\t<div class=\"elementor-container elementor-column-gap-default\">\n\t\t\t\t\t<div class=\"elementor-column elementor-col-25 elementor-top-column elementor-element elementor-element-abe90d0\" data-id=\"abe90d0\" data-element_type=\"column\">\n\t\t\t<div class=\"elementor-widget-wrap elementor-element-populated\">\n\t\t\t\t\t\t\t\t<div class=\"elementor-element elementor-element-b81992e elementor-widget elementor-widget-heading\" data-id=\"b81992e\" data-element_type=\"widget\" data-widget_type=\"heading.default\">\n\t\t\t\t<div class=\"elementor-widget-container\">\n\t\t\t<h2 class=\"elementor-heading-title elementor-size-default\">TIRSO PRESENTE !!<\/h2>\t\t<\/div>\n\t\t\t\t<\/div>\n\t\t\t\t<div class=\"elementor-element elementor-element-8519330 elementor-widget elementor-widget-image\" data-id=\"8519330\" data-element_type=\"widget\" data-widget_type=\"image.default\">\n\t\t\t\t<div class=\"elementor-widget-container\">\n\t\t\t\t\t\t\t\t\t\t\t\t\t\t\t<img decoding=\"async\" width=\"368\" height=\"310\" src=\"https:\/\/nescuba.cdtc.unb.br\/wp-content\/uploads\/2024\/09\/IMG-20240624-WA0027-2.jpg\" class=\"attachment-large size-large wp-image-17549\" alt=\"\" loading=\"lazy\" \/>\t\t\t\t\t\t\t\t\t\t\t\t\t\t\t<\/div>\n\t\t\t\t<\/div>\n\t\t\t\t\t<\/div>\n\t\t<\/div>\n\t\t\t\t<div class=\"elementor-column elementor-col-25 elementor-top-column elementor-element elementor-element-5b4a65d\" data-id=\"5b4a65d\" data-element_type=\"column\">\n\t\t\t<div class=\"elementor-widget-wrap elementor-element-populated\">\n\t\t\t\t\t\t\t\t<div class=\"elementor-element elementor-element-4e4bc67 elementor-widget elementor-widget-text-editor\" data-id=\"4e4bc67\" data-element_type=\"widget\" data-widget_type=\"text-editor.default\">\n\t\t\t\t<div class=\"elementor-widget-container\">\n\t\t\t\t\t\t\t<p>Com uma aula do jornalista Beto Almeida sobre diferentes aspectos da vida de Che Guevara, o Nescuba prestou homenagem ao nosso querido companheiro Tirso S\u00e1enz, que foi vice ministro do Minist\u00e9rio de Ind\u00fastria de Cuba, do qual o Comandante Che foi Ministro.<\/p><p>N\u00f3s, do Nescuba, onde foi professor, o teremos sempre presente, tamb\u00e9m como apoiador e incentivador dos diferentes eventos realizados por este N\u00facleo.<\/p>\t\t\t\t\t\t<\/div>\n\t\t\t\t<\/div>\n\t\t\t\t\t<\/div>\n\t\t<\/div>\n\t\t\t\t<div class=\"elementor-column elementor-col-25 elementor-top-column elementor-element elementor-element-eaaa9ab\" data-id=\"eaaa9ab\" data-element_type=\"column\">\n\t\t\t<div class=\"elementor-widget-wrap elementor-element-populated\">\n\t\t\t\t\t\t\t\t<div class=\"elementor-element elementor-element-5601ce8 elementor-widget elementor-widget-image\" data-id=\"5601ce8\" data-element_type=\"widget\" data-widget_type=\"image.default\">\n\t\t\t\t<div class=\"elementor-widget-container\">\n\t\t\t\t\t\t\t\t\t\t\t\t\t\t\t<img decoding=\"async\" width=\"800\" height=\"600\" src=\"https:\/\/nescuba.cdtc.unb.br\/wp-content\/uploads\/2024\/09\/IMG-20240906-WA0023-1024x768.jpg\" class=\"attachment-large size-large wp-image-17547\" alt=\"\" loading=\"lazy\" srcset=\"https:\/\/nescuba.cdtc.unb.br\/wp-content\/uploads\/2024\/09\/IMG-20240906-WA0023-1024x768.jpg 1024w, https:\/\/nescuba.cdtc.unb.br\/wp-content\/uploads\/2024\/09\/IMG-20240906-WA0023-600x450.jpg 600w, https:\/\/nescuba.cdtc.unb.br\/wp-content\/uploads\/2024\/09\/IMG-20240906-WA0023-768x576.jpg 768w, https:\/\/nescuba.cdtc.unb.br\/wp-content\/uploads\/2024\/09\/IMG-20240906-WA0023-1536x1152.jpg 1536w, https:\/\/nescuba.cdtc.unb.br\/wp-content\/uploads\/2024\/09\/IMG-20240906-WA0023.jpg 1600w\" sizes=\"(max-width: 800px) 100vw, 800px\" \/>\t\t\t\t\t\t\t\t\t\t\t\t\t\t\t<\/div>\n\t\t\t\t<\/div>\n\t\t\t\t\t<\/div>\n\t\t<\/div>\n\t\t\t\t<div class=\"elementor-column elementor-col-25 elementor-top-column elementor-element elementor-element-8896ef8\" data-id=\"8896ef8\" data-element_type=\"column\">\n\t\t\t<div class=\"elementor-widget-wrap elementor-element-populated\">\n\t\t\t\t\t\t\t\t<div class=\"elementor-element elementor-element-f2ab0db elementor-widget__width-initial elementor-widget elementor-widget-image\" data-id=\"f2ab0db\" data-element_type=\"widget\" data-widget_type=\"image.default\">\n\t\t\t\t<div class=\"elementor-widget-container\">\n\t\t\t\t\t\t\t\t\t\t\t\t\t\t\t<img decoding=\"async\" width=\"800\" height=\"600\" src=\"https:\/\/nescuba.cdtc.unb.br\/wp-content\/uploads\/2024\/09\/IMG-20240906-WA0022-1024x768.jpg\" class=\"attachment-large size-large wp-image-17548\" alt=\"\" loading=\"lazy\" srcset=\"https:\/\/nescuba.cdtc.unb.br\/wp-content\/uploads\/2024\/09\/IMG-20240906-WA0022-1024x768.jpg 1024w, https:\/\/nescuba.cdtc.unb.br\/wp-content\/uploads\/2024\/09\/IMG-20240906-WA0022-600x450.jpg 600w, https:\/\/nescuba.cdtc.unb.br\/wp-content\/uploads\/2024\/09\/IMG-20240906-WA0022-768x576.jpg 768w, https:\/\/nescuba.cdtc.unb.br\/wp-content\/uploads\/2024\/09\/IMG-20240906-WA0022-1536x1152.jpg 1536w, https:\/\/nescuba.cdtc.unb.br\/wp-content\/uploads\/2024\/09\/IMG-20240906-WA0022.jpg 1600w\" sizes=\"(max-width: 800px) 100vw, 800px\" \/>\t\t\t\t\t\t\t\t\t\t\t\t\t\t\t<\/div>\n\t\t\t\t<\/div>\n\t\t\t\t\t<\/div>\n\t\t<\/div>\n\t\t\t\t\t\t\t<\/div>\n\t\t<\/section>\n\t\t\t\t<section class=\"elementor-section elementor-top-section elementor-element elementor-element-0439b0c elementor-section-full_width elementor-section-height-default elementor-section-height-default\" data-id=\"0439b0c\" data-element_type=\"section\" data-settings=\"{&quot;background_background&quot;:&quot;gradient&quot;,&quot;shape_divider_top&quot;:&quot;waves&quot;}\">\n\t\t\t\t\t\t\t<div class=\"elementor-background-overlay\"><\/div>\n\t\t\t\t\t\t<div class=\"elementor-shape elementor-shape-top\" data-negative=\"false\">\n\t\t\t<svg xmlns=\"http:\/\/www.w3.org\/2000\/svg\" viewBox=\"0 0 1000 100\" preserveAspectRatio=\"none\">\n\t<path class=\"elementor-shape-fill\" d=\"M421.9,6.5c22.6-2.5,51.5,0.4,75.5,5.3c23.6,4.9,70.9,23.5,100.5,35.7c75.8,32.2,133.7,44.5,192.6,49.7\n\tc23.6,2.1,48.7,3.5,103.4-2.5c54.7-6,106.2-25.6,106.2-25.6V0H0v30.3c0,0,72,32.6,158.4,30.5c39.2-0.7,92.8-6.7,134-22.4\n\tc21.2-8.1,52.2-18.2,79.7-24.2C399.3,7.9,411.6,7.5,421.9,6.5z\"\/>\n<\/svg>\t\t<\/div>\n\t\t\t\t\t<div class=\"elementor-container elementor-column-gap-extended\">\n\t\t\t\t\t<div class=\"elementor-column elementor-col-100 elementor-top-column elementor-element elementor-element-1cadca3\" data-id=\"1cadca3\" data-element_type=\"column\">\n\t\t\t<div class=\"elementor-widget-wrap elementor-element-populated\">\n\t\t\t\t\t\t\t\t<div class=\"elementor-element elementor-element-41d9aeb elementor-widget__width-initial elementor-widget elementor-widget-heading\" data-id=\"41d9aeb\" data-element_type=\"widget\" data-widget_type=\"heading.default\">\n\t\t\t\t<div class=\"elementor-widget-container\">\n\t\t\t<h4 class=\"elementor-heading-title elementor-size-large\">Projeto de extens\u00e3o \u201cParticipa\u00e7\u00e3o e Saberes coletivos: interc\u00e2mbios cient\u00edficos e socioculturais entre Brasil e Cuba\u201d<\/h4>\t\t<\/div>\n\t\t\t\t<\/div>\n\t\t\t\t\t<\/div>\n\t\t<\/div>\n\t\t\t\t\t\t\t<\/div>\n\t\t<\/section>\n\t\t\t\t<section class=\"elementor-section elementor-top-section elementor-element elementor-element-6679ca9 elementor-section-boxed elementor-section-height-default elementor-section-height-default\" data-id=\"6679ca9\" data-element_type=\"section\" data-settings=\"{&quot;background_background&quot;:&quot;gradient&quot;}\">\n\t\t\t\t\t\t<div class=\"elementor-container elementor-column-gap-default\">\n\t\t\t\t\t<div class=\"elementor-column elementor-col-100 elementor-top-column elementor-element elementor-element-99f2767\" data-id=\"99f2767\" data-element_type=\"column\" data-settings=\"{&quot;background_background&quot;:&quot;gradient&quot;}\">\n\t\t\t<div class=\"elementor-widget-wrap elementor-element-populated\">\n\t\t\t\t\t\t\t\t<div class=\"elementor-element elementor-element-845a717 elementor-widget elementor-widget-heading\" data-id=\"845a717\" data-element_type=\"widget\" data-widget_type=\"heading.default\">\n\t\t\t\t<div class=\"elementor-widget-container\">\n\t\t\t<h2 class=\"elementor-heading-title elementor-size-default\"><a href=\"https:\/\/docs.google.com\/document\/d\/1VBZLvj__bAwnw_8v2VuDDHNlO34T1ayR\/edit?usp=drive_link&#038;ouid=110523032549812385089&#038;rtpof=true&#038;sd=true\" target=\"_blank\">O projeto de extens\u00e3o \u201cParticipa\u00e7\u00e3o e Saberes coletivos: interc\u00e2mbios cient\u00edficos e socioculturais entre Brasil e Cuba\u201d, apresentado e aprovado em 2022 pelo Decanato de Extens\u00e3o - DEX, Edital Pibex da UnB, realiza interc\u00e2mbios de saberes cient\u00edficos e populares e trabalho coletivo com a participa\u00e7\u00e3o da comunidade, incluindo a participa\u00e7\u00e3o de grupos do Brasil e de Cuba e a troca de saberes entre profissionais, estudantes e comunidade.\u00a0 Ver projeto detalhado (link que remete ao projeto)<\/a><\/h2>\t\t<\/div>\n\t\t\t\t<\/div>\n\t\t\t\t\t<\/div>\n\t\t<\/div>\n\t\t\t\t\t\t\t<\/div>\n\t\t<\/section>\n\t\t\t\t<section class=\"elementor-section elementor-top-section elementor-element elementor-element-e9ab763 elementor-section-full_width elementor-section-height-default elementor-section-height-default\" data-id=\"e9ab763\" data-element_type=\"section\" data-settings=\"{&quot;background_background&quot;:&quot;gradient&quot;,&quot;shape_divider_top&quot;:&quot;waves&quot;}\">\n\t\t\t\t\t\t\t<div class=\"elementor-background-overlay\"><\/div>\n\t\t\t\t\t\t<div class=\"elementor-shape elementor-shape-top\" data-negative=\"false\">\n\t\t\t<svg xmlns=\"http:\/\/www.w3.org\/2000\/svg\" viewBox=\"0 0 1000 100\" preserveAspectRatio=\"none\">\n\t<path class=\"elementor-shape-fill\" d=\"M421.9,6.5c22.6-2.5,51.5,0.4,75.5,5.3c23.6,4.9,70.9,23.5,100.5,35.7c75.8,32.2,133.7,44.5,192.6,49.7\n\tc23.6,2.1,48.7,3.5,103.4-2.5c54.7-6,106.2-25.6,106.2-25.6V0H0v30.3c0,0,72,32.6,158.4,30.5c39.2-0.7,92.8-6.7,134-22.4\n\tc21.2-8.1,52.2-18.2,79.7-24.2C399.3,7.9,411.6,7.5,421.9,6.5z\"\/>\n<\/svg>\t\t<\/div>\n\t\t\t\t\t<div class=\"elementor-container elementor-column-gap-extended\">\n\t\t\t\t\t<div class=\"elementor-column elementor-col-100 elementor-top-column elementor-element elementor-element-19a93f1\" data-id=\"19a93f1\" data-element_type=\"column\">\n\t\t\t<div class=\"elementor-widget-wrap elementor-element-populated\">\n\t\t\t\t\t\t\t\t<div class=\"elementor-element elementor-element-e7368aa elementor-widget__width-initial elementor-widget elementor-widget-heading\" data-id=\"e7368aa\" data-element_type=\"widget\" data-widget_type=\"heading.default\">\n\t\t\t\t<div class=\"elementor-widget-container\">\n\t\t\t<h4 class=\"elementor-heading-title elementor-size-large\">Atividade de interc\u00e2mbio cient\u00edfico<\/h4>\t\t<\/div>\n\t\t\t\t<\/div>\n\t\t\t\t\t<\/div>\n\t\t<\/div>\n\t\t\t\t\t\t\t<\/div>\n\t\t<\/section>\n\t\t\t\t<section class=\"elementor-section elementor-top-section elementor-element elementor-element-491ef8e elementor-section-height-min-height elementor-section-content-top elementor-section-boxed elementor-section-height-default elementor-section-items-middle\" data-id=\"491ef8e\" data-element_type=\"section\" data-settings=\"{&quot;background_background&quot;:&quot;gradient&quot;}\">\n\t\t\t\t\t\t<div class=\"elementor-container elementor-column-gap-default\">\n\t\t\t\t\t<div class=\"elementor-column elementor-col-100 elementor-top-column elementor-element elementor-element-103a8b3\" data-id=\"103a8b3\" data-element_type=\"column\">\n\t\t\t<div class=\"elementor-widget-wrap elementor-element-populated\">\n\t\t\t\t\t\t\t\t<section class=\"elementor-section elementor-inner-section elementor-element elementor-element-dc3dd3c elementor-section-boxed elementor-section-height-default elementor-section-height-default\" data-id=\"dc3dd3c\" data-element_type=\"section\" data-settings=\"{&quot;background_background&quot;:&quot;gradient&quot;}\">\n\t\t\t\t\t\t<div class=\"elementor-container elementor-column-gap-default\">\n\t\t\t\t\t<div class=\"elementor-column elementor-col-33 elementor-inner-column elementor-element elementor-element-7ac66df\" data-id=\"7ac66df\" data-element_type=\"column\" data-settings=\"{&quot;background_background&quot;:&quot;gradient&quot;}\">\n\t\t\t<div class=\"elementor-widget-wrap elementor-element-populated\">\n\t\t\t\t\t\t\t\t<div class=\"elementor-element elementor-element-c42bb70 elementor-widget__width-inherit elementor-widget elementor-widget-text-editor\" data-id=\"c42bb70\" data-element_type=\"widget\" data-widget_type=\"text-editor.default\">\n\t\t\t\t<div class=\"elementor-widget-container\">\n\t\t\t\t\t\t\t<p><strong>\u201cMem\u00f3ria e Hist\u00f3ria da Educa\u00e7\u00e3o de Jovens, Adultos e Trabalhadores Idosos \u2013 Pegadas de Paulo Freire\u201d<\/strong><\/p><p><strong>Como parte do projeto de pesquisa \u201cMem\u00f3ria e Hist\u00f3ria da Educa\u00e7\u00e3o de Jovens, Adultos e Trabalhadores Idosos \u2013 Pegadas de Paulo Freire\u201d, aprovado nos primeiros meses de 2023, as estudantes universit\u00e1rias Anabel Antu\u00f1a e Kamilla Torres, de Cuba e do Brasil, respectivamente, participam de um programa de interc\u00e2mbio com o objetivo de forma\u00e7\u00e3o permanente em rede de pessoas e coletivos que atuam nos diversos movimentos sociais, gerando pr\u00e1ticas emancipat\u00f3rias de produ\u00e7\u00e3o de conhecimento. <br \/><\/strong><strong>Um dos objetivos mais importantes \u00e9 \u201cConstruir uma pr\u00e1xis transformadora por meio de educa\u00e7\u00e3o popular e dos pensamentos libert\u00e1rios de Jos\u00e9 Mart\u00ed (s\u00e9culo XIX) e Paulo Freire (s\u00e9culo XX). <br \/><\/strong><strong>As estudantes cubana e brasileira, encontram-se em pleno interc\u00e2mbio em Planaltina\/DF\/Brasil e Havana\/Cuba, entre os meses de outubro\u00a0 e novembro, de acordo com o plano de trabalho elaborado coletivamente, \u00a0integrado por representantes do Nescuba\/Ceam\/UnB, da FUP (campus universit\u00e1rio da UnB em Planaltina\/DF) e do Centro Memorial Mart\u00edn Luther King -CMLK, em Habana, Cuba.<\/strong><\/p>\t\t\t\t\t\t<\/div>\n\t\t\t\t<\/div>\n\t\t\t\t<div class=\"elementor-element elementor-element-9ef0edc elementor-widget elementor-widget-heading\" data-id=\"9ef0edc\" data-element_type=\"widget\" data-widget_type=\"heading.default\">\n\t\t\t\t<div class=\"elementor-widget-container\">\n\t\t\t<h2 class=\"elementor-heading-title elementor-size-default\"><a href=\"https:\/\/drive.google.com\/file\/d\/1L4Rt9noQ517CD7XJHUNztP-yzvcUnr9O\/view?usp=sharing\" target=\"_blank\">T\u00cdTULO DO PROJETO: Mem\u00f3ria e Hist\u00f3ria da Educa\u00e7\u00e3o de Jovens, Adultos e Idosos\nTrabalhadores \u2013 Pegadas de Paulo Freire...clique aqu\u00ed<\/a><\/h2>\t\t<\/div>\n\t\t\t\t<\/div>\n\t\t\t\t<div class=\"elementor-element elementor-element-bc2d5c4 elementor-widget elementor-widget-video\" data-id=\"bc2d5c4\" data-element_type=\"widget\" data-settings=\"{&quot;youtube_url&quot;:&quot;https:\\\/\\\/youtu.be\\\/Bx7Ys8waswE&quot;,&quot;video_type&quot;:&quot;youtube&quot;,&quot;controls&quot;:&quot;yes&quot;}\" data-widget_type=\"video.default\">\n\t\t\t\t<div class=\"elementor-widget-container\">\n\t\t\t\t\t<div class=\"elementor-wrapper elementor-open-inline\">\n\t\t\t<div class=\"elementor-video\"><\/div>\t\t<\/div>\n\t\t\t\t<\/div>\n\t\t\t\t<\/div>\n\t\t\t\t\t<\/div>\n\t\t<\/div>\n\t\t\t\t<div class=\"elementor-column elementor-col-33 elementor-inner-column elementor-element elementor-element-80e0394\" data-id=\"80e0394\" data-element_type=\"column\">\n\t\t\t<div class=\"elementor-widget-wrap elementor-element-populated\">\n\t\t\t\t\t\t\t\t<div class=\"elementor-element elementor-element-ec791f0 elementor-widget elementor-widget-image\" data-id=\"ec791f0\" data-element_type=\"widget\" data-widget_type=\"image.default\">\n\t\t\t\t<div class=\"elementor-widget-container\">\n\t\t\t\t\t\t\t\t\t\t\t\t\t\t\t<img decoding=\"async\" width=\"768\" height=\"576\" src=\"https:\/\/nescuba.cdtc.unb.br\/wp-content\/uploads\/2023\/10\/IMG-20231006-WA0070-768x576.jpg\" class=\"attachment-medium_large size-medium_large wp-image-9216\" alt=\"\" loading=\"lazy\" srcset=\"https:\/\/nescuba.cdtc.unb.br\/wp-content\/uploads\/2023\/10\/IMG-20231006-WA0070-768x576.jpg 768w, https:\/\/nescuba.cdtc.unb.br\/wp-content\/uploads\/2023\/10\/IMG-20231006-WA0070-300x225.jpg 300w, https:\/\/nescuba.cdtc.unb.br\/wp-content\/uploads\/2023\/10\/IMG-20231006-WA0070-1024x768.jpg 1024w, https:\/\/nescuba.cdtc.unb.br\/wp-content\/uploads\/2023\/10\/IMG-20231006-WA0070-1536x1152.jpg 1536w, https:\/\/nescuba.cdtc.unb.br\/wp-content\/uploads\/2023\/10\/IMG-20231006-WA0070.jpg 1600w\" sizes=\"(max-width: 768px) 100vw, 768px\" \/>\t\t\t\t\t\t\t\t\t\t\t\t\t\t\t<\/div>\n\t\t\t\t<\/div>\n\t\t\t\t<div class=\"elementor-element elementor-element-5b189a7 elementor-widget elementor-widget-image\" data-id=\"5b189a7\" data-element_type=\"widget\" data-widget_type=\"image.default\">\n\t\t\t\t<div class=\"elementor-widget-container\">\n\t\t\t\t\t\t\t\t\t\t\t\t\t\t\t<img decoding=\"async\" width=\"768\" height=\"576\" src=\"https:\/\/nescuba.cdtc.unb.br\/wp-content\/uploads\/2023\/11\/IMG-20231116-WA0002-768x576.jpg\" class=\"attachment-medium_large size-medium_large wp-image-10328\" alt=\"\" loading=\"lazy\" srcset=\"https:\/\/nescuba.cdtc.unb.br\/wp-content\/uploads\/2023\/11\/IMG-20231116-WA0002-768x576.jpg 768w, https:\/\/nescuba.cdtc.unb.br\/wp-content\/uploads\/2023\/11\/IMG-20231116-WA0002-300x225.jpg 300w, https:\/\/nescuba.cdtc.unb.br\/wp-content\/uploads\/2023\/11\/IMG-20231116-WA0002-1024x768.jpg 1024w, https:\/\/nescuba.cdtc.unb.br\/wp-content\/uploads\/2023\/11\/IMG-20231116-WA0002.jpg 1040w\" sizes=\"(max-width: 768px) 100vw, 768px\" \/>\t\t\t\t\t\t\t\t\t\t\t\t\t\t\t<\/div>\n\t\t\t\t<\/div>\n\t\t\t\t<div class=\"elementor-element elementor-element-26d801f elementor-widget elementor-widget-image\" data-id=\"26d801f\" data-element_type=\"widget\" data-widget_type=\"image.default\">\n\t\t\t\t<div class=\"elementor-widget-container\">\n\t\t\t\t\t\t\t\t\t\t\t\t\t\t\t<img decoding=\"async\" width=\"768\" height=\"576\" src=\"https:\/\/nescuba.cdtc.unb.br\/wp-content\/uploads\/2023\/11\/IMG-20231109-WA0025-768x576.jpg\" class=\"attachment-medium_large size-medium_large wp-image-10275\" alt=\"\" loading=\"lazy\" srcset=\"https:\/\/nescuba.cdtc.unb.br\/wp-content\/uploads\/2023\/11\/IMG-20231109-WA0025-768x576.jpg 768w, https:\/\/nescuba.cdtc.unb.br\/wp-content\/uploads\/2023\/11\/IMG-20231109-WA0025-300x225.jpg 300w, https:\/\/nescuba.cdtc.unb.br\/wp-content\/uploads\/2023\/11\/IMG-20231109-WA0025-1024x768.jpg 1024w, https:\/\/nescuba.cdtc.unb.br\/wp-content\/uploads\/2023\/11\/IMG-20231109-WA0025.jpg 1040w\" sizes=\"(max-width: 768px) 100vw, 768px\" \/>\t\t\t\t\t\t\t\t\t\t\t\t\t\t\t<\/div>\n\t\t\t\t<\/div>\n\t\t\t\t<div class=\"elementor-element elementor-element-ee08582 elementor-widget elementor-widget-heading\" data-id=\"ee08582\" data-element_type=\"widget\" data-widget_type=\"heading.default\">\n\t\t\t\t<div class=\"elementor-widget-container\">\n\t\t\t<h2 class=\"elementor-heading-title elementor-size-default\"><a href=\"https:\/\/drive.google.com\/file\/d\/1yNKJ1eR2CcFtrOTuhAoikAGtDeRHVyQA\/view?usp-drivesdk\" target=\"_blank\">Programa de Forma\u00e7\u00e3o para intercambio Brasil-Cuba ...  clique aqui<\/a><\/h2>\t\t<\/div>\n\t\t\t\t<\/div>\n\t\t\t\t\t<\/div>\n\t\t<\/div>\n\t\t\t\t<div class=\"elementor-column elementor-col-33 elementor-inner-column elementor-element elementor-element-b7dfb90\" data-id=\"b7dfb90\" data-element_type=\"column\">\n\t\t\t<div class=\"elementor-widget-wrap elementor-element-populated\">\n\t\t\t\t\t\t\t\t<div class=\"elementor-element elementor-element-5f20c9e elementor-widget elementor-widget-image\" data-id=\"5f20c9e\" data-element_type=\"widget\" data-widget_type=\"image.default\">\n\t\t\t\t<div class=\"elementor-widget-container\">\n\t\t\t\t\t\t\t\t\t\t\t\t\t\t\t<img decoding=\"async\" width=\"225\" height=\"300\" src=\"https:\/\/nescuba.cdtc.unb.br\/wp-content\/uploads\/2023\/10\/IMG-20231006-WA0069-225x300.jpg\" class=\"attachment-medium size-medium wp-image-9214\" alt=\"\" loading=\"lazy\" srcset=\"https:\/\/nescuba.cdtc.unb.br\/wp-content\/uploads\/2023\/10\/IMG-20231006-WA0069-225x300.jpg 225w, https:\/\/nescuba.cdtc.unb.br\/wp-content\/uploads\/2023\/10\/IMG-20231006-WA0069-768x1024.jpg 768w, https:\/\/nescuba.cdtc.unb.br\/wp-content\/uploads\/2023\/10\/IMG-20231006-WA0069-1152x1536.jpg 1152w, https:\/\/nescuba.cdtc.unb.br\/wp-content\/uploads\/2023\/10\/IMG-20231006-WA0069.jpg 1200w\" sizes=\"(max-width: 225px) 100vw, 225px\" \/>\t\t\t\t\t\t\t\t\t\t\t\t\t\t\t<\/div>\n\t\t\t\t<\/div>\n\t\t\t\t<div class=\"elementor-element elementor-element-5c4e0e5 elementor-widget elementor-widget-image\" data-id=\"5c4e0e5\" data-element_type=\"widget\" data-widget_type=\"image.default\">\n\t\t\t\t<div class=\"elementor-widget-container\">\n\t\t\t\t\t\t\t\t\t\t\t\t\t\t\t<img decoding=\"async\" width=\"768\" height=\"432\" src=\"https:\/\/nescuba.cdtc.unb.br\/wp-content\/uploads\/2023\/10\/IMG-20231006-WA0072-768x432.jpg\" class=\"attachment-medium_large size-medium_large wp-image-9215\" alt=\"\" loading=\"lazy\" srcset=\"https:\/\/nescuba.cdtc.unb.br\/wp-content\/uploads\/2023\/10\/IMG-20231006-WA0072-768x432.jpg 768w, https:\/\/nescuba.cdtc.unb.br\/wp-content\/uploads\/2023\/10\/IMG-20231006-WA0072-300x169.jpg 300w, https:\/\/nescuba.cdtc.unb.br\/wp-content\/uploads\/2023\/10\/IMG-20231006-WA0072-1024x576.jpg 1024w, https:\/\/nescuba.cdtc.unb.br\/wp-content\/uploads\/2023\/10\/IMG-20231006-WA0072-1536x864.jpg 1536w, https:\/\/nescuba.cdtc.unb.br\/wp-content\/uploads\/2023\/10\/IMG-20231006-WA0072.jpg 1600w\" sizes=\"(max-width: 768px) 100vw, 768px\" \/>\t\t\t\t\t\t\t\t\t\t\t\t\t\t\t<\/div>\n\t\t\t\t<\/div>\n\t\t\t\t<div class=\"elementor-element elementor-element-57f02c9 elementor-widget elementor-widget-image\" data-id=\"57f02c9\" data-element_type=\"widget\" data-widget_type=\"image.default\">\n\t\t\t\t<div class=\"elementor-widget-container\">\n\t\t\t\t\t\t\t\t\t\t\t\t\t\t\t<img decoding=\"async\" width=\"768\" height=\"576\" src=\"https:\/\/nescuba.cdtc.unb.br\/wp-content\/uploads\/2023\/11\/IMG-20231109-WA0027-768x576.jpg\" class=\"attachment-medium_large size-medium_large wp-image-10276\" alt=\"\" loading=\"lazy\" srcset=\"https:\/\/nescuba.cdtc.unb.br\/wp-content\/uploads\/2023\/11\/IMG-20231109-WA0027-768x576.jpg 768w, https:\/\/nescuba.cdtc.unb.br\/wp-content\/uploads\/2023\/11\/IMG-20231109-WA0027-300x225.jpg 300w, https:\/\/nescuba.cdtc.unb.br\/wp-content\/uploads\/2023\/11\/IMG-20231109-WA0027-1024x768.jpg 1024w, https:\/\/nescuba.cdtc.unb.br\/wp-content\/uploads\/2023\/11\/IMG-20231109-WA0027.jpg 1280w\" sizes=\"(max-width: 768px) 100vw, 768px\" \/>\t\t\t\t\t\t\t\t\t\t\t\t\t\t\t<\/div>\n\t\t\t\t<\/div>\n\t\t\t\t<div class=\"elementor-element elementor-element-85490f0 elementor-widget elementor-widget-heading\" data-id=\"85490f0\" data-element_type=\"widget\" data-widget_type=\"heading.default\">\n\t\t\t\t<div class=\"elementor-widget-container\">\n\t\t\t<h2 class=\"elementor-heading-title elementor-size-default\"><a href=\"https:\/\/drive.google.com\/file\/d\/1pj7SKhgqGZ5HOHM1AN0DICTmGeP66XZH\/view?usp-drivesdk\" target=\"_blank\">Relat\u00f3rio de Milena Pereira da Silva \/ Interc\u00e2mbio Brasil-Cuba...           clique aqui\n\n<\/a><\/h2>\t\t<\/div>\n\t\t\t\t<\/div>\n\t\t\t\t<div class=\"elementor-element elementor-element-e0a2083 elementor-widget elementor-widget-heading\" data-id=\"e0a2083\" data-element_type=\"widget\" data-widget_type=\"heading.default\">\n\t\t\t\t<div class=\"elementor-widget-container\">\n\t\t\t<h2 class=\"elementor-heading-title elementor-size-default\"><a href=\"https:\/\/drive.google.com\/file\/d\/1sRPI8OkGrLJ2q4vJFAWUpDQTcEVFvZjk\/view?usp-drivesdk\" target=\"_blank\">Relat\u00f3rio de Johansen E. Reyes Izquierdo \/                 \nInterc\u00e2mbio Brasil-Cuba...  clique aqui\n<\/a><\/h2>\t\t<\/div>\n\t\t\t\t<\/div>\n\t\t\t\t\t<\/div>\n\t\t<\/div>\n\t\t\t\t\t\t\t<\/div>\n\t\t<\/section>\n\t\t\t\t\t<\/div>\n\t\t<\/div>\n\t\t\t\t\t\t\t<\/div>\n\t\t<\/section>\n\t\t\t\t<section class=\"elementor-section elementor-top-section elementor-element elementor-element-548009a elementor-section-boxed elementor-section-height-default elementor-section-height-default\" data-id=\"548009a\" data-element_type=\"section\">\n\t\t\t\t\t\t<div class=\"elementor-container elementor-column-gap-default\">\n\t\t\t\t\t<div class=\"elementor-column elementor-col-100 elementor-top-column elementor-element elementor-element-fd36606\" data-id=\"fd36606\" data-element_type=\"column\">\n\t\t\t<div class=\"elementor-widget-wrap elementor-element-populated\">\n\t\t\t\t\t\t\t\t<section class=\"elementor-section elementor-inner-section elementor-element elementor-element-3f3a4b0 elementor-section-boxed elementor-section-height-default elementor-section-height-default\" data-id=\"3f3a4b0\" data-element_type=\"section\" data-settings=\"{&quot;background_background&quot;:&quot;gradient&quot;}\">\n\t\t\t\t\t\t<div class=\"elementor-container elementor-column-gap-default\">\n\t\t\t\t\t<div class=\"elementor-column elementor-col-33 elementor-inner-column elementor-element elementor-element-cb0b932\" data-id=\"cb0b932\" data-element_type=\"column\" data-settings=\"{&quot;background_background&quot;:&quot;gradient&quot;}\">\n\t\t\t<div class=\"elementor-widget-wrap elementor-element-populated\">\n\t\t\t\t\t\t\t\t<div class=\"elementor-element elementor-element-f3e9ffa elementor-widget elementor-widget-heading\" data-id=\"f3e9ffa\" data-element_type=\"widget\" data-widget_type=\"heading.default\">\n\t\t\t\t<div class=\"elementor-widget-container\">\n\t\t\t<h2 class=\"elementor-heading-title elementor-size-medium\">INTERCAMBIO BRASIL-CUBA...em Cuba \/ 2024<\/h2>\t\t<\/div>\n\t\t\t\t<\/div>\n\t\t\t\t<div class=\"elementor-element elementor-element-ba83b13 elementor-widget elementor-widget-image\" data-id=\"ba83b13\" data-element_type=\"widget\" data-widget_type=\"image.default\">\n\t\t\t\t<div class=\"elementor-widget-container\">\n\t\t\t\t\t\t\t\t\t\t\t\t<figure class=\"wp-caption\">\n\t\t\t\t\t\t\t\t\t\t<img decoding=\"async\" width=\"278\" height=\"181\" src=\"https:\/\/nescuba.cdtc.unb.br\/wp-content\/uploads\/2025\/01\/PauloFreire2.jpg\" class=\"attachment-large size-large wp-image-20509\" alt=\"\" loading=\"lazy\" \/>\t\t\t\t\t\t\t\t\t\t\t<figcaption class=\"widget-image-caption wp-caption-text\">Interc\u00e2mbio de aproxima\u00e7\u00f5es entre Paulo Freire e Jos\u00e9 Mart\u00ed    18\/11\/2024<\/figcaption>\n\t\t\t\t\t\t\t\t\t\t<\/figure>\n\t\t\t\t\t\t\t\t\t<\/div>\n\t\t\t\t<\/div>\n\t\t\t\t<div class=\"elementor-element elementor-element-7c6b399 elementor-widget elementor-widget-heading\" data-id=\"7c6b399\" data-element_type=\"widget\" data-widget_type=\"heading.default\">\n\t\t\t\t<div class=\"elementor-widget-container\">\n\t\t\t<h2 class=\"elementor-heading-title elementor-size-default\"><a href=\"https:\/\/docs.google.com\/document\/d\/1hk-schhOCtdJUyhJT6t4l0oZMyMTBFHF57U8LxReOKk\/edit?usp=sharing\">T\u00cdTULO DO PROJETO:   Acervo Digital Memorial Paulo Freire: trajet\u00f3ria de luta dos movimentos sociais e populares pela Educa\u00e7\u00e3o de Jovens, Adultos e Idosos trabalhadores \n ...clique aqu\u00ed...<\/a><\/h2>\t\t<\/div>\n\t\t\t\t<\/div>\n\t\t\t\t<div class=\"elementor-element elementor-element-1e4b627 elementor-widget elementor-widget-heading\" data-id=\"1e4b627\" data-element_type=\"widget\" data-widget_type=\"heading.default\">\n\t\t\t\t<div class=\"elementor-widget-container\">\n\t\t\t<h2 class=\"elementor-heading-title elementor-size-medium\"><a href=\"https:\/\/docs.google.com\/document\/d\/1PI9nTHcrNlPgyVsAMBqOZkAVaoU1-NWW\/edit?usp=sharing&#038;ouid=110523032549812385089&#038;rtpof=true&#038;sd=true\" target=\"_blank\">PROGRAMA DE ATIVIDADES EM CUBA...Clique aqu\u00ed<\/a><\/h2>\t\t<\/div>\n\t\t\t\t<\/div>\n\t\t\t\t\t<\/div>\n\t\t<\/div>\n\t\t\t\t<div class=\"elementor-column elementor-col-33 elementor-inner-column elementor-element elementor-element-917eded\" data-id=\"917eded\" data-element_type=\"column\">\n\t\t\t<div class=\"elementor-widget-wrap elementor-element-populated\">\n\t\t\t\t\t\t\t\t<div class=\"elementor-element elementor-element-378b874 elementor-widget elementor-widget-image\" data-id=\"378b874\" data-element_type=\"widget\" data-widget_type=\"image.default\">\n\t\t\t\t<div class=\"elementor-widget-container\">\n\t\t\t\t\t\t\t\t\t\t\t\t<figure class=\"wp-caption\">\n\t\t\t\t\t\t\t\t\t\t<img decoding=\"async\" width=\"800\" height=\"600\" src=\"https:\/\/nescuba.cdtc.unb.br\/wp-content\/uploads\/2024\/12\/IMG-20241221-WA0050-1024x768.jpg\" class=\"attachment-large size-large wp-image-19684\" alt=\"\" loading=\"lazy\" srcset=\"https:\/\/nescuba.cdtc.unb.br\/wp-content\/uploads\/2024\/12\/IMG-20241221-WA0050-1024x768.jpg 1024w, https:\/\/nescuba.cdtc.unb.br\/wp-content\/uploads\/2024\/12\/IMG-20241221-WA0050-600x450.jpg 600w, https:\/\/nescuba.cdtc.unb.br\/wp-content\/uploads\/2024\/12\/IMG-20241221-WA0050-768x576.jpg 768w, https:\/\/nescuba.cdtc.unb.br\/wp-content\/uploads\/2024\/12\/IMG-20241221-WA0050.jpg 1280w\" sizes=\"(max-width: 800px) 100vw, 800px\" \/>\t\t\t\t\t\t\t\t\t\t\t<figcaption class=\"widget-image-caption wp-caption-text\">Interc\u00e2mbio sobre Paulo Freire e Jos\u00e9 Mart\u00ed com estudantes do terceiro ano do curso de Biologia    26\/11\/2024<\/figcaption>\n\t\t\t\t\t\t\t\t\t\t<\/figure>\n\t\t\t\t\t\t\t\t\t<\/div>\n\t\t\t\t<\/div>\n\t\t\t\t<div class=\"elementor-element elementor-element-187e17a elementor-widget elementor-widget-image\" data-id=\"187e17a\" data-element_type=\"widget\" data-widget_type=\"image.default\">\n\t\t\t\t<div class=\"elementor-widget-container\">\n\t\t\t\t\t\t\t\t\t\t\t\t<figure class=\"wp-caption\">\n\t\t\t\t\t\t\t\t\t\t<img decoding=\"async\" width=\"768\" height=\"1024\" src=\"https:\/\/nescuba.cdtc.unb.br\/wp-content\/uploads\/2024\/12\/IMG-20241221-WA0047-768x1024.jpg\" class=\"attachment-medium_large size-medium_large wp-image-19688\" alt=\"\" loading=\"lazy\" srcset=\"https:\/\/nescuba.cdtc.unb.br\/wp-content\/uploads\/2024\/12\/IMG-20241221-WA0047-768x1024.jpg 768w, https:\/\/nescuba.cdtc.unb.br\/wp-content\/uploads\/2024\/12\/IMG-20241221-WA0047-450x600.jpg 450w, https:\/\/nescuba.cdtc.unb.br\/wp-content\/uploads\/2024\/12\/IMG-20241221-WA0047.jpg 960w\" sizes=\"(max-width: 768px) 100vw, 768px\" \/>\t\t\t\t\t\t\t\t\t\t\t<figcaption class=\"widget-image-caption wp-caption-text\">Marcha de 27 de novembro em homenagem a estudantes de medicina mortos injustamente em 1871<\/figcaption>\n\t\t\t\t\t\t\t\t\t\t<\/figure>\n\t\t\t\t\t\t\t\t\t<\/div>\n\t\t\t\t<\/div>\n\t\t\t\t\t<\/div>\n\t\t<\/div>\n\t\t\t\t<div class=\"elementor-column elementor-col-33 elementor-inner-column elementor-element elementor-element-3e1bede\" data-id=\"3e1bede\" data-element_type=\"column\">\n\t\t\t<div class=\"elementor-widget-wrap elementor-element-populated\">\n\t\t\t\t\t\t\t\t<div class=\"elementor-element elementor-element-4a897a1 elementor-widget elementor-widget-image\" data-id=\"4a897a1\" data-element_type=\"widget\" data-widget_type=\"image.default\">\n\t\t\t\t<div class=\"elementor-widget-container\">\n\t\t\t\t\t\t\t\t\t\t\t\t<figure class=\"wp-caption\">\n\t\t\t\t\t\t\t\t\t\t<img decoding=\"async\" width=\"768\" height=\"576\" src=\"https:\/\/nescuba.cdtc.unb.br\/wp-content\/uploads\/2024\/12\/IMG-20241221-WA0048-768x576.jpg\" class=\"attachment-medium_large size-medium_large wp-image-19686\" alt=\"\" loading=\"lazy\" srcset=\"https:\/\/nescuba.cdtc.unb.br\/wp-content\/uploads\/2024\/12\/IMG-20241221-WA0048-768x576.jpg 768w, https:\/\/nescuba.cdtc.unb.br\/wp-content\/uploads\/2024\/12\/IMG-20241221-WA0048-600x450.jpg 600w, https:\/\/nescuba.cdtc.unb.br\/wp-content\/uploads\/2024\/12\/IMG-20241221-WA0048-1024x768.jpg 1024w, https:\/\/nescuba.cdtc.unb.br\/wp-content\/uploads\/2024\/12\/IMG-20241221-WA0048.jpg 1280w\" sizes=\"(max-width: 768px) 100vw, 768px\" \/>\t\t\t\t\t\t\t\t\t\t\t<figcaption class=\"widget-image-caption wp-caption-text\">Visita \u00e1 Colmenita   21\/11\/2024<\/figcaption>\n\t\t\t\t\t\t\t\t\t\t<\/figure>\n\t\t\t\t\t\t\t\t\t<\/div>\n\t\t\t\t<\/div>\n\t\t\t\t<div class=\"elementor-element elementor-element-1247ba1 elementor-widget elementor-widget-image\" data-id=\"1247ba1\" data-element_type=\"widget\" data-widget_type=\"image.default\">\n\t\t\t\t<div class=\"elementor-widget-container\">\n\t\t\t\t\t\t\t\t\t\t\t\t<figure class=\"wp-caption\">\n\t\t\t\t\t\t\t\t\t\t<img decoding=\"async\" width=\"768\" height=\"576\" src=\"https:\/\/nescuba.cdtc.unb.br\/wp-content\/uploads\/2024\/12\/IMG-20241221-WA0049-768x576.jpg\" class=\"attachment-medium_large size-medium_large wp-image-19685\" alt=\"\" loading=\"lazy\" srcset=\"https:\/\/nescuba.cdtc.unb.br\/wp-content\/uploads\/2024\/12\/IMG-20241221-WA0049-768x576.jpg 768w, https:\/\/nescuba.cdtc.unb.br\/wp-content\/uploads\/2024\/12\/IMG-20241221-WA0049-600x450.jpg 600w, https:\/\/nescuba.cdtc.unb.br\/wp-content\/uploads\/2024\/12\/IMG-20241221-WA0049-1024x768.jpg 1024w, https:\/\/nescuba.cdtc.unb.br\/wp-content\/uploads\/2024\/12\/IMG-20241221-WA0049-1536x1152.jpg 1536w, https:\/\/nescuba.cdtc.unb.br\/wp-content\/uploads\/2024\/12\/IMG-20241221-WA0049.jpg 1600w\" sizes=\"(max-width: 768px) 100vw, 768px\" \/>\t\t\t\t\t\t\t\t\t\t\t<figcaption class=\"widget-image-caption wp-caption-text\">Oficina na Asocia\u00e7\u00e3o Yoruba, sobre Dereitos Humanos e Racismo   29\/11\/2024<\/figcaption>\n\t\t\t\t\t\t\t\t\t\t<\/figure>\n\t\t\t\t\t\t\t\t\t<\/div>\n\t\t\t\t<\/div>\n\t\t\t\t\t<\/div>\n\t\t<\/div>\n\t\t\t\t\t\t\t<\/div>\n\t\t<\/section>\n\t\t\t\t\t<\/div>\n\t\t<\/div>\n\t\t\t\t\t\t\t<\/div>\n\t\t<\/section>\n\t\t\t\t<section class=\"elementor-section elementor-top-section elementor-element elementor-element-0023257 elementor-section-boxed elementor-section-height-default elementor-section-height-default\" data-id=\"0023257\" data-element_type=\"section\">\n\t\t\t\t\t\t<div class=\"elementor-container elementor-column-gap-default\">\n\t\t\t\t\t<div class=\"elementor-column elementor-col-100 elementor-top-column elementor-element elementor-element-da46530\" data-id=\"da46530\" data-element_type=\"column\">\n\t\t\t<div class=\"elementor-widget-wrap elementor-element-populated\">\n\t\t\t\t\t\t\t\t<section class=\"elementor-section elementor-inner-section elementor-element elementor-element-af3e39b elementor-section-boxed elementor-section-height-default elementor-section-height-default\" data-id=\"af3e39b\" data-element_type=\"section\" data-settings=\"{&quot;background_background&quot;:&quot;gradient&quot;}\">\n\t\t\t\t\t\t<div class=\"elementor-container elementor-column-gap-default\">\n\t\t\t\t\t<div class=\"elementor-column elementor-col-33 elementor-inner-column elementor-element elementor-element-5c0b82a\" data-id=\"5c0b82a\" data-element_type=\"column\" data-settings=\"{&quot;background_background&quot;:&quot;gradient&quot;}\">\n\t\t\t<div class=\"elementor-widget-wrap elementor-element-populated\">\n\t\t\t\t\t\t\t\t<div class=\"elementor-element elementor-element-92ec7cb elementor-widget elementor-widget-heading\" data-id=\"92ec7cb\" data-element_type=\"widget\" data-widget_type=\"heading.default\">\n\t\t\t\t<div class=\"elementor-widget-container\">\n\t\t\t<h2 class=\"elementor-heading-title elementor-size-medium\"><a href=\"https:\/\/docs.google.com\/document\/d\/1oHqDVzdO973jEBOAWHRRy9bRbl6-Ompo\/edit?usp=sharing&#038;ouid=110523032549812385089&#038;rtpof=true&#038;sd=true\">INTERCAMBIO BRASIL-CUBA...em Brasil \/ 2024<\/a><\/h2>\t\t<\/div>\n\t\t\t\t<\/div>\n\t\t\t\t<div class=\"elementor-element elementor-element-8c9848f elementor-widget__width-inherit elementor-widget elementor-widget-text-editor\" data-id=\"8c9848f\" data-element_type=\"widget\" data-widget_type=\"text-editor.default\">\n\t\t\t\t<div class=\"elementor-widget-container\">\n\t\t\t\t\t\t\t<p style=\"text-align: center;\"><strong>Universidade de Bras\u00edlia \u2013 UnB<br \/><\/strong><strong>Centro de Estudos Avan\u00e7ados Multidisciplinares | CEAM<br \/><\/strong><strong>N\u00facleo de Estudos Cubanos &#8211; NESCUBA<\/strong><\/p><p style=\"text-align: center;\"><strong>6a vers\u00e3o 07 de outubro de 2024<\/strong><\/p><p style=\"text-align: left;\"><strong>INTRODU\u00c7\u00c3O<\/strong><\/p><p>O presente interc\u00e2mbio \u00e9 uma proposta elaborada pela Faculdade UnB Planaltina (FUP\/PPGMADER), N\u00facleo de Estudos Cubanos do Centro de Estudos Avan\u00e7ados Multidisciplinares (Nescuba\/CEAM\/UnB) e o Centro de Educa\u00e7\u00e3o Paulo Freire (Cepafre) em Ceil\u00e2ndia\/DF, no Brasil, em articula\u00e7\u00e3o com o projeto \u201cRinc\u00e3o do Brasil em Cuba. Memorial H\u00e9lio Dutra\u201d, o Centro de Estudos Martianos (CEM), O Centro Memorial Martin Luther King (CMLK) e a Universidad de Ciencias Pedagogicas \u201cEnrique Jos\u00e9 Varona\u201d (UCPEJV) em Cuba.<\/p><p>O interc\u00e2mbio prev\u00ea a vinda de estudante de Cuba para o Brasil e a ida de estudante do Brasil para Cuba.<\/p><p><strong> OBJETIVOS DO INTERC\u00c2MBIO<\/strong><\/p><p>1. Intercambiar experi\u00eancias vividas em trabalhos comunit\u00e1rios e em movimentos sociais no percurso da troca de saberes acerca dos pensamentos de Paulo Freire e Jos\u00e9 Mart\u00ed.<br \/>2. Iniciar a Forma\u00e7\u00e3o Permanente em rede de pessoas e coletivos que atuam em diversos movimentos sociais, produzindo pr\u00e1ticas emancipat\u00f3rias de produ\u00e7\u00e3o de conhecimento, realiza\u00e7\u00e3o de interc\u00e2mbios de experi\u00eancias e estudantes;<br \/>3. Sensibilizar e construir de uma pr\u00e1xis transformadora por meio de educa\u00e7\u00e3o popular emancipadora e dos ideais libert\u00e1rios de Jos\u00e9 Mart\u00ed (s\u00e9culo XIX) e Paulo Freire (s\u00e9culo XX).<\/p><p><strong> ESTUDANTES SELECIONADOS<\/strong><\/p><p><strong>\u00a0\u00a0\u00a0\u00a0\u00a0 Milena Pereira da Silva, Universidade de Bras\u00edlia, Brasil<\/strong><\/p><p><strong>\u00a0\u00a0\u00a0\u00a0 Johansen Emanuel Reyes Izquierdo, Cuba<\/strong><\/p>\t\t\t\t\t\t<\/div>\n\t\t\t\t<\/div>\n\t\t\t\t<div class=\"elementor-element elementor-element-55c3a64 elementor-widget elementor-widget-heading\" data-id=\"55c3a64\" data-element_type=\"widget\" data-widget_type=\"heading.default\">\n\t\t\t\t<div class=\"elementor-widget-container\">\n\t\t\t<h2 class=\"elementor-heading-title elementor-size-medium\"><a href=\"https:\/\/docs.google.com\/document\/d\/1FDh3Qt7N7KEvXoRRmdw4E_nqGRHOnTfD\/edit?usp=sharing&#038;ouid=110523032549812385089&#038;rtpof=true&#038;sd=true\" target=\"_blank\">PROGRAMA DE ATIVIDADES EM BRASIL...Clique aqu\u00ed<\/a><\/h2>\t\t<\/div>\n\t\t\t\t<\/div>\n\t\t\t\t\t<\/div>\n\t\t<\/div>\n\t\t\t\t<div class=\"elementor-column elementor-col-33 elementor-inner-column elementor-element elementor-element-21037c5\" data-id=\"21037c5\" data-element_type=\"column\">\n\t\t\t<div class=\"elementor-widget-wrap elementor-element-populated\">\n\t\t\t\t\t\t\t\t<div class=\"elementor-element elementor-element-e79778e elementor-widget elementor-widget-image\" data-id=\"e79778e\" data-element_type=\"widget\" data-widget_type=\"image.default\">\n\t\t\t\t<div class=\"elementor-widget-container\">\n\t\t\t\t\t\t\t\t\t\t\t\t\t\t\t<img decoding=\"async\" width=\"768\" height=\"432\" src=\"https:\/\/nescuba.cdtc.unb.br\/wp-content\/uploads\/2024\/10\/IMG-20241012-WA0013-768x432.jpg\" class=\"attachment-medium_large size-medium_large wp-image-18183\" alt=\"\" loading=\"lazy\" srcset=\"https:\/\/nescuba.cdtc.unb.br\/wp-content\/uploads\/2024\/10\/IMG-20241012-WA0013-768x432.jpg 768w, https:\/\/nescuba.cdtc.unb.br\/wp-content\/uploads\/2024\/10\/IMG-20241012-WA0013-600x337.jpg 600w, https:\/\/nescuba.cdtc.unb.br\/wp-content\/uploads\/2024\/10\/IMG-20241012-WA0013-1024x576.jpg 1024w, https:\/\/nescuba.cdtc.unb.br\/wp-content\/uploads\/2024\/10\/IMG-20241012-WA0013-1536x864.jpg 1536w, https:\/\/nescuba.cdtc.unb.br\/wp-content\/uploads\/2024\/10\/IMG-20241012-WA0013.jpg 1599w\" sizes=\"(max-width: 768px) 100vw, 768px\" \/>\t\t\t\t\t\t\t\t\t\t\t\t\t\t\t<\/div>\n\t\t\t\t<\/div>\n\t\t\t\t<div class=\"elementor-element elementor-element-8980916 elementor-widget elementor-widget-heading\" data-id=\"8980916\" data-element_type=\"widget\" data-widget_type=\"heading.default\">\n\t\t\t\t<div class=\"elementor-widget-container\">\n\t\t\t<h2 class=\"elementor-heading-title elementor-size-default\">Centro de ensino m\u00e9dio 02 de Ceil\u00e2ndia<\/h2>\t\t<\/div>\n\t\t\t\t<\/div>\n\t\t\t\t<div class=\"elementor-element elementor-element-13ee413 elementor-widget elementor-widget-image\" data-id=\"13ee413\" data-element_type=\"widget\" data-widget_type=\"image.default\">\n\t\t\t\t<div class=\"elementor-widget-container\">\n\t\t\t\t\t\t\t\t\t\t\t\t\t\t\t<img decoding=\"async\" width=\"768\" height=\"576\" src=\"https:\/\/nescuba.cdtc.unb.br\/wp-content\/uploads\/2024\/10\/IMG-20241012-WA0011-768x576.jpg\" class=\"attachment-medium_large size-medium_large wp-image-18184\" alt=\"\" loading=\"lazy\" srcset=\"https:\/\/nescuba.cdtc.unb.br\/wp-content\/uploads\/2024\/10\/IMG-20241012-WA0011-768x576.jpg 768w, https:\/\/nescuba.cdtc.unb.br\/wp-content\/uploads\/2024\/10\/IMG-20241012-WA0011-600x450.jpg 600w, https:\/\/nescuba.cdtc.unb.br\/wp-content\/uploads\/2024\/10\/IMG-20241012-WA0011-1024x768.jpg 1024w, https:\/\/nescuba.cdtc.unb.br\/wp-content\/uploads\/2024\/10\/IMG-20241012-WA0011.jpg 1280w\" sizes=\"(max-width: 768px) 100vw, 768px\" \/>\t\t\t\t\t\t\t\t\t\t\t\t\t\t\t<\/div>\n\t\t\t\t<\/div>\n\t\t\t\t<div class=\"elementor-element elementor-element-dbef2c9 elementor-widget elementor-widget-heading\" data-id=\"dbef2c9\" data-element_type=\"widget\" data-widget_type=\"heading.default\">\n\t\t\t\t<div class=\"elementor-widget-container\">\n\t\t\t<h2 class=\"elementor-heading-title elementor-size-default\">Na livraria da UnB<\/h2>\t\t<\/div>\n\t\t\t\t<\/div>\n\t\t\t\t<div class=\"elementor-element elementor-element-62503b3 elementor-widget elementor-widget-image\" data-id=\"62503b3\" data-element_type=\"widget\" data-widget_type=\"image.default\">\n\t\t\t\t<div class=\"elementor-widget-container\">\n\t\t\t\t\t\t\t\t\t\t\t\t\t\t\t<img decoding=\"async\" width=\"768\" height=\"576\" src=\"https:\/\/nescuba.cdtc.unb.br\/wp-content\/uploads\/2024\/10\/IMG-20241012-WA0014-768x576.jpg\" class=\"attachment-medium_large size-medium_large wp-image-18185\" alt=\"\" loading=\"lazy\" srcset=\"https:\/\/nescuba.cdtc.unb.br\/wp-content\/uploads\/2024\/10\/IMG-20241012-WA0014-768x576.jpg 768w, https:\/\/nescuba.cdtc.unb.br\/wp-content\/uploads\/2024\/10\/IMG-20241012-WA0014-600x450.jpg 600w, https:\/\/nescuba.cdtc.unb.br\/wp-content\/uploads\/2024\/10\/IMG-20241012-WA0014-1024x768.jpg 1024w, https:\/\/nescuba.cdtc.unb.br\/wp-content\/uploads\/2024\/10\/IMG-20241012-WA0014-1536x1152.jpg 1536w, https:\/\/nescuba.cdtc.unb.br\/wp-content\/uploads\/2024\/10\/IMG-20241012-WA0014.jpg 1600w\" sizes=\"(max-width: 768px) 100vw, 768px\" \/>\t\t\t\t\t\t\t\t\t\t\t\t\t\t\t<\/div>\n\t\t\t\t<\/div>\n\t\t\t\t<div class=\"elementor-element elementor-element-b337f74 elementor-widget elementor-widget-heading\" data-id=\"b337f74\" data-element_type=\"widget\" data-widget_type=\"heading.default\">\n\t\t\t\t<div class=\"elementor-widget-container\">\n\t\t\t<h2 class=\"elementor-heading-title elementor-size-default\">Milena y Johansen conhecendo a hist\u00f3ria da UnB<\/h2>\t\t<\/div>\n\t\t\t\t<\/div>\n\t\t\t\t\t<\/div>\n\t\t<\/div>\n\t\t\t\t<div class=\"elementor-column elementor-col-33 elementor-inner-column elementor-element elementor-element-e8978db\" data-id=\"e8978db\" data-element_type=\"column\">\n\t\t\t<div class=\"elementor-widget-wrap elementor-element-populated\">\n\t\t\t\t\t\t\t\t<div class=\"elementor-element elementor-element-df2e9dd elementor-widget elementor-widget-image\" data-id=\"df2e9dd\" data-element_type=\"widget\" data-widget_type=\"image.default\">\n\t\t\t\t<div class=\"elementor-widget-container\">\n\t\t\t\t\t\t\t\t\t\t\t\t\t\t\t<img decoding=\"async\" width=\"768\" height=\"432\" src=\"https:\/\/nescuba.cdtc.unb.br\/wp-content\/uploads\/2024\/10\/IMG-20241012-WA0010-768x432.jpg\" class=\"attachment-medium_large size-medium_large wp-image-18187\" alt=\"\" loading=\"lazy\" srcset=\"https:\/\/nescuba.cdtc.unb.br\/wp-content\/uploads\/2024\/10\/IMG-20241012-WA0010-768x432.jpg 768w, https:\/\/nescuba.cdtc.unb.br\/wp-content\/uploads\/2024\/10\/IMG-20241012-WA0010-600x338.jpg 600w, https:\/\/nescuba.cdtc.unb.br\/wp-content\/uploads\/2024\/10\/IMG-20241012-WA0010-1024x576.jpg 1024w, https:\/\/nescuba.cdtc.unb.br\/wp-content\/uploads\/2024\/10\/IMG-20241012-WA0010.jpg 1280w\" sizes=\"(max-width: 768px) 100vw, 768px\" \/>\t\t\t\t\t\t\t\t\t\t\t\t\t\t\t<\/div>\n\t\t\t\t<\/div>\n\t\t\t\t<div class=\"elementor-element elementor-element-8ffef98 elementor-widget elementor-widget-heading\" data-id=\"8ffef98\" data-element_type=\"widget\" data-widget_type=\"heading.default\">\n\t\t\t\t<div class=\"elementor-widget-container\">\n\t\t\t<h2 class=\"elementor-heading-title elementor-size-default\">Casa del Cantador<\/h2>\t\t<\/div>\n\t\t\t\t<\/div>\n\t\t\t\t<div class=\"elementor-element elementor-element-e332cc7 elementor-widget elementor-widget-image\" data-id=\"e332cc7\" data-element_type=\"widget\" data-widget_type=\"image.default\">\n\t\t\t\t<div class=\"elementor-widget-container\">\n\t\t\t\t\t\t\t\t\t\t\t\t\t\t\t<img decoding=\"async\" width=\"768\" height=\"346\" src=\"https:\/\/nescuba.cdtc.unb.br\/wp-content\/uploads\/2024\/10\/IMG-20241012-WA0009-768x346.jpg\" class=\"attachment-medium_large size-medium_large wp-image-18188\" alt=\"\" loading=\"lazy\" srcset=\"https:\/\/nescuba.cdtc.unb.br\/wp-content\/uploads\/2024\/10\/IMG-20241012-WA0009-768x346.jpg 768w, https:\/\/nescuba.cdtc.unb.br\/wp-content\/uploads\/2024\/10\/IMG-20241012-WA0009-600x270.jpg 600w, https:\/\/nescuba.cdtc.unb.br\/wp-content\/uploads\/2024\/10\/IMG-20241012-WA0009-1024x461.jpg 1024w, https:\/\/nescuba.cdtc.unb.br\/wp-content\/uploads\/2024\/10\/IMG-20241012-WA0009-1536x691.jpg 1536w, https:\/\/nescuba.cdtc.unb.br\/wp-content\/uploads\/2024\/10\/IMG-20241012-WA0009.jpg 1600w\" sizes=\"(max-width: 768px) 100vw, 768px\" \/>\t\t\t\t\t\t\t\t\t\t\t\t\t\t\t<\/div>\n\t\t\t\t<\/div>\n\t\t\t\t<div class=\"elementor-element elementor-element-988e81e elementor-widget elementor-widget-heading\" data-id=\"988e81e\" data-element_type=\"widget\" data-widget_type=\"heading.default\">\n\t\t\t\t<div class=\"elementor-widget-container\">\n\t\t\t<h2 class=\"elementor-heading-title elementor-size-default\">Johansen na turma de Alfabetiza\u00e7\u00e3o da professora Gl\u00f3ria na Expans\u00e3o do Sector O<\/h2>\t\t<\/div>\n\t\t\t\t<\/div>\n\t\t\t\t<div class=\"elementor-element elementor-element-e5bd474 elementor-widget elementor-widget-image\" data-id=\"e5bd474\" data-element_type=\"widget\" data-widget_type=\"image.default\">\n\t\t\t\t<div class=\"elementor-widget-container\">\n\t\t\t\t\t\t\t\t\t\t\t\t\t\t\t<img decoding=\"async\" width=\"718\" height=\"1080\" src=\"https:\/\/nescuba.cdtc.unb.br\/wp-content\/uploads\/2025\/07\/IMG-20250712-WA0027-1.jpg\" class=\"attachment-medium_large size-medium_large wp-image-24078\" alt=\"\" loading=\"lazy\" srcset=\"https:\/\/nescuba.cdtc.unb.br\/wp-content\/uploads\/2025\/07\/IMG-20250712-WA0027-1.jpg 718w, https:\/\/nescuba.cdtc.unb.br\/wp-content\/uploads\/2025\/07\/IMG-20250712-WA0027-1-399x600.jpg 399w, https:\/\/nescuba.cdtc.unb.br\/wp-content\/uploads\/2025\/07\/IMG-20250712-WA0027-1-681x1024.jpg 681w\" sizes=\"(max-width: 718px) 100vw, 718px\" \/>\t\t\t\t\t\t\t\t\t\t\t\t\t\t\t<\/div>\n\t\t\t\t<\/div>\n\t\t\t\t<div class=\"elementor-element elementor-element-47c7ca9 elementor-widget elementor-widget-heading\" data-id=\"47c7ca9\" data-element_type=\"widget\" data-widget_type=\"heading.default\">\n\t\t\t\t<div class=\"elementor-widget-container\">\n\t\t\t<h2 class=\"elementor-heading-title elementor-size-default\">Johansen se formou em Hist\u00f3ria na Universidade Varona em 2025 e recebeu T\u00edtulo de Ouro, pr\u00ebmio m\u00e9riro cient\u00edfico.<\/h2>\t\t<\/div>\n\t\t\t\t<\/div>\n\t\t\t\t\t<\/div>\n\t\t<\/div>\n\t\t\t\t\t\t\t<\/div>\n\t\t<\/section>\n\t\t\t\t\t<\/div>\n\t\t<\/div>\n\t\t\t\t\t\t\t<\/div>\n\t\t<\/section>\n\t\t\t\t<section class=\"elementor-section elementor-top-section elementor-element elementor-element-1c9c519 elementor-section-boxed elementor-section-height-default elementor-section-height-default\" data-id=\"1c9c519\" data-element_type=\"section\">\n\t\t\t\t\t\t<div class=\"elementor-container elementor-column-gap-default\">\n\t\t\t\t\t<div class=\"elementor-column elementor-col-50 elementor-top-column elementor-element elementor-element-1163ae2\" data-id=\"1163ae2\" data-element_type=\"column\" data-settings=\"{&quot;background_background&quot;:&quot;gradient&quot;}\">\n\t\t\t<div class=\"elementor-widget-wrap elementor-element-populated\">\n\t\t\t\t\t\t\t\t<div class=\"elementor-element elementor-element-180e9b4 elementor-widget elementor-widget-text-editor\" data-id=\"180e9b4\" data-element_type=\"widget\" data-widget_type=\"text-editor.default\">\n\t\t\t\t<div class=\"elementor-widget-container\">\n\t\t\t\t\t\t\t<h6><strong>Projeto: Mem\u00f3ria e Hist\u00f3ria da Educa\u00e7\u00e3o de Jovens, Adultos e Idosos Trabalhadores \u2013 Pegadas de Paulo Freire &#8211; 2025<\/strong><\/h6><p>Foi realizada em 2025 a terceira edi\u00e7\u00e3o deste Projeto, cujo detalhamento consta de postagem neste site. No entanto vale a pena, resumidamente, informar que em 2021, como uma das a\u00e7\u00f5es que celebraram, na UnB, o Centen\u00e1rio de nascimento de Paulo Freire, Patrono da Educa\u00e7\u00e3o brasileira, \u00a0houve articula\u00e7\u00e3o de um grupo de professores de diferentes \u00e1reas da Universidade, movimentos sociais e outros, que incluiu o Nescuba, para o desenvolvimento de um interc\u00e2mbio de estudantes cubanos e brasileiros, em uma rede de institui\u00e7\u00f5es de Cuba e do Brasil, para \u00a0estudo da intersec\u00e7\u00e3o dos pensamentos libert\u00e1rios de Paulo Freire e Jos\u00e9 Mart\u00ed.<\/p><p>O projeto Pegadas de Paulo Freire \u00e9 desenvolvido em 4 (quatro) metas articuladas entre si, com suas respectivas etapas e descri\u00e7\u00e3o das atividades correspondentes, desde o mapeamento, organiza\u00e7\u00e3o e disponibilidade da produ\u00e7\u00e3o, em uma rede de pesquisadores, ensino p\u00fablico, institui\u00e7\u00f5es de pesquisa e extens\u00e3o, com o objetivo de preservar a mem\u00f3ria viva, sistematizar e produzir conhecimento sobre a educa\u00e7\u00e3o dos trabalhadores e a educa\u00e7\u00e3o popular,\u00a0\u00a0 contribuir para a luta em defesa da educa\u00e7\u00e3o como um direito humano, para a forma\u00e7\u00e3o permanente em uma rede de pessoas e coletivos que atuam em diversos movimentos sociais, produzindo pr\u00e1ticas emancipadoras de produ\u00e7\u00e3o de conhecimento (metas 1 e 2). A meta 4 \u00e9 dedicada \u00e0 constru\u00e7\u00e3o do Memorial Paulo Freire, na FUP, campus da UnB de Planaltina, sendo que o seu projeto arquitet\u00f4nico j\u00e1 foi aprovado, assim como a designa\u00e7\u00e3o do local. Neste Memorial estar\u00e1 a C\u00e1tedra Jos\u00e9 Mart\u00ed, criada em junho de 2023 nesse campus.<\/p><p>O interc\u00e2mbio Brasil\/Cuba corresponde \u00e0 meta 3, com estudantes selecionados, que passam por um per\u00edodo de forma\u00e7\u00e3o. O interc\u00e2mbio desses estudantes da Universidade de Bras\u00edlia (campus Planaltina e Ceil\u00e2ndia), em 2023 com uma estudante do Centro Martin Luther King e da Universidade de Havana, e em 2024 e em 2025, com estudantes da Universidade de Ci\u00eancias Pedag\u00f3gicas Enrique Jos\u00e9 Varona (UCPEJV). Possibilitou a cria\u00e7\u00e3o de redes, com a continuidade de atividades de iniciativa de estudantes intercambistas, apoiados por profissionais das institui\u00e7\u00f5es \u00e0s quais est\u00e3o vinculados,\u00a0 em Cuba (Centro Martin Luther King, Centro de Estudos Martianos, Departamento de Sociologia da Universidade de Havana, Centro Cultural Juan Marinello, Centro latino-americano Paulo Freire (da UCPEJV), e no Brasil (Centro de Educa\u00e7\u00e3o Paulo Freire -Ceil\u00e2ndia, FUP\/UnB, Centro Mem\u00f3ria Viva (CMV), Centro de Cultura e Desenvolvimento do Parano\u00e1 (CEDEP), Forum EJA de educa\u00e7\u00e3o de jovens e adultos,\u00a0 com perspectiva de amplia\u00e7\u00e3o dessa rede.<\/p>\t\t\t\t\t\t<\/div>\n\t\t\t\t<\/div>\n\t\t\t\t\t<\/div>\n\t\t<\/div>\n\t\t\t\t<div class=\"elementor-column elementor-col-50 elementor-top-column elementor-element elementor-element-1c62bab\" data-id=\"1c62bab\" data-element_type=\"column\" data-settings=\"{&quot;background_background&quot;:&quot;gradient&quot;}\">\n\t\t\t<div class=\"elementor-widget-wrap elementor-element-populated\">\n\t\t\t\t\t\t\t\t<div class=\"elementor-element elementor-element-3e45bd0 elementor-widget elementor-widget-heading\" data-id=\"3e45bd0\" data-element_type=\"widget\" data-widget_type=\"heading.default\">\n\t\t\t\t<div class=\"elementor-widget-container\">\n\t\t\t<h2 class=\"elementor-heading-title elementor-size-default\"><a href=\"https:\/\/cepafre.blogspot.com\/2026\/01\/avancos-e-desafios-de-um-intercambio.html\" target=\"_blank\">AVAN\u00c7OS E DESAFIOS DE UM INTERC\u00c2MBIO N\u00c3O CONVENCIONAL ENTRE BRASIL E CUBA - Rafael Litvin Villas B\u00f4as[1] <\/a><\/h2>\t\t<\/div>\n\t\t\t\t<\/div>\n\t\t\t\t<div class=\"elementor-element elementor-element-999b85e elementor-widget elementor-widget-heading\" data-id=\"999b85e\" data-element_type=\"widget\" data-widget_type=\"heading.default\">\n\t\t\t\t<div class=\"elementor-widget-container\">\n\t\t\t<h2 class=\"elementor-heading-title elementor-size-default\"><a href=\"https:\/\/drive.google.com\/file\/d\/17cOceu6ydPY6AEsx6CpA_z6BXkSewGgy\/view?usp=sharing\" target=\"_blank\">INTERCAMBIO BRASIL-CUBA...em Brasil \/ 2025 \/ Relat\u00f3rio do Interc\u00e2mbio - Jorge Antonio Ledesma Delgado<\/a><\/h2>\t\t<\/div>\n\t\t\t\t<\/div>\n\t\t\t\t<div class=\"elementor-element elementor-element-30348b5 elementor-widget elementor-widget-heading\" data-id=\"30348b5\" data-element_type=\"widget\" data-widget_type=\"heading.default\">\n\t\t\t\t<div class=\"elementor-widget-container\">\n\t\t\t<h2 class=\"elementor-heading-title elementor-size-default\"><a href=\"https:\/\/drive.google.com\/file\/d\/1AMmJ5zAcbQMSSwJBM8OHuZXKF8Ugns1h\/view?usp=sharing\">INTERCAMBIO BRASIL- CUBA...em\/Brasil \/ 2025 \/ Relat\u00f3rio do Interc\u00e2mbio -  Vitor Gabriell Cirqueira Gon\u00e7alves<\/a><\/h2>\t\t<\/div>\n\t\t\t\t<\/div>\n\t\t\t\t<div class=\"elementor-element elementor-element-6c8fcce elementor-widget elementor-widget-heading\" data-id=\"6c8fcce\" data-element_type=\"widget\" data-widget_type=\"heading.default\">\n\t\t\t\t<div class=\"elementor-widget-container\">\n\t\t\t<h2 class=\"elementor-heading-title elementor-size-default\"><a href=\"https:\/\/docs.google.com\/document\/d\/15e5ccBNH7QTZnLKdsi-aQJligg8RZEzq\/edit?usp=sharing&#038;ouid=110523032549812385089&#038;rtpof=true&#038;sd=true\" target=\"_blank\">ARTIGO JOSE MARTI Y PAULO FREIRE<\/a><\/h2>\t\t<\/div>\n\t\t\t\t<\/div>\n\t\t\t\t\t<\/div>\n\t\t<\/div>\n\t\t\t\t\t\t\t<\/div>\n\t\t<\/section>\n\t\t\t\t<section class=\"elementor-section elementor-top-section elementor-element elementor-element-636e5df elementor-section-full_width elementor-section-height-default elementor-section-height-default\" data-id=\"636e5df\" data-element_type=\"section\" data-settings=\"{&quot;background_background&quot;:&quot;gradient&quot;,&quot;shape_divider_top&quot;:&quot;waves&quot;}\">\n\t\t\t\t\t\t\t<div class=\"elementor-background-overlay\"><\/div>\n\t\t\t\t\t\t<div class=\"elementor-shape elementor-shape-top\" data-negative=\"false\">\n\t\t\t<svg xmlns=\"http:\/\/www.w3.org\/2000\/svg\" viewBox=\"0 0 1000 100\" preserveAspectRatio=\"none\">\n\t<path class=\"elementor-shape-fill\" d=\"M421.9,6.5c22.6-2.5,51.5,0.4,75.5,5.3c23.6,4.9,70.9,23.5,100.5,35.7c75.8,32.2,133.7,44.5,192.6,49.7\n\tc23.6,2.1,48.7,3.5,103.4-2.5c54.7-6,106.2-25.6,106.2-25.6V0H0v30.3c0,0,72,32.6,158.4,30.5c39.2-0.7,92.8-6.7,134-22.4\n\tc21.2-8.1,52.2-18.2,79.7-24.2C399.3,7.9,411.6,7.5,421.9,6.5z\"\/>\n<\/svg>\t\t<\/div>\n\t\t\t\t\t<div class=\"elementor-container elementor-column-gap-extended\">\n\t\t\t\t\t<div class=\"elementor-column elementor-col-100 elementor-top-column elementor-element elementor-element-5b3d7dc\" data-id=\"5b3d7dc\" data-element_type=\"column\">\n\t\t\t<div class=\"elementor-widget-wrap elementor-element-populated\">\n\t\t\t\t\t\t\t\t<div class=\"elementor-element elementor-element-f242145 elementor-widget__width-initial elementor-widget elementor-widget-heading\" data-id=\"f242145\" data-element_type=\"widget\" data-widget_type=\"heading.default\">\n\t\t\t\t<div class=\"elementor-widget-container\">\n\t\t\t<h4 class=\"elementor-heading-title elementor-size-large\">Inaugura\u00e7\u00e3o C\u00e1tedra Jos\u00e9 Mart\u00ed na FUP\/UNB - Planaltina<\/h4>\t\t<\/div>\n\t\t\t\t<\/div>\n\t\t\t\t\t<\/div>\n\t\t<\/div>\n\t\t\t\t\t\t\t<\/div>\n\t\t<\/section>\n\t\t\t\t<section class=\"elementor-section elementor-top-section elementor-element elementor-element-aceca76 elementor-section-height-min-height elementor-section-boxed elementor-section-height-default elementor-section-items-middle\" data-id=\"aceca76\" data-element_type=\"section\">\n\t\t\t\t\t\t<div class=\"elementor-container elementor-column-gap-default\">\n\t\t\t\t\t<div class=\"elementor-column elementor-col-100 elementor-top-column elementor-element elementor-element-b56d71a\" data-id=\"b56d71a\" data-element_type=\"column\">\n\t\t\t<div class=\"elementor-widget-wrap elementor-element-populated\">\n\t\t\t\t\t\t\t\t<section class=\"elementor-section elementor-inner-section elementor-element elementor-element-4d14016 elementor-section-height-min-height elementor-section-boxed elementor-section-height-default\" data-id=\"4d14016\" data-element_type=\"section\" data-settings=\"{&quot;background_background&quot;:&quot;gradient&quot;}\">\n\t\t\t\t\t\t<div class=\"elementor-container elementor-column-gap-default\">\n\t\t\t\t\t<div class=\"elementor-column elementor-col-50 elementor-inner-column elementor-element elementor-element-0524207\" data-id=\"0524207\" data-element_type=\"column\">\n\t\t\t<div class=\"elementor-widget-wrap elementor-element-populated\">\n\t\t\t\t\t\t\t\t<div class=\"elementor-element elementor-element-028bcb2 elementor-widget elementor-widget-image\" data-id=\"028bcb2\" data-element_type=\"widget\" data-widget_type=\"image.default\">\n\t\t\t\t<div class=\"elementor-widget-container\">\n\t\t\t\t\t\t\t\t\t\t\t\t\t\t\t<img decoding=\"async\" width=\"800\" height=\"600\" src=\"https:\/\/nescuba.cdtc.unb.br\/wp-content\/uploads\/2023\/12\/IMG-20231204-WA0022-1024x768.jpg\" class=\"attachment-large size-large wp-image-10752\" alt=\"\" loading=\"lazy\" srcset=\"https:\/\/nescuba.cdtc.unb.br\/wp-content\/uploads\/2023\/12\/IMG-20231204-WA0022-1024x768.jpg 1024w, https:\/\/nescuba.cdtc.unb.br\/wp-content\/uploads\/2023\/12\/IMG-20231204-WA0022-600x450.jpg 600w, https:\/\/nescuba.cdtc.unb.br\/wp-content\/uploads\/2023\/12\/IMG-20231204-WA0022-768x576.jpg 768w, https:\/\/nescuba.cdtc.unb.br\/wp-content\/uploads\/2023\/12\/IMG-20231204-WA0022-1536x1152.jpg 1536w, https:\/\/nescuba.cdtc.unb.br\/wp-content\/uploads\/2023\/12\/IMG-20231204-WA0022.jpg 1600w\" sizes=\"(max-width: 800px) 100vw, 800px\" \/>\t\t\t\t\t\t\t\t\t\t\t\t\t\t\t<\/div>\n\t\t\t\t<\/div>\n\t\t\t\t\t<\/div>\n\t\t<\/div>\n\t\t\t\t<div class=\"elementor-column elementor-col-50 elementor-inner-column elementor-element elementor-element-cdbe741\" data-id=\"cdbe741\" data-element_type=\"column\">\n\t\t\t<div class=\"elementor-widget-wrap elementor-element-populated\">\n\t\t\t\t\t\t\t\t<div class=\"elementor-element elementor-element-514156c elementor-widget elementor-widget-image\" data-id=\"514156c\" data-element_type=\"widget\" data-widget_type=\"image.default\">\n\t\t\t\t<div class=\"elementor-widget-container\">\n\t\t\t\t\t\t\t\t\t\t\t\t\t\t\t<img decoding=\"async\" width=\"800\" height=\"600\" src=\"https:\/\/nescuba.cdtc.unb.br\/wp-content\/uploads\/2023\/12\/IMG-20231204-WA0024-1024x768.jpg\" class=\"attachment-large size-large wp-image-10753\" alt=\"\" loading=\"lazy\" srcset=\"https:\/\/nescuba.cdtc.unb.br\/wp-content\/uploads\/2023\/12\/IMG-20231204-WA0024-1024x768.jpg 1024w, https:\/\/nescuba.cdtc.unb.br\/wp-content\/uploads\/2023\/12\/IMG-20231204-WA0024-600x450.jpg 600w, https:\/\/nescuba.cdtc.unb.br\/wp-content\/uploads\/2023\/12\/IMG-20231204-WA0024-768x576.jpg 768w, https:\/\/nescuba.cdtc.unb.br\/wp-content\/uploads\/2023\/12\/IMG-20231204-WA0024-1536x1152.jpg 1536w, https:\/\/nescuba.cdtc.unb.br\/wp-content\/uploads\/2023\/12\/IMG-20231204-WA0024.jpg 1600w\" sizes=\"(max-width: 800px) 100vw, 800px\" \/>\t\t\t\t\t\t\t\t\t\t\t\t\t\t\t<\/div>\n\t\t\t\t<\/div>\n\t\t\t\t\t<\/div>\n\t\t<\/div>\n\t\t\t\t\t\t\t<\/div>\n\t\t<\/section>\n\t\t\t\t<section class=\"elementor-section elementor-inner-section elementor-element elementor-element-54da7c1 elementor-section-boxed elementor-section-height-default elementor-section-height-default\" data-id=\"54da7c1\" data-element_type=\"section\" data-settings=\"{&quot;background_background&quot;:&quot;gradient&quot;}\">\n\t\t\t\t\t\t<div class=\"elementor-container elementor-column-gap-default\">\n\t\t\t\t\t<div class=\"elementor-column elementor-col-50 elementor-inner-column elementor-element elementor-element-34457cb\" data-id=\"34457cb\" data-element_type=\"column\" data-settings=\"{&quot;background_background&quot;:&quot;gradient&quot;}\">\n\t\t\t<div class=\"elementor-widget-wrap elementor-element-populated\">\n\t\t\t\t\t\t\t\t<div class=\"elementor-element elementor-element-e9c8cde elementor-widget elementor-widget-image\" data-id=\"e9c8cde\" data-element_type=\"widget\" data-widget_type=\"image.default\">\n\t\t\t\t<div class=\"elementor-widget-container\">\n\t\t\t\t\t\t\t\t\t\t\t\t\t\t\t<img decoding=\"async\" width=\"800\" height=\"450\" src=\"https:\/\/nescuba.cdtc.unb.br\/wp-content\/uploads\/2023\/09\/unb-planaltina-1024x576.png\" class=\"attachment-large size-large wp-image-8731\" alt=\"\" loading=\"lazy\" srcset=\"https:\/\/nescuba.cdtc.unb.br\/wp-content\/uploads\/2023\/09\/unb-planaltina-1024x576.png 1024w, https:\/\/nescuba.cdtc.unb.br\/wp-content\/uploads\/2023\/09\/unb-planaltina-300x169.png 300w, https:\/\/nescuba.cdtc.unb.br\/wp-content\/uploads\/2023\/09\/unb-planaltina-768x432.png 768w, https:\/\/nescuba.cdtc.unb.br\/wp-content\/uploads\/2023\/09\/unb-planaltina-1536x864.png 1536w, https:\/\/nescuba.cdtc.unb.br\/wp-content\/uploads\/2023\/09\/unb-planaltina.png 1599w\" sizes=\"(max-width: 800px) 100vw, 800px\" \/>\t\t\t\t\t\t\t\t\t\t\t\t\t\t\t<\/div>\n\t\t\t\t<\/div>\n\t\t\t\t\t<\/div>\n\t\t<\/div>\n\t\t\t\t<div class=\"elementor-column elementor-col-50 elementor-inner-column elementor-element elementor-element-93a1de8\" data-id=\"93a1de8\" data-element_type=\"column\">\n\t\t\t<div class=\"elementor-widget-wrap elementor-element-populated\">\n\t\t\t\t\t\t\t\t<div class=\"elementor-element elementor-element-b5452b6 elementor-widget elementor-widget-text-editor\" data-id=\"b5452b6\" data-element_type=\"widget\" data-widget_type=\"text-editor.default\">\n\t\t\t\t<div class=\"elementor-widget-container\">\n\t\t\t\t\t\t\t<p style=\"text-align: center;\">A Universidade de Bras\u00edlia, Campus UnB Planaltina, aprovou, em junho de 2023, no F\u00f3rum de Curso da Licenciatura em Educa\u00e7\u00e3o do Campo e em julho 2023 no Conselho da Faculdade UnB Planaltina (FUP\/UnB) a cria\u00e7\u00e3o da C\u00e1tedra Jos\u00e9 Marti, uma das atividades do Memorando de Entendimento entre a Universidade de Bras\u00edlia e o Centro de Estudos Martianos de Cuba.<\/p><p>O N\u00facleo de Estudos Cubanos (NESCUBA), N\u00facleo de Estudos Agr\u00e1rios (NEAGRI), est\u00e3o ligados ao Centro de Estudos Avan\u00e7ados Multidisciplinares (CEAM\/UnB) no campus Darcy Ribeiro e o Centro Transdisciplinar de Educa\u00e7\u00e3o do Campo (CTEC) tamb\u00e9m s\u00e3o articuladores da proposta.<\/p><p>A C\u00e1tedra ter\u00e1 como objetivo principal divulgar a mem\u00f3ria, as obras, e os ensinamentos e a pedagogia martiana, em \u00e2mbito da Universidade de Bras\u00edlia, mas tamb\u00e9m nas diferentes parcerias que a UnB tem nas cinco grandes regi\u00f5es do Pa\u00eds.<\/p><p>\u00a0\u00a0\u00a0\u00a0\u00a0\u00a0\u00a0\u00a0 Na FUP\/UnB, temos o Curso de Licenciatura em Educa\u00e7\u00e3o do Campo, que completou 15 anos de atividades, em altern\u00e2ncia, atendendo estudantes oriundos de assentamentos, sem-terra, quilombolas, Kalunga, que se envolver\u00e3o de forma priorit\u00e1ria com as atividades da C\u00e1tedra Jos\u00e9 Marti.<\/p>\t\t\t\t\t\t<\/div>\n\t\t\t\t<\/div>\n\t\t\t\t\t<\/div>\n\t\t<\/div>\n\t\t\t\t\t\t\t<\/div>\n\t\t<\/section>\n\t\t\t\t\t<\/div>\n\t\t<\/div>\n\t\t\t\t\t\t\t<\/div>\n\t\t<\/section>\n\t\t\t\t<section class=\"elementor-section elementor-top-section elementor-element elementor-element-dacb16a elementor-section-full_width elementor-section-height-default elementor-section-height-default\" data-id=\"dacb16a\" data-element_type=\"section\" data-settings=\"{&quot;background_background&quot;:&quot;gradient&quot;,&quot;shape_divider_top&quot;:&quot;waves&quot;}\">\n\t\t\t\t\t\t\t<div class=\"elementor-background-overlay\"><\/div>\n\t\t\t\t\t\t<div class=\"elementor-shape elementor-shape-top\" data-negative=\"false\">\n\t\t\t<svg xmlns=\"http:\/\/www.w3.org\/2000\/svg\" viewBox=\"0 0 1000 100\" preserveAspectRatio=\"none\">\n\t<path class=\"elementor-shape-fill\" d=\"M421.9,6.5c22.6-2.5,51.5,0.4,75.5,5.3c23.6,4.9,70.9,23.5,100.5,35.7c75.8,32.2,133.7,44.5,192.6,49.7\n\tc23.6,2.1,48.7,3.5,103.4-2.5c54.7-6,106.2-25.6,106.2-25.6V0H0v30.3c0,0,72,32.6,158.4,30.5c39.2-0.7,92.8-6.7,134-22.4\n\tc21.2-8.1,52.2-18.2,79.7-24.2C399.3,7.9,411.6,7.5,421.9,6.5z\"\/>\n<\/svg>\t\t<\/div>\n\t\t\t\t\t<div class=\"elementor-container elementor-column-gap-extended\">\n\t\t\t\t\t<div class=\"elementor-column elementor-col-100 elementor-top-column elementor-element elementor-element-973606d\" data-id=\"973606d\" data-element_type=\"column\">\n\t\t\t<div class=\"elementor-widget-wrap elementor-element-populated\">\n\t\t\t\t\t\t\t\t<div class=\"elementor-element elementor-element-478d90a elementor-widget__width-initial elementor-widget elementor-widget-heading\" data-id=\"478d90a\" data-element_type=\"widget\" data-widget_type=\"heading.default\">\n\t\t\t\t<div class=\"elementor-widget-container\">\n\t\t\t<h4 class=\"elementor-heading-title elementor-size-large\">Coopera\u00e7\u00e3o entre universidades cubana e brasileira<\/h4>\t\t<\/div>\n\t\t\t\t<\/div>\n\t\t\t\t\t<\/div>\n\t\t<\/div>\n\t\t\t\t\t\t\t<\/div>\n\t\t<\/section>\n\t\t\t\t<section class=\"elementor-section elementor-top-section elementor-element elementor-element-5eafd7a elementor-section-boxed elementor-section-height-default elementor-section-height-default\" data-id=\"5eafd7a\" data-element_type=\"section\" data-settings=\"{&quot;background_background&quot;:&quot;gradient&quot;}\">\n\t\t\t\t\t\t<div class=\"elementor-container elementor-column-gap-default\">\n\t\t\t\t\t<div class=\"elementor-column elementor-col-33 elementor-top-column elementor-element elementor-element-7540282\" data-id=\"7540282\" data-element_type=\"column\">\n\t\t\t<div class=\"elementor-widget-wrap elementor-element-populated\">\n\t\t\t\t\t\t\t\t<div class=\"elementor-element elementor-element-44ccd98 elementor-widget elementor-widget-text-editor\" data-id=\"44ccd98\" data-element_type=\"widget\" data-widget_type=\"text-editor.default\">\n\t\t\t\t<div class=\"elementor-widget-container\">\n\t\t\t\t\t\t\t<p style=\"text-align: center;\">A Universidade de Bras\u00edlia\/UnB\/Brasil e a Universidade Marta Abreu de Las Villas\/UCLV\/Cuba desenvolvem atividades de coopera\u00e7\u00e3o desde 2018, atrav\u00e9s de Memorando de Entendimento, \u00a0por meio do Neaz \u2013 N\u00facleo de Estudos Amaz\u00f4nicos e do Nescuba -N\u00facleo de Estudos Cubanos, ambos do Ceam \u2013 Centro de Estudos Avan\u00e7ados da UnB. Em 2018, foram publicados artigos de professores da UnB e da UCLV nos Cadernos do CEAM \u2013 Panorama da Realidade Cubana, assim como encontros no Setor de Rela\u00e7\u00f5es Internacionais da UCLV e, em 2019, antes do per\u00edodo pand\u00eamico, contamos com a participa\u00e7\u00e3o do Professor Iv\u00e1n Santos V\u00edctores em diferentes atividades na UnB, a saber: a) no evento Di\u00e1logos Regionais e Internacionais, multi, inter e transdisciplinares, do Programa de Internacionaliza\u00e7\u00e3o da UnB, promovido peo Ceam\/UnB; b) em atividades promovidas pelo Neaz e Nescuba, como debates com estudantes e professores da UnB e apresenta\u00e7\u00e3o e debate do filme Maestra, da realizadora Catherine Murphy, sobre\u00a0 a Campanha Nacional de Alfabetiza\u00e7\u00e3o em Cuba no ano de 1961; e c) no Segundo F\u00f3rum Internacional da Amaz\u00f4nia \u2013 FIA, promovido pelo Neaz.<\/p><p style=\"text-align: center;\">Um novo Memorando de Entendimento foi firmado em 6\/4\/2022 e, entre as atividades previstas no Plano de Trabalho, est\u00e3o: interc\u00e2mbios de professores e estudantes, publica\u00e7\u00e3o conjunta de artigos sobre diferentes aspectos da realidade cubana, participa\u00e7\u00e3o de professores e estudantes brasileiros no evento Universidade, realizado bianualmente em Havana\/Cuba, e de estudantes e professores cubanos em atividades desenvolvidas no Rinc\u00e3o do Brasil em Cuba. Memorial Helio Dutra, projeto de extens\u00e3o do Nescuba\/Ceam\/UnB, bem como no projeto Viv\u00eancias, desenvolvido pelo Neaz com estudantes e professores da UnB, que percorre, a cada final de ano- novembro\/dezembro, durante 15 a 20 dias, territ\u00f3rios da Amaz\u00f4nia.\u00a0\u00a0 \u00a0\u00a0\u00a0\u00a0\u00a0\u00a0\u00a0<\/p>\t\t\t\t\t\t<\/div>\n\t\t\t\t<\/div>\n\t\t\t\t\t<\/div>\n\t\t<\/div>\n\t\t\t\t<div class=\"elementor-column elementor-col-66 elementor-top-column elementor-element elementor-element-2385166\" data-id=\"2385166\" data-element_type=\"column\">\n\t\t\t<div class=\"elementor-widget-wrap elementor-element-populated\">\n\t\t\t\t\t\t\t\t<div class=\"elementor-element elementor-element-8e755d7 elementor-widget elementor-widget-image\" data-id=\"8e755d7\" data-element_type=\"widget\" data-widget_type=\"image.default\">\n\t\t\t\t<div class=\"elementor-widget-container\">\n\t\t\t\t\t\t\t\t\t\t\t\t\t\t\t<img decoding=\"async\" width=\"540\" height=\"405\" src=\"https:\/\/nescuba.cdtc.unb.br\/wp-content\/uploads\/2023\/10\/University_of_Las_Villas_admin_building.jpg\" class=\"attachment-large size-large wp-image-9391\" alt=\"\" loading=\"lazy\" srcset=\"https:\/\/nescuba.cdtc.unb.br\/wp-content\/uploads\/2023\/10\/University_of_Las_Villas_admin_building.jpg 540w, https:\/\/nescuba.cdtc.unb.br\/wp-content\/uploads\/2023\/10\/University_of_Las_Villas_admin_building-300x225.jpg 300w\" sizes=\"(max-width: 540px) 100vw, 540px\" \/>\t\t\t\t\t\t\t\t\t\t\t\t\t\t\t<\/div>\n\t\t\t\t<\/div>\n\t\t\t\t\t<\/div>\n\t\t<\/div>\n\t\t\t\t\t\t\t<\/div>\n\t\t<\/section>\n\t\t\t\t\t\t\t<\/div>\n\t\t","protected":false},"excerpt":{"rendered":"<p>Curso de M\u00f3dulo Libre &#8220;Processo s\u00f3cio-hist\u00f3rico cubano e contexto atual&#8221; C\u00f3digo: 199494 2025.2 Identifica\u00e7\u00e3o Disciplina de M\u00f3dulo Livre: \u201cProcesso s\u00f3cio-hist\u00f3rico cubano e contexto atual\u201d Professores respons\u00e1veis: Gissele Carraro \u2013 gcarraro5@gmail.com Jales Dantas da Costa \u2013 jalesdc@unb.br Maria Auxiliadora C\u00e9sar &#8211; maria.dorita51@gmail.com Rafael Villas Boas \u2013 rafaellvboas@gmail.com Monitor Respons\u00e1vel: Pablo Magno \u2013 pablomhgm@gmail.com Dia da semana: [&hellip;]<\/p>\n","protected":false},"author":2,"featured_media":0,"parent":0,"menu_order":0,"comment_status":"closed","ping_status":"closed","template":"","meta":[],"_links":{"self":[{"href":"https:\/\/nescuba.cdtc.unb.br\/index.php?rest_route=\/wp\/v2\/pages\/109"}],"collection":[{"href":"https:\/\/nescuba.cdtc.unb.br\/index.php?rest_route=\/wp\/v2\/pages"}],"about":[{"href":"https:\/\/nescuba.cdtc.unb.br\/index.php?rest_route=\/wp\/v2\/types\/page"}],"author":[{"embeddable":true,"href":"https:\/\/nescuba.cdtc.unb.br\/index.php?rest_route=\/wp\/v2\/users\/2"}],"replies":[{"embeddable":true,"href":"https:\/\/nescuba.cdtc.unb.br\/index.php?rest_route=%2Fwp%2Fv2%2Fcomments&post=109"}],"version-history":[{"count":970,"href":"https:\/\/nescuba.cdtc.unb.br\/index.php?rest_route=\/wp\/v2\/pages\/109\/revisions"}],"predecessor-version":[{"id":30555,"href":"https:\/\/nescuba.cdtc.unb.br\/index.php?rest_route=\/wp\/v2\/pages\/109\/revisions\/30555"}],"wp:attachment":[{"href":"https:\/\/nescuba.cdtc.unb.br\/index.php?rest_route=%2Fwp%2Fv2%2Fmedia&parent=109"}],"curies":[{"name":"wp","href":"https:\/\/api.w.org\/{rel}","templated":true}]}}