{"id":107,"date":"2022-03-07T16:15:18","date_gmt":"2022-03-07T19:15:18","guid":{"rendered":"https:\/\/nescuba.cdtc.unb.br\/?page_id=107"},"modified":"2026-01-21T15:04:25","modified_gmt":"2026-01-21T18:04:25","slug":"publicacoes","status":"publish","type":"page","link":"https:\/\/nescuba.cdtc.unb.br\/?page_id=107","title":{"rendered":"Publica\u00e7\u00f5es"},"content":{"rendered":"\t\t<div data-elementor-type=\"wp-page\" data-elementor-id=\"107\" class=\"elementor elementor-107\">\n\t\t\t\t\t\t\t\t\t<section class=\"elementor-section elementor-top-section elementor-element elementor-element-2bb2731 elementor-section-height-min-height elementor-section-boxed elementor-section-height-default elementor-section-items-middle\" data-id=\"2bb2731\" data-element_type=\"section\" data-settings=\"{&quot;background_background&quot;:&quot;gradient&quot;}\">\n\t\t\t\t\t\t<div class=\"elementor-container elementor-column-gap-default\">\n\t\t\t\t\t<div class=\"elementor-column elementor-col-100 elementor-top-column elementor-element elementor-element-107c987\" data-id=\"107c987\" data-element_type=\"column\" data-settings=\"{&quot;background_background&quot;:&quot;slideshow&quot;,&quot;background_slideshow_gallery&quot;:[],&quot;background_slideshow_loop&quot;:&quot;yes&quot;,&quot;background_slideshow_slide_duration&quot;:5000,&quot;background_slideshow_slide_transition&quot;:&quot;fade&quot;,&quot;background_slideshow_transition_duration&quot;:500}\">\n\t\t\t<div class=\"elementor-widget-wrap elementor-element-populated\">\n\t\t\t\t\t\t\t\t<div class=\"elementor-element elementor-element-ff0d08b elementor-widget__width-initial elementor-absolute elementor-widget elementor-widget-heading\" data-id=\"ff0d08b\" data-element_type=\"widget\" data-settings=\"{&quot;_position&quot;:&quot;absolute&quot;}\" data-widget_type=\"heading.default\">\n\t\t\t\t<div class=\"elementor-widget-container\">\n\t\t\t<style>\/*! elementor - v3.13.3 - 28-05-2023 *\/\n.elementor-heading-title{padding:0;margin:0;line-height:1}.elementor-widget-heading .elementor-heading-title[class*=elementor-size-]>a{color:inherit;font-size:inherit;line-height:inherit}.elementor-widget-heading .elementor-heading-title.elementor-size-small{font-size:15px}.elementor-widget-heading .elementor-heading-title.elementor-size-medium{font-size:19px}.elementor-widget-heading .elementor-heading-title.elementor-size-large{font-size:29px}.elementor-widget-heading .elementor-heading-title.elementor-size-xl{font-size:39px}.elementor-widget-heading .elementor-heading-title.elementor-size-xxl{font-size:59px}<\/style><h2 class=\"elementor-heading-title elementor-size-large\">Publica\u00e7\u00f5es<\/h2>\t\t<\/div>\n\t\t\t\t<\/div>\n\t\t\t\t<div class=\"elementor-element elementor-element-a855d5a elementor-widget elementor-widget-image\" data-id=\"a855d5a\" data-element_type=\"widget\" data-widget_type=\"image.default\">\n\t\t\t\t<div class=\"elementor-widget-container\">\n\t\t\t<style>\/*! elementor - v3.13.3 - 28-05-2023 *\/\n.elementor-widget-image{text-align:center}.elementor-widget-image a{display:inline-block}.elementor-widget-image a img[src$=\".svg\"]{width:48px}.elementor-widget-image img{vertical-align:middle;display:inline-block}<\/style>\t\t\t\t\t\t\t\t\t\t\t\t<img decoding=\"async\" width=\"800\" height=\"474\" src=\"https:\/\/nescuba.cdtc.unb.br\/wp-content\/uploads\/2023\/06\/libro-imagen-1024x607.jpg\" class=\"attachment-large size-large wp-image-5200\" alt=\"\" loading=\"lazy\" srcset=\"https:\/\/nescuba.cdtc.unb.br\/wp-content\/uploads\/2023\/06\/libro-imagen-1024x607.jpg 1024w, https:\/\/nescuba.cdtc.unb.br\/wp-content\/uploads\/2023\/06\/libro-imagen-300x178.jpg 300w, https:\/\/nescuba.cdtc.unb.br\/wp-content\/uploads\/2023\/06\/libro-imagen-768x455.jpg 768w, https:\/\/nescuba.cdtc.unb.br\/wp-content\/uploads\/2023\/06\/libro-imagen-1536x911.jpg 1536w, https:\/\/nescuba.cdtc.unb.br\/wp-content\/uploads\/2023\/06\/libro-imagen-2048x1214.jpg 2048w\" sizes=\"(max-width: 800px) 100vw, 800px\" \/>\t\t\t\t\t\t\t\t\t\t\t\t\t\t\t<\/div>\n\t\t\t\t<\/div>\n\t\t\t\t\t<\/div>\n\t\t<\/div>\n\t\t\t\t\t\t\t<\/div>\n\t\t<\/section>\n\t\t\t\t<section class=\"elementor-section elementor-top-section elementor-element elementor-element-1808705 elementor-section-height-min-height elementor-section-boxed elementor-section-height-default elementor-section-items-middle\" data-id=\"1808705\" data-element_type=\"section\" data-settings=\"{&quot;background_background&quot;:&quot;gradient&quot;}\">\n\t\t\t\t\t\t<div class=\"elementor-container elementor-column-gap-default\">\n\t\t\t\t\t<div class=\"elementor-column elementor-col-33 elementor-top-column elementor-element elementor-element-c732d60\" data-id=\"c732d60\" data-element_type=\"column\">\n\t\t\t<div class=\"elementor-widget-wrap elementor-element-populated\">\n\t\t\t\t\t\t\t\t<div class=\"elementor-element elementor-element-f87fce5 elementor-widget elementor-widget-image\" data-id=\"f87fce5\" data-element_type=\"widget\" data-widget_type=\"image.default\">\n\t\t\t\t<div class=\"elementor-widget-container\">\n\t\t\t\t\t\t\t\t\t\t\t\t\t\t\t\t<a href=\"https:\/\/drive.google.com\/file\/d\/1fyPgyVUTCcJYcs0rPbesl_cdH-E2Ad2b\/view?usp=sharing\" target=\"_blank\">\n\t\t\t\t\t\t\t<img decoding=\"async\" width=\"185\" height=\"272\" src=\"https:\/\/nescuba.cdtc.unb.br\/wp-content\/uploads\/2025\/01\/PauloFreire.jpg\" class=\"attachment-large size-large wp-image-20510\" alt=\"\" loading=\"lazy\" \/>\t\t\t\t\t\t\t\t<\/a>\n\t\t\t\t\t\t\t\t\t\t\t\t\t\t\t<\/div>\n\t\t\t\t<\/div>\n\t\t\t\t<div class=\"elementor-element elementor-element-b217d25 elementor-widget elementor-widget-heading\" data-id=\"b217d25\" data-element_type=\"widget\" data-widget_type=\"heading.default\">\n\t\t\t\t<div class=\"elementor-widget-container\">\n\t\t\t<h2 class=\"elementor-heading-title elementor-size-default\"><a href=\"https:\/\/drive.google.com\/file\/d\/1Pl5B0uYdDdG6KOGA3J26hFVFfWx41_k_\/view?usp=sharing\" target=\"_blank\">Vers\u00e3o em portugu\u00eas...clique aqu\u00ed<\/a><\/h2>\t\t<\/div>\n\t\t\t\t<\/div>\n\t\t\t\t\t<\/div>\n\t\t<\/div>\n\t\t\t\t<div class=\"elementor-column elementor-col-66 elementor-top-column elementor-element elementor-element-2e82385\" data-id=\"2e82385\" data-element_type=\"column\">\n\t\t\t<div class=\"elementor-widget-wrap elementor-element-populated\">\n\t\t\t\t\t\t\t\t<div class=\"elementor-element elementor-element-7accc0f elementor-widget__width-initial e-transform e-transform e-transform elementor-widget-mobile__width-initial elementor-widget elementor-widget-text-editor\" data-id=\"7accc0f\" data-element_type=\"widget\" data-settings=\"{&quot;_transform_rotateZ_effect&quot;:{&quot;unit&quot;:&quot;px&quot;,&quot;size&quot;:0,&quot;sizes&quot;:[]},&quot;_transform_scale_effect&quot;:{&quot;unit&quot;:&quot;px&quot;,&quot;size&quot;:0.8,&quot;sizes&quot;:[]},&quot;_transform_skewX_effect&quot;:{&quot;unit&quot;:&quot;px&quot;,&quot;size&quot;:0,&quot;sizes&quot;:[]},&quot;_transform_rotateZ_effect_tablet&quot;:{&quot;unit&quot;:&quot;deg&quot;,&quot;size&quot;:&quot;&quot;,&quot;sizes&quot;:[]},&quot;_transform_rotateZ_effect_mobile&quot;:{&quot;unit&quot;:&quot;deg&quot;,&quot;size&quot;:&quot;&quot;,&quot;sizes&quot;:[]},&quot;_transform_scale_effect_tablet&quot;:{&quot;unit&quot;:&quot;px&quot;,&quot;size&quot;:&quot;&quot;,&quot;sizes&quot;:[]},&quot;_transform_scale_effect_mobile&quot;:{&quot;unit&quot;:&quot;px&quot;,&quot;size&quot;:&quot;&quot;,&quot;sizes&quot;:[]},&quot;_transform_skewX_effect_tablet&quot;:{&quot;unit&quot;:&quot;deg&quot;,&quot;size&quot;:&quot;&quot;,&quot;sizes&quot;:[]},&quot;_transform_skewX_effect_mobile&quot;:{&quot;unit&quot;:&quot;deg&quot;,&quot;size&quot;:&quot;&quot;,&quot;sizes&quot;:[]},&quot;_transform_skewY_effect&quot;:{&quot;unit&quot;:&quot;px&quot;,&quot;size&quot;:&quot;&quot;,&quot;sizes&quot;:[]},&quot;_transform_skewY_effect_tablet&quot;:{&quot;unit&quot;:&quot;deg&quot;,&quot;size&quot;:&quot;&quot;,&quot;sizes&quot;:[]},&quot;_transform_skewY_effect_mobile&quot;:{&quot;unit&quot;:&quot;deg&quot;,&quot;size&quot;:&quot;&quot;,&quot;sizes&quot;:[]}}\" data-widget_type=\"text-editor.default\">\n\t\t\t\t<div class=\"elementor-widget-container\">\n\t\t\t<style>\/*! elementor - v3.13.3 - 28-05-2023 *\/\n.elementor-widget-text-editor.elementor-drop-cap-view-stacked .elementor-drop-cap{background-color:#69727d;color:#fff}.elementor-widget-text-editor.elementor-drop-cap-view-framed .elementor-drop-cap{color:#69727d;border:3px solid;background-color:transparent}.elementor-widget-text-editor:not(.elementor-drop-cap-view-default) .elementor-drop-cap{margin-top:8px}.elementor-widget-text-editor:not(.elementor-drop-cap-view-default) .elementor-drop-cap-letter{width:1em;height:1em}.elementor-widget-text-editor .elementor-drop-cap{float:left;text-align:center;line-height:1;font-size:50px}.elementor-widget-text-editor .elementor-drop-cap-letter{display:inline-block}<\/style>\t\t\t\t<h4 class=\"product-title\" style=\"text-align: left;\"><strong>Conscientizar para libertar ou a potencialidade da pr\u00e1xis da liberta\u00e7\u00e3o em Paulo Freire e Enrique Dussel<\/strong><\/h4><p>Autor: <a class=\"author\" href=\"https:\/\/repositorio.unb.br\/jspui\/browse?type=author&amp;value=Ulh%C3%B4a%2C+Maria+In%C3%AAs+Adjuto\">Ulh\u00f4a, Maria In\u00eas Adjuto<\/a><\/p><div>Sinopse: A presente tese procura contribuir teoricamente para a compreens\u00e3o da potencialidade da pr\u00e1xis da liberta\u00e7\u00e3o de que nos fala Paulo Freire, quando aponta que mulheres e homens podem mudar o mundo para melhor, para faz\u00ea-lo menos injusto, e Enrique Dussel, que nomeia uma pr\u00e1xis pol\u00edtica de liberta\u00e7\u00e3o a partir dos exclu\u00eddos para uma nova forma de conceber a vida no respeito e na justi\u00e7a \u00e0 alteridade do outro. Trata-se de uma investiga\u00e7\u00e3o de car\u00e1ter reflexivo especulativo, na qual pretendi analisar os pressupostos te\u00f3ricos-conceituais de uma pedag\u00f3gica da liberta\u00e7\u00e3o em Paulo Freire e em Enrique Dussel, compreendida como atividade intersubjetiva e dial\u00f3gica. Parto do olhar desses dois autores, que se mostraram essenciais para o conhecimento mais aprofundado da contradi\u00e7\u00e3o antag\u00f4nica opressor\/oprimido \u2013 colonizador\/colonizado para a reflex\u00e3o de um processo de transforma\u00e7\u00e3o constru\u00eddo no di\u00e1logo entre sujeitos hist\u00f3ricos, que constituem \u201ca comunidade das v\u00edtimas\u201d, dos \u201coprimidos\u201d. Constata-se uma rela\u00e7\u00e3o entre esses dois pensadores pela forma radical com que buscaram tematizar a realidade latinoamericana, a partir de conceitos que questionam a condi\u00e7\u00e3o subalterna imposta aos povos latino-americanos pelo projeto capitalista dirigido pelo pensamento euroc\u00eantrico colonizador. Esta pesquisa tem o desafio de avan\u00e7ar e de aprofundar o conhecimento sobre tal tema e dos conceitos que lhes s\u00e3o pertinentes, com o intuito de contribuir para o alcance da atualidade e da relev\u00e2ncia do processo de constru\u00e7\u00e3o do sujeito hist\u00f3rico, que, como advogam Freire e Dussel, exige o processo de conscientiza\u00e7\u00e3o que contribua para uma pr\u00e1xis pol\u00edtica de liberta\u00e7\u00e3o.<\/div>\t\t\t\t\t\t<\/div>\n\t\t\t\t<\/div>\n\t\t\t\t\t<\/div>\n\t\t<\/div>\n\t\t\t\t\t\t\t<\/div>\n\t\t<\/section>\n\t\t\t\t<section class=\"elementor-section elementor-top-section elementor-element elementor-element-0c16431 elementor-section-height-min-height elementor-section-boxed elementor-section-height-default elementor-section-items-middle\" data-id=\"0c16431\" data-element_type=\"section\" data-settings=\"{&quot;background_background&quot;:&quot;gradient&quot;}\">\n\t\t\t\t\t\t<div class=\"elementor-container elementor-column-gap-default\">\n\t\t\t\t\t<div class=\"elementor-column elementor-col-33 elementor-top-column elementor-element elementor-element-3bb059a\" data-id=\"3bb059a\" data-element_type=\"column\">\n\t\t\t<div class=\"elementor-widget-wrap elementor-element-populated\">\n\t\t\t\t\t\t\t\t<div class=\"elementor-element elementor-element-9d8c9cc elementor-widget elementor-widget-image\" data-id=\"9d8c9cc\" data-element_type=\"widget\" data-widget_type=\"image.default\">\n\t\t\t\t<div class=\"elementor-widget-container\">\n\t\t\t\t\t\t\t\t\t\t\t\t\t\t\t\t<a href=\"http:\/\/www.editorazouk.com.br\/pd-94252f-pre0venda-marx-200-anos.html\" target=\"_blank\">\n\t\t\t\t\t\t\t<img decoding=\"async\" width=\"800\" height=\"533\" src=\"https:\/\/nescuba.cdtc.unb.br\/wp-content\/uploads\/2026\/01\/libros-1024x682.jpg\" class=\"attachment-large size-large wp-image-28773\" alt=\"\" loading=\"lazy\" srcset=\"https:\/\/nescuba.cdtc.unb.br\/wp-content\/uploads\/2026\/01\/libros-1024x682.jpg 1024w, https:\/\/nescuba.cdtc.unb.br\/wp-content\/uploads\/2026\/01\/libros-600x400.jpg 600w, https:\/\/nescuba.cdtc.unb.br\/wp-content\/uploads\/2026\/01\/libros-768x512.jpg 768w, https:\/\/nescuba.cdtc.unb.br\/wp-content\/uploads\/2026\/01\/libros-1536x1023.jpg 1536w, https:\/\/nescuba.cdtc.unb.br\/wp-content\/uploads\/2026\/01\/libros.jpg 1698w\" sizes=\"(max-width: 800px) 100vw, 800px\" \/>\t\t\t\t\t\t\t\t<\/a>\n\t\t\t\t\t\t\t\t\t\t\t\t\t\t\t<\/div>\n\t\t\t\t<\/div>\n\t\t\t\t<div class=\"elementor-element elementor-element-69efd74 elementor-widget elementor-widget-heading\" data-id=\"69efd74\" data-element_type=\"widget\" data-widget_type=\"heading.default\">\n\t\t\t\t<div class=\"elementor-widget-container\">\n\t\t\t<h2 class=\"elementor-heading-title elementor-size-default\"><a href=\"https:\/\/drive.google.com\/file\/d\/1h8lR4_hSR0Z943pAxlQgye8O0SDd8SRY\/view?usp=sharing\" target=\"_blank\">Vers\u00e3o em portugu\u00eas...clique aqu\u00ed<\/a><\/h2>\t\t<\/div>\n\t\t\t\t<\/div>\n\t\t\t\t\t<\/div>\n\t\t<\/div>\n\t\t\t\t<div class=\"elementor-column elementor-col-66 elementor-top-column elementor-element elementor-element-116c107\" data-id=\"116c107\" data-element_type=\"column\">\n\t\t\t<div class=\"elementor-widget-wrap elementor-element-populated\">\n\t\t\t\t\t\t\t\t<div class=\"elementor-element elementor-element-681e1d4 elementor-widget__width-initial e-transform e-transform e-transform elementor-widget-mobile__width-initial elementor-widget elementor-widget-text-editor\" data-id=\"681e1d4\" data-element_type=\"widget\" data-settings=\"{&quot;_transform_rotateZ_effect&quot;:{&quot;unit&quot;:&quot;px&quot;,&quot;size&quot;:0,&quot;sizes&quot;:[]},&quot;_transform_scale_effect&quot;:{&quot;unit&quot;:&quot;px&quot;,&quot;size&quot;:0.8,&quot;sizes&quot;:[]},&quot;_transform_skewX_effect&quot;:{&quot;unit&quot;:&quot;px&quot;,&quot;size&quot;:0,&quot;sizes&quot;:[]},&quot;_transform_rotateZ_effect_tablet&quot;:{&quot;unit&quot;:&quot;deg&quot;,&quot;size&quot;:&quot;&quot;,&quot;sizes&quot;:[]},&quot;_transform_rotateZ_effect_mobile&quot;:{&quot;unit&quot;:&quot;deg&quot;,&quot;size&quot;:&quot;&quot;,&quot;sizes&quot;:[]},&quot;_transform_scale_effect_tablet&quot;:{&quot;unit&quot;:&quot;px&quot;,&quot;size&quot;:&quot;&quot;,&quot;sizes&quot;:[]},&quot;_transform_scale_effect_mobile&quot;:{&quot;unit&quot;:&quot;px&quot;,&quot;size&quot;:&quot;&quot;,&quot;sizes&quot;:[]},&quot;_transform_skewX_effect_tablet&quot;:{&quot;unit&quot;:&quot;deg&quot;,&quot;size&quot;:&quot;&quot;,&quot;sizes&quot;:[]},&quot;_transform_skewX_effect_mobile&quot;:{&quot;unit&quot;:&quot;deg&quot;,&quot;size&quot;:&quot;&quot;,&quot;sizes&quot;:[]},&quot;_transform_skewY_effect&quot;:{&quot;unit&quot;:&quot;px&quot;,&quot;size&quot;:&quot;&quot;,&quot;sizes&quot;:[]},&quot;_transform_skewY_effect_tablet&quot;:{&quot;unit&quot;:&quot;deg&quot;,&quot;size&quot;:&quot;&quot;,&quot;sizes&quot;:[]},&quot;_transform_skewY_effect_mobile&quot;:{&quot;unit&quot;:&quot;deg&quot;,&quot;size&quot;:&quot;&quot;,&quot;sizes&quot;:[]}}\" data-widget_type=\"text-editor.default\">\n\t\t\t\t<div class=\"elementor-widget-container\">\n\t\t\t\t\t\t\t<h3 class=\"product-title\" style=\"text-align: left;\"><strong>Acervo bibliogr\u00e1fico do Nescuba\/Ceam\/UnBC<\/strong><\/h3><div>\u00a0<\/div>\t\t\t\t\t\t<\/div>\n\t\t\t\t<\/div>\n\t\t\t\t\t<\/div>\n\t\t<\/div>\n\t\t\t\t\t\t\t<\/div>\n\t\t<\/section>\n\t\t\t\t<section class=\"elementor-section elementor-top-section elementor-element elementor-element-69ddbb3 elementor-section-height-min-height elementor-section-boxed elementor-section-height-default elementor-section-items-middle\" data-id=\"69ddbb3\" data-element_type=\"section\" data-settings=\"{&quot;background_background&quot;:&quot;gradient&quot;}\">\n\t\t\t\t\t\t<div class=\"elementor-container elementor-column-gap-default\">\n\t\t\t\t\t<div class=\"elementor-column elementor-col-33 elementor-top-column elementor-element elementor-element-60744f3\" data-id=\"60744f3\" data-element_type=\"column\">\n\t\t\t<div class=\"elementor-widget-wrap elementor-element-populated\">\n\t\t\t\t\t\t\t\t<div class=\"elementor-element elementor-element-97c12d4 elementor-widget elementor-widget-image\" data-id=\"97c12d4\" data-element_type=\"widget\" data-widget_type=\"image.default\">\n\t\t\t\t<div class=\"elementor-widget-container\">\n\t\t\t\t\t\t\t\t\t\t\t\t\t\t\t\t<a href=\"http:\/\/www.editorazouk.com.br\/pd-94252f-pre0venda-marx-200-anos.html\" target=\"_blank\">\n\t\t\t\t\t\t\t<img decoding=\"async\" width=\"203\" height=\"285\" src=\"https:\/\/nescuba.cdtc.unb.br\/wp-content\/uploads\/2023\/09\/marx-450xN.jpg\" class=\"attachment-large size-large wp-image-8312\" alt=\"\" loading=\"lazy\" \/>\t\t\t\t\t\t\t\t<\/a>\n\t\t\t\t\t\t\t\t\t\t\t\t\t\t\t<\/div>\n\t\t\t\t<\/div>\n\t\t\t\t\t<\/div>\n\t\t<\/div>\n\t\t\t\t<div class=\"elementor-column elementor-col-66 elementor-top-column elementor-element elementor-element-ed1783c\" data-id=\"ed1783c\" data-element_type=\"column\">\n\t\t\t<div class=\"elementor-widget-wrap elementor-element-populated\">\n\t\t\t\t\t\t\t\t<div class=\"elementor-element elementor-element-f5af5a2 elementor-widget__width-initial e-transform e-transform e-transform elementor-widget elementor-widget-text-editor\" data-id=\"f5af5a2\" data-element_type=\"widget\" data-settings=\"{&quot;_transform_rotateZ_effect&quot;:{&quot;unit&quot;:&quot;px&quot;,&quot;size&quot;:0,&quot;sizes&quot;:[]},&quot;_transform_scale_effect&quot;:{&quot;unit&quot;:&quot;px&quot;,&quot;size&quot;:0.8,&quot;sizes&quot;:[]},&quot;_transform_skewX_effect&quot;:{&quot;unit&quot;:&quot;px&quot;,&quot;size&quot;:0,&quot;sizes&quot;:[]},&quot;_transform_rotateZ_effect_tablet&quot;:{&quot;unit&quot;:&quot;deg&quot;,&quot;size&quot;:&quot;&quot;,&quot;sizes&quot;:[]},&quot;_transform_rotateZ_effect_mobile&quot;:{&quot;unit&quot;:&quot;deg&quot;,&quot;size&quot;:&quot;&quot;,&quot;sizes&quot;:[]},&quot;_transform_scale_effect_tablet&quot;:{&quot;unit&quot;:&quot;px&quot;,&quot;size&quot;:&quot;&quot;,&quot;sizes&quot;:[]},&quot;_transform_scale_effect_mobile&quot;:{&quot;unit&quot;:&quot;px&quot;,&quot;size&quot;:&quot;&quot;,&quot;sizes&quot;:[]},&quot;_transform_skewX_effect_tablet&quot;:{&quot;unit&quot;:&quot;deg&quot;,&quot;size&quot;:&quot;&quot;,&quot;sizes&quot;:[]},&quot;_transform_skewX_effect_mobile&quot;:{&quot;unit&quot;:&quot;deg&quot;,&quot;size&quot;:&quot;&quot;,&quot;sizes&quot;:[]},&quot;_transform_skewY_effect&quot;:{&quot;unit&quot;:&quot;px&quot;,&quot;size&quot;:&quot;&quot;,&quot;sizes&quot;:[]},&quot;_transform_skewY_effect_tablet&quot;:{&quot;unit&quot;:&quot;deg&quot;,&quot;size&quot;:&quot;&quot;,&quot;sizes&quot;:[]},&quot;_transform_skewY_effect_mobile&quot;:{&quot;unit&quot;:&quot;deg&quot;,&quot;size&quot;:&quot;&quot;,&quot;sizes&quot;:[]}}\" data-widget_type=\"text-editor.default\">\n\t\t\t\t<div class=\"elementor-widget-container\">\n\t\t\t\t\t\t\t\t\t\t\t\t\t<\/div>\n\t\t\t\t<\/div>\n\t\t\t\t<div class=\"elementor-element elementor-element-f2197bc elementor-widget__width-initial e-transform e-transform e-transform elementor-widget-mobile__width-initial elementor-widget elementor-widget-text-editor\" data-id=\"f2197bc\" data-element_type=\"widget\" data-settings=\"{&quot;_transform_rotateZ_effect&quot;:{&quot;unit&quot;:&quot;px&quot;,&quot;size&quot;:0,&quot;sizes&quot;:[]},&quot;_transform_scale_effect&quot;:{&quot;unit&quot;:&quot;px&quot;,&quot;size&quot;:0.8,&quot;sizes&quot;:[]},&quot;_transform_skewX_effect&quot;:{&quot;unit&quot;:&quot;px&quot;,&quot;size&quot;:0,&quot;sizes&quot;:[]},&quot;_transform_rotateZ_effect_tablet&quot;:{&quot;unit&quot;:&quot;deg&quot;,&quot;size&quot;:&quot;&quot;,&quot;sizes&quot;:[]},&quot;_transform_rotateZ_effect_mobile&quot;:{&quot;unit&quot;:&quot;deg&quot;,&quot;size&quot;:&quot;&quot;,&quot;sizes&quot;:[]},&quot;_transform_scale_effect_tablet&quot;:{&quot;unit&quot;:&quot;px&quot;,&quot;size&quot;:&quot;&quot;,&quot;sizes&quot;:[]},&quot;_transform_scale_effect_mobile&quot;:{&quot;unit&quot;:&quot;px&quot;,&quot;size&quot;:&quot;&quot;,&quot;sizes&quot;:[]},&quot;_transform_skewX_effect_tablet&quot;:{&quot;unit&quot;:&quot;deg&quot;,&quot;size&quot;:&quot;&quot;,&quot;sizes&quot;:[]},&quot;_transform_skewX_effect_mobile&quot;:{&quot;unit&quot;:&quot;deg&quot;,&quot;size&quot;:&quot;&quot;,&quot;sizes&quot;:[]},&quot;_transform_skewY_effect&quot;:{&quot;unit&quot;:&quot;px&quot;,&quot;size&quot;:&quot;&quot;,&quot;sizes&quot;:[]},&quot;_transform_skewY_effect_tablet&quot;:{&quot;unit&quot;:&quot;deg&quot;,&quot;size&quot;:&quot;&quot;,&quot;sizes&quot;:[]},&quot;_transform_skewY_effect_mobile&quot;:{&quot;unit&quot;:&quot;deg&quot;,&quot;size&quot;:&quot;&quot;,&quot;sizes&quot;:[]}}\" data-widget_type=\"text-editor.default\">\n\t\t\t\t<div class=\"elementor-widget-container\">\n\t\t\t\t\t\t\t<h4 class=\"product-title\" style=\"text-align: left;\"><strong>Marx 200 anos: quest\u00f5es, debates e vig\u00eancia<\/strong><\/h4><p>Organizadores:\u00a0Raphael Seabra e\u00a0Stefan Klein<\/p><div>Sinopse:\u00a0Falar de e escrever sobre Karl Marx significa, neste livro, estimular criticamente a sua produ\u00e7\u00e3o te\u00f3rica, sem se prender \u00e0 exegese textual. Pensado de outra maneira, o arcabou\u00e7o te\u00f3rico de Marx atua enquanto provocador das reflex\u00f5es e interpreta\u00e7\u00f5es. Mesmo aqueles textos que se dedicam de maneira mais aprofundada \u00e0 discuss\u00e3o conceitual da obra de Marx elaboram as implica\u00e7\u00f5es do seu legado, remetendo \u00e0 centralidade de suas contribui\u00e7\u00f5es. Est\u00e1 pressuposto, assim, o esfor\u00e7o reflexivo que se distancia da reifica\u00e7\u00e3o das categorias pensadas por ele e da interpreta\u00e7\u00e3o que exp\u00f4s ao longo de um vasto trabalho de escrita. Dedicar-se a tamb\u00e9m apontar eventuais insufici\u00eancias em sua abordagem implica manter acesa a chama da transforma\u00e7\u00e3o que, por exemplo, havia sido formulada de modo t\u00e3o arguto quanto incisivo nas Teses sobre Feuerbach, isto \u00e9, levar a s\u00e9rio o interlocutor e trat\u00e1-lo como merecedor da cr\u00edtica. Desejamos boa leitura e convidamos ao di\u00e1logo com as autoras e autores.<\/div>\t\t\t\t\t\t<\/div>\n\t\t\t\t<\/div>\n\t\t\t\t\t<\/div>\n\t\t<\/div>\n\t\t\t\t\t\t\t<\/div>\n\t\t<\/section>\n\t\t\t\t<section class=\"elementor-section elementor-top-section elementor-element elementor-element-bba3e3f elementor-section-height-min-height elementor-section-boxed elementor-section-height-default elementor-section-items-middle\" data-id=\"bba3e3f\" data-element_type=\"section\" data-settings=\"{&quot;background_background&quot;:&quot;gradient&quot;}\">\n\t\t\t\t\t\t<div class=\"elementor-container elementor-column-gap-default\">\n\t\t\t\t\t<div class=\"elementor-column elementor-col-33 elementor-top-column elementor-element elementor-element-664fe0d\" data-id=\"664fe0d\" data-element_type=\"column\">\n\t\t\t<div class=\"elementor-widget-wrap elementor-element-populated\">\n\t\t\t\t\t\t\t\t<div class=\"elementor-element elementor-element-a0b344a elementor-widget elementor-widget-image\" data-id=\"a0b344a\" data-element_type=\"widget\" data-widget_type=\"image.default\">\n\t\t\t\t<div class=\"elementor-widget-container\">\n\t\t\t\t\t\t\t\t\t\t\t\t\t\t\t\t<a href=\"https:\/\/www.google.com.cu\/books\/edition\/CUBA_INSURGENTE\/6Bi1EAAAQBAJ?hl=pt-BR&#038;gbpv=1&#038;pg=PT9&#038;printsec=frontcover\" target=\"_blank\">\n\t\t\t\t\t\t\t<img decoding=\"async\" width=\"227\" height=\"346\" src=\"https:\/\/nescuba.cdtc.unb.br\/wp-content\/uploads\/2023\/06\/51R14dVOBL._SY346_.jpg\" class=\"attachment-large size-large wp-image-5804\" alt=\"\" loading=\"lazy\" srcset=\"https:\/\/nescuba.cdtc.unb.br\/wp-content\/uploads\/2023\/06\/51R14dVOBL._SY346_.jpg 227w, https:\/\/nescuba.cdtc.unb.br\/wp-content\/uploads\/2023\/06\/51R14dVOBL._SY346_-197x300.jpg 197w\" sizes=\"(max-width: 227px) 100vw, 227px\" \/>\t\t\t\t\t\t\t\t<\/a>\n\t\t\t\t\t\t\t\t\t\t\t\t\t\t\t<\/div>\n\t\t\t\t<\/div>\n\t\t\t\t<div class=\"elementor-element elementor-element-d651e64 elementor-widget elementor-widget-heading\" data-id=\"d651e64\" data-element_type=\"widget\" data-widget_type=\"heading.default\">\n\t\t\t\t<div class=\"elementor-widget-container\">\n\t\t\t<h2 class=\"elementor-heading-title elementor-size-default\"><a href=\"https:\/\/www.google.com.cu\/books\/edition\/CUBA_INSURGENTE\/6Bi1EAAAQBAJ?hl=pt-BR&#038;gbpv=1&#038;pg=PT9&#038;printsec=frontcover\" target=\"_blank\">Vers\u00e3o em portugu\u00eas...clique aqu\u00ed<\/a><\/h2>\t\t<\/div>\n\t\t\t\t<\/div>\n\t\t\t\t\t<\/div>\n\t\t<\/div>\n\t\t\t\t<div class=\"elementor-column elementor-col-66 elementor-top-column elementor-element elementor-element-ca4d159\" data-id=\"ca4d159\" data-element_type=\"column\">\n\t\t\t<div class=\"elementor-widget-wrap elementor-element-populated\">\n\t\t\t\t\t\t\t\t<div class=\"elementor-element elementor-element-1226520 elementor-widget__width-initial e-transform e-transform e-transform elementor-widget-mobile__width-initial elementor-widget elementor-widget-text-editor\" data-id=\"1226520\" data-element_type=\"widget\" data-settings=\"{&quot;_transform_rotateZ_effect&quot;:{&quot;unit&quot;:&quot;px&quot;,&quot;size&quot;:0,&quot;sizes&quot;:[]},&quot;_transform_scale_effect&quot;:{&quot;unit&quot;:&quot;px&quot;,&quot;size&quot;:0.8,&quot;sizes&quot;:[]},&quot;_transform_skewX_effect&quot;:{&quot;unit&quot;:&quot;px&quot;,&quot;size&quot;:0,&quot;sizes&quot;:[]},&quot;_transform_rotateZ_effect_tablet&quot;:{&quot;unit&quot;:&quot;deg&quot;,&quot;size&quot;:&quot;&quot;,&quot;sizes&quot;:[]},&quot;_transform_rotateZ_effect_mobile&quot;:{&quot;unit&quot;:&quot;deg&quot;,&quot;size&quot;:&quot;&quot;,&quot;sizes&quot;:[]},&quot;_transform_scale_effect_tablet&quot;:{&quot;unit&quot;:&quot;px&quot;,&quot;size&quot;:&quot;&quot;,&quot;sizes&quot;:[]},&quot;_transform_scale_effect_mobile&quot;:{&quot;unit&quot;:&quot;px&quot;,&quot;size&quot;:&quot;&quot;,&quot;sizes&quot;:[]},&quot;_transform_skewX_effect_tablet&quot;:{&quot;unit&quot;:&quot;deg&quot;,&quot;size&quot;:&quot;&quot;,&quot;sizes&quot;:[]},&quot;_transform_skewX_effect_mobile&quot;:{&quot;unit&quot;:&quot;deg&quot;,&quot;size&quot;:&quot;&quot;,&quot;sizes&quot;:[]},&quot;_transform_skewY_effect&quot;:{&quot;unit&quot;:&quot;px&quot;,&quot;size&quot;:&quot;&quot;,&quot;sizes&quot;:[]},&quot;_transform_skewY_effect_tablet&quot;:{&quot;unit&quot;:&quot;deg&quot;,&quot;size&quot;:&quot;&quot;,&quot;sizes&quot;:[]},&quot;_transform_skewY_effect_mobile&quot;:{&quot;unit&quot;:&quot;deg&quot;,&quot;size&quot;:&quot;&quot;,&quot;sizes&quot;:[]}}\" data-widget_type=\"text-editor.default\">\n\t\t\t\t<div class=\"elementor-widget-container\">\n\t\t\t\t\t\t\t<h4 id=\"title\" class=\"a-spacing-none a-text-normal\" style=\"text-align: left;\"><strong><span id=\"productTitle\" class=\"a-size-extra-large\">CUBA INSURGENTE: Identidade e Educa\u00e7\u00e3o<\/span><\/strong><\/h4><p><span style=\"color: #131d4a;\"><strong>Autora:<span class=\"author notFaded\" data-width=\"\"> <a class=\"a-link-normal\" style=\"color: #131d4a;\" href=\"https:\/\/www.amazon.com.br\/s\/ref=dp_byline_sr_ebooks_1?ie=UTF8&amp;field-author=Maria+do+Carmo+Luiz+Caldas+Leite&amp;text=Maria+do+Carmo+Luiz+Caldas+Leite&amp;sort=relevancerank&amp;search-alias=digital-text\">Maria do Carmo Luiz Caldas Leite<\/a><\/span><\/strong><\/span><\/p><p>Toda humanidade deveria ir um dia a Cuba. Natureza linda e exuberante. Povo singular e rebelde. Cinco s\u00e9culos de insurg\u00eancia contra as opress\u00f5es de toda ordem. Infelizmente, poucos ter\u00e3o este privil\u00e9gio presencialmente.<br \/>O livro de Maria Leite \u00e9 essencial aos estudiosos da pedagogia latino-americana, alicer\u00e7ado em rigorosa revis\u00e3o documental e entrevistas recentes, temperado por quatro d\u00e9cadas de cont\u00ednuas viv\u00eancias da autora junto ao povo e \u00e0 educa\u00e7\u00e3o cubana, pedra angular da Revolu\u00e7\u00e3o, cosida pelas m\u00e3os fortes e linhas da pedagogia insurgente, &#8220;entrela\u00e7amento hist\u00f3rico entre marxistas e martianos&#8221;.<\/p><p>Muito al\u00e9m, sua agrad\u00e1vel e acess\u00edvel leitura permitir\u00e1 a todos visitarem a Ilha em sua plenitude. Um recorrido multitemporal e pluridimensional: tens\u00f5es e rupturas; lutas e conquistas em tempos de guerra e paz; constru\u00e7\u00e3o de valores; o modo cubano de ser e existir. Basta ler e, sem sequer fechar os olhos, degustar cada palavra: v\u00e1 para Cuba, viajando pelos tropicais sabores e cores desta magn\u00edfica obra acad\u00eamica e liter\u00e1ria.<\/p>\t\t\t\t\t\t<\/div>\n\t\t\t\t<\/div>\n\t\t\t\t<div class=\"elementor-element elementor-element-380c4c3 elementor-widget__width-initial e-transform e-transform e-transform elementor-widget elementor-widget-text-editor\" data-id=\"380c4c3\" data-element_type=\"widget\" data-settings=\"{&quot;_transform_rotateZ_effect&quot;:{&quot;unit&quot;:&quot;px&quot;,&quot;size&quot;:0,&quot;sizes&quot;:[]},&quot;_transform_scale_effect&quot;:{&quot;unit&quot;:&quot;px&quot;,&quot;size&quot;:0.8,&quot;sizes&quot;:[]},&quot;_transform_skewX_effect&quot;:{&quot;unit&quot;:&quot;px&quot;,&quot;size&quot;:0,&quot;sizes&quot;:[]},&quot;_transform_rotateZ_effect_tablet&quot;:{&quot;unit&quot;:&quot;deg&quot;,&quot;size&quot;:&quot;&quot;,&quot;sizes&quot;:[]},&quot;_transform_rotateZ_effect_mobile&quot;:{&quot;unit&quot;:&quot;deg&quot;,&quot;size&quot;:&quot;&quot;,&quot;sizes&quot;:[]},&quot;_transform_scale_effect_tablet&quot;:{&quot;unit&quot;:&quot;px&quot;,&quot;size&quot;:&quot;&quot;,&quot;sizes&quot;:[]},&quot;_transform_scale_effect_mobile&quot;:{&quot;unit&quot;:&quot;px&quot;,&quot;size&quot;:&quot;&quot;,&quot;sizes&quot;:[]},&quot;_transform_skewX_effect_tablet&quot;:{&quot;unit&quot;:&quot;deg&quot;,&quot;size&quot;:&quot;&quot;,&quot;sizes&quot;:[]},&quot;_transform_skewX_effect_mobile&quot;:{&quot;unit&quot;:&quot;deg&quot;,&quot;size&quot;:&quot;&quot;,&quot;sizes&quot;:[]},&quot;_transform_skewY_effect&quot;:{&quot;unit&quot;:&quot;px&quot;,&quot;size&quot;:&quot;&quot;,&quot;sizes&quot;:[]},&quot;_transform_skewY_effect_tablet&quot;:{&quot;unit&quot;:&quot;deg&quot;,&quot;size&quot;:&quot;&quot;,&quot;sizes&quot;:[]},&quot;_transform_skewY_effect_mobile&quot;:{&quot;unit&quot;:&quot;deg&quot;,&quot;size&quot;:&quot;&quot;,&quot;sizes&quot;:[]}}\" data-widget_type=\"text-editor.default\">\n\t\t\t\t<div class=\"elementor-widget-container\">\n\t\t\t\t\t\t\t\t\t\t\t\t\t<\/div>\n\t\t\t\t<\/div>\n\t\t\t\t\t<\/div>\n\t\t<\/div>\n\t\t\t\t\t\t\t<\/div>\n\t\t<\/section>\n\t\t\t\t<section class=\"elementor-section elementor-top-section elementor-element elementor-element-214f485 elementor-section-height-min-height elementor-section-boxed elementor-section-height-default elementor-section-items-middle\" data-id=\"214f485\" data-element_type=\"section\" data-settings=\"{&quot;background_background&quot;:&quot;gradient&quot;}\">\n\t\t\t\t\t\t<div class=\"elementor-container elementor-column-gap-default\">\n\t\t\t\t\t<div class=\"elementor-column elementor-col-33 elementor-top-column elementor-element elementor-element-2024c7f\" data-id=\"2024c7f\" data-element_type=\"column\">\n\t\t\t<div class=\"elementor-widget-wrap elementor-element-populated\">\n\t\t\t\t\t\t\t\t<div class=\"elementor-element elementor-element-1071ad9 elementor-widget elementor-widget-image\" data-id=\"1071ad9\" data-element_type=\"widget\" data-widget_type=\"image.default\">\n\t\t\t\t<div class=\"elementor-widget-container\">\n\t\t\t\t\t\t\t\t\t\t\t\t\t\t\t\t<a href=\"http:\/\/insular.com.br\/produto\/america-latina-na-contemporaneidade-dilemas-riscos-e-oportunidades\/\" target=\"_blank\">\n\t\t\t\t\t\t\t<img decoding=\"async\" width=\"731\" height=\"1024\" src=\"https:\/\/nescuba.cdtc.unb.br\/wp-content\/uploads\/2023\/09\/libro-9788552402923-731x1024.jpg\" class=\"attachment-large size-large wp-image-8261\" alt=\"\" loading=\"lazy\" srcset=\"https:\/\/nescuba.cdtc.unb.br\/wp-content\/uploads\/2023\/09\/libro-9788552402923-731x1024.jpg 731w, https:\/\/nescuba.cdtc.unb.br\/wp-content\/uploads\/2023\/09\/libro-9788552402923-214x300.jpg 214w, https:\/\/nescuba.cdtc.unb.br\/wp-content\/uploads\/2023\/09\/libro-9788552402923-768x1075.jpg 768w, https:\/\/nescuba.cdtc.unb.br\/wp-content\/uploads\/2023\/09\/libro-9788552402923.jpg 857w\" sizes=\"(max-width: 731px) 100vw, 731px\" \/>\t\t\t\t\t\t\t\t<\/a>\n\t\t\t\t\t\t\t\t\t\t\t\t\t\t\t<\/div>\n\t\t\t\t<\/div>\n\t\t\t\t<div class=\"elementor-element elementor-element-de13343 elementor-widget elementor-widget-heading\" data-id=\"de13343\" data-element_type=\"widget\" data-widget_type=\"heading.default\">\n\t\t\t\t<div class=\"elementor-widget-container\">\n\t\t\t<h2 class=\"elementor-heading-title elementor-size-default\"><a href=\"https:\/\/drive.google.com\/file\/d\/1cf2L4mWOThbXvtfmFe8gVOJdW349v6Ti\/view?usp=sharing\" target=\"_blank\">Vers\u00e3o em portugu\u00eas...clique aqu\u00ed<\/a><\/h2>\t\t<\/div>\n\t\t\t\t<\/div>\n\t\t\t\t\t<\/div>\n\t\t<\/div>\n\t\t\t\t<div class=\"elementor-column elementor-col-66 elementor-top-column elementor-element elementor-element-f3893da\" data-id=\"f3893da\" data-element_type=\"column\">\n\t\t\t<div class=\"elementor-widget-wrap elementor-element-populated\">\n\t\t\t\t\t\t\t\t<div class=\"elementor-element elementor-element-18a5f91 elementor-widget__width-initial e-transform e-transform e-transform elementor-widget elementor-widget-text-editor\" data-id=\"18a5f91\" data-element_type=\"widget\" data-settings=\"{&quot;_transform_rotateZ_effect&quot;:{&quot;unit&quot;:&quot;px&quot;,&quot;size&quot;:0,&quot;sizes&quot;:[]},&quot;_transform_scale_effect&quot;:{&quot;unit&quot;:&quot;px&quot;,&quot;size&quot;:0.8,&quot;sizes&quot;:[]},&quot;_transform_skewX_effect&quot;:{&quot;unit&quot;:&quot;px&quot;,&quot;size&quot;:0,&quot;sizes&quot;:[]},&quot;_transform_rotateZ_effect_tablet&quot;:{&quot;unit&quot;:&quot;deg&quot;,&quot;size&quot;:&quot;&quot;,&quot;sizes&quot;:[]},&quot;_transform_rotateZ_effect_mobile&quot;:{&quot;unit&quot;:&quot;deg&quot;,&quot;size&quot;:&quot;&quot;,&quot;sizes&quot;:[]},&quot;_transform_scale_effect_tablet&quot;:{&quot;unit&quot;:&quot;px&quot;,&quot;size&quot;:&quot;&quot;,&quot;sizes&quot;:[]},&quot;_transform_scale_effect_mobile&quot;:{&quot;unit&quot;:&quot;px&quot;,&quot;size&quot;:&quot;&quot;,&quot;sizes&quot;:[]},&quot;_transform_skewX_effect_tablet&quot;:{&quot;unit&quot;:&quot;deg&quot;,&quot;size&quot;:&quot;&quot;,&quot;sizes&quot;:[]},&quot;_transform_skewX_effect_mobile&quot;:{&quot;unit&quot;:&quot;deg&quot;,&quot;size&quot;:&quot;&quot;,&quot;sizes&quot;:[]},&quot;_transform_skewY_effect&quot;:{&quot;unit&quot;:&quot;px&quot;,&quot;size&quot;:&quot;&quot;,&quot;sizes&quot;:[]},&quot;_transform_skewY_effect_tablet&quot;:{&quot;unit&quot;:&quot;deg&quot;,&quot;size&quot;:&quot;&quot;,&quot;sizes&quot;:[]},&quot;_transform_skewY_effect_mobile&quot;:{&quot;unit&quot;:&quot;deg&quot;,&quot;size&quot;:&quot;&quot;,&quot;sizes&quot;:[]}}\" data-widget_type=\"text-editor.default\">\n\t\t\t\t<div class=\"elementor-widget-container\">\n\t\t\t\t\t\t\t<div data-cel-widget=\"bylineInfo\"><h4 class=\"entry-title\" style=\"text-align: left;\"><strong>Am\u00e9rica Latina na Contemporaneidade: Dilemas, riscos e oportunidades<\/strong><\/h4><p>Organizadores: Pablo Alberto Baisotti e Raphael Lana Seabra<\/p><p>ISBN: 978-85-524-0315-9<\/p><p>P\u00e1ginas: 162<\/p><p>Ano: 2022<\/p><div><div>Autores<br \/>Renan Vega Cantor<\/div><div>Jos\u00e9 Francisco Puello-Socarr\u00e1s<\/div><div>F\u00e1bio Lu\u00eds Barbosa dos Santos<\/div><div><p>Daniel Feldmann<\/p><div>Luiz Bernardo Peric\u00e1s<\/div><div>Eugenio Espinosa Mart\u00ednez<\/div><div>Rodolfo Magallanes<\/div><div>\u00a0<\/div><\/div><\/div><div>Este livro \u00e9 fruto do<i>\u00a0II Ciclo de Palestras do Programa P\u00f3s-Gradua\u00e7\u00e3o em Estudos Comparados \u2013 Am\u00e9rica Latina na Contemporaneidade: dilemas, riscos e oportunidades<\/i>, realizado 28 e 29 de mar\u00e7o de 2019 pelo Programa do Departamento de Estudos Latino-Americanos da UnB. O encontro reuniu pesquisadoras e pesquisadores da Argentina, Brasil, Col\u00f4mbia e Cuba para exposi\u00e7\u00f5es, debates e trocas de experi\u00eancias. O resultado foram ensaios, an\u00e1lises e teoriza\u00e7\u00f5es necess\u00e1rios \u00e0 compreens\u00e3o da Am\u00e9rica Latina contempor\u00e2nea e a publica\u00e7\u00e3o desta obra com autores colombianos, venezuelanos, cubanos e brasileiros, alguns presentes no evento e outros enviando textos. Todas essas atividades tiveram o apoio da Coordena\u00e7\u00e3o de Aperfei\u00e7oamento de Pessoal de N\u00edvel Superior (CAPES).<\/div><div>***<\/div><\/div>\t\t\t\t\t\t<\/div>\n\t\t\t\t<\/div>\n\t\t\t\t\t<\/div>\n\t\t<\/div>\n\t\t\t\t\t\t\t<\/div>\n\t\t<\/section>\n\t\t\t\t<section class=\"elementor-section elementor-top-section elementor-element elementor-element-cb47bf1 elementor-section-height-min-height elementor-section-boxed elementor-section-height-default elementor-section-items-middle\" data-id=\"cb47bf1\" data-element_type=\"section\" data-settings=\"{&quot;background_background&quot;:&quot;gradient&quot;}\">\n\t\t\t\t\t\t<div class=\"elementor-container elementor-column-gap-default\">\n\t\t\t\t\t<div class=\"elementor-column elementor-col-33 elementor-top-column elementor-element elementor-element-39c597d\" data-id=\"39c597d\" data-element_type=\"column\">\n\t\t\t<div class=\"elementor-widget-wrap elementor-element-populated\">\n\t\t\t\t\t\t\t\t<div class=\"elementor-element elementor-element-d648d5c elementor-widget elementor-widget-image\" data-id=\"d648d5c\" data-element_type=\"widget\" data-widget_type=\"image.default\">\n\t\t\t\t<div class=\"elementor-widget-container\">\n\t\t\t\t\t\t\t\t\t\t\t\t\t\t\t\t<a href=\"https:\/\/drive.google.com\/file\/d\/1pLwXRRlVpy-m5i-H14WShfRVRk4RoZ33\/view?usp=sharing\" target=\"_blank\">\n\t\t\t\t\t\t\t<img decoding=\"async\" width=\"614\" height=\"887\" src=\"https:\/\/nescuba.cdtc.unb.br\/wp-content\/uploads\/2026\/01\/el-partido-revolucionario-cubano.jpg\" class=\"attachment-large size-large wp-image-28713\" alt=\"\" loading=\"lazy\" srcset=\"https:\/\/nescuba.cdtc.unb.br\/wp-content\/uploads\/2026\/01\/el-partido-revolucionario-cubano.jpg 614w, https:\/\/nescuba.cdtc.unb.br\/wp-content\/uploads\/2026\/01\/el-partido-revolucionario-cubano-415x600.jpg 415w\" sizes=\"(max-width: 614px) 100vw, 614px\" \/>\t\t\t\t\t\t\t\t<\/a>\n\t\t\t\t\t\t\t\t\t\t\t\t\t\t\t<\/div>\n\t\t\t\t<\/div>\n\t\t\t\t<div class=\"elementor-element elementor-element-100477b elementor-widget elementor-widget-heading\" data-id=\"100477b\" data-element_type=\"widget\" data-widget_type=\"heading.default\">\n\t\t\t\t<div class=\"elementor-widget-container\">\n\t\t\t<h2 class=\"elementor-heading-title elementor-size-default\"><a href=\"https:\/\/drive.google.com\/file\/d\/1E3jBbCGSPRoB4Kuq8GdBtymMHubDNKpX\/view?usp=sharing\" target=\"_blank\">Versi\u00f3n en espa\u00f1ol...clique aqu\u00ed<\/a><\/h2>\t\t<\/div>\n\t\t\t\t<\/div>\n\t\t\t\t\t<\/div>\n\t\t<\/div>\n\t\t\t\t<div class=\"elementor-column elementor-col-66 elementor-top-column elementor-element elementor-element-6e907e7\" data-id=\"6e907e7\" data-element_type=\"column\">\n\t\t\t<div class=\"elementor-widget-wrap elementor-element-populated\">\n\t\t\t\t\t\t\t\t<div class=\"elementor-element elementor-element-f41463e elementor-widget__width-initial e-transform e-transform e-transform elementor-widget elementor-widget-text-editor\" data-id=\"f41463e\" data-element_type=\"widget\" data-settings=\"{&quot;_transform_rotateZ_effect&quot;:{&quot;unit&quot;:&quot;px&quot;,&quot;size&quot;:0,&quot;sizes&quot;:[]},&quot;_transform_scale_effect&quot;:{&quot;unit&quot;:&quot;px&quot;,&quot;size&quot;:0.8,&quot;sizes&quot;:[]},&quot;_transform_skewX_effect&quot;:{&quot;unit&quot;:&quot;px&quot;,&quot;size&quot;:0,&quot;sizes&quot;:[]},&quot;_transform_rotateZ_effect_tablet&quot;:{&quot;unit&quot;:&quot;deg&quot;,&quot;size&quot;:&quot;&quot;,&quot;sizes&quot;:[]},&quot;_transform_rotateZ_effect_mobile&quot;:{&quot;unit&quot;:&quot;deg&quot;,&quot;size&quot;:&quot;&quot;,&quot;sizes&quot;:[]},&quot;_transform_scale_effect_tablet&quot;:{&quot;unit&quot;:&quot;px&quot;,&quot;size&quot;:&quot;&quot;,&quot;sizes&quot;:[]},&quot;_transform_scale_effect_mobile&quot;:{&quot;unit&quot;:&quot;px&quot;,&quot;size&quot;:&quot;&quot;,&quot;sizes&quot;:[]},&quot;_transform_skewX_effect_tablet&quot;:{&quot;unit&quot;:&quot;deg&quot;,&quot;size&quot;:&quot;&quot;,&quot;sizes&quot;:[]},&quot;_transform_skewX_effect_mobile&quot;:{&quot;unit&quot;:&quot;deg&quot;,&quot;size&quot;:&quot;&quot;,&quot;sizes&quot;:[]},&quot;_transform_skewY_effect&quot;:{&quot;unit&quot;:&quot;px&quot;,&quot;size&quot;:&quot;&quot;,&quot;sizes&quot;:[]},&quot;_transform_skewY_effect_tablet&quot;:{&quot;unit&quot;:&quot;deg&quot;,&quot;size&quot;:&quot;&quot;,&quot;sizes&quot;:[]},&quot;_transform_skewY_effect_mobile&quot;:{&quot;unit&quot;:&quot;deg&quot;,&quot;size&quot;:&quot;&quot;,&quot;sizes&quot;:[]}}\" data-widget_type=\"text-editor.default\">\n\t\t\t\t<div class=\"elementor-widget-container\">\n\t\t\t\t\t\t\t<div data-cel-widget=\"bylineInfo\"><h4 style=\"text-align: left;\"><strong>El Partido Revolucionario Cubano de Jos\u00e9 Mart\u00ed: concepci\u00f3n \u00e9tico-pol\u00edtica original<\/strong><\/h4><h4 class=\"title\"><strong>\u00a0<\/strong><\/h4><h4 class=\"title\"><strong>\u00a0<\/strong>Autor(es):<\/h4><div class=\"sub_item\"><div class=\"label\">Dionisio L\u00e1zaro Poey Bar\u00f3 (ed)<\/div><div class=\"value\">Universidad Federal de Par\u00e1 (UFPA)<\/div><div>\u00a0<\/div><\/div><div class=\"sub_item\"><div class=\"label\">Maria Auxiliadora C\u00e9sar (ed)<\/div><div class=\"value\">Universidad de Brasilia (UnB)<\/div><\/div><\/div><div><div class=\"item abstract\"><h4 class=\"label\">Sinopse<\/h4><div class=\"value\"><p>Esta obra es el resultado de una cuidadosa selecci\u00f3n, organizaci\u00f3n y traducci\u00f3n de documentos, comunicaciones, art\u00edculos de peri\u00f3dicos y cartas de Jos\u00e9 Mart\u00ed sobre el Partido Revolucionario Cubano (PRC), publicados en diferentes tomos de sus Obras completas. Est\u00e1 ordenada tem\u00e1ticamente buscando ofrecer al lector las l\u00edneas m\u00e1s generales del pensamiento y de la actividad martianas en el Partido fundado por \u00e9l para organizar la guerra de independencia y crear las condiciones para una real descolonizaci\u00f3n de la rep\u00fablica a ser creada. Se consider\u00f3 importante mostrar la originalidad de esa instituci\u00f3n pol\u00edtica, observable en su estructura, sus estatutos, sus principios ideol\u00f3gicos, su postura \u00e9tica, en las formas de financiamiento y, sobre todo, en la amplia y profunda democracia presente en las pr\u00e1cticas cotidianas dentro del Partido. Ocho cap\u00edtulos re\u00fanen los textos en grandes \u00e1reas para presentar una visi\u00f3n general de los intereses del PRC y la actividad de Mart\u00ed. Sus t\u00edtulos son: \u201cDocumentos program\u00e1ticos del PRC\u201d, \u201cPol\u00edtica e ideolog\u00eda\u201d, \u201cLa pol\u00edtica y la \u00e9tica en la pol\u00edtica\u201d, \u201cFinanciamiento y recaudaci\u00f3n de fondos\u201d, \u201cContra el autonomismo y el anexionismo\u201d, \u201cLa unidad de diferentes clases y sectores sociales\u201d, \u201cConvivencia, fraternidad y honradez\u201d y \u201cEl PRC en la guerra\u201d.<\/p><\/div><\/div><\/div>\t\t\t\t\t\t<\/div>\n\t\t\t\t<\/div>\n\t\t\t\t\t<\/div>\n\t\t<\/div>\n\t\t\t\t\t\t\t<\/div>\n\t\t<\/section>\n\t\t\t\t<section class=\"elementor-section elementor-top-section elementor-element elementor-element-c1da7a6 elementor-section-height-min-height elementor-section-boxed elementor-section-height-default elementor-section-items-middle\" data-id=\"c1da7a6\" data-element_type=\"section\" data-settings=\"{&quot;background_background&quot;:&quot;gradient&quot;}\">\n\t\t\t\t\t\t<div class=\"elementor-container elementor-column-gap-default\">\n\t\t\t\t\t<div class=\"elementor-column elementor-col-33 elementor-top-column elementor-element elementor-element-501705d\" data-id=\"501705d\" data-element_type=\"column\">\n\t\t\t<div class=\"elementor-widget-wrap elementor-element-populated\">\n\t\t\t\t\t\t\t\t<div class=\"elementor-element elementor-element-3a305c6 elementor-widget elementor-widget-image\" data-id=\"3a305c6\" data-element_type=\"widget\" data-widget_type=\"image.default\">\n\t\t\t\t<div class=\"elementor-widget-container\">\n\t\t\t\t\t\t\t\t\t\t\t\t\t\t\t\t<a href=\"https:\/\/drive.google.com\/file\/d\/1yVRgj5VsVemF1P1XzMXX1CDpTzaIPpCI\/view?usp=sharing\" target=\"_blank\">\n\t\t\t\t\t\t\t<img decoding=\"async\" width=\"406\" height=\"592\" src=\"https:\/\/nescuba.cdtc.unb.br\/wp-content\/uploads\/2026\/01\/OpartidoRevolucionariocubano.png\" class=\"attachment-large size-large wp-image-28705\" alt=\"\" loading=\"lazy\" \/>\t\t\t\t\t\t\t\t<\/a>\n\t\t\t\t\t\t\t\t\t\t\t\t\t\t\t<\/div>\n\t\t\t\t<\/div>\n\t\t\t\t<div class=\"elementor-element elementor-element-da245c0 elementor-widget elementor-widget-heading\" data-id=\"da245c0\" data-element_type=\"widget\" data-widget_type=\"heading.default\">\n\t\t\t\t<div class=\"elementor-widget-container\">\n\t\t\t<h2 class=\"elementor-heading-title elementor-size-default\"><a href=\"https:\/\/drive.google.com\/file\/d\/1fGOkFJbAZcfObEZaaDrx6xw2eRRwOoDk\/view?usp=sharing\" target=\"_blank\">Vers\u00e3o em portugu\u00eas...clique aqu\u00ed<\/a><\/h2>\t\t<\/div>\n\t\t\t\t<\/div>\n\t\t\t\t\t<\/div>\n\t\t<\/div>\n\t\t\t\t<div class=\"elementor-column elementor-col-66 elementor-top-column elementor-element elementor-element-deb3c08\" data-id=\"deb3c08\" data-element_type=\"column\">\n\t\t\t<div class=\"elementor-widget-wrap elementor-element-populated\">\n\t\t\t\t\t\t\t\t<div class=\"elementor-element elementor-element-04d47e8 elementor-widget__width-initial e-transform e-transform e-transform elementor-widget elementor-widget-text-editor\" data-id=\"04d47e8\" data-element_type=\"widget\" data-settings=\"{&quot;_transform_rotateZ_effect&quot;:{&quot;unit&quot;:&quot;px&quot;,&quot;size&quot;:0,&quot;sizes&quot;:[]},&quot;_transform_scale_effect&quot;:{&quot;unit&quot;:&quot;px&quot;,&quot;size&quot;:0.8,&quot;sizes&quot;:[]},&quot;_transform_skewX_effect&quot;:{&quot;unit&quot;:&quot;px&quot;,&quot;size&quot;:0,&quot;sizes&quot;:[]},&quot;_transform_rotateZ_effect_tablet&quot;:{&quot;unit&quot;:&quot;deg&quot;,&quot;size&quot;:&quot;&quot;,&quot;sizes&quot;:[]},&quot;_transform_rotateZ_effect_mobile&quot;:{&quot;unit&quot;:&quot;deg&quot;,&quot;size&quot;:&quot;&quot;,&quot;sizes&quot;:[]},&quot;_transform_scale_effect_tablet&quot;:{&quot;unit&quot;:&quot;px&quot;,&quot;size&quot;:&quot;&quot;,&quot;sizes&quot;:[]},&quot;_transform_scale_effect_mobile&quot;:{&quot;unit&quot;:&quot;px&quot;,&quot;size&quot;:&quot;&quot;,&quot;sizes&quot;:[]},&quot;_transform_skewX_effect_tablet&quot;:{&quot;unit&quot;:&quot;deg&quot;,&quot;size&quot;:&quot;&quot;,&quot;sizes&quot;:[]},&quot;_transform_skewX_effect_mobile&quot;:{&quot;unit&quot;:&quot;deg&quot;,&quot;size&quot;:&quot;&quot;,&quot;sizes&quot;:[]},&quot;_transform_skewY_effect&quot;:{&quot;unit&quot;:&quot;px&quot;,&quot;size&quot;:&quot;&quot;,&quot;sizes&quot;:[]},&quot;_transform_skewY_effect_tablet&quot;:{&quot;unit&quot;:&quot;deg&quot;,&quot;size&quot;:&quot;&quot;,&quot;sizes&quot;:[]},&quot;_transform_skewY_effect_mobile&quot;:{&quot;unit&quot;:&quot;deg&quot;,&quot;size&quot;:&quot;&quot;,&quot;sizes&quot;:[]}}\" data-widget_type=\"text-editor.default\">\n\t\t\t\t<div class=\"elementor-widget-container\">\n\t\t\t\t\t\t\t<div data-cel-widget=\"bylineInfo\"><h4 class=\"title\" style=\"text-align: left;\"><strong>O Partido Revolucion\u00e1rio Cubano de Jos\u00e9 Mart\u00ed: concep\u00e7\u00e3o \u00e9tico-pol\u00edtica original<\/strong><\/h4><h4 class=\"title\"><strong>\u00a0<\/strong>Autor(es):<\/h4><div class=\"sub_item\"><div class=\"label\">Dionisio L\u00e1zaro Poey Bar\u00f3 (ed)<\/div><div class=\"value\">Universidade Federal do Par\u00e1 (UFPA)<\/div><div>\u00a0<\/div><\/div><div class=\"sub_item\"><div class=\"label\">Maria Auxiliadora C\u00e9sar (ed)<\/div><div class=\"value\">Universidade de Bras\u00edlia (UnB)<\/div><\/div><\/div><div><div class=\"item abstract\"><h4 class=\"label\">Sinopse<\/h4><div class=\"value\"><p>Esta obra \u00e9 resultado de uma cuidadosa sele\u00e7\u00e3o, organiza\u00e7\u00e3o e tradu\u00e7\u00e3o de documentos, comunica\u00e7\u00f5es, artigos de jornais e cartas de Jos\u00e9 Mart\u00ed sobre o Partido Revolucion\u00e1rio Cubano (PRC), publicados em diferentes tomos de suas Obras completas. Est\u00e1 ordenada tematicamente, buscando oferecer ao leitor as linhas mais gerais do pensamento e da atividade martianas no Partido fundado por ele para organizar a guerra de independ\u00eancia e criar as condi\u00e7\u00f5es para uma real descoloniza\u00e7\u00e3o da rep\u00fablica a ser criada. Considerou-se importante mostrar a originalidade dessa institui\u00e7\u00e3o pol\u00edtica, observ\u00e1vel em sua estrutura, seus estatutos, seus princ\u00edpios ideol\u00f3gicos, sua postura \u00e9tica, nas formas de financiamento e, sobretudo, na ampla e profunda democracia presente nas pr\u00e1ticas cotidianas no interior do Partido. Oito cap\u00edtulos re\u00fanem os textos em grandes \u00e1reas para apresentar uma vis\u00e3o geral dos interesses do PRC e da atividade de Mart\u00ed.<\/p><\/div><\/div><\/div>\t\t\t\t\t\t<\/div>\n\t\t\t\t<\/div>\n\t\t\t\t\t<\/div>\n\t\t<\/div>\n\t\t\t\t\t\t\t<\/div>\n\t\t<\/section>\n\t\t\t\t<section class=\"elementor-section elementor-top-section elementor-element elementor-element-8cfc2f3 elementor-section-height-min-height elementor-section-boxed elementor-section-height-default elementor-section-items-middle\" data-id=\"8cfc2f3\" data-element_type=\"section\" data-settings=\"{&quot;background_background&quot;:&quot;gradient&quot;}\">\n\t\t\t\t\t\t<div class=\"elementor-container elementor-column-gap-default\">\n\t\t\t\t\t<div class=\"elementor-column elementor-col-33 elementor-top-column elementor-element elementor-element-2dcf60e\" data-id=\"2dcf60e\" data-element_type=\"column\">\n\t\t\t<div class=\"elementor-widget-wrap elementor-element-populated\">\n\t\t\t\t\t\t\t\t<div class=\"elementor-element elementor-element-3f8a3bf elementor-widget elementor-widget-image\" data-id=\"3f8a3bf\" data-element_type=\"widget\" data-widget_type=\"image.default\">\n\t\t\t\t<div class=\"elementor-widget-container\">\n\t\t\t\t\t\t\t\t\t\t\t\t\t\t\t\t<a href=\"http:\/\/www.indicalivros.com\/livros\/nossa-america-jose-marti\" target=\"_blank\">\n\t\t\t\t\t\t\t<img decoding=\"async\" width=\"441\" height=\"614\" src=\"https:\/\/nescuba.cdtc.unb.br\/wp-content\/uploads\/2026\/01\/Screenshot-2026-01-01-at-18-44-26-NUESTRA-AMERICA.pdf.png\" class=\"attachment-large size-large wp-image-28493\" alt=\"\" loading=\"lazy\" srcset=\"https:\/\/nescuba.cdtc.unb.br\/wp-content\/uploads\/2026\/01\/Screenshot-2026-01-01-at-18-44-26-NUESTRA-AMERICA.pdf.png 441w, https:\/\/nescuba.cdtc.unb.br\/wp-content\/uploads\/2026\/01\/Screenshot-2026-01-01-at-18-44-26-NUESTRA-AMERICA.pdf-431x600.png 431w\" sizes=\"(max-width: 441px) 100vw, 441px\" \/>\t\t\t\t\t\t\t\t<\/a>\n\t\t\t\t\t\t\t\t\t\t\t\t\t\t\t<\/div>\n\t\t\t\t<\/div>\n\t\t\t\t<div class=\"elementor-element elementor-element-e10b795 elementor-widget elementor-widget-heading\" data-id=\"e10b795\" data-element_type=\"widget\" data-widget_type=\"heading.default\">\n\t\t\t\t<div class=\"elementor-widget-container\">\n\t\t\t<h2 class=\"elementor-heading-title elementor-size-default\"><a href=\"https:\/\/drive.google.com\/file\/d\/1QwTgEwAn48EBLUpYVs1AaQ6oyJEtwD4d\/view?usp=sharing\" target=\"_blank\">Versi\u00f3n en espa\u00f1ol...clique aqu\u00ed<\/a><\/h2>\t\t<\/div>\n\t\t\t\t<\/div>\n\t\t\t\t\t<\/div>\n\t\t<\/div>\n\t\t\t\t<div class=\"elementor-column elementor-col-66 elementor-top-column elementor-element elementor-element-9b84222\" data-id=\"9b84222\" data-element_type=\"column\">\n\t\t\t<div class=\"elementor-widget-wrap elementor-element-populated\">\n\t\t\t\t\t\t\t\t<div class=\"elementor-element elementor-element-5e27f57 elementor-widget__width-initial e-transform e-transform e-transform elementor-widget elementor-widget-text-editor\" data-id=\"5e27f57\" data-element_type=\"widget\" data-settings=\"{&quot;_transform_rotateZ_effect&quot;:{&quot;unit&quot;:&quot;px&quot;,&quot;size&quot;:0,&quot;sizes&quot;:[]},&quot;_transform_scale_effect&quot;:{&quot;unit&quot;:&quot;px&quot;,&quot;size&quot;:0.8,&quot;sizes&quot;:[]},&quot;_transform_skewX_effect&quot;:{&quot;unit&quot;:&quot;px&quot;,&quot;size&quot;:0,&quot;sizes&quot;:[]},&quot;_transform_rotateZ_effect_tablet&quot;:{&quot;unit&quot;:&quot;deg&quot;,&quot;size&quot;:&quot;&quot;,&quot;sizes&quot;:[]},&quot;_transform_rotateZ_effect_mobile&quot;:{&quot;unit&quot;:&quot;deg&quot;,&quot;size&quot;:&quot;&quot;,&quot;sizes&quot;:[]},&quot;_transform_scale_effect_tablet&quot;:{&quot;unit&quot;:&quot;px&quot;,&quot;size&quot;:&quot;&quot;,&quot;sizes&quot;:[]},&quot;_transform_scale_effect_mobile&quot;:{&quot;unit&quot;:&quot;px&quot;,&quot;size&quot;:&quot;&quot;,&quot;sizes&quot;:[]},&quot;_transform_skewX_effect_tablet&quot;:{&quot;unit&quot;:&quot;deg&quot;,&quot;size&quot;:&quot;&quot;,&quot;sizes&quot;:[]},&quot;_transform_skewX_effect_mobile&quot;:{&quot;unit&quot;:&quot;deg&quot;,&quot;size&quot;:&quot;&quot;,&quot;sizes&quot;:[]},&quot;_transform_skewY_effect&quot;:{&quot;unit&quot;:&quot;px&quot;,&quot;size&quot;:&quot;&quot;,&quot;sizes&quot;:[]},&quot;_transform_skewY_effect_tablet&quot;:{&quot;unit&quot;:&quot;deg&quot;,&quot;size&quot;:&quot;&quot;,&quot;sizes&quot;:[]},&quot;_transform_skewY_effect_mobile&quot;:{&quot;unit&quot;:&quot;deg&quot;,&quot;size&quot;:&quot;&quot;,&quot;sizes&quot;:[]}}\" data-widget_type=\"text-editor.default\">\n\t\t\t\t<div class=\"elementor-widget-container\">\n\t\t\t\t\t\t\t<div data-cel-widget=\"bylineInfo\"><h4 id=\"resumo-resenha-descricao\" style=\"text-align: left;\"><strong>Nuestra Am\u00e9rica<\/strong><\/h4><p>Autor(es): Jos\u00e9 Mart\u00ed<\/p><p>Editora: UNB<\/p><p>P\u00e1ginas: 33<\/p><p>Nuestra Am\u00e9rica&#8221;, texto original de Jos\u00e9 Mart\u00ed, aparecido por primera vez en <i>La <\/i><i>Revista Ilustrada <\/i><i>de <\/i><i>Nueva York <\/i>el 1\u00b0\u00a0de enero de 1891 y el 30 de enero del mismo\u00a0a\u00f1o en <i>El Partido Liberal<\/i><i>, <\/i>de M\u00e9xico, es una de\u00a0las tres grandes y sint\u00e9ticas culminaciones de la obra martiana dadas a la luz en v\u00edsperas de la preparaci\u00f3n y fundaci\u00f3n del Partido\u00a0Revolucionario Cubano. Son las otras dos\u00a0los <i>Versos sencillos<\/i>, atesoradores de su m\u00e1s alta sabidur\u00eda, y el discurso pronunciado el\u00a026 de noviembre de 1891 en el Liceo Cubano de\u00a0Tampa (&#8220;Con todos, y para el bien de todos\u201d), donde est\u00e1n formulados los principios \u00e9ticos y pol\u00edticos de la futura Rep\u00fablica.\u00a0<\/p><\/div>\t\t\t\t\t\t<\/div>\n\t\t\t\t<\/div>\n\t\t\t\t\t<\/div>\n\t\t<\/div>\n\t\t\t\t\t\t\t<\/div>\n\t\t<\/section>\n\t\t\t\t<section class=\"elementor-section elementor-top-section elementor-element elementor-element-dcba062 elementor-section-height-min-height elementor-section-boxed elementor-section-height-default elementor-section-items-middle\" data-id=\"dcba062\" data-element_type=\"section\" data-settings=\"{&quot;background_background&quot;:&quot;gradient&quot;}\">\n\t\t\t\t\t\t<div class=\"elementor-container elementor-column-gap-default\">\n\t\t\t\t\t<div class=\"elementor-column elementor-col-33 elementor-top-column elementor-element elementor-element-26dc763\" data-id=\"26dc763\" data-element_type=\"column\">\n\t\t\t<div class=\"elementor-widget-wrap elementor-element-populated\">\n\t\t\t\t\t\t\t\t<div class=\"elementor-element elementor-element-667fab0 elementor-widget elementor-widget-image\" data-id=\"667fab0\" data-element_type=\"widget\" data-widget_type=\"image.default\">\n\t\t\t\t<div class=\"elementor-widget-container\">\n\t\t\t\t\t\t\t\t\t\t\t\t\t\t\t\t<a href=\"http:\/\/www.indicalivros.com\/livros\/nossa-america-jose-marti\" target=\"_blank\">\n\t\t\t\t\t\t\t<img decoding=\"async\" width=\"363\" height=\"499\" src=\"https:\/\/nescuba.cdtc.unb.br\/wp-content\/uploads\/2023\/06\/Nossa-America.jpg\" class=\"attachment-large size-large wp-image-5281\" alt=\"\" loading=\"lazy\" srcset=\"https:\/\/nescuba.cdtc.unb.br\/wp-content\/uploads\/2023\/06\/Nossa-America.jpg 363w, https:\/\/nescuba.cdtc.unb.br\/wp-content\/uploads\/2023\/06\/Nossa-America-218x300.jpg 218w\" sizes=\"(max-width: 363px) 100vw, 363px\" \/>\t\t\t\t\t\t\t\t<\/a>\n\t\t\t\t\t\t\t\t\t\t\t\t\t\t\t<\/div>\n\t\t\t\t<\/div>\n\t\t\t\t<div class=\"elementor-element elementor-element-17cb595 elementor-widget elementor-widget-heading\" data-id=\"17cb595\" data-element_type=\"widget\" data-widget_type=\"heading.default\">\n\t\t\t\t<div class=\"elementor-widget-container\">\n\t\t\t<h2 class=\"elementor-heading-title elementor-size-default\"><a href=\"https:\/\/drive.google.com\/file\/d\/1ZumZJFOHghJ_jEvxYidu-VYqVFjWcve2\/view?usp=sharing\" target=\"_blank\">Vers\u00e3o em portugu\u00eas...clique aqu\u00ed<\/a><\/h2>\t\t<\/div>\n\t\t\t\t<\/div>\n\t\t\t\t\t<\/div>\n\t\t<\/div>\n\t\t\t\t<div class=\"elementor-column elementor-col-66 elementor-top-column elementor-element elementor-element-f9d8a35\" data-id=\"f9d8a35\" data-element_type=\"column\">\n\t\t\t<div class=\"elementor-widget-wrap elementor-element-populated\">\n\t\t\t\t\t\t\t\t<div class=\"elementor-element elementor-element-8ac82f9 elementor-widget__width-initial e-transform e-transform e-transform elementor-widget elementor-widget-text-editor\" data-id=\"8ac82f9\" data-element_type=\"widget\" data-settings=\"{&quot;_transform_rotateZ_effect&quot;:{&quot;unit&quot;:&quot;px&quot;,&quot;size&quot;:0,&quot;sizes&quot;:[]},&quot;_transform_scale_effect&quot;:{&quot;unit&quot;:&quot;px&quot;,&quot;size&quot;:0.8,&quot;sizes&quot;:[]},&quot;_transform_skewX_effect&quot;:{&quot;unit&quot;:&quot;px&quot;,&quot;size&quot;:0,&quot;sizes&quot;:[]},&quot;_transform_rotateZ_effect_tablet&quot;:{&quot;unit&quot;:&quot;deg&quot;,&quot;size&quot;:&quot;&quot;,&quot;sizes&quot;:[]},&quot;_transform_rotateZ_effect_mobile&quot;:{&quot;unit&quot;:&quot;deg&quot;,&quot;size&quot;:&quot;&quot;,&quot;sizes&quot;:[]},&quot;_transform_scale_effect_tablet&quot;:{&quot;unit&quot;:&quot;px&quot;,&quot;size&quot;:&quot;&quot;,&quot;sizes&quot;:[]},&quot;_transform_scale_effect_mobile&quot;:{&quot;unit&quot;:&quot;px&quot;,&quot;size&quot;:&quot;&quot;,&quot;sizes&quot;:[]},&quot;_transform_skewX_effect_tablet&quot;:{&quot;unit&quot;:&quot;deg&quot;,&quot;size&quot;:&quot;&quot;,&quot;sizes&quot;:[]},&quot;_transform_skewX_effect_mobile&quot;:{&quot;unit&quot;:&quot;deg&quot;,&quot;size&quot;:&quot;&quot;,&quot;sizes&quot;:[]},&quot;_transform_skewY_effect&quot;:{&quot;unit&quot;:&quot;px&quot;,&quot;size&quot;:&quot;&quot;,&quot;sizes&quot;:[]},&quot;_transform_skewY_effect_tablet&quot;:{&quot;unit&quot;:&quot;deg&quot;,&quot;size&quot;:&quot;&quot;,&quot;sizes&quot;:[]},&quot;_transform_skewY_effect_mobile&quot;:{&quot;unit&quot;:&quot;deg&quot;,&quot;size&quot;:&quot;&quot;,&quot;sizes&quot;:[]}}\" data-widget_type=\"text-editor.default\">\n\t\t\t\t<div class=\"elementor-widget-container\">\n\t\t\t\t\t\t\t<div data-cel-widget=\"bylineInfo\"><h4 id=\"resumo-resenha-descricao\" style=\"text-align: left;\"><strong>Nossa Am\u00e9rica<\/strong><\/h4><p>Autor(es): Jos\u00e9 Mart\u00ed<\/p><p>Editora: UNB<\/p><p>P\u00e1ginas 128<\/p><p>Com esta edi\u00e7\u00e3o bil\u00edngue do ensaio Nuestra Am\u00e9rica, de Jos\u00e9 Juli\u00e1n Mart\u00ed y P\u00e9rez (1853-1895), o N\u00facleo de Estudos Cubanos (Nescuba) do Centro de Estudos Avan\u00e7ados Multidisciplinares da Universidade de Bras\u00edlia e o Centro de Estudos Martianos (CEM) contribuem para a divulga\u00e7\u00e3o no Brasil da obra desse destacado intelectual e pol\u00edtico cubano.\u00a0 Considerado em Cuba o ap\u00f3stolo da independ\u00eancia e o mentor da revolu\u00e7\u00e3o, propugnava a unidade estreita entre as na\u00e7\u00f5es latino-americanas para poder, assim, fazer frente aos desafios que o mundo moderno e o apetite expansionista do seu vizinho do Norte colocavam para o s\u00e9culo XX.<\/p><\/div>\t\t\t\t\t\t<\/div>\n\t\t\t\t<\/div>\n\t\t\t\t\t<\/div>\n\t\t<\/div>\n\t\t\t\t\t\t\t<\/div>\n\t\t<\/section>\n\t\t\t\t<section class=\"elementor-section elementor-top-section elementor-element elementor-element-197ac5c elementor-section-height-min-height elementor-section-boxed elementor-section-height-default elementor-section-items-middle\" data-id=\"197ac5c\" data-element_type=\"section\" data-settings=\"{&quot;background_background&quot;:&quot;gradient&quot;}\">\n\t\t\t\t\t\t<div class=\"elementor-container elementor-column-gap-default\">\n\t\t\t\t\t<div class=\"elementor-column elementor-col-33 elementor-top-column elementor-element elementor-element-b186378\" data-id=\"b186378\" data-element_type=\"column\">\n\t\t\t<div class=\"elementor-widget-wrap elementor-element-populated\">\n\t\t\t\t\t\t\t\t<div class=\"elementor-element elementor-element-998d16e elementor-widget elementor-widget-image\" data-id=\"998d16e\" data-element_type=\"widget\" data-widget_type=\"image.default\">\n\t\t\t\t<div class=\"elementor-widget-container\">\n\t\t\t\t\t\t\t\t\t\t\t\t\t\t\t\t<a href=\"http:\/\/www.indicalivros.com\/livros\/nossa-america-jose-marti\" target=\"_blank\">\n\t\t\t\t\t\t\t<img decoding=\"async\" width=\"471\" height=\"732\" src=\"https:\/\/nescuba.cdtc.unb.br\/wp-content\/uploads\/2025\/12\/Paulo-Freire.png\" class=\"attachment-large size-large wp-image-28301\" alt=\"\" loading=\"lazy\" srcset=\"https:\/\/nescuba.cdtc.unb.br\/wp-content\/uploads\/2025\/12\/Paulo-Freire.png 471w, https:\/\/nescuba.cdtc.unb.br\/wp-content\/uploads\/2025\/12\/Paulo-Freire-386x600.png 386w\" sizes=\"(max-width: 471px) 100vw, 471px\" \/>\t\t\t\t\t\t\t\t<\/a>\n\t\t\t\t\t\t\t\t\t\t\t\t\t\t\t<\/div>\n\t\t\t\t<\/div>\n\t\t\t\t<div class=\"elementor-element elementor-element-9c15dc3 elementor-widget elementor-widget-heading\" data-id=\"9c15dc3\" data-element_type=\"widget\" data-widget_type=\"heading.default\">\n\t\t\t\t<div class=\"elementor-widget-container\">\n\t\t\t<h2 class=\"elementor-heading-title elementor-size-default\"><a href=\"https:\/\/drive.google.com\/file\/d\/1r9xidux6NU5YJayG8py1FW_XhTV296DV\/view?usp=sharing\" target=\"_blank\">Versi\u00f3n en espa\u00f1ol...clique aqu\u00ed<\/a><\/h2>\t\t<\/div>\n\t\t\t\t<\/div>\n\t\t\t\t\t<\/div>\n\t\t<\/div>\n\t\t\t\t<div class=\"elementor-column elementor-col-66 elementor-top-column elementor-element elementor-element-22fd19a\" data-id=\"22fd19a\" data-element_type=\"column\">\n\t\t\t<div class=\"elementor-widget-wrap elementor-element-populated\">\n\t\t\t\t\t\t\t\t<div class=\"elementor-element elementor-element-a32db62 elementor-widget__width-initial e-transform e-transform e-transform elementor-widget elementor-widget-text-editor\" data-id=\"a32db62\" data-element_type=\"widget\" data-settings=\"{&quot;_transform_rotateZ_effect&quot;:{&quot;unit&quot;:&quot;px&quot;,&quot;size&quot;:0,&quot;sizes&quot;:[]},&quot;_transform_scale_effect&quot;:{&quot;unit&quot;:&quot;px&quot;,&quot;size&quot;:0.8,&quot;sizes&quot;:[]},&quot;_transform_skewX_effect&quot;:{&quot;unit&quot;:&quot;px&quot;,&quot;size&quot;:0,&quot;sizes&quot;:[]},&quot;_transform_rotateZ_effect_tablet&quot;:{&quot;unit&quot;:&quot;deg&quot;,&quot;size&quot;:&quot;&quot;,&quot;sizes&quot;:[]},&quot;_transform_rotateZ_effect_mobile&quot;:{&quot;unit&quot;:&quot;deg&quot;,&quot;size&quot;:&quot;&quot;,&quot;sizes&quot;:[]},&quot;_transform_scale_effect_tablet&quot;:{&quot;unit&quot;:&quot;px&quot;,&quot;size&quot;:&quot;&quot;,&quot;sizes&quot;:[]},&quot;_transform_scale_effect_mobile&quot;:{&quot;unit&quot;:&quot;px&quot;,&quot;size&quot;:&quot;&quot;,&quot;sizes&quot;:[]},&quot;_transform_skewX_effect_tablet&quot;:{&quot;unit&quot;:&quot;deg&quot;,&quot;size&quot;:&quot;&quot;,&quot;sizes&quot;:[]},&quot;_transform_skewX_effect_mobile&quot;:{&quot;unit&quot;:&quot;deg&quot;,&quot;size&quot;:&quot;&quot;,&quot;sizes&quot;:[]},&quot;_transform_skewY_effect&quot;:{&quot;unit&quot;:&quot;px&quot;,&quot;size&quot;:&quot;&quot;,&quot;sizes&quot;:[]},&quot;_transform_skewY_effect_tablet&quot;:{&quot;unit&quot;:&quot;deg&quot;,&quot;size&quot;:&quot;&quot;,&quot;sizes&quot;:[]},&quot;_transform_skewY_effect_mobile&quot;:{&quot;unit&quot;:&quot;deg&quot;,&quot;size&quot;:&quot;&quot;,&quot;sizes&quot;:[]}}\" data-widget_type=\"text-editor.default\">\n\t\t\t\t<div class=\"elementor-widget-container\">\n\t\t\t\t\t\t\t<div data-cel-widget=\"bylineInfo\"><h4><strong>Freire entre nosotros. Una experiencia cubana de educaci\u00f3n popular<\/strong><\/h4><p>Autor(es):\u00a0Esther P\u00e9rez<\/p><p>Editorial: Caminos<\/p><p>P\u00e1ginas: 60<\/p><p>Vacil\u00e9 mucho antes de comenzar a escribir este libro. En primer lugar, porque poner en palabras, frases, p\u00e1ginas, lo que ha constituido una parte importante de las motivaciones, alegr\u00edas y angustias de mi vida en los \u00faltimos quince a\u00f1os, equival\u00eda a aceptar que he cerrado un ciclo, que concluy\u00f3 una etapa, y que la que se abre ahora es mucho m\u00e1s solitaria y, por ser de recuento, anuncia cierres<br \/>y finales y, ojal\u00e1, nuevas aperturas.<br \/>Por otro lado, no encontraba un tono que me pareciera justo. \u00bfNo deb\u00eda ser colectivo el an\u00e1lisis de una experiencia que tuvo tantas dimensiones colectivas? \u00bfDe qu\u00e9 forma resultar\u00eda m\u00e1s \u00fatil: tratando de disecar \u2014en el buen sentido de la palabra\u2014 los hallazgos de una pr\u00e1ctica pedag\u00f3gica experimental, contras- tando nuestra experiencia con sus similares de otros pa\u00edses latinoamericanos?<br \/>Al final, decid\u00ed hacer el cuento e insertar, aqu\u00ed y all\u00e1, en el cuerpo de esta historia, algunas reflexiones, que son m\u00edas solo hasta donde resultan propias certidumbres o preguntas elaboradas siempre en di\u00e1logo con muchos y muchas, y con mi pa\u00eds, Cuba, en la \u00e9poca tremenda, angustiosa e incierta, fascinante y dolorosa en que tratamos \u2014y logramos\u2014 llevar adelante un programa de educaci\u00f3n popular en el Centro Memorial Dr. Martin Luther King, Jr., de La Habana.<\/p><\/div>\t\t\t\t\t\t<\/div>\n\t\t\t\t<\/div>\n\t\t\t\t\t<\/div>\n\t\t<\/div>\n\t\t\t\t\t\t\t<\/div>\n\t\t<\/section>\n\t\t\t\t<section class=\"elementor-section elementor-top-section elementor-element elementor-element-7e2c506 elementor-section-height-min-height elementor-section-boxed elementor-section-height-default elementor-section-items-middle\" data-id=\"7e2c506\" data-element_type=\"section\" data-settings=\"{&quot;background_background&quot;:&quot;gradient&quot;}\">\n\t\t\t\t\t\t<div class=\"elementor-container elementor-column-gap-default\">\n\t\t\t\t\t<div class=\"elementor-column elementor-col-33 elementor-top-column elementor-element elementor-element-0504593\" data-id=\"0504593\" data-element_type=\"column\">\n\t\t\t<div class=\"elementor-widget-wrap elementor-element-populated\">\n\t\t\t\t\t\t\t\t<div class=\"elementor-element elementor-element-31fe966 elementor-widget elementor-widget-image\" data-id=\"31fe966\" data-element_type=\"widget\" data-widget_type=\"image.default\">\n\t\t\t\t<div class=\"elementor-widget-container\">\n\t\t\t\t\t\t\t\t\t\t\t\t\t\t\t\t<a href=\"https:\/\/www.josemarti.cu\/obras-edicion-critica\/\" target=\"_blank\">\n\t\t\t\t\t\t\t<img decoding=\"async\" width=\"260\" height=\"306\" src=\"https:\/\/nescuba.cdtc.unb.br\/wp-content\/uploads\/2023\/06\/Obras_Completas.png\" class=\"attachment-large size-large wp-image-5325\" alt=\"\" loading=\"lazy\" srcset=\"https:\/\/nescuba.cdtc.unb.br\/wp-content\/uploads\/2023\/06\/Obras_Completas.png 260w, https:\/\/nescuba.cdtc.unb.br\/wp-content\/uploads\/2023\/06\/Obras_Completas-255x300.png 255w\" sizes=\"(max-width: 260px) 100vw, 260px\" \/>\t\t\t\t\t\t\t\t<\/a>\n\t\t\t\t\t\t\t\t\t\t\t\t\t\t\t<\/div>\n\t\t\t\t<\/div>\n\t\t\t\t<div class=\"elementor-element elementor-element-a243ca3 elementor-widget elementor-widget-heading\" data-id=\"a243ca3\" data-element_type=\"widget\" data-widget_type=\"heading.default\">\n\t\t\t\t<div class=\"elementor-widget-container\">\n\t\t\t<h2 class=\"elementor-heading-title elementor-size-default\"><a href=\"http:\/\/www.josemarti.cu\/obras-edicion-critica\/\" target=\"_blank\">Versi\u00f3n en espa\u00f1ol...clique aqu\u00ed<\/a><\/h2>\t\t<\/div>\n\t\t\t\t<\/div>\n\t\t\t\t\t<\/div>\n\t\t<\/div>\n\t\t\t\t<div class=\"elementor-column elementor-col-66 elementor-top-column elementor-element elementor-element-8d2a6d4\" data-id=\"8d2a6d4\" data-element_type=\"column\">\n\t\t\t<div class=\"elementor-widget-wrap elementor-element-populated\">\n\t\t\t\t\t\t\t\t<div class=\"elementor-element elementor-element-7f48f39 elementor-widget__width-initial e-transform e-transform e-transform elementor-widget elementor-widget-text-editor\" data-id=\"7f48f39\" data-element_type=\"widget\" data-settings=\"{&quot;_transform_rotateZ_effect&quot;:{&quot;unit&quot;:&quot;px&quot;,&quot;size&quot;:0,&quot;sizes&quot;:[]},&quot;_transform_scale_effect&quot;:{&quot;unit&quot;:&quot;px&quot;,&quot;size&quot;:0.8,&quot;sizes&quot;:[]},&quot;_transform_skewX_effect&quot;:{&quot;unit&quot;:&quot;px&quot;,&quot;size&quot;:0,&quot;sizes&quot;:[]},&quot;_transform_rotateZ_effect_tablet&quot;:{&quot;unit&quot;:&quot;deg&quot;,&quot;size&quot;:&quot;&quot;,&quot;sizes&quot;:[]},&quot;_transform_rotateZ_effect_mobile&quot;:{&quot;unit&quot;:&quot;deg&quot;,&quot;size&quot;:&quot;&quot;,&quot;sizes&quot;:[]},&quot;_transform_scale_effect_tablet&quot;:{&quot;unit&quot;:&quot;px&quot;,&quot;size&quot;:&quot;&quot;,&quot;sizes&quot;:[]},&quot;_transform_scale_effect_mobile&quot;:{&quot;unit&quot;:&quot;px&quot;,&quot;size&quot;:&quot;&quot;,&quot;sizes&quot;:[]},&quot;_transform_skewX_effect_tablet&quot;:{&quot;unit&quot;:&quot;deg&quot;,&quot;size&quot;:&quot;&quot;,&quot;sizes&quot;:[]},&quot;_transform_skewX_effect_mobile&quot;:{&quot;unit&quot;:&quot;deg&quot;,&quot;size&quot;:&quot;&quot;,&quot;sizes&quot;:[]},&quot;_transform_skewY_effect&quot;:{&quot;unit&quot;:&quot;px&quot;,&quot;size&quot;:&quot;&quot;,&quot;sizes&quot;:[]},&quot;_transform_skewY_effect_tablet&quot;:{&quot;unit&quot;:&quot;deg&quot;,&quot;size&quot;:&quot;&quot;,&quot;sizes&quot;:[]},&quot;_transform_skewY_effect_mobile&quot;:{&quot;unit&quot;:&quot;deg&quot;,&quot;size&quot;:&quot;&quot;,&quot;sizes&quot;:[]}}\" data-widget_type=\"text-editor.default\">\n\t\t\t\t<div class=\"elementor-widget-container\">\n\t\t\t\t\t\t\t<div id=\"titleblock_feature_div\" class=\"celwidget\" data-feature-name=\"titleblock\" data-csa-c-type=\"widget\" data-csa-c-content-id=\"titleblock\" data-csa-c-slot-id=\"titleblock_feature_div\" data-csa-c-asin=\"6555550120\" data-csa-c-is-in-initial-active-row=\"false\" data-csa-c-id=\"t54ytf-2rntfi-u6idqz-o77ybl\" data-cel-widget=\"titleblock_feature_div\"><div class=\"a-section a-spacing-none\">\u00a0<\/div><\/div><div data-cel-widget=\"bylineInfo\"><section><h4 style=\"text-align: left;\"><strong>Obras Completas Jos\u00e9 Mart\u00ed. Edici\u00f3n cr\u00edtica<\/strong><\/h4><p>En esta edici\u00f3n, se recoge la totalidad de la producci\u00f3n de Jos\u00e9 Mart\u00ed (1853-1895), conocida hasta el presente, y tambi\u00e9n nuevos materiales localizados durante su preparaci\u00f3n. Contiene cr\u00f3nicas, correspondencias period\u00edsticas, art\u00edculos, ensayos, discursos, semblanzas biogr\u00e1ficas, poemas, novelas, obras de teatro, cartas, proclamas, comunicaciones, manifiestos, dedicatorias, borradores, cuadernos de apuntes, fragmentos de escritos (o anotaciones incompletas), traducciones y dibujos.<\/p><p>La <a title=\"Obras completas. Edici\u00f3n cr\u00edtica\" href=\"http:\/\/www.josemarti.cu?page_id=853\" target=\"_blank\" rel=\"noopener\">Edici\u00f3n Cr\u00edtica<\/a> de las <em>Obras completas <\/em>es fruto de la colaboraci\u00f3n de investigadores y editores del Centro de Estudios Martianos, expertos conocedores de la obra y de la caligraf\u00eda de Mart\u00ed<\/p><\/section><\/div>\t\t\t\t\t\t<\/div>\n\t\t\t\t<\/div>\n\t\t\t\t\t<\/div>\n\t\t<\/div>\n\t\t\t\t\t\t\t<\/div>\n\t\t<\/section>\n\t\t\t\t<section class=\"elementor-section elementor-top-section elementor-element elementor-element-a257e92 elementor-section-height-min-height elementor-section-boxed elementor-section-height-default elementor-section-items-middle\" data-id=\"a257e92\" data-element_type=\"section\" data-settings=\"{&quot;background_background&quot;:&quot;gradient&quot;}\">\n\t\t\t\t\t\t<div class=\"elementor-container elementor-column-gap-default\">\n\t\t\t\t\t<div class=\"elementor-column elementor-col-33 elementor-top-column elementor-element elementor-element-a099ae1\" data-id=\"a099ae1\" data-element_type=\"column\">\n\t\t\t<div class=\"elementor-widget-wrap elementor-element-populated\">\n\t\t\t\t\t\t\t\t<div class=\"elementor-element elementor-element-a77107b elementor-widget elementor-widget-image\" data-id=\"a77107b\" data-element_type=\"widget\" data-widget_type=\"image.default\">\n\t\t\t\t<div class=\"elementor-widget-container\">\n\t\t\t\t\t\t\t\t\t\t\t\t\t\t\t\t<a href=\"http:\/\/bibliotecavirtual.clacso.org.ar\/ar\/libros\/marti\/marti.html\">\n\t\t\t\t\t\t\t<img decoding=\"async\" width=\"144\" height=\"144\" src=\"https:\/\/nescuba.cdtc.unb.br\/wp-content\/uploads\/2023\/08\/oc-icono.png\" class=\"attachment-large size-large wp-image-7125\" alt=\"\" loading=\"lazy\" \/>\t\t\t\t\t\t\t\t<\/a>\n\t\t\t\t\t\t\t\t\t\t\t\t\t\t\t<\/div>\n\t\t\t\t<\/div>\n\t\t\t\t\t<\/div>\n\t\t<\/div>\n\t\t\t\t<div class=\"elementor-column elementor-col-66 elementor-top-column elementor-element elementor-element-0940495\" data-id=\"0940495\" data-element_type=\"column\">\n\t\t\t<div class=\"elementor-widget-wrap elementor-element-populated\">\n\t\t\t\t\t\t\t\t<div class=\"elementor-element elementor-element-aaf3780 elementor-widget__width-initial e-transform e-transform e-transform elementor-widget elementor-widget-text-editor\" data-id=\"aaf3780\" data-element_type=\"widget\" data-settings=\"{&quot;_transform_rotateZ_effect&quot;:{&quot;unit&quot;:&quot;px&quot;,&quot;size&quot;:0,&quot;sizes&quot;:[]},&quot;_transform_scale_effect&quot;:{&quot;unit&quot;:&quot;px&quot;,&quot;size&quot;:0.8,&quot;sizes&quot;:[]},&quot;_transform_skewX_effect&quot;:{&quot;unit&quot;:&quot;px&quot;,&quot;size&quot;:0,&quot;sizes&quot;:[]},&quot;_transform_rotateZ_effect_tablet&quot;:{&quot;unit&quot;:&quot;deg&quot;,&quot;size&quot;:&quot;&quot;,&quot;sizes&quot;:[]},&quot;_transform_rotateZ_effect_mobile&quot;:{&quot;unit&quot;:&quot;deg&quot;,&quot;size&quot;:&quot;&quot;,&quot;sizes&quot;:[]},&quot;_transform_scale_effect_tablet&quot;:{&quot;unit&quot;:&quot;px&quot;,&quot;size&quot;:&quot;&quot;,&quot;sizes&quot;:[]},&quot;_transform_scale_effect_mobile&quot;:{&quot;unit&quot;:&quot;px&quot;,&quot;size&quot;:&quot;&quot;,&quot;sizes&quot;:[]},&quot;_transform_skewX_effect_tablet&quot;:{&quot;unit&quot;:&quot;deg&quot;,&quot;size&quot;:&quot;&quot;,&quot;sizes&quot;:[]},&quot;_transform_skewX_effect_mobile&quot;:{&quot;unit&quot;:&quot;deg&quot;,&quot;size&quot;:&quot;&quot;,&quot;sizes&quot;:[]},&quot;_transform_skewY_effect&quot;:{&quot;unit&quot;:&quot;px&quot;,&quot;size&quot;:&quot;&quot;,&quot;sizes&quot;:[]},&quot;_transform_skewY_effect_tablet&quot;:{&quot;unit&quot;:&quot;deg&quot;,&quot;size&quot;:&quot;&quot;,&quot;sizes&quot;:[]},&quot;_transform_skewY_effect_mobile&quot;:{&quot;unit&quot;:&quot;deg&quot;,&quot;size&quot;:&quot;&quot;,&quot;sizes&quot;:[]}}\" data-widget_type=\"text-editor.default\">\n\t\t\t\t<div class=\"elementor-widget-container\">\n\t\t\t\t\t\t\t<div id=\"titleblock_feature_div\" class=\"celwidget\" data-feature-name=\"titleblock\" data-csa-c-type=\"widget\" data-csa-c-content-id=\"titleblock\" data-csa-c-slot-id=\"titleblock_feature_div\" data-csa-c-asin=\"6555550120\" data-csa-c-is-in-initial-active-row=\"false\" data-csa-c-id=\"t54ytf-2rntfi-u6idqz-o77ybl\" data-cel-widget=\"titleblock_feature_div\"><div class=\"a-section a-spacing-none\"><h4 id=\"title\" class=\"a-spacing-none a-text-normal\"><strong><span id=\"productTitle\" class=\"a-size-extra-large\"><b><span style=\"font-family: MetaPlusNormal-Roman; font-size: xx-large;\"><span style=\"font-family: Arial; font-size: x-large;\">Obras Completas de JOS\u00c9 MART\u00cd<\/span><\/span><\/b><\/span><\/strong><\/h4><\/div><\/div><div id=\"bylineInfo_feature_div\" class=\"celwidget\" data-feature-name=\"bylineInfo\" data-csa-c-type=\"widget\" data-csa-c-content-id=\"bylineInfo\" data-csa-c-slot-id=\"bylineInfo_feature_div\" data-csa-c-asin=\"6555550120\" data-csa-c-is-in-initial-active-row=\"false\" data-csa-c-id=\"93czk1-f7bbi0-6ompz5-bv5zjb\" data-cel-widget=\"bylineInfo_feature_div\">\u00a0<\/div><div data-cel-widget=\"bylineInfo\"><address>CEM &#8211; Centro de Estudios Martianos<\/address><address>La Habana &#8211; Cuba<\/address><address><address>7 de noviembre de 2001<\/address><address>26 vol\u00famenes, 12500 p\u00e1g.<\/address><address><address>\u00a0<\/address><address>Alrededor de la figura de Mart\u00ed, como ocurre con todos los grandes hombres, se ha tejido un sin n\u00famero de leyendas. Leyendas que, por serlo, resultan dif\u00edciles de destruir y acaban por arraigarse en la mente popular a fuerza de ser constantemente repetidas.<\/address><address>Mart\u00ed, hombre ante todo; pero hombre en el m\u00e1s alto sentido humano, tambi\u00e9n en el m\u00e1s elevado grado de lo que debe ser el mejor concepto de humanidad<\/address><\/address><\/address><\/div>\t\t\t\t\t\t<\/div>\n\t\t\t\t<\/div>\n\t\t\t\t\t<\/div>\n\t\t<\/div>\n\t\t\t\t\t\t\t<\/div>\n\t\t<\/section>\n\t\t\t\t<section class=\"elementor-section elementor-top-section elementor-element elementor-element-06b08b8 elementor-section-height-min-height elementor-section-boxed elementor-section-height-default elementor-section-items-middle\" data-id=\"06b08b8\" data-element_type=\"section\" data-settings=\"{&quot;background_background&quot;:&quot;gradient&quot;}\">\n\t\t\t\t\t\t<div class=\"elementor-container elementor-column-gap-default\">\n\t\t\t\t\t<div class=\"elementor-column elementor-col-33 elementor-top-column elementor-element elementor-element-038884d\" data-id=\"038884d\" data-element_type=\"column\">\n\t\t\t<div class=\"elementor-widget-wrap elementor-element-populated\">\n\t\t\t\t\t\t\t\t<div class=\"elementor-element elementor-element-420c2b6 elementor-widget elementor-widget-image\" data-id=\"420c2b6\" data-element_type=\"widget\" data-widget_type=\"image.default\">\n\t\t\t\t<div class=\"elementor-widget-container\">\n\t\t\t\t\t\t\t\t\t\t\t\t\t\t\t\t<a href=\"http:\/\/www.cuba.cu\/gobierno\/NuevaConstitucion.pdf\">\n\t\t\t\t\t\t\t<img decoding=\"async\" width=\"362\" height=\"357\" src=\"https:\/\/nescuba.cdtc.unb.br\/wp-content\/uploads\/2023\/09\/constitucion-cuba1.jpg\" class=\"attachment-large size-large wp-image-8053\" alt=\"\" loading=\"lazy\" srcset=\"https:\/\/nescuba.cdtc.unb.br\/wp-content\/uploads\/2023\/09\/constitucion-cuba1.jpg 362w, https:\/\/nescuba.cdtc.unb.br\/wp-content\/uploads\/2023\/09\/constitucion-cuba1-300x296.jpg 300w\" sizes=\"(max-width: 362px) 100vw, 362px\" \/>\t\t\t\t\t\t\t\t<\/a>\n\t\t\t\t\t\t\t\t\t\t\t\t\t\t\t<\/div>\n\t\t\t\t<\/div>\n\t\t\t\t<div class=\"elementor-element elementor-element-228c87e elementor-widget elementor-widget-heading\" data-id=\"228c87e\" data-element_type=\"widget\" data-widget_type=\"heading.default\">\n\t\t\t\t<div class=\"elementor-widget-container\">\n\t\t\t<h2 class=\"elementor-heading-title elementor-size-default\"><a href=\"http:\/\/www.cuba.cu\/gobierno\/NuevaConstitucion.pdf\" target=\"_blank\">Versi\u00f3n en espa\u00f1ol...clique aqu\u00ed<\/a><\/h2>\t\t<\/div>\n\t\t\t\t<\/div>\n\t\t\t\t\t<\/div>\n\t\t<\/div>\n\t\t\t\t<div class=\"elementor-column elementor-col-66 elementor-top-column elementor-element elementor-element-dd1b433\" data-id=\"dd1b433\" data-element_type=\"column\">\n\t\t\t<div class=\"elementor-widget-wrap elementor-element-populated\">\n\t\t\t\t\t\t\t\t<div class=\"elementor-element elementor-element-721b64a elementor-widget__width-initial e-transform e-transform e-transform elementor-widget elementor-widget-text-editor\" data-id=\"721b64a\" data-element_type=\"widget\" data-settings=\"{&quot;_transform_rotateZ_effect&quot;:{&quot;unit&quot;:&quot;px&quot;,&quot;size&quot;:0,&quot;sizes&quot;:[]},&quot;_transform_scale_effect&quot;:{&quot;unit&quot;:&quot;px&quot;,&quot;size&quot;:0.8,&quot;sizes&quot;:[]},&quot;_transform_skewX_effect&quot;:{&quot;unit&quot;:&quot;px&quot;,&quot;size&quot;:0,&quot;sizes&quot;:[]},&quot;_transform_rotateZ_effect_tablet&quot;:{&quot;unit&quot;:&quot;deg&quot;,&quot;size&quot;:&quot;&quot;,&quot;sizes&quot;:[]},&quot;_transform_rotateZ_effect_mobile&quot;:{&quot;unit&quot;:&quot;deg&quot;,&quot;size&quot;:&quot;&quot;,&quot;sizes&quot;:[]},&quot;_transform_scale_effect_tablet&quot;:{&quot;unit&quot;:&quot;px&quot;,&quot;size&quot;:&quot;&quot;,&quot;sizes&quot;:[]},&quot;_transform_scale_effect_mobile&quot;:{&quot;unit&quot;:&quot;px&quot;,&quot;size&quot;:&quot;&quot;,&quot;sizes&quot;:[]},&quot;_transform_skewX_effect_tablet&quot;:{&quot;unit&quot;:&quot;deg&quot;,&quot;size&quot;:&quot;&quot;,&quot;sizes&quot;:[]},&quot;_transform_skewX_effect_mobile&quot;:{&quot;unit&quot;:&quot;deg&quot;,&quot;size&quot;:&quot;&quot;,&quot;sizes&quot;:[]},&quot;_transform_skewY_effect&quot;:{&quot;unit&quot;:&quot;px&quot;,&quot;size&quot;:&quot;&quot;,&quot;sizes&quot;:[]},&quot;_transform_skewY_effect_tablet&quot;:{&quot;unit&quot;:&quot;deg&quot;,&quot;size&quot;:&quot;&quot;,&quot;sizes&quot;:[]},&quot;_transform_skewY_effect_mobile&quot;:{&quot;unit&quot;:&quot;deg&quot;,&quot;size&quot;:&quot;&quot;,&quot;sizes&quot;:[]}}\" data-widget_type=\"text-editor.default\">\n\t\t\t\t<div class=\"elementor-widget-container\">\n\t\t\t\t\t\t\t<div id=\"titleblock_feature_div\" class=\"celwidget\" data-feature-name=\"titleblock\" data-csa-c-type=\"widget\" data-csa-c-content-id=\"titleblock\" data-csa-c-slot-id=\"titleblock_feature_div\" data-csa-c-asin=\"6555550120\" data-csa-c-is-in-initial-active-row=\"false\" data-csa-c-id=\"t54ytf-2rntfi-u6idqz-o77ybl\" data-cel-widget=\"titleblock_feature_div\"><div class=\"a-section a-spacing-none\"><h4 id=\"title\" class=\"a-spacing-none a-text-normal\" style=\"text-align: left;\"><strong><span id=\"productTitle\" class=\"a-size-extra-large\"><b><span style=\"font-family: MetaPlusNormal-Roman; font-size: xx-large;\"><span style=\"font-family: Arial; font-size: x-large;\">Constituci\u00f3n de la Rep\u00fablica de Cuba<\/span><\/span><\/b><\/span><\/strong><\/h4><\/div><\/div><div id=\"bylineInfo_feature_div\" class=\"celwidget\" data-feature-name=\"bylineInfo\" data-csa-c-type=\"widget\" data-csa-c-content-id=\"bylineInfo\" data-csa-c-slot-id=\"bylineInfo_feature_div\" data-csa-c-asin=\"6555550120\" data-csa-c-is-in-initial-active-row=\"false\" data-csa-c-id=\"93czk1-f7bbi0-6ompz5-bv5zjb\" data-cel-widget=\"bylineInfo_feature_div\">\u00a0<\/div><div data-cel-widget=\"bylineInfo\"><address><address><address><p>Por acuerdo de la Asamblea Nacional, en sesi\u00f3n extraordinaria celebrada el 2 de junio de 2018, se acord\u00f3 iniciar el proceso de Reforma Constitucional y aprobar para tal fin la creaci\u00f3n de una Comisi\u00f3n que present\u00f3 un Anteproyecto de nueva Constituci\u00f3n de la Rep\u00fablica al VII Pleno del Comit\u00e9 Central del Partido y al Consejo de Estado, as\u00ed como a los diputados de la Asamblea.<\/p><p>El proyecto fue aprobado por la Asamblea Nacional del Poder Popular durante el Segundo Periodo Ordinario de Sesiones de la IX Legislatura, en su sesi\u00f3n ordinaria los d\u00edas 21 y 22 de julio del a\u00f1o 2018, y sometido a un proceso de consulta popular, in\u00e9dito en Cuba y el mundo, porque fue enriquecido con la opini\u00f3n popular, tras la consulta celebrada entre el 13 de agosto y el 15 de noviembre con la participaci\u00f3n de casi nueve millones de personas, en m\u00e1s de 133 mil reuniones en barrios y centros de trabajo y estudio.<\/p><p>La Ley Suprema de la naci\u00f3n fue ratificada en referendo popular el <a title=\"24 de febrero\" href=\"https:\/\/www.ecured.cu\/24_de_febrero\">24 de febrero<\/a> de <a title=\"2019\" href=\"https:\/\/www.ecured.cu\/2019\">2019<\/a> con una aprobaci\u00f3n del 86.8% y fue proclamada el <a title=\"10 de abril\" href=\"https:\/\/www.ecured.cu\/10_de_abril\">10 de abril<\/a> de 2019 en la Segunda Sesi\u00f3n Extraordinaria de la IX Legislatura de la Asamblea Nacional del Poder Popular, en el <a class=\"mw-redirect\" title=\"Palacio de Convenciones de La Habana\" href=\"https:\/\/www.ecured.cu\/Palacio_de_Convenciones_de_La_Habana\">Palacio de Convenciones de La Habana<\/a>, quedando derogada la <a class=\"new\" title=\"Constituci\u00f3n de 1976 (la p\u00e1gina no existe)\" href=\"https:\/\/www.ecured.cu\/index.php?title=Constituci%C3%B3n_de_1976&amp;action=edit&amp;redlink=1\">Constituci\u00f3n de 1976<\/a>, la cual rigi\u00f3 los destinos de la naci\u00f3n durante 43 a\u00f1os.<\/p><p>Ecured<\/p><\/address><\/address><\/address><\/div>\t\t\t\t\t\t<\/div>\n\t\t\t\t<\/div>\n\t\t\t\t\t<\/div>\n\t\t<\/div>\n\t\t\t\t\t\t\t<\/div>\n\t\t<\/section>\n\t\t\t\t<section class=\"elementor-section elementor-top-section elementor-element elementor-element-6843e19 elementor-section-height-min-height elementor-section-boxed elementor-section-height-default elementor-section-items-middle\" data-id=\"6843e19\" data-element_type=\"section\" data-settings=\"{&quot;background_background&quot;:&quot;gradient&quot;}\">\n\t\t\t\t\t\t<div class=\"elementor-container elementor-column-gap-default\">\n\t\t\t\t\t<div class=\"elementor-column elementor-col-33 elementor-top-column elementor-element elementor-element-270f57c\" data-id=\"270f57c\" data-element_type=\"column\">\n\t\t\t<div class=\"elementor-widget-wrap elementor-element-populated\">\n\t\t\t\t\t\t\t\t<div class=\"elementor-element elementor-element-ef0790f elementor-widget elementor-widget-image\" data-id=\"ef0790f\" data-element_type=\"widget\" data-widget_type=\"image.default\">\n\t\t\t\t<div class=\"elementor-widget-container\">\n\t\t\t\t\t\t\t\t\t\t\t\t\t\t\t\t<a href=\"http:\/\/www.fomerco.com.br\/informativo\/view?TIPO=13&#038;ID_INFORMATIVO=256\" target=\"_blank\">\n\t\t\t\t\t\t\t<img decoding=\"async\" width=\"441\" height=\"443\" src=\"https:\/\/nescuba.cdtc.unb.br\/wp-content\/uploads\/2023\/10\/Libro-Novion.png\" class=\"attachment-large size-large wp-image-9095\" alt=\"\" loading=\"lazy\" srcset=\"https:\/\/nescuba.cdtc.unb.br\/wp-content\/uploads\/2023\/10\/Libro-Novion.png 441w, https:\/\/nescuba.cdtc.unb.br\/wp-content\/uploads\/2023\/10\/Libro-Novion-300x300.png 300w, https:\/\/nescuba.cdtc.unb.br\/wp-content\/uploads\/2023\/10\/Libro-Novion-150x150.png 150w\" sizes=\"(max-width: 441px) 100vw, 441px\" \/>\t\t\t\t\t\t\t\t<\/a>\n\t\t\t\t\t\t\t\t\t\t\t\t\t\t\t<\/div>\n\t\t\t\t<\/div>\n\t\t\t\t\t<\/div>\n\t\t<\/div>\n\t\t\t\t<div class=\"elementor-column elementor-col-66 elementor-top-column elementor-element elementor-element-eea172a\" data-id=\"eea172a\" data-element_type=\"column\">\n\t\t\t<div class=\"elementor-widget-wrap elementor-element-populated\">\n\t\t\t\t\t\t\t\t<div class=\"elementor-element elementor-element-7f24e1a elementor-widget__width-initial e-transform e-transform e-transform elementor-widget elementor-widget-text-editor\" data-id=\"7f24e1a\" data-element_type=\"widget\" data-settings=\"{&quot;_transform_rotateZ_effect&quot;:{&quot;unit&quot;:&quot;px&quot;,&quot;size&quot;:0,&quot;sizes&quot;:[]},&quot;_transform_scale_effect&quot;:{&quot;unit&quot;:&quot;px&quot;,&quot;size&quot;:0.8,&quot;sizes&quot;:[]},&quot;_transform_skewX_effect&quot;:{&quot;unit&quot;:&quot;px&quot;,&quot;size&quot;:0,&quot;sizes&quot;:[]},&quot;_transform_rotateZ_effect_tablet&quot;:{&quot;unit&quot;:&quot;deg&quot;,&quot;size&quot;:&quot;&quot;,&quot;sizes&quot;:[]},&quot;_transform_rotateZ_effect_mobile&quot;:{&quot;unit&quot;:&quot;deg&quot;,&quot;size&quot;:&quot;&quot;,&quot;sizes&quot;:[]},&quot;_transform_scale_effect_tablet&quot;:{&quot;unit&quot;:&quot;px&quot;,&quot;size&quot;:&quot;&quot;,&quot;sizes&quot;:[]},&quot;_transform_scale_effect_mobile&quot;:{&quot;unit&quot;:&quot;px&quot;,&quot;size&quot;:&quot;&quot;,&quot;sizes&quot;:[]},&quot;_transform_skewX_effect_tablet&quot;:{&quot;unit&quot;:&quot;deg&quot;,&quot;size&quot;:&quot;&quot;,&quot;sizes&quot;:[]},&quot;_transform_skewX_effect_mobile&quot;:{&quot;unit&quot;:&quot;deg&quot;,&quot;size&quot;:&quot;&quot;,&quot;sizes&quot;:[]},&quot;_transform_skewY_effect&quot;:{&quot;unit&quot;:&quot;px&quot;,&quot;size&quot;:&quot;&quot;,&quot;sizes&quot;:[]},&quot;_transform_skewY_effect_tablet&quot;:{&quot;unit&quot;:&quot;deg&quot;,&quot;size&quot;:&quot;&quot;,&quot;sizes&quot;:[]},&quot;_transform_skewY_effect_mobile&quot;:{&quot;unit&quot;:&quot;deg&quot;,&quot;size&quot;:&quot;&quot;,&quot;sizes&quot;:[]}}\" data-widget_type=\"text-editor.default\">\n\t\t\t\t<div class=\"elementor-widget-container\">\n\t\t\t\t\t\t\t<h4 style=\"text-align: left;\" data-cel-widget=\"bylineInfo\"><strong>Neoliberalismo e a nova agenda de seguran\u00e7a: apontamentos <\/strong><strong>para um olhar macrorregional das tr\u00eas \u00faltimas d\u00e9cadas no continente<\/strong><\/h4><p data-cel-widget=\"bylineInfo\">Autor: Jacques de Novion<\/p><p data-cel-widget=\"bylineInfo\">Este breve escrito e\u0301 resultado de avan\u00e7os em an\u00e1lises sobre a Am\u00e9rica Latina e o Caribe, desde um olhar de Longa Dura\u00e7\u00e3o (Braudel, 2001), da hist\u00f3ria das Am\u00e9ricas no s\u00e9culo XX, em desenvolvimento desde o fim do s\u00e9culo XIX e ainda em vigor no in\u00edcio do s\u00e9culo XXI. Mantidas as particularidades e especificidades espac\u0327o-temporais, observa-se uma histo\u0301ria das relac\u0327o\u0303es internacionais do nosso continente, onde as poli\u0301ticas hegemo\u0302nicas, esta\u0303o construi\u0301das sobre um Bino\u0302mio, de Integrac\u0327a\u0303o-Seguranc\u0327a (Boesner, 1996; Novion, 2019). Busca-se dar particular aten\u00e7\u00e3o ao momento atual do Bino\u0302mio, especificamente as tr\u00eas u\u0301ltimas de\u0301cadas no continente americano (1990 a 2021). Para isso, utiliza-se das proposic\u0327o\u0303es metodolo\u0301gicas dos Estudos Latino-americanos, buscando um olhar macrorregional, comparado, multidisciplinar, e produtora de novas complexidades e si\u0301nteses (Novion &amp; Costilla &amp; Ayala, 2014).<\/p>\t\t\t\t\t\t<\/div>\n\t\t\t\t<\/div>\n\t\t\t\t\t<\/div>\n\t\t<\/div>\n\t\t\t\t\t\t\t<\/div>\n\t\t<\/section>\n\t\t\t\t<section class=\"elementor-section elementor-top-section elementor-element elementor-element-8dc2839 elementor-section-height-min-height elementor-section-boxed elementor-section-height-default elementor-section-items-middle\" data-id=\"8dc2839\" data-element_type=\"section\" data-settings=\"{&quot;background_background&quot;:&quot;gradient&quot;}\">\n\t\t\t\t\t\t<div class=\"elementor-container elementor-column-gap-default\">\n\t\t\t\t\t<div class=\"elementor-column elementor-col-33 elementor-top-column elementor-element elementor-element-21e0a7d\" data-id=\"21e0a7d\" data-element_type=\"column\">\n\t\t\t<div class=\"elementor-widget-wrap elementor-element-populated\">\n\t\t\t\t\t\t\t\t<div class=\"elementor-element elementor-element-83839b9 elementor-widget elementor-widget-image\" data-id=\"83839b9\" data-element_type=\"widget\" data-widget_type=\"image.default\">\n\t\t\t\t<div class=\"elementor-widget-container\">\n\t\t\t\t\t\t\t\t\t\t\t\t\t\t\t\t<a href=\"https:\/\/drive.google.com\/file\/d\/18wgzjqkzPzJVjhmDso9fuOh-zdsrik-k\/view?usp=sharing\" target=\"_blank\">\n\t\t\t\t\t\t\t<img decoding=\"async\" width=\"800\" height=\"989\" src=\"https:\/\/nescuba.cdtc.unb.br\/wp-content\/uploads\/2023\/11\/Solidaridad-1-828x1024.png\" class=\"attachment-large size-large wp-image-10567\" alt=\"\" loading=\"lazy\" srcset=\"https:\/\/nescuba.cdtc.unb.br\/wp-content\/uploads\/2023\/11\/Solidaridad-1-828x1024.png 828w, https:\/\/nescuba.cdtc.unb.br\/wp-content\/uploads\/2023\/11\/Solidaridad-1-243x300.png 243w, https:\/\/nescuba.cdtc.unb.br\/wp-content\/uploads\/2023\/11\/Solidaridad-1-768x949.png 768w, https:\/\/nescuba.cdtc.unb.br\/wp-content\/uploads\/2023\/11\/Solidaridad-1.png 1012w\" sizes=\"(max-width: 800px) 100vw, 800px\" \/>\t\t\t\t\t\t\t\t<\/a>\n\t\t\t\t\t\t\t\t\t\t\t\t\t\t\t<\/div>\n\t\t\t\t<\/div>\n\t\t\t\t\t<\/div>\n\t\t<\/div>\n\t\t\t\t<div class=\"elementor-column elementor-col-66 elementor-top-column elementor-element elementor-element-724eada\" data-id=\"724eada\" data-element_type=\"column\">\n\t\t\t<div class=\"elementor-widget-wrap elementor-element-populated\">\n\t\t\t\t\t\t\t\t<div class=\"elementor-element elementor-element-419f94c elementor-widget__width-initial e-transform e-transform e-transform elementor-widget elementor-widget-text-editor\" data-id=\"419f94c\" data-element_type=\"widget\" data-settings=\"{&quot;_transform_rotateZ_effect&quot;:{&quot;unit&quot;:&quot;px&quot;,&quot;size&quot;:0,&quot;sizes&quot;:[]},&quot;_transform_scale_effect&quot;:{&quot;unit&quot;:&quot;px&quot;,&quot;size&quot;:0.8,&quot;sizes&quot;:[]},&quot;_transform_skewX_effect&quot;:{&quot;unit&quot;:&quot;px&quot;,&quot;size&quot;:0,&quot;sizes&quot;:[]},&quot;_transform_rotateZ_effect_tablet&quot;:{&quot;unit&quot;:&quot;deg&quot;,&quot;size&quot;:&quot;&quot;,&quot;sizes&quot;:[]},&quot;_transform_rotateZ_effect_mobile&quot;:{&quot;unit&quot;:&quot;deg&quot;,&quot;size&quot;:&quot;&quot;,&quot;sizes&quot;:[]},&quot;_transform_scale_effect_tablet&quot;:{&quot;unit&quot;:&quot;px&quot;,&quot;size&quot;:&quot;&quot;,&quot;sizes&quot;:[]},&quot;_transform_scale_effect_mobile&quot;:{&quot;unit&quot;:&quot;px&quot;,&quot;size&quot;:&quot;&quot;,&quot;sizes&quot;:[]},&quot;_transform_skewX_effect_tablet&quot;:{&quot;unit&quot;:&quot;deg&quot;,&quot;size&quot;:&quot;&quot;,&quot;sizes&quot;:[]},&quot;_transform_skewX_effect_mobile&quot;:{&quot;unit&quot;:&quot;deg&quot;,&quot;size&quot;:&quot;&quot;,&quot;sizes&quot;:[]},&quot;_transform_skewY_effect&quot;:{&quot;unit&quot;:&quot;px&quot;,&quot;size&quot;:&quot;&quot;,&quot;sizes&quot;:[]},&quot;_transform_skewY_effect_tablet&quot;:{&quot;unit&quot;:&quot;deg&quot;,&quot;size&quot;:&quot;&quot;,&quot;sizes&quot;:[]},&quot;_transform_skewY_effect_mobile&quot;:{&quot;unit&quot;:&quot;deg&quot;,&quot;size&quot;:&quot;&quot;,&quot;sizes&quot;:[]}}\" data-widget_type=\"text-editor.default\">\n\t\t\t\t<div class=\"elementor-widget-container\">\n\t\t\t\t\t\t\t<div id=\"titleblock_feature_div\" class=\"celwidget\" data-feature-name=\"titleblock\" data-csa-c-type=\"widget\" data-csa-c-content-id=\"titleblock\" data-csa-c-slot-id=\"titleblock_feature_div\" data-csa-c-asin=\"6555550120\" data-csa-c-is-in-initial-active-row=\"false\" data-csa-c-id=\"t54ytf-2rntfi-u6idqz-o77ybl\" data-cel-widget=\"titleblock_feature_div\"><div class=\"a-section a-spacing-none\"><h4 id=\"title\" class=\"a-spacing-none a-text-normal\" style=\"text-align: left;\"><strong><span id=\"productTitle\" class=\"a-size-extra-large\">Solidaridade Brasileira a Cuba: Uma hist\u00f3ria de Luta e paix\u00e3o pela Nossa Am\u00e9rica<\/span><\/strong><span id=\"productSubtitle\" class=\"a-size-large a-color-secondary\"> <\/span><\/h4><\/div><\/div><div id=\"bylineInfo_feature_div\" class=\"celwidget\" data-feature-name=\"bylineInfo\" data-csa-c-type=\"widget\" data-csa-c-content-id=\"bylineInfo\" data-csa-c-slot-id=\"bylineInfo_feature_div\" data-csa-c-asin=\"6555550120\" data-csa-c-is-in-initial-active-row=\"false\" data-csa-c-id=\"93czk1-f7bbi0-6ompz5-bv5zjb\" data-cel-widget=\"bylineInfo_feature_div\"><div id=\"bylineInfo\" class=\"a-section a-spacing-micro bylineHidden feature\" data-cel-widget=\"bylineInfo\">Edi\u00e7\u00e3o Portugu\u00eas<\/div><div data-cel-widget=\"bylineInfo\">\u00a0<\/div><div class=\"a-section a-spacing-micro bylineHidden feature\" data-cel-widget=\"bylineInfo\">Autoras:<\/div><div data-cel-widget=\"bylineInfo\">\u00a0<\/div><div data-cel-widget=\"bylineInfo\">Maria Auxiliadora C\u00e9sar (Nescuba\/Ceam\/UnB)<br \/>Maria Jos\u00e9 da Silva (ACJM \u2013 MG) Telma Araujo (ACJM \u2013 MG).<\/div><div data-cel-widget=\"bylineInfo\">\u00a0<\/div><div data-cel-widget=\"bylineInfo\">Desde os primeiros anos da d\u00e9cada de 2000, um grupo de militantes do movimento brasileiro de solidariedade a Cuba discutia a ideia de resgatar a mem\u00f3ria hist\u00f3rica do movimento e intentava coloc\u00e1-la em pr\u00e1tica. A proposta, apresentada e discutida, foi aprovada na XVI Conven\u00e7\u00e3o Nacional de Solidariedade a Cuba realizada na cidade do Rio de Janeiro (RJ) em 2008.\u00a0 Assumiram a coordena\u00e7\u00e3o da pesquisa as companheiras Telma Ara\u00fajo e Maria Jos\u00e9 da Silva, da \u2013Associa\u00e7\u00e3o Cultural Jos\u00e9 Mart\u00ed de Minas Gerais (ACJM-MG), e Maria Auxiliadora C\u00e9sar, do N\u00facleo de Estudos Cubanos (Nescuba) do Centro de Estudos Avan\u00e7ados Multidisciplinares da Universidade de Bras\u00edlia (Ceam\/UnB).\u00a0\u00a0 Durante os anos de 2009 a 2011, a pesquisa foi realizada, com a coleta de dados estat\u00edsticos e de informa\u00e7\u00f5es sobre as atividades desenvolvidas, bem como entrevistas com companheiros e companheiras que constroem a solidariedade brasileira a Cuba em diferentes estados brasileiros.<\/div><\/div>\t\t\t\t\t\t<\/div>\n\t\t\t\t<\/div>\n\t\t\t\t\t<\/div>\n\t\t<\/div>\n\t\t\t\t\t\t\t<\/div>\n\t\t<\/section>\n\t\t\t\t<section class=\"elementor-section elementor-top-section elementor-element elementor-element-e2e540f elementor-section-height-min-height elementor-section-boxed elementor-section-height-default elementor-section-items-middle\" data-id=\"e2e540f\" data-element_type=\"section\" data-settings=\"{&quot;background_background&quot;:&quot;gradient&quot;}\">\n\t\t\t\t\t\t<div class=\"elementor-container elementor-column-gap-default\">\n\t\t\t\t\t<div class=\"elementor-column elementor-col-33 elementor-top-column elementor-element elementor-element-f4ee7c0\" data-id=\"f4ee7c0\" data-element_type=\"column\">\n\t\t\t<div class=\"elementor-widget-wrap elementor-element-populated\">\n\t\t\t\t\t\t\t\t<div class=\"elementor-element elementor-element-89412fd elementor-widget elementor-widget-image\" data-id=\"89412fd\" data-element_type=\"widget\" data-widget_type=\"image.default\">\n\t\t\t\t<div class=\"elementor-widget-container\">\n\t\t\t\t\t\t\t\t\t\t\t\t\t\t\t\t<a href=\"http:\/\/www.google.com.br\/books\/edition\/_\/20cIzgEACAAJ?hl=pt-BR&#038;sa=X&#038;ved=2ahUKEwj2pvuh9-aAAxWejIkEHZQaAm0Qre8FegQIEhAC\" target=\"_blank\">\n\t\t\t\t\t\t\t<img decoding=\"async\" width=\"348\" height=\"500\" src=\"https:\/\/nescuba.cdtc.unb.br\/wp-content\/uploads\/2023\/06\/Portada-Ascencion-.jpg\" class=\"attachment-large size-large wp-image-5269\" alt=\"\" loading=\"lazy\" srcset=\"https:\/\/nescuba.cdtc.unb.br\/wp-content\/uploads\/2023\/06\/Portada-Ascencion-.jpg 348w, https:\/\/nescuba.cdtc.unb.br\/wp-content\/uploads\/2023\/06\/Portada-Ascencion--209x300.jpg 209w\" sizes=\"(max-width: 348px) 100vw, 348px\" \/>\t\t\t\t\t\t\t\t<\/a>\n\t\t\t\t\t\t\t\t\t\t\t\t\t\t\t<\/div>\n\t\t\t\t<\/div>\n\t\t\t\t\t<\/div>\n\t\t<\/div>\n\t\t\t\t<div class=\"elementor-column elementor-col-66 elementor-top-column elementor-element elementor-element-8e7b908\" data-id=\"8e7b908\" data-element_type=\"column\">\n\t\t\t<div class=\"elementor-widget-wrap elementor-element-populated\">\n\t\t\t\t\t\t\t\t<div class=\"elementor-element elementor-element-00ccc43 elementor-widget__width-initial e-transform e-transform e-transform elementor-widget elementor-widget-text-editor\" data-id=\"00ccc43\" data-element_type=\"widget\" data-settings=\"{&quot;_transform_rotateZ_effect&quot;:{&quot;unit&quot;:&quot;px&quot;,&quot;size&quot;:0,&quot;sizes&quot;:[]},&quot;_transform_scale_effect&quot;:{&quot;unit&quot;:&quot;px&quot;,&quot;size&quot;:0.8,&quot;sizes&quot;:[]},&quot;_transform_skewX_effect&quot;:{&quot;unit&quot;:&quot;px&quot;,&quot;size&quot;:0,&quot;sizes&quot;:[]},&quot;_transform_rotateZ_effect_tablet&quot;:{&quot;unit&quot;:&quot;deg&quot;,&quot;size&quot;:&quot;&quot;,&quot;sizes&quot;:[]},&quot;_transform_rotateZ_effect_mobile&quot;:{&quot;unit&quot;:&quot;deg&quot;,&quot;size&quot;:&quot;&quot;,&quot;sizes&quot;:[]},&quot;_transform_scale_effect_tablet&quot;:{&quot;unit&quot;:&quot;px&quot;,&quot;size&quot;:&quot;&quot;,&quot;sizes&quot;:[]},&quot;_transform_scale_effect_mobile&quot;:{&quot;unit&quot;:&quot;px&quot;,&quot;size&quot;:&quot;&quot;,&quot;sizes&quot;:[]},&quot;_transform_skewX_effect_tablet&quot;:{&quot;unit&quot;:&quot;deg&quot;,&quot;size&quot;:&quot;&quot;,&quot;sizes&quot;:[]},&quot;_transform_skewX_effect_mobile&quot;:{&quot;unit&quot;:&quot;deg&quot;,&quot;size&quot;:&quot;&quot;,&quot;sizes&quot;:[]},&quot;_transform_skewY_effect&quot;:{&quot;unit&quot;:&quot;px&quot;,&quot;size&quot;:&quot;&quot;,&quot;sizes&quot;:[]},&quot;_transform_skewY_effect_tablet&quot;:{&quot;unit&quot;:&quot;deg&quot;,&quot;size&quot;:&quot;&quot;,&quot;sizes&quot;:[]},&quot;_transform_skewY_effect_mobile&quot;:{&quot;unit&quot;:&quot;deg&quot;,&quot;size&quot;:&quot;&quot;,&quot;sizes&quot;:[]}}\" data-widget_type=\"text-editor.default\">\n\t\t\t\t<div class=\"elementor-widget-container\">\n\t\t\t\t\t\t\t<div id=\"titleblock_feature_div\" class=\"celwidget\" data-feature-name=\"titleblock\" data-csa-c-type=\"widget\" data-csa-c-content-id=\"titleblock\" data-csa-c-slot-id=\"titleblock_feature_div\" data-csa-c-asin=\"6555550120\" data-csa-c-is-in-initial-active-row=\"false\" data-csa-c-id=\"t54ytf-2rntfi-u6idqz-o77ybl\" data-cel-widget=\"titleblock_feature_div\"><div class=\"a-section a-spacing-none\"><h4 id=\"title\" class=\"a-spacing-none a-text-normal\" style=\"text-align: left;\"><strong><span id=\"productTitle\" class=\"a-size-extra-large\"> Ascens\u00e3o da nova direita e colapso da soberania pol\u00edtica: transfigura\u00e7\u00f5es da pol\u00edtica social<\/span><\/strong><span id=\"productSubtitle\" class=\"a-size-large a-color-secondary\"><strong> \u2013 2 outubro 2020<\/strong> <\/span><\/h4><\/div><\/div><div id=\"bylineInfo_feature_div\" class=\"celwidget\" data-feature-name=\"bylineInfo\" data-csa-c-type=\"widget\" data-csa-c-content-id=\"bylineInfo\" data-csa-c-slot-id=\"bylineInfo_feature_div\" data-csa-c-asin=\"6555550120\" data-csa-c-is-in-initial-active-row=\"false\" data-csa-c-id=\"93czk1-f7bbi0-6ompz5-bv5zjb\" data-cel-widget=\"bylineInfo_feature_div\"><div id=\"bylineInfo\" class=\"a-section a-spacing-micro bylineHidden feature\" data-cel-widget=\"bylineInfo\">Edi\u00e7\u00e3o Portugu\u00eas<\/div><div data-cel-widget=\"bylineInfo\">\u00a0<\/div><div class=\"a-section a-spacing-micro bylineHidden feature\" data-cel-widget=\"bylineInfo\">Autora: <span class=\"author notFaded\" data-width=\"\"><a class=\"a-link-normal\" href=\"https:\/\/www.amazon.com.br\/s\/ref=dp_byline_sr_book_1?ie=UTF8&amp;field-author=Potyara+Amazoneida+Pereira&amp;text=Potyara+Amazoneida+Pereira&amp;sort=relevancerank&amp;search-alias=stripbooks\">Potyara Amazoneida Pereira<\/a><span class=\"contribution\"><span class=\"a-color-secondary\"> (Compilador)<\/span><\/span><\/span><\/div><\/div><div data-cel-widget=\"bylineInfo\">\u00a0<\/div><div data-cel-widget=\"bylineInfo\">Esta Colet\u00e2nea tem como escopo anal\u00edtico duas balizas mestras que delimitam o seu conte\u00fado integral: de um lado, o dom\u00ednio burgu\u00eas da chamada nova direita e, de outro, a consequente degrada\u00e7\u00e3o da soberania pol\u00edtica. Por nova direita identifica um conjunto de princ\u00edpios, ideias e pr\u00e1ticas morais, resultante da fus\u00e3o do neoliberalismo econ\u00f4mico com o neoconservadorismo pol\u00edtico, social e cultural, a qual expressa um feroz ataque \u00e0 democracia e \u00e0 pol\u00edtica social de cunho solid\u00e1rio.<\/div>\t\t\t\t\t\t<\/div>\n\t\t\t\t<\/div>\n\t\t\t\t\t<\/div>\n\t\t<\/div>\n\t\t\t\t\t\t\t<\/div>\n\t\t<\/section>\n\t\t\t\t<section class=\"elementor-section elementor-top-section elementor-element elementor-element-d938d81 elementor-section-height-min-height elementor-section-boxed elementor-section-height-default elementor-section-items-middle\" data-id=\"d938d81\" data-element_type=\"section\" data-settings=\"{&quot;background_background&quot;:&quot;gradient&quot;}\">\n\t\t\t\t\t\t<div class=\"elementor-container elementor-column-gap-default\">\n\t\t\t\t\t<div class=\"elementor-column elementor-col-33 elementor-top-column elementor-element elementor-element-154319e\" data-id=\"154319e\" data-element_type=\"column\">\n\t\t\t<div class=\"elementor-widget-wrap elementor-element-populated\">\n\t\t\t\t\t\t\t\t<div class=\"elementor-element elementor-element-550effc elementor-widget elementor-widget-image\" data-id=\"550effc\" data-element_type=\"widget\" data-widget_type=\"image.default\">\n\t\t\t\t<div class=\"elementor-widget-container\">\n\t\t\t\t\t\t\t\t\t\t\t\t\t\t\t\t<a href=\"http:\/\/insular.com.br\/produto\/dependencia-e-marxismo-contribuicoes-ao-debate-critico-latino-americano-3a-edicao\/\" target=\"_blank\">\n\t\t\t\t\t\t\t<img decoding=\"async\" width=\"768\" height=\"1024\" src=\"https:\/\/nescuba.cdtc.unb.br\/wp-content\/uploads\/2023\/10\/capa-3-768x1024.jpg\" class=\"attachment-large size-large wp-image-9104\" alt=\"\" loading=\"lazy\" srcset=\"https:\/\/nescuba.cdtc.unb.br\/wp-content\/uploads\/2023\/10\/capa-3-768x1024.jpg 768w, https:\/\/nescuba.cdtc.unb.br\/wp-content\/uploads\/2023\/10\/capa-3-225x300.jpg 225w, https:\/\/nescuba.cdtc.unb.br\/wp-content\/uploads\/2023\/10\/capa-3.jpg 827w\" sizes=\"(max-width: 768px) 100vw, 768px\" \/>\t\t\t\t\t\t\t\t<\/a>\n\t\t\t\t\t\t\t\t\t\t\t\t\t\t\t<\/div>\n\t\t\t\t<\/div>\n\t\t\t\t\t<\/div>\n\t\t<\/div>\n\t\t\t\t<div class=\"elementor-column elementor-col-66 elementor-top-column elementor-element elementor-element-48d6eac\" data-id=\"48d6eac\" data-element_type=\"column\">\n\t\t\t<div class=\"elementor-widget-wrap elementor-element-populated\">\n\t\t\t\t\t\t\t\t<div class=\"elementor-element elementor-element-fe216b7 elementor-widget__width-initial e-transform e-transform e-transform elementor-widget elementor-widget-text-editor\" data-id=\"fe216b7\" data-element_type=\"widget\" data-settings=\"{&quot;_transform_rotateZ_effect&quot;:{&quot;unit&quot;:&quot;px&quot;,&quot;size&quot;:0,&quot;sizes&quot;:[]},&quot;_transform_scale_effect&quot;:{&quot;unit&quot;:&quot;px&quot;,&quot;size&quot;:0.8,&quot;sizes&quot;:[]},&quot;_transform_skewX_effect&quot;:{&quot;unit&quot;:&quot;px&quot;,&quot;size&quot;:0,&quot;sizes&quot;:[]},&quot;_transform_rotateZ_effect_tablet&quot;:{&quot;unit&quot;:&quot;deg&quot;,&quot;size&quot;:&quot;&quot;,&quot;sizes&quot;:[]},&quot;_transform_rotateZ_effect_mobile&quot;:{&quot;unit&quot;:&quot;deg&quot;,&quot;size&quot;:&quot;&quot;,&quot;sizes&quot;:[]},&quot;_transform_scale_effect_tablet&quot;:{&quot;unit&quot;:&quot;px&quot;,&quot;size&quot;:&quot;&quot;,&quot;sizes&quot;:[]},&quot;_transform_scale_effect_mobile&quot;:{&quot;unit&quot;:&quot;px&quot;,&quot;size&quot;:&quot;&quot;,&quot;sizes&quot;:[]},&quot;_transform_skewX_effect_tablet&quot;:{&quot;unit&quot;:&quot;deg&quot;,&quot;size&quot;:&quot;&quot;,&quot;sizes&quot;:[]},&quot;_transform_skewX_effect_mobile&quot;:{&quot;unit&quot;:&quot;deg&quot;,&quot;size&quot;:&quot;&quot;,&quot;sizes&quot;:[]},&quot;_transform_skewY_effect&quot;:{&quot;unit&quot;:&quot;px&quot;,&quot;size&quot;:&quot;&quot;,&quot;sizes&quot;:[]},&quot;_transform_skewY_effect_tablet&quot;:{&quot;unit&quot;:&quot;deg&quot;,&quot;size&quot;:&quot;&quot;,&quot;sizes&quot;:[]},&quot;_transform_skewY_effect_mobile&quot;:{&quot;unit&quot;:&quot;deg&quot;,&quot;size&quot;:&quot;&quot;,&quot;sizes&quot;:[]}}\" data-widget_type=\"text-editor.default\">\n\t\t\t\t<div class=\"elementor-widget-container\">\n\t\t\t\t\t\t\t<section class=\"item authors\"><h4 class=\"page_title\" style=\"text-align: left;\"><strong>Pensamento, Teoria e Estudos Latino-americanos<\/strong><\/h4><\/section><p><big>Organizador: <\/big><\/p><ul class=\"authors\"><li><span class=\"name\">Jacques de Novion<\/span><span class=\"affiliation\">Universidade de Bras\u00edlia<\/span><\/li><li><span class=\"name\">Lucio Oliver Costilla<\/span><span class=\"affiliation\">UNAM<\/span><\/li><li><span class=\"name\">Mario Ayala<\/span><span class=\"affiliation\">UBA<\/span><\/li><\/ul><p>O presente trabalho configura como artigo inicial do Dossi\u00ea Especial \u201d\u201c Pensamento, Teoria e Estudos Latino-americanos, organizado conjuntamente por n\u00f3s, a pedido da Revista de Estudos e Pesquisas sobre as Am\u00e9ricas (CEPPAC), do Instituto de Ci\u00eancias Sociais (ICS), da Universidade de Bras\u00edlia (UnB). De forma breve, este artigo apresenta a import\u00e2ncia alcan\u00e7ada pelo Pensamento, pela Teoria, e, sobre tudo, pelos Estudos Latino-americanos nas \u00faltimas d\u00e9cadas. Em seguida, o artigo apresenta os quatorze trabalhos e uma resenha que comp\u00f5em este Dossi\u00ea, resultado da contribui\u00e7\u00e3o de diferentes pesquisadores de distintas localidades da regi\u00e3o, organizados em tr\u00eas blocos: Ci\u00eancias Sociais Latino-americanas, Pensamento e Estudos.<\/p><section class=\"item keywords\"><\/section><div>\u00a0<\/div>\t\t\t\t\t\t<\/div>\n\t\t\t\t<\/div>\n\t\t\t\t\t<\/div>\n\t\t<\/div>\n\t\t\t\t\t\t\t<\/div>\n\t\t<\/section>\n\t\t\t\t<section class=\"elementor-section elementor-top-section elementor-element elementor-element-dced0b1 elementor-section-height-min-height elementor-section-boxed elementor-section-height-default elementor-section-items-middle\" data-id=\"dced0b1\" data-element_type=\"section\" data-settings=\"{&quot;background_background&quot;:&quot;gradient&quot;}\">\n\t\t\t\t\t\t<div class=\"elementor-container elementor-column-gap-default\">\n\t\t\t\t\t<div class=\"elementor-column elementor-col-33 elementor-top-column elementor-element elementor-element-360c495\" data-id=\"360c495\" data-element_type=\"column\">\n\t\t\t<div class=\"elementor-widget-wrap elementor-element-populated\">\n\t\t\t\t\t\t\t\t<div class=\"elementor-element elementor-element-d0c7d77 elementor-widget elementor-widget-image\" data-id=\"d0c7d77\" data-element_type=\"widget\" data-widget_type=\"image.default\">\n\t\t\t\t<div class=\"elementor-widget-container\">\n\t\t\t\t\t\t\t\t\t\t\t\t\t\t\t\t<a href=\"http:\/\/insular.com.br\/produto\/dependencia-e-marxismo-contribuicoes-ao-debate-critico-latino-americano-3a-edicao\/\" target=\"_blank\">\n\t\t\t\t\t\t\t<img decoding=\"async\" width=\"250\" height=\"355\" src=\"https:\/\/nescuba.cdtc.unb.br\/wp-content\/uploads\/2023\/09\/libro-978-85-7474-999-0.webp\" class=\"attachment-large size-large wp-image-8278\" alt=\"\" loading=\"lazy\" srcset=\"https:\/\/nescuba.cdtc.unb.br\/wp-content\/uploads\/2023\/09\/libro-978-85-7474-999-0.webp 250w, https:\/\/nescuba.cdtc.unb.br\/wp-content\/uploads\/2023\/09\/libro-978-85-7474-999-0-211x300.webp 211w\" sizes=\"(max-width: 250px) 100vw, 250px\" \/>\t\t\t\t\t\t\t\t<\/a>\n\t\t\t\t\t\t\t\t\t\t\t\t\t\t\t<\/div>\n\t\t\t\t<\/div>\n\t\t\t\t\t<\/div>\n\t\t<\/div>\n\t\t\t\t<div class=\"elementor-column elementor-col-66 elementor-top-column elementor-element elementor-element-8d89a90\" data-id=\"8d89a90\" data-element_type=\"column\">\n\t\t\t<div class=\"elementor-widget-wrap elementor-element-populated\">\n\t\t\t\t\t\t\t\t<div class=\"elementor-element elementor-element-01f33c9 elementor-widget__width-initial e-transform e-transform e-transform elementor-widget elementor-widget-text-editor\" data-id=\"01f33c9\" data-element_type=\"widget\" data-settings=\"{&quot;_transform_rotateZ_effect&quot;:{&quot;unit&quot;:&quot;px&quot;,&quot;size&quot;:0,&quot;sizes&quot;:[]},&quot;_transform_scale_effect&quot;:{&quot;unit&quot;:&quot;px&quot;,&quot;size&quot;:0.8,&quot;sizes&quot;:[]},&quot;_transform_skewX_effect&quot;:{&quot;unit&quot;:&quot;px&quot;,&quot;size&quot;:0,&quot;sizes&quot;:[]},&quot;_transform_rotateZ_effect_tablet&quot;:{&quot;unit&quot;:&quot;deg&quot;,&quot;size&quot;:&quot;&quot;,&quot;sizes&quot;:[]},&quot;_transform_rotateZ_effect_mobile&quot;:{&quot;unit&quot;:&quot;deg&quot;,&quot;size&quot;:&quot;&quot;,&quot;sizes&quot;:[]},&quot;_transform_scale_effect_tablet&quot;:{&quot;unit&quot;:&quot;px&quot;,&quot;size&quot;:&quot;&quot;,&quot;sizes&quot;:[]},&quot;_transform_scale_effect_mobile&quot;:{&quot;unit&quot;:&quot;px&quot;,&quot;size&quot;:&quot;&quot;,&quot;sizes&quot;:[]},&quot;_transform_skewX_effect_tablet&quot;:{&quot;unit&quot;:&quot;deg&quot;,&quot;size&quot;:&quot;&quot;,&quot;sizes&quot;:[]},&quot;_transform_skewX_effect_mobile&quot;:{&quot;unit&quot;:&quot;deg&quot;,&quot;size&quot;:&quot;&quot;,&quot;sizes&quot;:[]},&quot;_transform_skewY_effect&quot;:{&quot;unit&quot;:&quot;px&quot;,&quot;size&quot;:&quot;&quot;,&quot;sizes&quot;:[]},&quot;_transform_skewY_effect_tablet&quot;:{&quot;unit&quot;:&quot;deg&quot;,&quot;size&quot;:&quot;&quot;,&quot;sizes&quot;:[]},&quot;_transform_skewY_effect_mobile&quot;:{&quot;unit&quot;:&quot;deg&quot;,&quot;size&quot;:&quot;&quot;,&quot;sizes&quot;:[]}}\" data-widget_type=\"text-editor.default\">\n\t\t\t\t<div class=\"elementor-widget-container\">\n\t\t\t\t\t\t\t<section class=\"item authors\"><h4 class=\"entry-title\" style=\"text-align: left;\"><strong>Depend\u00eancia e Marxismo: contribui\u00e7\u00f5es ao debate cr\u00edtico latino-americano 3\u00aa edi\u00e7\u00e3o<\/strong><\/h4><\/section><p><big>Organizador: Raphael Lana Seabra <\/big><\/p><p>ISBN: 978-85-7474-999-0<br \/>P\u00e1ginas: 260<\/p><section class=\"item keywords\"><\/section><div>Nesta colet\u00e2nea se publica pela primeira vez em portugu\u00eas textos essenciais no aprofundamento da teoria marxista da depend\u00eancia. Somente isso j\u00e1 seria motivo para felicitar este livro, que vem \u00e0 luz num momento crucial da hist\u00f3ria latino-americana. H\u00e1 nele, contudo, mais do que a mera divulga\u00e7\u00e3o: existe uma organicidade nos seis textos que o conformam, muito embora tenham sido escritos em diferentes contextos. Tal organicidade fica expl\u00edcita na apresenta\u00e7\u00e3o do livro, fruto do trabalho e senso cr\u00edtico de Raphael Lana Seabra. \u00c9 dessa linha de continuidade e dos elementos particulares de cada artigo que se pode extrair a vig\u00eancia pol\u00edtico-intelectual da teoria marxista da depend\u00eancia para a esquerda latino-americana.\u00a0 Este livro busca resgatar os antecedentes da teoria da depend\u00eancia, realizar o balan\u00e7o dos cl\u00e1ssicos e o mapeamento das contribui\u00e7\u00f5es que v\u00eam ampliando os limites da teoria desde a virada para o s\u00e9culo XXI. Sua import\u00e2ncia para os brasileiros se acentua pela urg\u00eancia em retomar a an\u00e1lise das grandes contradi\u00e7\u00f5es de nossa forma\u00e7\u00e3o social para enfrentar a ofensiva fascista que se abate sobre o Brasil e a Am\u00e9rica do Sul<\/div>\t\t\t\t\t\t<\/div>\n\t\t\t\t<\/div>\n\t\t\t\t\t<\/div>\n\t\t<\/div>\n\t\t\t\t\t\t\t<\/div>\n\t\t<\/section>\n\t\t\t\t<section class=\"elementor-section elementor-top-section elementor-element elementor-element-c4d9e59 elementor-section-height-min-height elementor-section-boxed elementor-section-height-default elementor-section-items-middle\" data-id=\"c4d9e59\" data-element_type=\"section\" data-settings=\"{&quot;background_background&quot;:&quot;gradient&quot;}\">\n\t\t\t\t\t\t<div class=\"elementor-container elementor-column-gap-default\">\n\t\t\t\t\t<div class=\"elementor-column elementor-col-33 elementor-top-column elementor-element elementor-element-27bcb18\" data-id=\"27bcb18\" data-element_type=\"column\">\n\t\t\t<div class=\"elementor-widget-wrap elementor-element-populated\">\n\t\t\t\t\t\t\t\t<div class=\"elementor-element elementor-element-56e9241 elementor-widget elementor-widget-image\" data-id=\"56e9241\" data-element_type=\"widget\" data-widget_type=\"image.default\">\n\t\t\t\t<div class=\"elementor-widget-container\">\n\t\t\t\t\t\t\t\t\t\t\t\t\t\t\t\t<a href=\"https:\/\/biblioteca.clacso.edu.ar\/Brasil\/flacso-br\/20200718115607\/Hacer-ciencias-sociales.pdf\" target=\"_blank\">\n\t\t\t\t\t\t\t<img decoding=\"async\" width=\"709\" height=\"1024\" src=\"https:\/\/nescuba.cdtc.unb.br\/wp-content\/uploads\/2023\/10\/CARATULA-2-709x1024.png\" class=\"attachment-large size-large wp-image-9109\" alt=\"\" loading=\"lazy\" srcset=\"https:\/\/nescuba.cdtc.unb.br\/wp-content\/uploads\/2023\/10\/CARATULA-2-709x1024.png 709w, https:\/\/nescuba.cdtc.unb.br\/wp-content\/uploads\/2023\/10\/CARATULA-2-208x300.png 208w, https:\/\/nescuba.cdtc.unb.br\/wp-content\/uploads\/2023\/10\/CARATULA-2-768x1109.png 768w, https:\/\/nescuba.cdtc.unb.br\/wp-content\/uploads\/2023\/10\/CARATULA-2.png 1054w\" sizes=\"(max-width: 709px) 100vw, 709px\" \/>\t\t\t\t\t\t\t\t<\/a>\n\t\t\t\t\t\t\t\t\t\t\t\t\t\t\t<\/div>\n\t\t\t\t<\/div>\n\t\t\t\t\t<\/div>\n\t\t<\/div>\n\t\t\t\t<div class=\"elementor-column elementor-col-66 elementor-top-column elementor-element elementor-element-ef1c881\" data-id=\"ef1c881\" data-element_type=\"column\">\n\t\t\t<div class=\"elementor-widget-wrap elementor-element-populated\">\n\t\t\t\t\t\t\t\t<div class=\"elementor-element elementor-element-ac6418e elementor-widget__width-initial e-transform e-transform e-transform elementor-widget elementor-widget-text-editor\" data-id=\"ac6418e\" data-element_type=\"widget\" data-settings=\"{&quot;_transform_rotateZ_effect&quot;:{&quot;unit&quot;:&quot;px&quot;,&quot;size&quot;:0,&quot;sizes&quot;:[]},&quot;_transform_scale_effect&quot;:{&quot;unit&quot;:&quot;px&quot;,&quot;size&quot;:0.8,&quot;sizes&quot;:[]},&quot;_transform_skewX_effect&quot;:{&quot;unit&quot;:&quot;px&quot;,&quot;size&quot;:0,&quot;sizes&quot;:[]},&quot;_transform_rotateZ_effect_tablet&quot;:{&quot;unit&quot;:&quot;deg&quot;,&quot;size&quot;:&quot;&quot;,&quot;sizes&quot;:[]},&quot;_transform_rotateZ_effect_mobile&quot;:{&quot;unit&quot;:&quot;deg&quot;,&quot;size&quot;:&quot;&quot;,&quot;sizes&quot;:[]},&quot;_transform_scale_effect_tablet&quot;:{&quot;unit&quot;:&quot;px&quot;,&quot;size&quot;:&quot;&quot;,&quot;sizes&quot;:[]},&quot;_transform_scale_effect_mobile&quot;:{&quot;unit&quot;:&quot;px&quot;,&quot;size&quot;:&quot;&quot;,&quot;sizes&quot;:[]},&quot;_transform_skewX_effect_tablet&quot;:{&quot;unit&quot;:&quot;deg&quot;,&quot;size&quot;:&quot;&quot;,&quot;sizes&quot;:[]},&quot;_transform_skewX_effect_mobile&quot;:{&quot;unit&quot;:&quot;deg&quot;,&quot;size&quot;:&quot;&quot;,&quot;sizes&quot;:[]},&quot;_transform_skewY_effect&quot;:{&quot;unit&quot;:&quot;px&quot;,&quot;size&quot;:&quot;&quot;,&quot;sizes&quot;:[]},&quot;_transform_skewY_effect_tablet&quot;:{&quot;unit&quot;:&quot;deg&quot;,&quot;size&quot;:&quot;&quot;,&quot;sizes&quot;:[]},&quot;_transform_skewY_effect_mobile&quot;:{&quot;unit&quot;:&quot;deg&quot;,&quot;size&quot;:&quot;&quot;,&quot;sizes&quot;:[]}}\" data-widget_type=\"text-editor.default\">\n\t\t\t\t<div class=\"elementor-widget-container\">\n\t\t\t\t\t\t\t<section class=\"item authors\"><h4 class=\"page_title\" style=\"text-align: left;\"><strong>Hacer Ciencias Sociales desde Am\u00e9rica Latina: Desaf\u00edos y Experiencias de investigaci\u00f3n<\/strong><\/h4><p class=\"page_title\" style=\"text-align: left;\"><span class=\"name\"><strong>Autoras<\/strong>: Rebecca Lemos Igreja; Odile Hoffmann; Simone Rodrigues Pinto \u2013<\/span><\/p><\/section><p class=\"item authors\"><span class=\"name\">Bras\u00edlia : FLACSO, 2019<br \/><\/span><\/p><p class=\"item authors\"><strong>Resumen<\/strong>: En este primer lanzamiento de la Colecci\u00f3n de Estudios Globales, Rebecca Lemos Igreja, Odile Hoffmann y Simone Rodrigues lograron compilar experiencias de investigadores e investigadoras que descubrieron en el hacer de las Ciencias Sociales cuales son los principales desaf\u00edos pr\u00e1cticos, epistemol\u00f3gicos, metodol\u00f3gicos e incluso personales, para desarrollar investigaci\u00f3n de calidad en Am\u00e9rica Latina. Esta obra tiene una propuesta y un<br \/>formato poco com\u00fan: busca impactar a sus lectores por medio de la reflexi\u00f3n impuesta por la lectura de las inquietudes de los investigadores e investigadoras que est\u00e1n en diversos puntos de su trayectoria acad\u00e9mica&#8230; desde estudiantes de doctorado hasta profesores con amplia trayectoria y experiencia. La colecci\u00f3n es resultado de las discusiones promovidas durante las tres ediciones del Seminario internacional M\u00e9xico, Am\u00e9rica Central y el Caribe, organizado por el grupo de Investigaciones Comparadas M\u00e9xico, Am\u00e9rica Central y Brasil (MeCACB) de la Universidad de Brasilia y el LMI MESO (IRD) de Francia. Especialmente la tercera, en 2018, que tuvo como tem\u00e1tica: &#8220;Internacionalizar las ciencias sociales con Am\u00e9rica Central y Caribe&#8221;<\/p><section class=\"item keywords\"><\/section>\t\t\t\t\t\t<\/div>\n\t\t\t\t<\/div>\n\t\t\t\t\t<\/div>\n\t\t<\/div>\n\t\t\t\t\t\t\t<\/div>\n\t\t<\/section>\n\t\t\t\t<section class=\"elementor-section elementor-top-section elementor-element elementor-element-0c0422e elementor-section-height-min-height elementor-section-boxed elementor-section-height-default elementor-section-items-middle\" data-id=\"0c0422e\" data-element_type=\"section\" data-settings=\"{&quot;background_background&quot;:&quot;gradient&quot;}\">\n\t\t\t\t\t\t<div class=\"elementor-container elementor-column-gap-default\">\n\t\t\t\t\t<div class=\"elementor-column elementor-col-33 elementor-top-column elementor-element elementor-element-c0eda6d\" data-id=\"c0eda6d\" data-element_type=\"column\">\n\t\t\t<div class=\"elementor-widget-wrap elementor-element-populated\">\n\t\t\t\t\t\t\t\t<div class=\"elementor-element elementor-element-46941d3 elementor-widget elementor-widget-image\" data-id=\"46941d3\" data-element_type=\"widget\" data-widget_type=\"image.default\">\n\t\t\t\t<div class=\"elementor-widget-container\">\n\t\t\t\t\t\t\t\t\t\t\t\t\t\t\t\t<a href=\"https:\/\/periodicos.unb.br\/index.php\/revistadoceam\/article\/view\/35634\">\n\t\t\t\t\t\t\t<img decoding=\"async\" width=\"640\" height=\"904\" src=\"https:\/\/nescuba.cdtc.unb.br\/wp-content\/uploads\/2023\/06\/cover_issue_2409_pt_BR.png\" class=\"attachment-large size-large wp-image-5215\" alt=\"\" loading=\"lazy\" srcset=\"https:\/\/nescuba.cdtc.unb.br\/wp-content\/uploads\/2023\/06\/cover_issue_2409_pt_BR.png 640w, https:\/\/nescuba.cdtc.unb.br\/wp-content\/uploads\/2023\/06\/cover_issue_2409_pt_BR-212x300.png 212w\" sizes=\"(max-width: 640px) 100vw, 640px\" \/>\t\t\t\t\t\t\t\t<\/a>\n\t\t\t\t\t\t\t\t\t\t\t\t\t\t\t<\/div>\n\t\t\t\t<\/div>\n\t\t\t\t\t<\/div>\n\t\t<\/div>\n\t\t\t\t<div class=\"elementor-column elementor-col-66 elementor-top-column elementor-element elementor-element-100774a\" data-id=\"100774a\" data-element_type=\"column\">\n\t\t\t<div class=\"elementor-widget-wrap elementor-element-populated\">\n\t\t\t\t\t\t\t\t<div class=\"elementor-element elementor-element-ecdcf8b elementor-widget__width-initial e-transform e-transform e-transform elementor-widget elementor-widget-text-editor\" data-id=\"ecdcf8b\" data-element_type=\"widget\" data-settings=\"{&quot;_transform_rotateZ_effect&quot;:{&quot;unit&quot;:&quot;px&quot;,&quot;size&quot;:0,&quot;sizes&quot;:[]},&quot;_transform_scale_effect&quot;:{&quot;unit&quot;:&quot;px&quot;,&quot;size&quot;:0.8,&quot;sizes&quot;:[]},&quot;_transform_skewX_effect&quot;:{&quot;unit&quot;:&quot;px&quot;,&quot;size&quot;:0,&quot;sizes&quot;:[]},&quot;_transform_rotateZ_effect_tablet&quot;:{&quot;unit&quot;:&quot;deg&quot;,&quot;size&quot;:&quot;&quot;,&quot;sizes&quot;:[]},&quot;_transform_rotateZ_effect_mobile&quot;:{&quot;unit&quot;:&quot;deg&quot;,&quot;size&quot;:&quot;&quot;,&quot;sizes&quot;:[]},&quot;_transform_scale_effect_tablet&quot;:{&quot;unit&quot;:&quot;px&quot;,&quot;size&quot;:&quot;&quot;,&quot;sizes&quot;:[]},&quot;_transform_scale_effect_mobile&quot;:{&quot;unit&quot;:&quot;px&quot;,&quot;size&quot;:&quot;&quot;,&quot;sizes&quot;:[]},&quot;_transform_skewX_effect_tablet&quot;:{&quot;unit&quot;:&quot;deg&quot;,&quot;size&quot;:&quot;&quot;,&quot;sizes&quot;:[]},&quot;_transform_skewX_effect_mobile&quot;:{&quot;unit&quot;:&quot;deg&quot;,&quot;size&quot;:&quot;&quot;,&quot;sizes&quot;:[]},&quot;_transform_skewY_effect&quot;:{&quot;unit&quot;:&quot;px&quot;,&quot;size&quot;:&quot;&quot;,&quot;sizes&quot;:[]},&quot;_transform_skewY_effect_tablet&quot;:{&quot;unit&quot;:&quot;deg&quot;,&quot;size&quot;:&quot;&quot;,&quot;sizes&quot;:[]},&quot;_transform_skewY_effect_mobile&quot;:{&quot;unit&quot;:&quot;deg&quot;,&quot;size&quot;:&quot;&quot;,&quot;sizes&quot;:[]}}\" data-widget_type=\"text-editor.default\">\n\t\t\t\t<div class=\"elementor-widget-container\">\n\t\t\t\t\t\t\t<section class=\"item authors\"><h4 class=\"page_title\" style=\"text-align: left;\"><strong>Cuba socialista em tempos de COVID-19<\/strong><\/h4><\/section><section class=\"item authors\"><span class=\"name\">Autora: Maria Auxiliadora C\u00e9sar. <\/span> <span class=\"affiliation\"> N\u00facleo de Estudos Cubanos, UNB<\/span><\/section><section><\/section><section><\/section><h6 class=\"item authors\">DOI: <span class=\"value\"><a href=\"https:\/\/doi.org\/10.5281\/zenodo.5895015\">https:\/\/doi.org\/10.5281\/zenodo.5895015<\/a><\/span><\/h6><h6 class=\"item authors\">Resumo<\/h6><section class=\"item keywords\"><p>Este artigo analisa os tempos de COVID-19 em uma sociedade socialista, Cuba, e a interdisciplinaridade e intersetorialidade presentes nas a\u00e7\u00f5es desenvolvidas. A democracia participativa da Cuba, coerente com a defesa do socialismo, toma decis\u00f5es solid\u00e1rias ao seu povo e aos povos de outros pa\u00edses. Revela ao mundo que n\u00e3o se mercantiliza a vida e que a defesa dos valores de coopera\u00e7\u00e3o e humanismo e o exerc\u00edcio constante da unidade s\u00e3o premissas a serem seguidas.<\/p><\/section><section><\/section><div>\u00a0<\/div><div>\u00a0<\/div>\t\t\t\t\t\t<\/div>\n\t\t\t\t<\/div>\n\t\t\t\t\t<\/div>\n\t\t<\/div>\n\t\t\t\t\t\t\t<\/div>\n\t\t<\/section>\n\t\t\t\t<section class=\"elementor-section elementor-top-section elementor-element elementor-element-454e123 elementor-section-height-min-height elementor-section-boxed elementor-section-height-default elementor-section-items-middle\" data-id=\"454e123\" data-element_type=\"section\" data-settings=\"{&quot;background_background&quot;:&quot;gradient&quot;}\">\n\t\t\t\t\t\t<div class=\"elementor-container elementor-column-gap-default\">\n\t\t\t\t\t<div class=\"elementor-column elementor-col-33 elementor-top-column elementor-element elementor-element-492537f\" data-id=\"492537f\" data-element_type=\"column\">\n\t\t\t<div class=\"elementor-widget-wrap elementor-element-populated\">\n\t\t\t\t\t\t\t\t<div class=\"elementor-element elementor-element-25f3393 elementor-widget elementor-widget-image\" data-id=\"25f3393\" data-element_type=\"widget\" data-widget_type=\"image.default\">\n\t\t\t\t<div class=\"elementor-widget-container\">\n\t\t\t\t\t\t\t\t\t\t\t\t\t\t\t\t<a href=\"http:\/\/www.livrariadavila.com.br\/ministro-che-guevara-o---testemunho-de-um-colaborador-36720\/p\" target=\"_blank\">\n\t\t\t\t\t\t\t<img decoding=\"async\" width=\"319\" height=\"480\" src=\"https:\/\/nescuba.cdtc.unb.br\/wp-content\/uploads\/2023\/06\/phoca_thumb_l_o_ministro_che_guevara.jpg\" class=\"attachment-large size-large wp-image-5335\" alt=\"\" loading=\"lazy\" srcset=\"https:\/\/nescuba.cdtc.unb.br\/wp-content\/uploads\/2023\/06\/phoca_thumb_l_o_ministro_che_guevara.jpg 319w, https:\/\/nescuba.cdtc.unb.br\/wp-content\/uploads\/2023\/06\/phoca_thumb_l_o_ministro_che_guevara-199x300.jpg 199w\" sizes=\"(max-width: 319px) 100vw, 319px\" \/>\t\t\t\t\t\t\t\t<\/a>\n\t\t\t\t\t\t\t\t\t\t\t\t\t\t\t<\/div>\n\t\t\t\t<\/div>\n\t\t\t\t\t<\/div>\n\t\t<\/div>\n\t\t\t\t<div class=\"elementor-column elementor-col-66 elementor-top-column elementor-element elementor-element-d86aecc\" data-id=\"d86aecc\" data-element_type=\"column\">\n\t\t\t<div class=\"elementor-widget-wrap elementor-element-populated\">\n\t\t\t\t\t\t\t\t<div class=\"elementor-element elementor-element-990dcf8 elementor-widget__width-initial e-transform e-transform e-transform elementor-widget elementor-widget-text-editor\" data-id=\"990dcf8\" data-element_type=\"widget\" data-settings=\"{&quot;_transform_rotateZ_effect&quot;:{&quot;unit&quot;:&quot;px&quot;,&quot;size&quot;:0,&quot;sizes&quot;:[]},&quot;_transform_scale_effect&quot;:{&quot;unit&quot;:&quot;px&quot;,&quot;size&quot;:0.8,&quot;sizes&quot;:[]},&quot;_transform_skewX_effect&quot;:{&quot;unit&quot;:&quot;px&quot;,&quot;size&quot;:0,&quot;sizes&quot;:[]},&quot;_transform_rotateZ_effect_tablet&quot;:{&quot;unit&quot;:&quot;deg&quot;,&quot;size&quot;:&quot;&quot;,&quot;sizes&quot;:[]},&quot;_transform_rotateZ_effect_mobile&quot;:{&quot;unit&quot;:&quot;deg&quot;,&quot;size&quot;:&quot;&quot;,&quot;sizes&quot;:[]},&quot;_transform_scale_effect_tablet&quot;:{&quot;unit&quot;:&quot;px&quot;,&quot;size&quot;:&quot;&quot;,&quot;sizes&quot;:[]},&quot;_transform_scale_effect_mobile&quot;:{&quot;unit&quot;:&quot;px&quot;,&quot;size&quot;:&quot;&quot;,&quot;sizes&quot;:[]},&quot;_transform_skewX_effect_tablet&quot;:{&quot;unit&quot;:&quot;deg&quot;,&quot;size&quot;:&quot;&quot;,&quot;sizes&quot;:[]},&quot;_transform_skewX_effect_mobile&quot;:{&quot;unit&quot;:&quot;deg&quot;,&quot;size&quot;:&quot;&quot;,&quot;sizes&quot;:[]},&quot;_transform_skewY_effect&quot;:{&quot;unit&quot;:&quot;px&quot;,&quot;size&quot;:&quot;&quot;,&quot;sizes&quot;:[]},&quot;_transform_skewY_effect_tablet&quot;:{&quot;unit&quot;:&quot;deg&quot;,&quot;size&quot;:&quot;&quot;,&quot;sizes&quot;:[]},&quot;_transform_skewY_effect_mobile&quot;:{&quot;unit&quot;:&quot;deg&quot;,&quot;size&quot;:&quot;&quot;,&quot;sizes&quot;:[]}}\" data-widget_type=\"text-editor.default\">\n\t\t\t\t<div class=\"elementor-widget-container\">\n\t\t\t\t\t\t\t<div id=\"nome\"><h4 class=\"fn productName Ministro-Che-Guevara-o---Testemunho-de-Um-Colaborador \" style=\"text-align: left;\"><strong>Ministro Che Guevara, o &#8211; Testemunho de Um Colaborador<\/strong><\/h4><\/div><div id=\"autor\"><a href=\"https:\/\/www.livrariadavila.com.br\/Tirso W. Saenz\"><span style=\"color: #333399;\">Autor: Tirso W. Saenz<\/span><\/a><\/div><div>\u00a0<\/div><div>Tirso S\u00e1enz resgata neste livro, de forma in\u00e9dita, o pensamento, as a\u00e7\u00f5es e o cotidiano do Ministro Che Guevara, de quem foi colaborador e companheiro nos primeiros anos do Governo revolucion\u00e1rio. Trata-se de um depoimento com revela\u00e7\u00f5es in\u00e9ditas sobre uma das figuras mais marcantes do s\u00e9culo XX e de um documento fundamental sobre a ci\u00eancia, a t\u00e9cnica e a tecnologia, a sociedade e as intrincadas rela\u00e7\u00f5es entre pol\u00edtica, economia e cultura, sobretudo nos pa\u00edses \u201cperif\u00e9ricos\u201d. Hist\u00f3ria e mem\u00f3ria sob a perspectiva de quem fez e viveu a revolu\u00e7\u00e3o cubana.<\/div><div>\u00a0<\/div><div id=\"marca\"><div class=\"brandName Garamond \">\u00a0<\/div><\/div>\t\t\t\t\t\t<\/div>\n\t\t\t\t<\/div>\n\t\t\t\t\t<\/div>\n\t\t<\/div>\n\t\t\t\t\t\t\t<\/div>\n\t\t<\/section>\n\t\t\t\t<section class=\"elementor-section elementor-top-section elementor-element elementor-element-990dc08 elementor-section-height-min-height elementor-section-boxed elementor-section-height-default elementor-section-items-middle\" data-id=\"990dc08\" data-element_type=\"section\" data-settings=\"{&quot;background_background&quot;:&quot;gradient&quot;}\">\n\t\t\t\t\t\t<div class=\"elementor-container elementor-column-gap-default\">\n\t\t\t\t\t<div class=\"elementor-column elementor-col-33 elementor-top-column elementor-element elementor-element-0c55a2f\" data-id=\"0c55a2f\" data-element_type=\"column\">\n\t\t\t<div class=\"elementor-widget-wrap elementor-element-populated\">\n\t\t\t\t\t\t\t\t<div class=\"elementor-element elementor-element-3398a8c elementor-widget elementor-widget-image\" data-id=\"3398a8c\" data-element_type=\"widget\" data-widget_type=\"image.default\">\n\t\t\t\t<div class=\"elementor-widget-container\">\n\t\t\t\t\t\t\t\t\t\t\t\t\t\t\t\t<a href=\"http:\/\/www.google.com.cu\/books\/edition\/Las_venas_abiertas_de_Am\u00e9rica_Latina\/CWYiDgAAQBAJ?hl=es-419&#038;gbpv=1&#038;dq=las+venas+abiertas+de+america+latina+pdf&#038;printsec=frontcover\">\n\t\t\t\t\t\t\t<img decoding=\"async\" width=\"313\" height=\"500\" src=\"https:\/\/nescuba.cdtc.unb.br\/wp-content\/uploads\/2023\/08\/9788432311451-us.jpg\" class=\"attachment-large size-large wp-image-7194\" alt=\"\" loading=\"lazy\" srcset=\"https:\/\/nescuba.cdtc.unb.br\/wp-content\/uploads\/2023\/08\/9788432311451-us.jpg 313w, https:\/\/nescuba.cdtc.unb.br\/wp-content\/uploads\/2023\/08\/9788432311451-us-188x300.jpg 188w\" sizes=\"(max-width: 313px) 100vw, 313px\" \/>\t\t\t\t\t\t\t\t<\/a>\n\t\t\t\t\t\t\t\t\t\t\t\t\t\t\t<\/div>\n\t\t\t\t<\/div>\n\t\t\t\t<div class=\"elementor-element elementor-element-7458ee5 elementor-widget elementor-widget-heading\" data-id=\"7458ee5\" data-element_type=\"widget\" data-widget_type=\"heading.default\">\n\t\t\t\t<div class=\"elementor-widget-container\">\n\t\t\t<h2 class=\"elementor-heading-title elementor-size-default\"><a href=\"https:\/\/www.google.com.cu\/books\/edition\/Las_venas_abiertas_de_Am%C3%A9rica_Latina\/0W4QEQAAQBAJ?hl=es-419&#038;gbpv=1&#038;pg=PT15&#038;printsec=frontcover\" target=\"_blank\">Versi\u00f3n en espa\u00f1ol...clique aqu\u00ed<\/a><\/h2>\t\t<\/div>\n\t\t\t\t<\/div>\n\t\t\t\t\t<\/div>\n\t\t<\/div>\n\t\t\t\t<div class=\"elementor-column elementor-col-66 elementor-top-column elementor-element elementor-element-a422d6c\" data-id=\"a422d6c\" data-element_type=\"column\">\n\t\t\t<div class=\"elementor-widget-wrap elementor-element-populated\">\n\t\t\t\t\t\t\t\t<div class=\"elementor-element elementor-element-4560def elementor-widget__width-initial e-transform e-transform e-transform elementor-widget elementor-widget-text-editor\" data-id=\"4560def\" data-element_type=\"widget\" data-settings=\"{&quot;_transform_rotateZ_effect&quot;:{&quot;unit&quot;:&quot;px&quot;,&quot;size&quot;:0,&quot;sizes&quot;:[]},&quot;_transform_scale_effect&quot;:{&quot;unit&quot;:&quot;px&quot;,&quot;size&quot;:0.8,&quot;sizes&quot;:[]},&quot;_transform_skewX_effect&quot;:{&quot;unit&quot;:&quot;px&quot;,&quot;size&quot;:0,&quot;sizes&quot;:[]},&quot;_transform_rotateZ_effect_tablet&quot;:{&quot;unit&quot;:&quot;deg&quot;,&quot;size&quot;:&quot;&quot;,&quot;sizes&quot;:[]},&quot;_transform_rotateZ_effect_mobile&quot;:{&quot;unit&quot;:&quot;deg&quot;,&quot;size&quot;:&quot;&quot;,&quot;sizes&quot;:[]},&quot;_transform_scale_effect_tablet&quot;:{&quot;unit&quot;:&quot;px&quot;,&quot;size&quot;:&quot;&quot;,&quot;sizes&quot;:[]},&quot;_transform_scale_effect_mobile&quot;:{&quot;unit&quot;:&quot;px&quot;,&quot;size&quot;:&quot;&quot;,&quot;sizes&quot;:[]},&quot;_transform_skewX_effect_tablet&quot;:{&quot;unit&quot;:&quot;deg&quot;,&quot;size&quot;:&quot;&quot;,&quot;sizes&quot;:[]},&quot;_transform_skewX_effect_mobile&quot;:{&quot;unit&quot;:&quot;deg&quot;,&quot;size&quot;:&quot;&quot;,&quot;sizes&quot;:[]},&quot;_transform_skewY_effect&quot;:{&quot;unit&quot;:&quot;px&quot;,&quot;size&quot;:&quot;&quot;,&quot;sizes&quot;:[]},&quot;_transform_skewY_effect_tablet&quot;:{&quot;unit&quot;:&quot;deg&quot;,&quot;size&quot;:&quot;&quot;,&quot;sizes&quot;:[]},&quot;_transform_skewY_effect_mobile&quot;:{&quot;unit&quot;:&quot;deg&quot;,&quot;size&quot;:&quot;&quot;,&quot;sizes&quot;:[]}}\" data-widget_type=\"text-editor.default\">\n\t\t\t\t<div class=\"elementor-widget-container\">\n\t\t\t\t\t\t\t<div class=\"info-container\"><div class=\"m9TROd\"><div class=\"TIzXg\"><h4 class=\"JbD68d\" style=\"text-align: left;\"><strong>Las venas abiertas de Am\u00e9rica Latina<\/strong><\/h4><div class=\"RQZ6xb\"><a class=\"uOHQVb\" href=\"https:\/\/www.google.com.cu\/search?sca_esv=558159101&amp;hl=es-419&amp;q=inauthor:%22Eduardo+H.+Galeano%22&amp;tbm=bks\"><span style=\"color: #333399;\">Autor: Eduardo H. Galeano<\/span><\/a> \u00b7 2010<\/div><\/div><\/div><div><div class=\"wDYxhc\" data-md=\"1001\" data-hveid=\"CBwQAA\" data-ved=\"2ahUKEwjH2qmS4eaAAxUIlokEHeEwC9gQkCl6BAgcEAA\"><div class=\"Z1hOCe\"><div class=\"zloOqf PZPZlf\" data-ved=\"2ahUKEwjH2qmS4eaAAxUIlokEHeEwC9gQyxMoAHoECBwQAQ\">\u00a0<\/div><\/div><\/div><\/div><div><div class=\"wDYxhc\" data-md=\"1001\" data-hveid=\"CBsQAA\" data-ved=\"2ahUKEwjH2qmS4eaAAxUIlokEHeEwC9gQkCl6BAgbEAA\"><div class=\"Z1hOCe\"><div class=\"zloOqf PZPZlf\" data-ved=\"2ahUKEwjH2qmS4eaAAxUIlokEHeEwC9gQyxMoAHoECBsQAQ\"><span class=\"w8qArf\">Cantidad de p\u00e1ginas: <\/span><span class=\"LrzXr kno-fv wHYlTd z8gr9e\">379<\/span><\/div><\/div><\/div><\/div><div><div class=\"wDYxhc\" data-md=\"1001\" data-hveid=\"CB0QAA\" data-ved=\"2ahUKEwjH2qmS4eaAAxUIlokEHeEwC9gQkCl6BAgdEAA\"><div class=\"Z1hOCe\"><div class=\"zloOqf PZPZlf\" data-ved=\"2ahUKEwjH2qmS4eaAAxUIlokEHeEwC9gQyxMoAHoECB0QAQ\"><span class=\"w8qArf\">Fecha de publicaci\u00f3n: <\/span><span class=\"LrzXr kno-fv wHYlTd z8gr9e\">julio de 2010<\/span><\/div><\/div><\/div><\/div><div><div class=\"wDYxhc\" data-md=\"1001\" data-hveid=\"CB4QAA\" data-ved=\"2ahUKEwjH2qmS4eaAAxUIlokEHeEwC9gQkCl6BAgeEAA\"><div class=\"Z1hOCe\"><div class=\"zloOqf PZPZlf\" data-ved=\"2ahUKEwjH2qmS4eaAAxUIlokEHeEwC9gQyxMoAHoECB4QAQ\"><span class=\"w8qArf\">Formato: <\/span><span class=\"LrzXr kno-fv wHYlTd z8gr9e\">Libro electr\u00f3nico<\/span><\/div><\/div><\/div><\/div><div><div class=\"wDYxhc\" data-md=\"1001\" data-hveid=\"CCMQAA\" data-ved=\"2ahUKEwjH2qmS4eaAAxUIlokEHeEwC9gQkCl6BAgjEAA\"><div class=\"Z1hOCe\"><div class=\"zloOqf PZPZlf\" data-ved=\"2ahUKEwjH2qmS4eaAAxUIlokEHeEwC9gQyxMoAHoECCMQAQ\"><p><span class=\"w8qArf\">Editor: <\/span><span class=\"LrzXr kno-fv wHYlTd z8gr9e\"><a class=\"fl\" href=\"https:\/\/www.google.com.cu\/search?hl=es-419&amp;gbpv=1&amp;dq=Ascens%C3%A3o+da+nova+direita+e+colapso+da+soberania+pol%C3%ADtica:+transfigura%C3%A7%C3%B5es+da+pol%C3%ADtica+social&amp;printsec=frontcover&amp;q=inpublisher:%22Siglo+XXI+de+Espa%C3%B1a+Editores,+S.A.%22&amp;tbm=bks&amp;sa=X&amp;ved=2ahUKEwjH2qmS4eaAAxUIlokEHeEwC9gQmxMoAHoECCMQAg\" data-ved=\"2ahUKEwjH2qmS4eaAAxUIlokEHeEwC9gQmxMoAHoECCMQAg\">Siglo XXI de Espa\u00f1a Editores, S.A.<\/a><\/span><\/p><div class=\"wDYxhc\" data-md=\"1001\" data-hveid=\"CBoQAA\" data-ved=\"2ahUKEwjH2qmS4eaAAxUIlokEHeEwC9gQkCl6BAgaEAA\"><div class=\"Z1hOCe\"><pre class=\"zloOqf PZPZlf\" data-ved=\"2ahUKEwjH2qmS4eaAAxUIlokEHeEwC9gQyxMoAHoECBoQAQ\"><span class=\"w8qArf\">Idioma: <\/span><span class=\"LrzXr kno-fv wHYlTd z8gr9e\"><a class=\"fl\" href=\"https:\/\/www.google.com.cu\/search?sca_esv=558159101&amp;hl=es-419&amp;q=&amp;si=ACFMAn86XkhxzOC35jo3k1ec_mUa4PwHgnEtN6tbGWMWaJ9RAvrxIe4PIeQO2UPEoW6l04EjrLNOQ3ibaTy6fo-V59xlUUj2rwvEipaSh9zZ3kqXN7oYa54MQeEzTBmYrwQw8plBeOGWrW9MImgwGRCsxqNTW3NYKDjmyDMUA3-xB1KV5Oo9hQuwvNpP5NBGGAljm5_RLsjs&amp;sa=X&amp;ved=2ahUKEwjH2qmS4eaAAxUIlokEHeEwC9gQmxMoAHoECBoQAg\" data-ved=\"2ahUKEwjH2qmS4eaAAxUIlokEHeEwC9gQmxMoAHoECBoQAg\">Idioma <br \/>espa\u00f1ol<\/a><\/span><\/pre><\/div><\/div><\/div><\/div><\/div><\/div><\/div><p class=\"livro-specs\">&#8220;Las venas abiertas de Am\u00e9rica Latina ha sido traducida a dieciocho lenguas y ha tenido una vasta difusi\u00f3n en el mundo de habla hispana desde que en 1971 se public\u00f3 la primera edici\u00f3n.<\/p><div class=\"FhLkgb\"><div class=\"Y0Qrof\">Historia del saqueo de Am\u00e9rica Latina que muestra c\u00f3mo funcionan los mecanismos actuales del despojo: los tecn\u00f3cratas en jet, herederos de los conquistadores en carabela; Hern\u00e1n Cort\u00e9s y los infantes de marina; los corregidores del reino y las misiones del Fondo Monetario Internacional; los dividendos del tr\u00e1fico de esclavos y las ganancias de la General Motors. El tiempo presente ha sido presentido y engendrado por las contradicciones del pasado.<\/div><div>\u00a0<\/div><div class=\"MvVd8d\">Fuente:\u00a0Editor<\/div><\/div>\t\t\t\t\t\t<\/div>\n\t\t\t\t<\/div>\n\t\t\t\t\t<\/div>\n\t\t<\/div>\n\t\t\t\t\t\t\t<\/div>\n\t\t<\/section>\n\t\t\t\t<section class=\"elementor-section elementor-top-section elementor-element elementor-element-a39f57f elementor-section-height-min-height elementor-section-boxed elementor-section-height-default elementor-section-items-middle\" data-id=\"a39f57f\" data-element_type=\"section\" data-settings=\"{&quot;background_background&quot;:&quot;gradient&quot;}\">\n\t\t\t\t\t\t<div class=\"elementor-container elementor-column-gap-default\">\n\t\t\t\t\t<div class=\"elementor-column elementor-col-33 elementor-top-column elementor-element elementor-element-5f2fe88\" data-id=\"5f2fe88\" data-element_type=\"column\">\n\t\t\t<div class=\"elementor-widget-wrap elementor-element-populated\">\n\t\t\t\t\t\t\t\t<div class=\"elementor-element elementor-element-7e9ce78 elementor-widget elementor-widget-image\" data-id=\"7e9ce78\" data-element_type=\"widget\" data-widget_type=\"image.default\">\n\t\t\t\t<div class=\"elementor-widget-container\">\n\t\t\t\t\t\t\t\t\t\t\t\t\t\t\t\t<a href=\"http:\/\/www.cubadebate.cu\/libros-libres\/2021\/11\/25\/descarga-el-libro-cien-horas-con-fidel-de-ignacio-ramonet-pdf\/\">\n\t\t\t\t\t\t\t<img decoding=\"async\" width=\"183\" height=\"275\" src=\"https:\/\/nescuba.cdtc.unb.br\/wp-content\/uploads\/2023\/08\/images-e1637781028227.jpg\" class=\"attachment-large size-large wp-image-7563\" alt=\"\" loading=\"lazy\" \/>\t\t\t\t\t\t\t\t<\/a>\n\t\t\t\t\t\t\t\t\t\t\t\t\t\t\t<\/div>\n\t\t\t\t<\/div>\n\t\t\t\t<div class=\"elementor-element elementor-element-03d2924 elementor-widget elementor-widget-heading\" data-id=\"03d2924\" data-element_type=\"widget\" data-widget_type=\"heading.default\">\n\t\t\t\t<div class=\"elementor-widget-container\">\n\t\t\t<h2 class=\"elementor-heading-title elementor-size-default\"><a href=\"https:\/\/drive.google.com\/file\/d\/1lFD1aedO4poRS0ylUSedLcvPtWpP-99L\/view?usp=sharing\" target=\"_blank\">Versi\u00f3n en espa\u00f1ol...clique aqu\u00ed<\/a><\/h2>\t\t<\/div>\n\t\t\t\t<\/div>\n\t\t\t\t\t<\/div>\n\t\t<\/div>\n\t\t\t\t<div class=\"elementor-column elementor-col-66 elementor-top-column elementor-element elementor-element-d95a0ce\" data-id=\"d95a0ce\" data-element_type=\"column\">\n\t\t\t<div class=\"elementor-widget-wrap elementor-element-populated\">\n\t\t\t\t\t\t\t\t<div class=\"elementor-element elementor-element-9fe46d1 elementor-widget__width-initial e-transform e-transform e-transform elementor-widget elementor-widget-text-editor\" data-id=\"9fe46d1\" data-element_type=\"widget\" data-settings=\"{&quot;_transform_rotateZ_effect&quot;:{&quot;unit&quot;:&quot;px&quot;,&quot;size&quot;:0,&quot;sizes&quot;:[]},&quot;_transform_scale_effect&quot;:{&quot;unit&quot;:&quot;px&quot;,&quot;size&quot;:0.8,&quot;sizes&quot;:[]},&quot;_transform_skewX_effect&quot;:{&quot;unit&quot;:&quot;px&quot;,&quot;size&quot;:0,&quot;sizes&quot;:[]},&quot;_transform_rotateZ_effect_tablet&quot;:{&quot;unit&quot;:&quot;deg&quot;,&quot;size&quot;:&quot;&quot;,&quot;sizes&quot;:[]},&quot;_transform_rotateZ_effect_mobile&quot;:{&quot;unit&quot;:&quot;deg&quot;,&quot;size&quot;:&quot;&quot;,&quot;sizes&quot;:[]},&quot;_transform_scale_effect_tablet&quot;:{&quot;unit&quot;:&quot;px&quot;,&quot;size&quot;:&quot;&quot;,&quot;sizes&quot;:[]},&quot;_transform_scale_effect_mobile&quot;:{&quot;unit&quot;:&quot;px&quot;,&quot;size&quot;:&quot;&quot;,&quot;sizes&quot;:[]},&quot;_transform_skewX_effect_tablet&quot;:{&quot;unit&quot;:&quot;deg&quot;,&quot;size&quot;:&quot;&quot;,&quot;sizes&quot;:[]},&quot;_transform_skewX_effect_mobile&quot;:{&quot;unit&quot;:&quot;deg&quot;,&quot;size&quot;:&quot;&quot;,&quot;sizes&quot;:[]},&quot;_transform_skewY_effect&quot;:{&quot;unit&quot;:&quot;px&quot;,&quot;size&quot;:&quot;&quot;,&quot;sizes&quot;:[]},&quot;_transform_skewY_effect_tablet&quot;:{&quot;unit&quot;:&quot;deg&quot;,&quot;size&quot;:&quot;&quot;,&quot;sizes&quot;:[]},&quot;_transform_skewY_effect_mobile&quot;:{&quot;unit&quot;:&quot;deg&quot;,&quot;size&quot;:&quot;&quot;,&quot;sizes&quot;:[]}}\" data-widget_type=\"text-editor.default\">\n\t\t\t\t<div class=\"elementor-widget-container\">\n\t\t\t\t\t\t\t<div class=\"info-container\"><div class=\"m9TROd\"><div class=\"TIzXg\"><h4 class=\"title\" style=\"text-align: left;\"><strong>Cien horas con Fidel<\/strong><\/h4><div>\u00a0<\/div><div class=\"RQZ6xb\"><a class=\"uOHQVb\" href=\"https:\/\/www.google.com.cu\/search?sca_esv=558159101&amp;hl=es-419&amp;q=inauthor:%22Eduardo+H.+Galeano%22&amp;tbm=bks\"><span style=\"color: #333399;\"><span style=\"color: #000080;\">A<\/span><\/span><\/a><a class=\"uOHQVb\" href=\"https:\/\/www.google.com.cu\/search?sca_esv=558159101&amp;hl=es-419&amp;q=inauthor:%22Eduardo+H.+Galeano%22&amp;tbm=bks\"><span style=\"color: #333399;\"><span style=\"color: #000080;\">utor: <\/span><\/span><\/a><span style=\"color: #000080;\">Ignacio Ramonet<\/span><\/div><\/div><\/div><div><div class=\"wDYxhc\" data-md=\"1001\" data-hveid=\"CBwQAA\" data-ved=\"2ahUKEwjH2qmS4eaAAxUIlokEHeEwC9gQkCl6BAgcEAA\"><div class=\"Z1hOCe\"><div class=\"zloOqf PZPZlf\" data-ved=\"2ahUKEwjH2qmS4eaAAxUIlokEHeEwC9gQyxMoAHoECBwQAQ\">\u00a0<\/div><\/div><\/div><\/div><div><div class=\"wDYxhc\" data-md=\"1001\" data-hveid=\"CBsQAA\" data-ved=\"2ahUKEwjH2qmS4eaAAxUIlokEHeEwC9gQkCl6BAgbEAA\"><div class=\"Z1hOCe\">\u00a0<\/div><\/div><\/div><\/div><div class=\"FhLkgb\"><div class=\"MvVd8d\">Contiene la trascendental entrevista realizada entre los a\u00f1os 2003 y 2005 por el intelectual franc\u00e9s Ignacio Ramonet. El nivel de informaci\u00f3n y sagacidad del entrevistador, por la agudeza de sus preguntas, franqueza, modernidad y hondura de respuestas del entrevistado, la apasionante conversaci\u00f3n contenida en este libro tiene un valor perdurable, m\u00e1s all\u00e1 de coyunturas y circunstancias.<\/div><\/div>\t\t\t\t\t\t<\/div>\n\t\t\t\t<\/div>\n\t\t\t\t\t<\/div>\n\t\t<\/div>\n\t\t\t\t\t\t\t<\/div>\n\t\t<\/section>\n\t\t\t\t<section class=\"elementor-section elementor-top-section elementor-element elementor-element-917b041 elementor-section-height-min-height elementor-section-boxed elementor-section-height-default elementor-section-items-middle\" data-id=\"917b041\" data-element_type=\"section\" data-settings=\"{&quot;background_background&quot;:&quot;gradient&quot;}\">\n\t\t\t\t\t\t<div class=\"elementor-container elementor-column-gap-default\">\n\t\t\t\t\t<div class=\"elementor-column elementor-col-33 elementor-top-column elementor-element elementor-element-f196cf3\" data-id=\"f196cf3\" data-element_type=\"column\">\n\t\t\t<div class=\"elementor-widget-wrap elementor-element-populated\">\n\t\t\t\t\t\t\t\t<div class=\"elementor-element elementor-element-6515035 elementor-widget elementor-widget-image\" data-id=\"6515035\" data-element_type=\"widget\" data-widget_type=\"image.default\">\n\t\t\t\t<div class=\"elementor-widget-container\">\n\t\t\t\t\t\t\t\t\t\t\t\t\t\t\t\t<a href=\"https:\/\/repositorio.unb.br\/handle\/10482\/3646?locale=en\" target=\"_blank\">\n\t\t\t\t\t\t\t<img decoding=\"async\" width=\"355\" height=\"495\" src=\"https:\/\/nescuba.cdtc.unb.br\/wp-content\/uploads\/2023\/06\/Caratula-Politicas-de-Mujer.png\" class=\"attachment-large size-large wp-image-5377\" alt=\"\" loading=\"lazy\" srcset=\"https:\/\/nescuba.cdtc.unb.br\/wp-content\/uploads\/2023\/06\/Caratula-Politicas-de-Mujer.png 355w, https:\/\/nescuba.cdtc.unb.br\/wp-content\/uploads\/2023\/06\/Caratula-Politicas-de-Mujer-215x300.png 215w\" sizes=\"(max-width: 355px) 100vw, 355px\" \/>\t\t\t\t\t\t\t\t<\/a>\n\t\t\t\t\t\t\t\t\t\t\t\t\t\t\t<\/div>\n\t\t\t\t<\/div>\n\t\t\t\t<div class=\"elementor-element elementor-element-9787bbb elementor-widget elementor-widget-heading\" data-id=\"9787bbb\" data-element_type=\"widget\" data-widget_type=\"heading.default\">\n\t\t\t\t<div class=\"elementor-widget-container\">\n\t\t\t<h2 class=\"elementor-heading-title elementor-size-default\"><a href=\"https:\/\/drive.google.com\/file\/d\/1_oJTk0Ug-45DcXQKiNTWaFOB0skyCaIR\/view?usp=sharing\" target=\"_blank\">Versi\u00f3n en espa\u00f1ol...clique aqu\u00ed<\/a><\/h2>\t\t<\/div>\n\t\t\t\t<\/div>\n\t\t\t\t\t<\/div>\n\t\t<\/div>\n\t\t\t\t<div class=\"elementor-column elementor-col-66 elementor-top-column elementor-element elementor-element-a31ed1e\" data-id=\"a31ed1e\" data-element_type=\"column\">\n\t\t\t<div class=\"elementor-widget-wrap elementor-element-populated\">\n\t\t\t\t\t\t\t\t<div class=\"elementor-element elementor-element-e89895f elementor-widget__width-initial e-transform e-transform e-transform elementor-widget elementor-widget-text-editor\" data-id=\"e89895f\" data-element_type=\"widget\" data-settings=\"{&quot;_transform_rotateZ_effect&quot;:{&quot;unit&quot;:&quot;px&quot;,&quot;size&quot;:0,&quot;sizes&quot;:[]},&quot;_transform_scale_effect&quot;:{&quot;unit&quot;:&quot;px&quot;,&quot;size&quot;:0.8,&quot;sizes&quot;:[]},&quot;_transform_skewX_effect&quot;:{&quot;unit&quot;:&quot;px&quot;,&quot;size&quot;:0,&quot;sizes&quot;:[]},&quot;_transform_rotateZ_effect_tablet&quot;:{&quot;unit&quot;:&quot;deg&quot;,&quot;size&quot;:&quot;&quot;,&quot;sizes&quot;:[]},&quot;_transform_rotateZ_effect_mobile&quot;:{&quot;unit&quot;:&quot;deg&quot;,&quot;size&quot;:&quot;&quot;,&quot;sizes&quot;:[]},&quot;_transform_scale_effect_tablet&quot;:{&quot;unit&quot;:&quot;px&quot;,&quot;size&quot;:&quot;&quot;,&quot;sizes&quot;:[]},&quot;_transform_scale_effect_mobile&quot;:{&quot;unit&quot;:&quot;px&quot;,&quot;size&quot;:&quot;&quot;,&quot;sizes&quot;:[]},&quot;_transform_skewX_effect_tablet&quot;:{&quot;unit&quot;:&quot;deg&quot;,&quot;size&quot;:&quot;&quot;,&quot;sizes&quot;:[]},&quot;_transform_skewX_effect_mobile&quot;:{&quot;unit&quot;:&quot;deg&quot;,&quot;size&quot;:&quot;&quot;,&quot;sizes&quot;:[]},&quot;_transform_skewY_effect&quot;:{&quot;unit&quot;:&quot;px&quot;,&quot;size&quot;:&quot;&quot;,&quot;sizes&quot;:[]},&quot;_transform_skewY_effect_tablet&quot;:{&quot;unit&quot;:&quot;deg&quot;,&quot;size&quot;:&quot;&quot;,&quot;sizes&quot;:[]},&quot;_transform_skewY_effect_mobile&quot;:{&quot;unit&quot;:&quot;deg&quot;,&quot;size&quot;:&quot;&quot;,&quot;sizes&quot;:[]}}\" data-widget_type=\"text-editor.default\">\n\t\t\t\t<div class=\"elementor-widget-container\">\n\t\t\t\t\t\t\t<h4 style=\"text-align: left;\"><strong>Mulher e pol\u00edtica social em Cuba : o contraponto socialista ao bem-estar <\/strong><strong>capitalista<\/strong><\/h4><p><strong>2005<\/strong><\/p><p>Autora: C\u00c9SAR, Maria Auxiliadora.<\/p><p>O livro que apresentamos \u00e9 resultado de um estudo bem fundamentado e de alto rigor cient\u00edfico produzido por uma acad\u00eamica brasileira, grande amiga de Cuba e militante revolucion\u00e1ria. A autora, utilizando a perspectiva sociol\u00f3gica como fio condutor, submete \u00e0 an\u00e1lise as pol\u00edticas sociais desenvolvidas em Cuba, relativas a um segmento de maior interesse na sociedade cubana, as mulheres.<\/p>\t\t\t\t\t\t<\/div>\n\t\t\t\t<\/div>\n\t\t\t\t\t<\/div>\n\t\t<\/div>\n\t\t\t\t\t\t\t<\/div>\n\t\t<\/section>\n\t\t\t\t<section class=\"elementor-section elementor-top-section elementor-element elementor-element-a50c567 elementor-section-height-min-height elementor-section-boxed elementor-section-height-default elementor-section-items-middle\" data-id=\"a50c567\" data-element_type=\"section\" data-settings=\"{&quot;background_background&quot;:&quot;gradient&quot;}\">\n\t\t\t\t\t\t<div class=\"elementor-container elementor-column-gap-default\">\n\t\t\t\t\t<div class=\"elementor-column elementor-col-33 elementor-top-column elementor-element elementor-element-e263aed\" data-id=\"e263aed\" data-element_type=\"column\">\n\t\t\t<div class=\"elementor-widget-wrap elementor-element-populated\">\n\t\t\t\t\t\t\t\t<div class=\"elementor-element elementor-element-84e72f2 elementor-widget elementor-widget-image\" data-id=\"84e72f2\" data-element_type=\"widget\" data-widget_type=\"image.default\">\n\t\t\t\t<div class=\"elementor-widget-container\">\n\t\t\t\t\t\t\t\t\t\t\t\t\t\t\t\t<a href=\"http:\/\/www.estantevirtual.com.br\/livros\/diversos-\/panorama-da-realidade-cubana\/4149119568\" target=\"_blank\">\n\t\t\t\t\t\t\t<img decoding=\"async\" width=\"240\" height=\"360\" src=\"https:\/\/nescuba.cdtc.unb.br\/wp-content\/uploads\/2023\/06\/Libro-Realidade-Cubana.jpg\" class=\"attachment-large size-large wp-image-5189\" alt=\"\" loading=\"lazy\" srcset=\"https:\/\/nescuba.cdtc.unb.br\/wp-content\/uploads\/2023\/06\/Libro-Realidade-Cubana.jpg 240w, https:\/\/nescuba.cdtc.unb.br\/wp-content\/uploads\/2023\/06\/Libro-Realidade-Cubana-200x300.jpg 200w\" sizes=\"(max-width: 240px) 100vw, 240px\" \/>\t\t\t\t\t\t\t\t<\/a>\n\t\t\t\t\t\t\t\t\t\t\t\t\t\t\t<\/div>\n\t\t\t\t<\/div>\n\t\t\t\t\t<\/div>\n\t\t<\/div>\n\t\t\t\t<div class=\"elementor-column elementor-col-66 elementor-top-column elementor-element elementor-element-3ad37f2\" data-id=\"3ad37f2\" data-element_type=\"column\">\n\t\t\t<div class=\"elementor-widget-wrap elementor-element-populated\">\n\t\t\t\t\t\t\t\t<div class=\"elementor-element elementor-element-ccc1bf8 elementor-widget__width-initial e-transform e-transform e-transform elementor-widget elementor-widget-text-editor\" data-id=\"ccc1bf8\" data-element_type=\"widget\" data-settings=\"{&quot;_transform_rotateZ_effect&quot;:{&quot;unit&quot;:&quot;px&quot;,&quot;size&quot;:0,&quot;sizes&quot;:[]},&quot;_transform_scale_effect&quot;:{&quot;unit&quot;:&quot;px&quot;,&quot;size&quot;:0.8,&quot;sizes&quot;:[]},&quot;_transform_skewX_effect&quot;:{&quot;unit&quot;:&quot;px&quot;,&quot;size&quot;:0,&quot;sizes&quot;:[]},&quot;_transform_rotateZ_effect_tablet&quot;:{&quot;unit&quot;:&quot;deg&quot;,&quot;size&quot;:&quot;&quot;,&quot;sizes&quot;:[]},&quot;_transform_rotateZ_effect_mobile&quot;:{&quot;unit&quot;:&quot;deg&quot;,&quot;size&quot;:&quot;&quot;,&quot;sizes&quot;:[]},&quot;_transform_scale_effect_tablet&quot;:{&quot;unit&quot;:&quot;px&quot;,&quot;size&quot;:&quot;&quot;,&quot;sizes&quot;:[]},&quot;_transform_scale_effect_mobile&quot;:{&quot;unit&quot;:&quot;px&quot;,&quot;size&quot;:&quot;&quot;,&quot;sizes&quot;:[]},&quot;_transform_skewX_effect_tablet&quot;:{&quot;unit&quot;:&quot;deg&quot;,&quot;size&quot;:&quot;&quot;,&quot;sizes&quot;:[]},&quot;_transform_skewX_effect_mobile&quot;:{&quot;unit&quot;:&quot;deg&quot;,&quot;size&quot;:&quot;&quot;,&quot;sizes&quot;:[]},&quot;_transform_skewY_effect&quot;:{&quot;unit&quot;:&quot;px&quot;,&quot;size&quot;:&quot;&quot;,&quot;sizes&quot;:[]},&quot;_transform_skewY_effect_tablet&quot;:{&quot;unit&quot;:&quot;deg&quot;,&quot;size&quot;:&quot;&quot;,&quot;sizes&quot;:[]},&quot;_transform_skewY_effect_mobile&quot;:{&quot;unit&quot;:&quot;deg&quot;,&quot;size&quot;:&quot;&quot;,&quot;sizes&quot;:[]}}\" data-widget_type=\"text-editor.default\">\n\t\t\t\t<div class=\"elementor-widget-container\">\n\t\t\t\t\t\t\t<div class=\"info-container\"><h4 style=\"text-align: left;\"><strong><span class=\"description-text\">Panorama da Realidade Cubana (Cadernos do Ceam)<\/span><\/strong><\/h4><p class=\"type m-used info-type\"><span class=\"info-label\">Tipo: <\/span> seminovo\/usado<\/p><p class=\"livro-specs info-publisher\"><span class=\"info-label\">Editora:<\/span> <a title=\"veja mais livros da editora Unb\" href=\"https:\/\/www.estantevirtual.com.br\/editora\/unb\"> Unb <\/a><\/p><p class=\"livro-specs info-year\"><span class=\"info-label\">Ano:<\/span> 2002<\/p><p class=\"livro-specs info-shelf\"><span class=\"info-label\">Estante:<\/span> <a title=\"veja mais livros de Sociologia\" href=\"https:\/\/www.estantevirtual.com.br\/estante\/sociologia\">Sociologia<\/a><\/p><p class=\"livro-specs info-language\"><span class=\"info-label\">Idioma:<\/span> Portugu\u00eas<\/p><p class=\"livro-specs info-time\"><span class=\"info-label\">Cadastrado em:<\/span> 05 de fevereiro de 2022<\/p><\/div><p class=\"livro-specs\"><span class=\"info-label\">Descri\u00e7\u00e3o: <\/span> <span class=\"description-text\"> 30\/05 &#8211; Panorama da Realidade Cubana (Cadernos do Ceam &#8211; Centro de Estudos Avan\u00e7ados Multidisciplinares ano III &#8211; N\u00ba 8 &#8211; Abril 2002) &#8211; ISSN 0103-510X &#8211; Livro em excelente estado de conserva\u00e7\u00e3o, 174 p. <\/span><\/p>\t\t\t\t\t\t<\/div>\n\t\t\t\t<\/div>\n\t\t\t\t\t<\/div>\n\t\t<\/div>\n\t\t\t\t\t\t\t<\/div>\n\t\t<\/section>\n\t\t\t\t<section class=\"elementor-section elementor-top-section elementor-element elementor-element-c0f5b21 elementor-section-height-min-height elementor-section-boxed elementor-section-height-default elementor-section-items-middle\" data-id=\"c0f5b21\" data-element_type=\"section\" data-settings=\"{&quot;background_background&quot;:&quot;gradient&quot;}\">\n\t\t\t\t\t\t<div class=\"elementor-container elementor-column-gap-default\">\n\t\t\t\t\t<div class=\"elementor-column elementor-col-33 elementor-top-column elementor-element elementor-element-b3a1359\" data-id=\"b3a1359\" data-element_type=\"column\">\n\t\t\t<div class=\"elementor-widget-wrap elementor-element-populated\">\n\t\t\t\t\t\t\t\t<div class=\"elementor-element elementor-element-83551f2 elementor-widget elementor-widget-image\" data-id=\"83551f2\" data-element_type=\"widget\" data-widget_type=\"image.default\">\n\t\t\t\t<div class=\"elementor-widget-container\">\n\t\t\t\t\t\t\t\t\t\t\t\t\t\t\t\t<a href=\"https:\/\/www.edufmt.com.br\/product-page\/por-uma-educa%C3%A7%C3%A3o-libertadora-o-ide%C3%A1rio-pol%C3%ADtico-pedag%C3%B3gico-do-educador-cuiabano\" target=\"_blank\">\n\t\t\t\t\t\t\t<img decoding=\"async\" width=\"500\" height=\"667\" src=\"https:\/\/nescuba.cdtc.unb.br\/wp-content\/uploads\/2023\/08\/Libro-1.jpg\" class=\"attachment-large size-large wp-image-7136\" alt=\"\" loading=\"lazy\" srcset=\"https:\/\/nescuba.cdtc.unb.br\/wp-content\/uploads\/2023\/08\/Libro-1.jpg 500w, https:\/\/nescuba.cdtc.unb.br\/wp-content\/uploads\/2023\/08\/Libro-1-225x300.jpg 225w\" sizes=\"(max-width: 500px) 100vw, 500px\" \/>\t\t\t\t\t\t\t\t<\/a>\n\t\t\t\t\t\t\t\t\t\t\t\t\t\t\t<\/div>\n\t\t\t\t<\/div>\n\t\t\t\t\t<\/div>\n\t\t<\/div>\n\t\t\t\t<div class=\"elementor-column elementor-col-66 elementor-top-column elementor-element elementor-element-0dc5c8f\" data-id=\"0dc5c8f\" data-element_type=\"column\">\n\t\t\t<div class=\"elementor-widget-wrap elementor-element-populated\">\n\t\t\t\t\t\t\t\t<div class=\"elementor-element elementor-element-feadfba elementor-widget__width-initial e-transform e-transform e-transform elementor-widget elementor-widget-text-editor\" data-id=\"feadfba\" data-element_type=\"widget\" data-settings=\"{&quot;_transform_rotateZ_effect&quot;:{&quot;unit&quot;:&quot;px&quot;,&quot;size&quot;:0,&quot;sizes&quot;:[]},&quot;_transform_scale_effect&quot;:{&quot;unit&quot;:&quot;px&quot;,&quot;size&quot;:0.8,&quot;sizes&quot;:[]},&quot;_transform_skewX_effect&quot;:{&quot;unit&quot;:&quot;px&quot;,&quot;size&quot;:0,&quot;sizes&quot;:[]},&quot;_transform_rotateZ_effect_tablet&quot;:{&quot;unit&quot;:&quot;deg&quot;,&quot;size&quot;:&quot;&quot;,&quot;sizes&quot;:[]},&quot;_transform_rotateZ_effect_mobile&quot;:{&quot;unit&quot;:&quot;deg&quot;,&quot;size&quot;:&quot;&quot;,&quot;sizes&quot;:[]},&quot;_transform_scale_effect_tablet&quot;:{&quot;unit&quot;:&quot;px&quot;,&quot;size&quot;:&quot;&quot;,&quot;sizes&quot;:[]},&quot;_transform_scale_effect_mobile&quot;:{&quot;unit&quot;:&quot;px&quot;,&quot;size&quot;:&quot;&quot;,&quot;sizes&quot;:[]},&quot;_transform_skewX_effect_tablet&quot;:{&quot;unit&quot;:&quot;deg&quot;,&quot;size&quot;:&quot;&quot;,&quot;sizes&quot;:[]},&quot;_transform_skewX_effect_mobile&quot;:{&quot;unit&quot;:&quot;deg&quot;,&quot;size&quot;:&quot;&quot;,&quot;sizes&quot;:[]},&quot;_transform_skewY_effect&quot;:{&quot;unit&quot;:&quot;px&quot;,&quot;size&quot;:&quot;&quot;,&quot;sizes&quot;:[]},&quot;_transform_skewY_effect_tablet&quot;:{&quot;unit&quot;:&quot;deg&quot;,&quot;size&quot;:&quot;&quot;,&quot;sizes&quot;:[]},&quot;_transform_skewY_effect_mobile&quot;:{&quot;unit&quot;:&quot;deg&quot;,&quot;size&quot;:&quot;&quot;,&quot;sizes&quot;:[]}}\" data-widget_type=\"text-editor.default\">\n\t\t\t\t<div class=\"elementor-widget-container\">\n\t\t\t\t\t\t\t<h4 style=\"text-align: left;\"><strong>Por uma educa\u00e7\u00e3o libertadora: O ide\u00e1rio pol\u00edtico-pedag\u00f3gico do educador cubano<\/strong><\/h4><p>Autor: Jair Reck<\/p><p>Apresenta ao leitor brasileiro, especialmente aos profissionais da educa\u00e7\u00e3o, o pensamento do educador cubano Jos\u00e9 Mart\u00ed\u00ad, dentificando o reconhecimento de seu papel no projeto da Revolu\u00e7\u00e3o Cubana e na inspira\u00e7\u00e3o dos atuais l\u00ed\u00adderes dos movimentos sociais, especialmente no MST brasileiro. O livro teve sua origem na pesquisa de mestrado de Jair Reck, desenvolvida junto ao Programa de P\u00f3s-gradua\u00e7\u00e3o em Educa\u00e7\u00e3o do Instituto de Educa\u00e7\u00e3o da UFMT, entre 1998 e 2000. Segundo o autor, este trabalho, \u201cal\u00e9m de debru\u00e7ar-se sobre o hist\u00f3rico dos movimentos sociais e seus gestores, objetiva, principalmente, apresentar Jos\u00e9 Mart\u00ed enquanto educador e articulador de um movimento social e estudar sua concep\u00e7\u00e3o de educa\u00e7\u00e3o, conjugando seu ide\u00e1rio pedag\u00f3gico com seu ide\u00e1rio de a\u00e7\u00e3o pol\u00edtica na educa\u00e7\u00e3o das massas\u201d.<\/p>\t\t\t\t\t\t<\/div>\n\t\t\t\t<\/div>\n\t\t\t\t\t<\/div>\n\t\t<\/div>\n\t\t\t\t\t\t\t<\/div>\n\t\t<\/section>\n\t\t\t\t<section class=\"elementor-section elementor-top-section elementor-element elementor-element-7a0dc28 elementor-section-height-min-height elementor-section-boxed elementor-section-height-default elementor-section-items-middle\" data-id=\"7a0dc28\" data-element_type=\"section\" data-settings=\"{&quot;background_background&quot;:&quot;gradient&quot;}\">\n\t\t\t\t\t\t<div class=\"elementor-container elementor-column-gap-default\">\n\t\t\t\t\t<div class=\"elementor-column elementor-col-33 elementor-top-column elementor-element elementor-element-09ea183\" data-id=\"09ea183\" data-element_type=\"column\">\n\t\t\t<div class=\"elementor-widget-wrap elementor-element-populated\">\n\t\t\t\t\t\t\t\t<div class=\"elementor-element elementor-element-1cf73ca elementor-widget elementor-widget-image\" data-id=\"1cf73ca\" data-element_type=\"widget\" data-widget_type=\"image.default\">\n\t\t\t\t<div class=\"elementor-widget-container\">\n\t\t\t\t\t\t\t\t\t\t\t\t\t\t\t\t<a href=\"http:\/\/www.editoracrv.com.br\/produtos\/detalhes\/4076-detalhes\">\n\t\t\t\t\t\t\t<img decoding=\"async\" width=\"200\" height=\"300\" src=\"https:\/\/nescuba.cdtc.unb.br\/wp-content\/uploads\/2023\/09\/94d2a3b9d98864b9cef5f8688191d362-200x300.jpg\" class=\"attachment-medium size-medium wp-image-8301\" alt=\"\" loading=\"lazy\" srcset=\"https:\/\/nescuba.cdtc.unb.br\/wp-content\/uploads\/2023\/09\/94d2a3b9d98864b9cef5f8688191d362-200x300.jpg 200w, https:\/\/nescuba.cdtc.unb.br\/wp-content\/uploads\/2023\/09\/94d2a3b9d98864b9cef5f8688191d362.jpg 454w\" sizes=\"(max-width: 200px) 100vw, 200px\" \/>\t\t\t\t\t\t\t\t<\/a>\n\t\t\t\t\t\t\t\t\t\t\t\t\t\t\t<\/div>\n\t\t\t\t<\/div>\n\t\t\t\t\t<\/div>\n\t\t<\/div>\n\t\t\t\t<div class=\"elementor-column elementor-col-66 elementor-top-column elementor-element elementor-element-ade64eb\" data-id=\"ade64eb\" data-element_type=\"column\">\n\t\t\t<div class=\"elementor-widget-wrap elementor-element-populated\">\n\t\t\t\t\t\t\t\t<div class=\"elementor-element elementor-element-29b19b1 elementor-widget__width-initial e-transform e-transform e-transform elementor-widget elementor-widget-text-editor\" data-id=\"29b19b1\" data-element_type=\"widget\" data-settings=\"{&quot;_transform_rotateZ_effect&quot;:{&quot;unit&quot;:&quot;px&quot;,&quot;size&quot;:0,&quot;sizes&quot;:[]},&quot;_transform_scale_effect&quot;:{&quot;unit&quot;:&quot;px&quot;,&quot;size&quot;:0.8,&quot;sizes&quot;:[]},&quot;_transform_skewX_effect&quot;:{&quot;unit&quot;:&quot;px&quot;,&quot;size&quot;:0,&quot;sizes&quot;:[]},&quot;_transform_rotateZ_effect_tablet&quot;:{&quot;unit&quot;:&quot;deg&quot;,&quot;size&quot;:&quot;&quot;,&quot;sizes&quot;:[]},&quot;_transform_rotateZ_effect_mobile&quot;:{&quot;unit&quot;:&quot;deg&quot;,&quot;size&quot;:&quot;&quot;,&quot;sizes&quot;:[]},&quot;_transform_scale_effect_tablet&quot;:{&quot;unit&quot;:&quot;px&quot;,&quot;size&quot;:&quot;&quot;,&quot;sizes&quot;:[]},&quot;_transform_scale_effect_mobile&quot;:{&quot;unit&quot;:&quot;px&quot;,&quot;size&quot;:&quot;&quot;,&quot;sizes&quot;:[]},&quot;_transform_skewX_effect_tablet&quot;:{&quot;unit&quot;:&quot;deg&quot;,&quot;size&quot;:&quot;&quot;,&quot;sizes&quot;:[]},&quot;_transform_skewX_effect_mobile&quot;:{&quot;unit&quot;:&quot;deg&quot;,&quot;size&quot;:&quot;&quot;,&quot;sizes&quot;:[]},&quot;_transform_skewY_effect&quot;:{&quot;unit&quot;:&quot;px&quot;,&quot;size&quot;:&quot;&quot;,&quot;sizes&quot;:[]},&quot;_transform_skewY_effect_tablet&quot;:{&quot;unit&quot;:&quot;deg&quot;,&quot;size&quot;:&quot;&quot;,&quot;sizes&quot;:[]},&quot;_transform_skewY_effect_mobile&quot;:{&quot;unit&quot;:&quot;deg&quot;,&quot;size&quot;:&quot;&quot;,&quot;sizes&quot;:[]}}\" data-widget_type=\"text-editor.default\">\n\t\t\t\t<div class=\"elementor-widget-container\">\n\t\t\t\t\t\t\t<div class=\"info-container\"><h4 style=\"text-align: left;\"><strong>A VIA VENEZUELANA AO SOCIALISMO<\/strong><\/h4><div class=\"row\"><div class=\"main_entry\"><section class=\"item authors\"><p class=\"pkp_screen_reader\">Autores: RAPHAEL LANA SEABRA<\/p><p><strong>Editora:<\/strong> EDITORA CRV<br \/><strong>ISBN:<\/strong>978-85-8042-985-5<br \/><strong>Ano de edi\u00e7\u00e3o:<\/strong> 2014<br \/><strong>Distribuidora:<\/strong> EDITORA CRV<br \/><strong>N\u00famero de p\u00e1ginas:<\/strong> 204<\/p><p>Este livro enfrenta desafios de processos revolucion\u00e1rios a partir do ponto de vista daqui, pelo olhar da Am\u00e9rica Latina. Coloca em quest\u00e3o, tamb\u00e9m, a natureza da revolu\u00e7\u00e3o em si mesma. Por isso, ler a obra de Raphael Seabra constitui como sorver golfadas de ar fresco em clima de deserto. O princ\u00edpio metodol\u00f3gico empregado consiste no estudo concreto das realidades em curso nos processos revolucion\u00e1rios.\u00a0 E isto o conduz a estudar a transforma\u00e7\u00e3o radical, por exemplo, a partir de processos democr\u00e1ticos, da &#8220;luta pela radicaliza\u00e7\u00e3o da democracia&#8221;. \u00c9 a &#8220;op\u00e7\u00e3o pela ruptura revolucion\u00e1ria por meios pac\u00edficos&#8221;. Teimosamente, em intervalos determinados, os dirigentes da Venezuela continuam a submeter-se ao escrut\u00ednio do voto popular e a realizar referendos. &#8220;Avan\u00e7ar e radicalizar a participa\u00e7\u00e3o democr\u00e1tica da maioria em interesse da maioria&#8221;. Est\u00e1 em curso um processo de transforma\u00e7\u00e3o radical que n\u00e3o se respalda no emprego da viol\u00eancia como instrumento de transi\u00e7\u00e3o.<\/p><\/section><\/div><\/div><\/div>\t\t\t\t\t\t<\/div>\n\t\t\t\t<\/div>\n\t\t\t\t\t<\/div>\n\t\t<\/div>\n\t\t\t\t\t\t\t<\/div>\n\t\t<\/section>\n\t\t\t\t<section class=\"elementor-section elementor-top-section elementor-element elementor-element-1bccc24 elementor-section-height-min-height elementor-section-boxed elementor-section-height-default elementor-section-items-middle\" data-id=\"1bccc24\" data-element_type=\"section\" data-settings=\"{&quot;background_background&quot;:&quot;gradient&quot;}\">\n\t\t\t\t\t\t<div class=\"elementor-container elementor-column-gap-default\">\n\t\t\t\t\t<div class=\"elementor-column elementor-col-33 elementor-top-column elementor-element elementor-element-c7d056c\" data-id=\"c7d056c\" data-element_type=\"column\">\n\t\t\t<div class=\"elementor-widget-wrap elementor-element-populated\">\n\t\t\t\t\t\t\t\t<div class=\"elementor-element elementor-element-098c508 elementor-widget elementor-widget-image\" data-id=\"098c508\" data-element_type=\"widget\" data-widget_type=\"image.default\">\n\t\t\t\t<div class=\"elementor-widget-container\">\n\t\t\t\t\t\t\t\t\t\t\t\t\t\t\t\t<a href=\"https:\/\/periodicos.ufes.br\/einps\/issue\/view\/862\">\n\t\t\t\t\t\t\t<img decoding=\"async\" width=\"239\" height=\"300\" src=\"https:\/\/nescuba.cdtc.unb.br\/wp-content\/uploads\/2023\/08\/Screenshot-2023-08-18-at-15-47-26-lgarcia-Expediente.pdf-1-239x300.png\" class=\"attachment-medium size-medium wp-image-7160\" alt=\"\" loading=\"lazy\" srcset=\"https:\/\/nescuba.cdtc.unb.br\/wp-content\/uploads\/2023\/08\/Screenshot-2023-08-18-at-15-47-26-lgarcia-Expediente.pdf-1-239x300.png 239w, https:\/\/nescuba.cdtc.unb.br\/wp-content\/uploads\/2023\/08\/Screenshot-2023-08-18-at-15-47-26-lgarcia-Expediente.pdf-1.png 416w\" sizes=\"(max-width: 239px) 100vw, 239px\" \/>\t\t\t\t\t\t\t\t<\/a>\n\t\t\t\t\t\t\t\t\t\t\t\t\t\t\t<\/div>\n\t\t\t\t<\/div>\n\t\t\t\t\t<\/div>\n\t\t<\/div>\n\t\t\t\t<div class=\"elementor-column elementor-col-66 elementor-top-column elementor-element elementor-element-a37fb5a\" data-id=\"a37fb5a\" data-element_type=\"column\">\n\t\t\t<div class=\"elementor-widget-wrap elementor-element-populated\">\n\t\t\t\t\t\t\t\t<div class=\"elementor-element elementor-element-df1cd37 elementor-widget__width-initial e-transform e-transform e-transform elementor-widget elementor-widget-text-editor\" data-id=\"df1cd37\" data-element_type=\"widget\" data-settings=\"{&quot;_transform_rotateZ_effect&quot;:{&quot;unit&quot;:&quot;px&quot;,&quot;size&quot;:0,&quot;sizes&quot;:[]},&quot;_transform_scale_effect&quot;:{&quot;unit&quot;:&quot;px&quot;,&quot;size&quot;:0.8,&quot;sizes&quot;:[]},&quot;_transform_skewX_effect&quot;:{&quot;unit&quot;:&quot;px&quot;,&quot;size&quot;:0,&quot;sizes&quot;:[]},&quot;_transform_rotateZ_effect_tablet&quot;:{&quot;unit&quot;:&quot;deg&quot;,&quot;size&quot;:&quot;&quot;,&quot;sizes&quot;:[]},&quot;_transform_rotateZ_effect_mobile&quot;:{&quot;unit&quot;:&quot;deg&quot;,&quot;size&quot;:&quot;&quot;,&quot;sizes&quot;:[]},&quot;_transform_scale_effect_tablet&quot;:{&quot;unit&quot;:&quot;px&quot;,&quot;size&quot;:&quot;&quot;,&quot;sizes&quot;:[]},&quot;_transform_scale_effect_mobile&quot;:{&quot;unit&quot;:&quot;px&quot;,&quot;size&quot;:&quot;&quot;,&quot;sizes&quot;:[]},&quot;_transform_skewX_effect_tablet&quot;:{&quot;unit&quot;:&quot;deg&quot;,&quot;size&quot;:&quot;&quot;,&quot;sizes&quot;:[]},&quot;_transform_skewX_effect_mobile&quot;:{&quot;unit&quot;:&quot;deg&quot;,&quot;size&quot;:&quot;&quot;,&quot;sizes&quot;:[]},&quot;_transform_skewY_effect&quot;:{&quot;unit&quot;:&quot;px&quot;,&quot;size&quot;:&quot;&quot;,&quot;sizes&quot;:[]},&quot;_transform_skewY_effect_tablet&quot;:{&quot;unit&quot;:&quot;deg&quot;,&quot;size&quot;:&quot;&quot;,&quot;sizes&quot;:[]},&quot;_transform_skewY_effect_mobile&quot;:{&quot;unit&quot;:&quot;deg&quot;,&quot;size&quot;:&quot;&quot;,&quot;sizes&quot;:[]}}\" data-widget_type=\"text-editor.default\">\n\t\t\t\t<div class=\"elementor-widget-container\">\n\t\t\t\t\t\t\t<div class=\"info-container\"><h4 class=\"page_title\" style=\"text-align: left;\"><strong>Pol\u00edticas sociais p\u00fablicas em Cuba e no Brasil<\/strong><\/h4><div class=\"row\"><div class=\"main_entry\"><section class=\"item authors\"><p class=\"pkp_screen_reader\">Autor: <span class=\"name\">Gissele Carraro <\/span><\/p><p>O artigo \u00e9 fruto de estudo multicaso e documental, efetuado na tese de doutorado, sobre as pol\u00edticas sociais p\u00fablicas no Brasil e em Cuba. Analisou-se em que medida as bases estruturantes de cada modo de produ\u00e7\u00e3o influenciam no produto alcan\u00e7ado pelas pol\u00edticas sociais. Resulta do estudo: as pol\u00edticas sociais s\u00e3o necess\u00e1rias em sociedades capitalista e em transi\u00e7\u00e3o para o socialismo, porque se constituem numa interven\u00e7\u00e3o ativa do Estado em sua responsabilidade de prover o bem-estar \u2013 apesar de concep\u00e7\u00f5es e dire\u00e7\u00e3o social d\u00edspares \u2013, em termos de satisfa\u00e7\u00e3o das necessidades sociais a todo ser humano; apesar de Cuba e Brasil definirem, no aparato legal, a igualdade, a universalidade de acesso e a plena cobertura aos direitos sociais no alcance de tais necessidades e empregarem indicadores semelhantes, o produto das pol\u00edticas \u00e9 diferente, j\u00e1 que as bases estruturantes divergem, o que confere rela\u00e7\u00f5es entre Estado e sociedade<br \/>distintas.<\/p><\/section><\/div><\/div><\/div>\t\t\t\t\t\t<\/div>\n\t\t\t\t<\/div>\n\t\t\t\t\t<\/div>\n\t\t<\/div>\n\t\t\t\t\t\t\t<\/div>\n\t\t<\/section>\n\t\t\t\t<section class=\"elementor-section elementor-top-section elementor-element elementor-element-ed9d88a elementor-section-height-min-height elementor-section-boxed elementor-section-height-default elementor-section-items-middle\" data-id=\"ed9d88a\" data-element_type=\"section\" data-settings=\"{&quot;background_background&quot;:&quot;gradient&quot;}\">\n\t\t\t\t\t\t<div class=\"elementor-container elementor-column-gap-default\">\n\t\t\t\t\t<div class=\"elementor-column elementor-col-33 elementor-top-column elementor-element elementor-element-ad6b7e7\" data-id=\"ad6b7e7\" data-element_type=\"column\">\n\t\t\t<div class=\"elementor-widget-wrap elementor-element-populated\">\n\t\t\t\t\t\t\t\t<div class=\"elementor-element elementor-element-850c4ae elementor-widget elementor-widget-image\" data-id=\"850c4ae\" data-element_type=\"widget\" data-widget_type=\"image.default\">\n\t\t\t\t<div class=\"elementor-widget-container\">\n\t\t\t\t\t\t\t\t\t\t\t\t\t\t\t\t<a href=\"https:\/\/periodicos.ufes.br\/einps\/issue\/view\/862\" target=\"_blank\">\n\t\t\t\t\t\t\t<img decoding=\"async\" width=\"400\" height=\"364\" src=\"https:\/\/nescuba.cdtc.unb.br\/wp-content\/uploads\/2024\/07\/phoca_thumb_l_8_grandes_literaturaLA_web-123.jpg\" class=\"attachment-medium size-medium wp-image-15952\" alt=\"\" loading=\"lazy\" \/>\t\t\t\t\t\t\t\t<\/a>\n\t\t\t\t\t\t\t\t\t\t\t\t\t\t\t<\/div>\n\t\t\t\t<\/div>\n\t\t\t\t\t<\/div>\n\t\t<\/div>\n\t\t\t\t<div class=\"elementor-column elementor-col-66 elementor-top-column elementor-element elementor-element-97cb98d\" data-id=\"97cb98d\" data-element_type=\"column\">\n\t\t\t<div class=\"elementor-widget-wrap elementor-element-populated\">\n\t\t\t\t\t\t\t\t<div class=\"elementor-element elementor-element-8c4a458 elementor-widget__width-initial e-transform e-transform e-transform elementor-widget elementor-widget-text-editor\" data-id=\"8c4a458\" data-element_type=\"widget\" data-settings=\"{&quot;_transform_rotateZ_effect&quot;:{&quot;unit&quot;:&quot;px&quot;,&quot;size&quot;:0,&quot;sizes&quot;:[]},&quot;_transform_scale_effect&quot;:{&quot;unit&quot;:&quot;px&quot;,&quot;size&quot;:0.8,&quot;sizes&quot;:[]},&quot;_transform_skewX_effect&quot;:{&quot;unit&quot;:&quot;px&quot;,&quot;size&quot;:0,&quot;sizes&quot;:[]},&quot;_transform_rotateZ_effect_tablet&quot;:{&quot;unit&quot;:&quot;deg&quot;,&quot;size&quot;:&quot;&quot;,&quot;sizes&quot;:[]},&quot;_transform_rotateZ_effect_mobile&quot;:{&quot;unit&quot;:&quot;deg&quot;,&quot;size&quot;:&quot;&quot;,&quot;sizes&quot;:[]},&quot;_transform_scale_effect_tablet&quot;:{&quot;unit&quot;:&quot;px&quot;,&quot;size&quot;:&quot;&quot;,&quot;sizes&quot;:[]},&quot;_transform_scale_effect_mobile&quot;:{&quot;unit&quot;:&quot;px&quot;,&quot;size&quot;:&quot;&quot;,&quot;sizes&quot;:[]},&quot;_transform_skewX_effect_tablet&quot;:{&quot;unit&quot;:&quot;deg&quot;,&quot;size&quot;:&quot;&quot;,&quot;sizes&quot;:[]},&quot;_transform_skewX_effect_mobile&quot;:{&quot;unit&quot;:&quot;deg&quot;,&quot;size&quot;:&quot;&quot;,&quot;sizes&quot;:[]},&quot;_transform_skewY_effect&quot;:{&quot;unit&quot;:&quot;px&quot;,&quot;size&quot;:&quot;&quot;,&quot;sizes&quot;:[]},&quot;_transform_skewY_effect_tablet&quot;:{&quot;unit&quot;:&quot;deg&quot;,&quot;size&quot;:&quot;&quot;,&quot;sizes&quot;:[]},&quot;_transform_skewY_effect_mobile&quot;:{&quot;unit&quot;:&quot;deg&quot;,&quot;size&quot;:&quot;&quot;,&quot;sizes&quot;:[]}}\" data-widget_type=\"text-editor.default\">\n\t\t\t\t<div class=\"elementor-widget-container\">\n\t\t\t\t\t\t\t<div class=\"info-container\"><h4 class=\"page_title\" style=\"text-align: left;\"><strong>8 Grandes da Literatura Latino-Americana<br \/><\/strong><\/h4><p>Colectivo de Autores<\/p><div class=\"row\"><div class=\"main_entry\"><section class=\"item authors\"><p>Esta publica\u00e7\u00e3o bilingue \u00e9 resultado de um ciclo de confer\u00eancias sobre literatura latino americana realizado no campus Darci Ribeiro da Universidade de Bras\u00edlia, organizado pelas embaixadas do M\u00e9xico e do Chile, com apoio das embaixadas do Peru, Argentina, Cuba, Espanha, Col\u00f4mbia, Guatemala, e da Corpora\u00e7\u00e3o Andina de Fomento (CAF), do Instituto Cervantes e da Universidade de Bras\u00edlia, por meio da Reitoria e da Universidade de Bras\u00edlia\u00a0<\/p><p>Nesta edi\u00e7\u00e3o, especialistas proferiram confer\u00eancias sobre os renomados escritores Miguel Angel Ast\u00farias Gonz\u00e1lez, Pablo Neruda, Gabriela Mistral, Jos\u00e9 Mart\u00ed, Gabriel Garc\u00eda M\u00e1rquez, Gabriela Mistral, Jorge Luis Borges, Mario Vargas Llosa e Octavio Paz, com grande participa\u00e7\u00e3o de estudantes, professores e pesquisadores.<\/p><\/section><\/div><\/div><\/div>\t\t\t\t\t\t<\/div>\n\t\t\t\t<\/div>\n\t\t\t\t\t<\/div>\n\t\t<\/div>\n\t\t\t\t\t\t\t<\/div>\n\t\t<\/section>\n\t\t\t\t\t\t\t<\/div>\n\t\t","protected":false},"excerpt":{"rendered":"<p>Publica\u00e7\u00f5es Vers\u00e3o em portugu\u00eas&#8230;clique aqu\u00ed Conscientizar para libertar ou a potencialidade da pr\u00e1xis da liberta\u00e7\u00e3o em Paulo Freire e Enrique Dussel Autor: Ulh\u00f4a, Maria In\u00eas Adjuto Sinopse: A presente tese procura contribuir teoricamente para a compreens\u00e3o da potencialidade da pr\u00e1xis da liberta\u00e7\u00e3o de que nos fala Paulo Freire, quando aponta que mulheres e homens podem [&hellip;]<\/p>\n","protected":false},"author":2,"featured_media":0,"parent":0,"menu_order":0,"comment_status":"closed","ping_status":"closed","template":"","meta":[],"_links":{"self":[{"href":"https:\/\/nescuba.cdtc.unb.br\/index.php?rest_route=\/wp\/v2\/pages\/107"}],"collection":[{"href":"https:\/\/nescuba.cdtc.unb.br\/index.php?rest_route=\/wp\/v2\/pages"}],"about":[{"href":"https:\/\/nescuba.cdtc.unb.br\/index.php?rest_route=\/wp\/v2\/types\/page"}],"author":[{"embeddable":true,"href":"https:\/\/nescuba.cdtc.unb.br\/index.php?rest_route=\/wp\/v2\/users\/2"}],"replies":[{"embeddable":true,"href":"https:\/\/nescuba.cdtc.unb.br\/index.php?rest_route=%2Fwp%2Fv2%2Fcomments&post=107"}],"version-history":[{"count":1414,"href":"https:\/\/nescuba.cdtc.unb.br\/index.php?rest_route=\/wp\/v2\/pages\/107\/revisions"}],"predecessor-version":[{"id":29165,"href":"https:\/\/nescuba.cdtc.unb.br\/index.php?rest_route=\/wp\/v2\/pages\/107\/revisions\/29165"}],"wp:attachment":[{"href":"https:\/\/nescuba.cdtc.unb.br\/index.php?rest_route=%2Fwp%2Fv2%2Fmedia&parent=107"}],"curies":[{"name":"wp","href":"https:\/\/api.w.org\/{rel}","templated":true}]}}