{"id":105,"date":"2022-03-07T16:14:55","date_gmt":"2022-03-07T19:14:55","guid":{"rendered":"https:\/\/nescuba.cdtc.unb.br\/?page_id=105"},"modified":"2025-07-19T18:49:03","modified_gmt":"2025-07-19T21:49:03","slug":"personagens-historicos","status":"publish","type":"page","link":"https:\/\/nescuba.cdtc.unb.br\/?page_id=105","title":{"rendered":"Personagens Hist\u00f3ricos"},"content":{"rendered":"\t\t<div data-elementor-type=\"wp-page\" data-elementor-id=\"105\" class=\"elementor elementor-105\">\n\t\t\t\t\t\t\t\t\t<section class=\"elementor-section elementor-top-section elementor-element elementor-element-e0fc2f1 elementor-section-full_width elementor-section-height-default elementor-section-height-default\" data-id=\"e0fc2f1\" data-element_type=\"section\">\n\t\t\t\t\t\t<div class=\"elementor-container elementor-column-gap-extended\">\n\t\t\t\t\t<div class=\"elementor-column elementor-col-100 elementor-top-column elementor-element elementor-element-2d20485\" data-id=\"2d20485\" data-element_type=\"column\">\n\t\t\t<div class=\"elementor-widget-wrap elementor-element-populated\">\n\t\t\t\t\t\t\t\t<div class=\"elementor-element elementor-element-04a98b8 elementor-absolute e-transform elementor-widget elementor-widget-heading\" data-id=\"04a98b8\" data-element_type=\"widget\" data-settings=\"{&quot;_position&quot;:&quot;absolute&quot;,&quot;_transform_skewX_effect&quot;:{&quot;unit&quot;:&quot;px&quot;,&quot;size&quot;:0,&quot;sizes&quot;:[]},&quot;_transform_skewX_effect_tablet&quot;:{&quot;unit&quot;:&quot;deg&quot;,&quot;size&quot;:&quot;&quot;,&quot;sizes&quot;:[]},&quot;_transform_skewX_effect_mobile&quot;:{&quot;unit&quot;:&quot;deg&quot;,&quot;size&quot;:&quot;&quot;,&quot;sizes&quot;:[]},&quot;_transform_skewY_effect&quot;:{&quot;unit&quot;:&quot;px&quot;,&quot;size&quot;:&quot;&quot;,&quot;sizes&quot;:[]},&quot;_transform_skewY_effect_tablet&quot;:{&quot;unit&quot;:&quot;deg&quot;,&quot;size&quot;:&quot;&quot;,&quot;sizes&quot;:[]},&quot;_transform_skewY_effect_mobile&quot;:{&quot;unit&quot;:&quot;deg&quot;,&quot;size&quot;:&quot;&quot;,&quot;sizes&quot;:[]}}\" data-widget_type=\"heading.default\">\n\t\t\t\t<div class=\"elementor-widget-container\">\n\t\t\t<style>\/*! elementor - v3.13.3 - 28-05-2023 *\/\n.elementor-heading-title{padding:0;margin:0;line-height:1}.elementor-widget-heading .elementor-heading-title[class*=elementor-size-]>a{color:inherit;font-size:inherit;line-height:inherit}.elementor-widget-heading .elementor-heading-title.elementor-size-small{font-size:15px}.elementor-widget-heading .elementor-heading-title.elementor-size-medium{font-size:19px}.elementor-widget-heading .elementor-heading-title.elementor-size-large{font-size:29px}.elementor-widget-heading .elementor-heading-title.elementor-size-xl{font-size:39px}.elementor-widget-heading .elementor-heading-title.elementor-size-xxl{font-size:59px}<\/style><h2 class=\"elementor-heading-title elementor-size-default\">Personagens Hist\u00f3ricos<\/h2>\t\t<\/div>\n\t\t\t\t<\/div>\n\t\t\t\t<div class=\"elementor-element elementor-element-febdc98 elementor-widget-mobile__width-initial elementor-widget elementor-widget-image\" data-id=\"febdc98\" data-element_type=\"widget\" data-widget_type=\"image.default\">\n\t\t\t\t<div class=\"elementor-widget-container\">\n\t\t\t<style>\/*! elementor - v3.13.3 - 28-05-2023 *\/\n.elementor-widget-image{text-align:center}.elementor-widget-image a{display:inline-block}.elementor-widget-image a img[src$=\".svg\"]{width:48px}.elementor-widget-image img{vertical-align:middle;display:inline-block}<\/style>\t\t\t\t\t\t\t\t\t\t\t\t<img decoding=\"async\" width=\"1533\" height=\"555\" src=\"https:\/\/nescuba.cdtc.unb.br\/wp-content\/uploads\/2023\/08\/Sierra-Maestra-1.png\" class=\"attachment-2048x2048 size-2048x2048 wp-image-6648\" alt=\"\" loading=\"lazy\" srcset=\"https:\/\/nescuba.cdtc.unb.br\/wp-content\/uploads\/2023\/08\/Sierra-Maestra-1.png 1533w, https:\/\/nescuba.cdtc.unb.br\/wp-content\/uploads\/2023\/08\/Sierra-Maestra-1-300x109.png 300w, https:\/\/nescuba.cdtc.unb.br\/wp-content\/uploads\/2023\/08\/Sierra-Maestra-1-1024x371.png 1024w, https:\/\/nescuba.cdtc.unb.br\/wp-content\/uploads\/2023\/08\/Sierra-Maestra-1-768x278.png 768w\" sizes=\"(max-width: 1533px) 100vw, 1533px\" \/>\t\t\t\t\t\t\t\t\t\t\t\t\t\t\t<\/div>\n\t\t\t\t<\/div>\n\t\t\t\t\t<\/div>\n\t\t<\/div>\n\t\t\t\t\t\t\t<\/div>\n\t\t<\/section>\n\t\t\t\t<section class=\"elementor-section elementor-top-section elementor-element elementor-element-70a4af6 elementor-section-stretched elementor-section-boxed elementor-section-height-default elementor-section-height-default\" data-id=\"70a4af6\" data-element_type=\"section\" data-settings=\"{&quot;stretch_section&quot;:&quot;section-stretched&quot;,&quot;background_background&quot;:&quot;classic&quot;}\">\n\t\t\t\t\t\t<div class=\"elementor-container elementor-column-gap-default\">\n\t\t\t\t\t<div class=\"elementor-column elementor-col-100 elementor-top-column elementor-element elementor-element-578d25b\" data-id=\"578d25b\" data-element_type=\"column\">\n\t\t\t<div class=\"elementor-widget-wrap elementor-element-populated\">\n\t\t\t\t\t\t\t\t<div class=\"elementor-element elementor-element-9d8abf2 elementor-widget elementor-widget-heading\" data-id=\"9d8abf2\" data-element_type=\"widget\" data-widget_type=\"heading.default\">\n\t\t\t\t<div class=\"elementor-widget-container\">\n\t\t\t<h4 class=\"elementor-heading-title elementor-size-default\"><a href=\"http:\/\/www.ecured.cu\/Carlos_Manuel_de_C\u00e9spedes\">Carlos Manuel de C\u00e9spedes y del Castillo\n(1819 \u2013 1874)\n\n\n<\/a><\/h4>\t\t<\/div>\n\t\t\t\t<\/div>\n\t\t\t\t<section class=\"elementor-section elementor-inner-section elementor-element elementor-element-b644346 elementor-section-boxed elementor-section-height-default elementor-section-height-default\" data-id=\"b644346\" data-element_type=\"section\">\n\t\t\t\t\t\t<div class=\"elementor-container elementor-column-gap-default\">\n\t\t\t\t\t<div class=\"elementor-column elementor-col-50 elementor-inner-column elementor-element elementor-element-283e452\" data-id=\"283e452\" data-element_type=\"column\">\n\t\t\t<div class=\"elementor-widget-wrap elementor-element-populated\">\n\t\t\t\t\t\t\t\t<div class=\"elementor-element elementor-element-3ccc25f elementor-widget__width-initial elementor-widget-mobile__width-initial elementor-widget elementor-widget-image\" data-id=\"3ccc25f\" data-element_type=\"widget\" data-widget_type=\"image.default\">\n\t\t\t\t<div class=\"elementor-widget-container\">\n\t\t\t\t\t\t\t\t\t\t\t\t\t\t\t<img decoding=\"async\" width=\"225\" height=\"334\" src=\"https:\/\/nescuba.cdtc.unb.br\/wp-content\/uploads\/2023\/08\/Cespedes.jpg\" class=\"attachment-large size-large wp-image-6656\" alt=\"\" loading=\"lazy\" srcset=\"https:\/\/nescuba.cdtc.unb.br\/wp-content\/uploads\/2023\/08\/Cespedes.jpg 225w, https:\/\/nescuba.cdtc.unb.br\/wp-content\/uploads\/2023\/08\/Cespedes-202x300.jpg 202w\" sizes=\"(max-width: 225px) 100vw, 225px\" \/>\t\t\t\t\t\t\t\t\t\t\t\t\t\t\t<\/div>\n\t\t\t\t<\/div>\n\t\t\t\t\t<\/div>\n\t\t<\/div>\n\t\t\t\t<div class=\"elementor-column elementor-col-50 elementor-inner-column elementor-element elementor-element-4542fd2\" data-id=\"4542fd2\" data-element_type=\"column\">\n\t\t\t<div class=\"elementor-widget-wrap elementor-element-populated\">\n\t\t\t\t\t\t\t\t<div class=\"elementor-element elementor-element-e08d7ba elementor-widget__width-initial elementor-widget elementor-widget-text-editor\" data-id=\"e08d7ba\" data-element_type=\"widget\" data-widget_type=\"text-editor.default\">\n\t\t\t\t<div class=\"elementor-widget-container\">\n\t\t\t<style>\/*! elementor - v3.13.3 - 28-05-2023 *\/\n.elementor-widget-text-editor.elementor-drop-cap-view-stacked .elementor-drop-cap{background-color:#69727d;color:#fff}.elementor-widget-text-editor.elementor-drop-cap-view-framed .elementor-drop-cap{color:#69727d;border:3px solid;background-color:transparent}.elementor-widget-text-editor:not(.elementor-drop-cap-view-default) .elementor-drop-cap{margin-top:8px}.elementor-widget-text-editor:not(.elementor-drop-cap-view-default) .elementor-drop-cap-letter{width:1em;height:1em}.elementor-widget-text-editor .elementor-drop-cap{float:left;text-align:center;line-height:1;font-size:50px}.elementor-widget-text-editor .elementor-drop-cap-letter{display:inline-block}<\/style>\t\t\t\t<p>L\u00edder independentista cubano. Inici\u00f3 la <a href=\"https:\/\/es.wikipedia.org\/wiki\/Guerra_de_los_Diez_A%C3%B1os\">Guerra de los Diez A\u00f1os<\/a> al levantarse en armas contra el r\u00e9gimen colonial de Espa\u00f1a, el <a href=\"https:\/\/es.wikipedia.org\/wiki\/10_de_octubre\">10 de octubre<\/a> de <a href=\"https:\/\/es.wikipedia.org\/wiki\/1868\">1868<\/a>, proclamando su determinaci\u00f3n de <em>independencia o muerte<\/em> y la libertad de sus esclavos. Primer presidente de la <a href=\"https:\/\/es.wikipedia.org\/wiki\/Rep%C3%BAblica_de_Cuba_en_armas\">Rep\u00fablica de Cuba en Armas<\/a>. Muri\u00f3 en combate frente a tropas espa\u00f1olas.<\/p>\t\t\t\t\t\t<\/div>\n\t\t\t\t<\/div>\n\t\t\t\t<div class=\"elementor-element elementor-element-6849d62 elementor-widget elementor-widget-text-editor\" data-id=\"6849d62\" data-element_type=\"widget\" data-widget_type=\"text-editor.default\">\n\t\t\t\t<div class=\"elementor-widget-container\">\n\t\t\t\t\t\t\t<p>Fuente: Ecured<\/p>\t\t\t\t\t\t<\/div>\n\t\t\t\t<\/div>\n\t\t\t\t\t<\/div>\n\t\t<\/div>\n\t\t\t\t\t\t\t<\/div>\n\t\t<\/section>\n\t\t\t\t\t<\/div>\n\t\t<\/div>\n\t\t\t\t\t\t\t<\/div>\n\t\t<\/section>\n\t\t\t\t<section class=\"elementor-section elementor-top-section elementor-element elementor-element-31f513d elementor-section-stretched elementor-section-boxed elementor-section-height-default elementor-section-height-default\" data-id=\"31f513d\" data-element_type=\"section\" data-settings=\"{&quot;stretch_section&quot;:&quot;section-stretched&quot;,&quot;background_background&quot;:&quot;classic&quot;}\">\n\t\t\t\t\t\t<div class=\"elementor-container elementor-column-gap-default\">\n\t\t\t\t\t<div class=\"elementor-column elementor-col-100 elementor-top-column elementor-element elementor-element-1900ea3\" data-id=\"1900ea3\" data-element_type=\"column\">\n\t\t\t<div class=\"elementor-widget-wrap elementor-element-populated\">\n\t\t\t\t\t\t\t\t<div class=\"elementor-element elementor-element-cfc8c00 elementor-widget elementor-widget-heading\" data-id=\"cfc8c00\" data-element_type=\"widget\" data-widget_type=\"heading.default\">\n\t\t\t\t<div class=\"elementor-widget-container\">\n\t\t\t<h4 class=\"elementor-heading-title elementor-size-default\"><a href=\"http:\/\/www.ecured.cu\/Ignacio_Agramonte\">Ignacio Agramonte y Loynaz \n(1841 - 1873)\n\n\n<\/a><\/h4>\t\t<\/div>\n\t\t\t\t<\/div>\n\t\t\t\t<section class=\"elementor-section elementor-inner-section elementor-element elementor-element-beb239a elementor-section-boxed elementor-section-height-default elementor-section-height-default\" data-id=\"beb239a\" data-element_type=\"section\" data-settings=\"{&quot;background_background&quot;:&quot;classic&quot;}\">\n\t\t\t\t\t\t<div class=\"elementor-container elementor-column-gap-default\">\n\t\t\t\t\t<div class=\"elementor-column elementor-col-50 elementor-inner-column elementor-element elementor-element-ef1752a\" data-id=\"ef1752a\" data-element_type=\"column\">\n\t\t\t<div class=\"elementor-widget-wrap elementor-element-populated\">\n\t\t\t\t\t\t\t\t<div class=\"elementor-element elementor-element-fff2318 elementor-widget__width-initial elementor-widget-mobile__width-initial elementor-widget elementor-widget-image\" data-id=\"fff2318\" data-element_type=\"widget\" data-widget_type=\"image.default\">\n\t\t\t\t<div class=\"elementor-widget-container\">\n\t\t\t\t\t\t\t\t\t\t\t\t\t\t\t<img decoding=\"async\" width=\"500\" height=\"586\" src=\"https:\/\/nescuba.cdtc.unb.br\/wp-content\/uploads\/2023\/08\/El-Mayor.jpg\" class=\"attachment-large size-large wp-image-6673\" alt=\"\" loading=\"lazy\" srcset=\"https:\/\/nescuba.cdtc.unb.br\/wp-content\/uploads\/2023\/08\/El-Mayor.jpg 500w, https:\/\/nescuba.cdtc.unb.br\/wp-content\/uploads\/2023\/08\/El-Mayor-256x300.jpg 256w\" sizes=\"(max-width: 500px) 100vw, 500px\" \/>\t\t\t\t\t\t\t\t\t\t\t\t\t\t\t<\/div>\n\t\t\t\t<\/div>\n\t\t\t\t\t<\/div>\n\t\t<\/div>\n\t\t\t\t<div class=\"elementor-column elementor-col-50 elementor-inner-column elementor-element elementor-element-bfbdcef\" data-id=\"bfbdcef\" data-element_type=\"column\">\n\t\t\t<div class=\"elementor-widget-wrap elementor-element-populated\">\n\t\t\t\t\t\t\t\t<div class=\"elementor-element elementor-element-f9705bf elementor-widget__width-initial elementor-widget elementor-widget-text-editor\" data-id=\"f9705bf\" data-element_type=\"widget\" data-widget_type=\"text-editor.default\">\n\t\t\t\t<div class=\"elementor-widget-container\">\n\t\t\t\t\t\t\t<p><a class=\"mw-redirect\" title=\"Mayor General del Ej\u00e9rcito Libertador cubano\" href=\"https:\/\/www.ecured.cu\/Mayor_General_del_Ej%C3%A9rcito_Libertador_cubano\">Mayor General del Ej\u00e9rcito Libertador cubano<\/a> conocido como \u00ab<i>El Mayor<\/i>\u00bb. Fue uno de los l\u00edderes m\u00e1s sobresalientes de la <a title=\"Guerra de los Diez A\u00f1os\" href=\"https:\/\/www.ecured.cu\/Guerra_de_los_Diez_A%C3%B1os\">Guerra de los Diez A\u00f1os<\/a> y considerado el m\u00e1s grande patriota de la provincia de <a title=\"Camag\u00fcey\" href=\"https:\/\/www.ecured.cu\/Camag%C3%BCey\">Camag\u00fcey<\/a>. &#8220;El Bayardo&#8221;, sobrenombre con el que pas\u00f3 a la historia, es un s\u00edmbolo de gallard\u00eda, patriotismo y valor.\u00a0<\/p>\t\t\t\t\t\t<\/div>\n\t\t\t\t<\/div>\n\t\t\t\t<div class=\"elementor-element elementor-element-dd127bb elementor-widget elementor-widget-text-editor\" data-id=\"dd127bb\" data-element_type=\"widget\" data-widget_type=\"text-editor.default\">\n\t\t\t\t<div class=\"elementor-widget-container\">\n\t\t\t\t\t\t\t<p>Fuente: Ecured<\/p>\t\t\t\t\t\t<\/div>\n\t\t\t\t<\/div>\n\t\t\t\t\t<\/div>\n\t\t<\/div>\n\t\t\t\t\t\t\t<\/div>\n\t\t<\/section>\n\t\t\t\t\t<\/div>\n\t\t<\/div>\n\t\t\t\t\t\t\t<\/div>\n\t\t<\/section>\n\t\t\t\t<section class=\"elementor-section elementor-top-section elementor-element elementor-element-80772fa elementor-section-stretched elementor-section-boxed elementor-section-height-default elementor-section-height-default\" data-id=\"80772fa\" data-element_type=\"section\" data-settings=\"{&quot;stretch_section&quot;:&quot;section-stretched&quot;,&quot;background_background&quot;:&quot;classic&quot;}\">\n\t\t\t\t\t\t<div class=\"elementor-container elementor-column-gap-default\">\n\t\t\t\t\t<div class=\"elementor-column elementor-col-100 elementor-top-column elementor-element elementor-element-021d300\" data-id=\"021d300\" data-element_type=\"column\">\n\t\t\t<div class=\"elementor-widget-wrap elementor-element-populated\">\n\t\t\t\t\t\t\t\t<div class=\"elementor-element elementor-element-af44f86 elementor-widget elementor-widget-heading\" data-id=\"af44f86\" data-element_type=\"widget\" data-widget_type=\"heading.default\">\n\t\t\t\t<div class=\"elementor-widget-container\">\n\t\t\t<h4 class=\"elementor-heading-title elementor-size-default\"><a href=\"https:\/\/www.ecured.cu\/Mariana_Grajales\">Mariana Grajales Cuello\n(1815 \u2013 1893)\n\n\n<\/a><\/h4>\t\t<\/div>\n\t\t\t\t<\/div>\n\t\t\t\t<section class=\"elementor-section elementor-inner-section elementor-element elementor-element-c58e3e2 elementor-section-boxed elementor-section-height-default elementor-section-height-default\" data-id=\"c58e3e2\" data-element_type=\"section\">\n\t\t\t\t\t\t<div class=\"elementor-container elementor-column-gap-default\">\n\t\t\t\t\t<div class=\"elementor-column elementor-col-50 elementor-inner-column elementor-element elementor-element-5098d94\" data-id=\"5098d94\" data-element_type=\"column\">\n\t\t\t<div class=\"elementor-widget-wrap elementor-element-populated\">\n\t\t\t\t\t\t\t\t<div class=\"elementor-element elementor-element-b07b6f5 elementor-widget__width-initial elementor-widget-mobile__width-initial elementor-widget elementor-widget-image\" data-id=\"b07b6f5\" data-element_type=\"widget\" data-widget_type=\"image.default\">\n\t\t\t\t<div class=\"elementor-widget-container\">\n\t\t\t\t\t\t\t\t\t\t\t\t\t\t\t<img decoding=\"async\" width=\"501\" height=\"694\" src=\"https:\/\/nescuba.cdtc.unb.br\/wp-content\/uploads\/2025\/07\/inter-mariana.jpg\" class=\"attachment-large size-large wp-image-24460\" alt=\"\" loading=\"lazy\" srcset=\"https:\/\/nescuba.cdtc.unb.br\/wp-content\/uploads\/2025\/07\/inter-mariana.jpg 501w, https:\/\/nescuba.cdtc.unb.br\/wp-content\/uploads\/2025\/07\/inter-mariana-433x600.jpg 433w\" sizes=\"(max-width: 501px) 100vw, 501px\" \/>\t\t\t\t\t\t\t\t\t\t\t\t\t\t\t<\/div>\n\t\t\t\t<\/div>\n\t\t\t\t\t<\/div>\n\t\t<\/div>\n\t\t\t\t<div class=\"elementor-column elementor-col-50 elementor-inner-column elementor-element elementor-element-181d90d\" data-id=\"181d90d\" data-element_type=\"column\">\n\t\t\t<div class=\"elementor-widget-wrap elementor-element-populated\">\n\t\t\t\t\t\t\t\t<div class=\"elementor-element elementor-element-15330e6 elementor-widget__width-initial elementor-widget elementor-widget-text-editor\" data-id=\"15330e6\" data-element_type=\"widget\" data-widget_type=\"text-editor.default\">\n\t\t\t\t<div class=\"elementor-widget-container\">\n\t\t\t\t\t\t\t<p><b>F<\/b>ue una patriota <a class=\"mw-redirect\" title=\"Guerra de Independencia en Cuba\" href=\"https:\/\/www.ecured.cu\/Guerra_de_Independencia_en_Cuba\">independentista<\/a> cubana, madre de los <a class=\"mw-redirect\" title=\"Maceo\" href=\"https:\/\/www.ecured.cu\/Maceo\">Maceo<\/a>. Fue grande, no solo porque gestara y pariera h\u00e9roes, sino tambi\u00e9n porque educ\u00f3 a todos los hijos para que tomaran la senda que condujera a la consecuci\u00f3n de la libertad de <a class=\"mw-redirect\" title=\"Cuba\" href=\"https:\/\/www.ecured.cu\/Cuba\">Cuba<\/a>, a la par de establecer, desde el hogar, un ejemplo excepcional de conducta humana.\u00a0\u00a0Ella misma, adem\u00e1s, consagr\u00f3 la vida a la lucha por la <a class=\"mw-redirect\" title=\"Guerra de Independencia en Cuba\" href=\"https:\/\/www.ecured.cu\/Guerra_de_Independencia_en_Cuba\">independencia de Cuba,<\/a> convirti\u00e9ndose de inmediato en una mambisa irreductible.<\/p>\t\t\t\t\t\t<\/div>\n\t\t\t\t<\/div>\n\t\t\t\t<div class=\"elementor-element elementor-element-7148781 elementor-widget elementor-widget-text-editor\" data-id=\"7148781\" data-element_type=\"widget\" data-widget_type=\"text-editor.default\">\n\t\t\t\t<div class=\"elementor-widget-container\">\n\t\t\t\t\t\t\t<p>Fuente: Ecured<\/p>\t\t\t\t\t\t<\/div>\n\t\t\t\t<\/div>\n\t\t\t\t\t<\/div>\n\t\t<\/div>\n\t\t\t\t\t\t\t<\/div>\n\t\t<\/section>\n\t\t\t\t\t<\/div>\n\t\t<\/div>\n\t\t\t\t\t\t\t<\/div>\n\t\t<\/section>\n\t\t\t\t<section class=\"elementor-section elementor-top-section elementor-element elementor-element-3a20f6d elementor-section-stretched elementor-section-boxed elementor-section-height-default elementor-section-height-default\" data-id=\"3a20f6d\" data-element_type=\"section\" data-settings=\"{&quot;stretch_section&quot;:&quot;section-stretched&quot;,&quot;background_background&quot;:&quot;classic&quot;}\">\n\t\t\t\t\t\t<div class=\"elementor-container elementor-column-gap-default\">\n\t\t\t\t\t<div class=\"elementor-column elementor-col-100 elementor-top-column elementor-element elementor-element-b01a191\" data-id=\"b01a191\" data-element_type=\"column\">\n\t\t\t<div class=\"elementor-widget-wrap elementor-element-populated\">\n\t\t\t\t\t\t\t\t<div class=\"elementor-element elementor-element-e8b77c9 elementor-widget elementor-widget-heading\" data-id=\"e8b77c9\" data-element_type=\"widget\" data-widget_type=\"heading.default\">\n\t\t\t\t<div class=\"elementor-widget-container\">\n\t\t\t<h4 class=\"elementor-heading-title elementor-size-default\"><a href=\"http:\/\/www.ecured.cu\/Antonio_Maceo_Grajales\">Antonio Maceo Grajales\n(1845 \u2013 1896)\n\n\n<\/a><\/h4>\t\t<\/div>\n\t\t\t\t<\/div>\n\t\t\t\t<section class=\"elementor-section elementor-inner-section elementor-element elementor-element-8b2128f elementor-section-boxed elementor-section-height-default elementor-section-height-default\" data-id=\"8b2128f\" data-element_type=\"section\">\n\t\t\t\t\t\t<div class=\"elementor-container elementor-column-gap-default\">\n\t\t\t\t\t<div class=\"elementor-column elementor-col-50 elementor-inner-column elementor-element elementor-element-ebba161\" data-id=\"ebba161\" data-element_type=\"column\">\n\t\t\t<div class=\"elementor-widget-wrap elementor-element-populated\">\n\t\t\t\t\t\t\t\t<div class=\"elementor-element elementor-element-e5ac74d elementor-widget__width-initial elementor-widget-mobile__width-initial elementor-widget elementor-widget-image\" data-id=\"e5ac74d\" data-element_type=\"widget\" data-widget_type=\"image.default\">\n\t\t\t\t<div class=\"elementor-widget-container\">\n\t\t\t\t\t\t\t\t\t\t\t\t\t\t\t<img decoding=\"async\" width=\"195\" height=\"259\" src=\"https:\/\/nescuba.cdtc.unb.br\/wp-content\/uploads\/2023\/08\/Maceo.jpg\" class=\"attachment-large size-large wp-image-6681\" alt=\"\" loading=\"lazy\" \/>\t\t\t\t\t\t\t\t\t\t\t\t\t\t\t<\/div>\n\t\t\t\t<\/div>\n\t\t\t\t\t<\/div>\n\t\t<\/div>\n\t\t\t\t<div class=\"elementor-column elementor-col-50 elementor-inner-column elementor-element elementor-element-df3f7bc\" data-id=\"df3f7bc\" data-element_type=\"column\">\n\t\t\t<div class=\"elementor-widget-wrap elementor-element-populated\">\n\t\t\t\t\t\t\t\t<div class=\"elementor-element elementor-element-48f8d95 elementor-widget__width-initial elementor-widget elementor-widget-text-editor\" data-id=\"48f8d95\" data-element_type=\"widget\" data-widget_type=\"text-editor.default\">\n\t\t\t\t<div class=\"elementor-widget-container\">\n\t\t\t\t\t\t\t<p>Mayor General del <a title=\"Ej\u00e9rcito Libertador\" href=\"https:\/\/www.ecured.cu\/Ej%C3%A9rcito_Libertador\">Ej\u00e9rcito Libertador<\/a>. Considerado un maestro en el empleo de la t\u00e1ctica militar. Fue combatiente por excelencia y jefe de elevado prestigio. Se calcula que intervino en m\u00e1s de 600 acciones combativas. Por el \u00edmpetu y bravura con que enfrent\u00f3 al enemigo, y por su talla como hombre integral, pas\u00f3 a la historia como el Tit\u00e1n de Bronce. Cae en combate el <a title=\"7 de diciembre\" href=\"https:\/\/www.ecured.cu\/7_de_diciembre\">7 de diciembre<\/a> de <a title=\"1896\" href=\"https:\/\/www.ecured.cu\/1896\">1896<\/a> . Sus restos descansan en el monumento de <a title=\"El Cacahual\" href=\"https:\/\/www.ecured.cu\/El_Cacahual\">El Cacahual<\/a>.<\/p>\t\t\t\t\t\t<\/div>\n\t\t\t\t<\/div>\n\t\t\t\t<div class=\"elementor-element elementor-element-5284923 elementor-widget elementor-widget-text-editor\" data-id=\"5284923\" data-element_type=\"widget\" data-widget_type=\"text-editor.default\">\n\t\t\t\t<div class=\"elementor-widget-container\">\n\t\t\t\t\t\t\t<p>Fuente: Ecured<\/p>\t\t\t\t\t\t<\/div>\n\t\t\t\t<\/div>\n\t\t\t\t\t<\/div>\n\t\t<\/div>\n\t\t\t\t\t\t\t<\/div>\n\t\t<\/section>\n\t\t\t\t\t<\/div>\n\t\t<\/div>\n\t\t\t\t\t\t\t<\/div>\n\t\t<\/section>\n\t\t\t\t<section class=\"elementor-section elementor-top-section elementor-element elementor-element-587a79a elementor-section-stretched elementor-section-boxed elementor-section-height-default elementor-section-height-default\" data-id=\"587a79a\" data-element_type=\"section\" data-settings=\"{&quot;stretch_section&quot;:&quot;section-stretched&quot;,&quot;background_background&quot;:&quot;classic&quot;}\">\n\t\t\t\t\t\t<div class=\"elementor-container elementor-column-gap-default\">\n\t\t\t\t\t<div class=\"elementor-column elementor-col-100 elementor-top-column elementor-element elementor-element-167143a\" data-id=\"167143a\" data-element_type=\"column\">\n\t\t\t<div class=\"elementor-widget-wrap elementor-element-populated\">\n\t\t\t\t\t\t\t\t<div class=\"elementor-element elementor-element-007be72 elementor-widget elementor-widget-heading\" data-id=\"007be72\" data-element_type=\"widget\" data-widget_type=\"heading.default\">\n\t\t\t\t<div class=\"elementor-widget-container\">\n\t\t\t<h4 class=\"elementor-heading-title elementor-size-default\"><a href=\"http:\/\/www.ecured.cu\/M\u00e1ximo_G\u00f3mez\">M\u00e1ximo G\u00f3mez B\u00e1ez \n(1836 - 1905)\n\n\n<\/a><\/h4>\t\t<\/div>\n\t\t\t\t<\/div>\n\t\t\t\t<section class=\"elementor-section elementor-inner-section elementor-element elementor-element-14c81b9 elementor-section-boxed elementor-section-height-default elementor-section-height-default\" data-id=\"14c81b9\" data-element_type=\"section\">\n\t\t\t\t\t\t<div class=\"elementor-container elementor-column-gap-default\">\n\t\t\t\t\t<div class=\"elementor-column elementor-col-50 elementor-inner-column elementor-element elementor-element-9046b1f\" data-id=\"9046b1f\" data-element_type=\"column\">\n\t\t\t<div class=\"elementor-widget-wrap elementor-element-populated\">\n\t\t\t\t\t\t\t\t<div class=\"elementor-element elementor-element-45ef51f elementor-widget__width-initial elementor-widget-mobile__width-initial elementor-widget elementor-widget-image\" data-id=\"45ef51f\" data-element_type=\"widget\" data-widget_type=\"image.default\">\n\t\t\t\t<div class=\"elementor-widget-container\">\n\t\t\t\t\t\t\t\t\t\t\t\t\t\t\t<img decoding=\"async\" width=\"280\" height=\"461\" src=\"https:\/\/nescuba.cdtc.unb.br\/wp-content\/uploads\/2023\/08\/Maximo-Gomez.jpg\" class=\"attachment-large size-large wp-image-6698\" alt=\"\" loading=\"lazy\" srcset=\"https:\/\/nescuba.cdtc.unb.br\/wp-content\/uploads\/2023\/08\/Maximo-Gomez.jpg 280w, https:\/\/nescuba.cdtc.unb.br\/wp-content\/uploads\/2023\/08\/Maximo-Gomez-182x300.jpg 182w\" sizes=\"(max-width: 280px) 100vw, 280px\" \/>\t\t\t\t\t\t\t\t\t\t\t\t\t\t\t<\/div>\n\t\t\t\t<\/div>\n\t\t\t\t\t<\/div>\n\t\t<\/div>\n\t\t\t\t<div class=\"elementor-column elementor-col-50 elementor-inner-column elementor-element elementor-element-b88e448\" data-id=\"b88e448\" data-element_type=\"column\">\n\t\t\t<div class=\"elementor-widget-wrap elementor-element-populated\">\n\t\t\t\t\t\t\t\t<div class=\"elementor-element elementor-element-73493ef elementor-widget__width-initial elementor-widget elementor-widget-text-editor\" data-id=\"73493ef\" data-element_type=\"widget\" data-widget_type=\"text-editor.default\">\n\t\t\t\t<div class=\"elementor-widget-container\">\n\t\t\t\t\t\t\t<p>General en Jefe del Ej\u00e9rcito Libertador de Cuba, naci\u00f3 en la Rep\u00fablica Dominicana. Notable estratega militar. Fue un ejemplo de internacionalismo, dedicando m\u00e1s de la mitad de su vida a la independencia de Cuba. El General\u00edsimo M\u00e1ximo G\u00f3mez B\u00e1ez falleci\u00f3 el <a title=\"17 de junio\" href=\"https:\/\/www.ecured.cu\/17_de_junio\">17 de junio<\/a> de <a title=\"1905\" href=\"https:\/\/www.ecured.cu\/1905\">1905<\/a>, sin fortuna personal, en su villa habanera, a la edad de 69 a\u00f1os.\u00a0<\/p>\t\t\t\t\t\t<\/div>\n\t\t\t\t<\/div>\n\t\t\t\t<div class=\"elementor-element elementor-element-e8c3582 elementor-widget elementor-widget-text-editor\" data-id=\"e8c3582\" data-element_type=\"widget\" data-widget_type=\"text-editor.default\">\n\t\t\t\t<div class=\"elementor-widget-container\">\n\t\t\t\t\t\t\t<p>Fuente: Ecured<\/p>\t\t\t\t\t\t<\/div>\n\t\t\t\t<\/div>\n\t\t\t\t\t<\/div>\n\t\t<\/div>\n\t\t\t\t\t\t\t<\/div>\n\t\t<\/section>\n\t\t\t\t\t<\/div>\n\t\t<\/div>\n\t\t\t\t\t\t\t<\/div>\n\t\t<\/section>\n\t\t\t\t<section class=\"elementor-section elementor-top-section elementor-element elementor-element-cffaef6 elementor-section-stretched elementor-section-boxed elementor-section-height-default elementor-section-height-default\" data-id=\"cffaef6\" data-element_type=\"section\" data-settings=\"{&quot;stretch_section&quot;:&quot;section-stretched&quot;,&quot;background_background&quot;:&quot;classic&quot;}\">\n\t\t\t\t\t\t<div class=\"elementor-container elementor-column-gap-default\">\n\t\t\t\t\t<div class=\"elementor-column elementor-col-100 elementor-top-column elementor-element elementor-element-5b2cd3c\" data-id=\"5b2cd3c\" data-element_type=\"column\">\n\t\t\t<div class=\"elementor-widget-wrap elementor-element-populated\">\n\t\t\t\t\t\t\t\t<div class=\"elementor-element elementor-element-a319825 elementor-widget elementor-widget-heading\" data-id=\"a319825\" data-element_type=\"widget\" data-widget_type=\"heading.default\">\n\t\t\t\t<div class=\"elementor-widget-container\">\n\t\t\t<h4 class=\"elementor-heading-title elementor-size-default\"><a href=\"http:\/\/www.ecured.cu\/Jos\u00e9_Mart\u00ed\">Jos\u00e9 Juli\u00e1n Mart\u00ed P\u00e9rez \n(1853 \u2013 1895)\n\n\n<\/a><\/h4>\t\t<\/div>\n\t\t\t\t<\/div>\n\t\t\t\t<section class=\"elementor-section elementor-inner-section elementor-element elementor-element-2dcef78 elementor-section-boxed elementor-section-height-default elementor-section-height-default\" data-id=\"2dcef78\" data-element_type=\"section\">\n\t\t\t\t\t\t<div class=\"elementor-container elementor-column-gap-default\">\n\t\t\t\t\t<div class=\"elementor-column elementor-col-50 elementor-inner-column elementor-element elementor-element-d63a14b\" data-id=\"d63a14b\" data-element_type=\"column\">\n\t\t\t<div class=\"elementor-widget-wrap elementor-element-populated\">\n\t\t\t\t\t\t\t\t<div class=\"elementor-element elementor-element-689ccda elementor-widget__width-initial elementor-widget-mobile__width-initial elementor-widget elementor-widget-image\" data-id=\"689ccda\" data-element_type=\"widget\" data-widget_type=\"image.default\">\n\t\t\t\t<div class=\"elementor-widget-container\">\n\t\t\t\t\t\t\t\t\t\t\t\t\t\t\t<img decoding=\"async\" width=\"373\" height=\"510\" src=\"https:\/\/nescuba.cdtc.unb.br\/wp-content\/uploads\/2023\/08\/Jose-Marti.jpg\" class=\"attachment-large size-large wp-image-6690\" alt=\"\" loading=\"lazy\" srcset=\"https:\/\/nescuba.cdtc.unb.br\/wp-content\/uploads\/2023\/08\/Jose-Marti.jpg 373w, https:\/\/nescuba.cdtc.unb.br\/wp-content\/uploads\/2023\/08\/Jose-Marti-219x300.jpg 219w\" sizes=\"(max-width: 373px) 100vw, 373px\" \/>\t\t\t\t\t\t\t\t\t\t\t\t\t\t\t<\/div>\n\t\t\t\t<\/div>\n\t\t\t\t\t<\/div>\n\t\t<\/div>\n\t\t\t\t<div class=\"elementor-column elementor-col-50 elementor-inner-column elementor-element elementor-element-ed0aecb\" data-id=\"ed0aecb\" data-element_type=\"column\">\n\t\t\t<div class=\"elementor-widget-wrap elementor-element-populated\">\n\t\t\t\t\t\t\t\t<div class=\"elementor-element elementor-element-569298e elementor-widget__width-initial elementor-widget elementor-widget-text-editor\" data-id=\"569298e\" data-element_type=\"widget\" data-widget_type=\"text-editor.default\">\n\t\t\t\t<div class=\"elementor-widget-container\">\n\t\t\t\t\t\t\t<p>\u00a0H\u00e9roe Nacional de <a class=\"mw-redirect\" title=\"Cuba\" href=\"https:\/\/www.ecured.cu\/Cuba\">Cuba<\/a>. Fue un hombre de elevados principios, vocaci\u00f3n latinoamericana e internacionalista; con cualidades humanas que en ocasiones parecen insuperables. Un cubano de proyecci\u00f3n universal que rebas\u00f3 las fronteras de la \u00e9poca en que vivi\u00f3 para convertirse en el m\u00e1s grande pensador pol\u00edtico hispanoamericano del <a title=\"Siglo XIX\" href=\"https:\/\/www.ecured.cu\/Siglo_XIX\">siglo XIX<\/a>. Autor de una obra imprescindible como fuente de conocimientos y de consulta para todas las generaciones de cubanos.<\/p>\t\t\t\t\t\t<\/div>\n\t\t\t\t<\/div>\n\t\t\t\t<div class=\"elementor-element elementor-element-cb27f2a elementor-widget elementor-widget-text-editor\" data-id=\"cb27f2a\" data-element_type=\"widget\" data-widget_type=\"text-editor.default\">\n\t\t\t\t<div class=\"elementor-widget-container\">\n\t\t\t\t\t\t\t<p>Fuente: Ecured<\/p>\t\t\t\t\t\t<\/div>\n\t\t\t\t<\/div>\n\t\t\t\t\t<\/div>\n\t\t<\/div>\n\t\t\t\t\t\t\t<\/div>\n\t\t<\/section>\n\t\t\t\t\t<\/div>\n\t\t<\/div>\n\t\t\t\t\t\t\t<\/div>\n\t\t<\/section>\n\t\t\t\t<section class=\"elementor-section elementor-top-section elementor-element elementor-element-41d8a1a elementor-section-stretched elementor-section-boxed elementor-section-height-default elementor-section-height-default\" data-id=\"41d8a1a\" data-element_type=\"section\" data-settings=\"{&quot;stretch_section&quot;:&quot;section-stretched&quot;,&quot;background_background&quot;:&quot;classic&quot;}\">\n\t\t\t\t\t\t<div class=\"elementor-container elementor-column-gap-default\">\n\t\t\t\t\t<div class=\"elementor-column elementor-col-100 elementor-top-column elementor-element elementor-element-5435209\" data-id=\"5435209\" data-element_type=\"column\">\n\t\t\t<div class=\"elementor-widget-wrap elementor-element-populated\">\n\t\t\t\t\t\t\t\t<div class=\"elementor-element elementor-element-e24f199 elementor-widget elementor-widget-heading\" data-id=\"e24f199\" data-element_type=\"widget\" data-widget_type=\"heading.default\">\n\t\t\t\t<div class=\"elementor-widget-container\">\n\t\t\t<h4 class=\"elementor-heading-title elementor-size-default\"><a href=\"http:\/\/www.ecured.cu\/Julio_Antonio_Mella\">Julio Antonio Mella \n(1903 - 1929)\n\n\n\n<\/a><\/h4>\t\t<\/div>\n\t\t\t\t<\/div>\n\t\t\t\t<section class=\"elementor-section elementor-inner-section elementor-element elementor-element-ca20198 elementor-section-boxed elementor-section-height-default elementor-section-height-default\" data-id=\"ca20198\" data-element_type=\"section\">\n\t\t\t\t\t\t<div class=\"elementor-container elementor-column-gap-default\">\n\t\t\t\t\t<div class=\"elementor-column elementor-col-50 elementor-inner-column elementor-element elementor-element-94486db\" data-id=\"94486db\" data-element_type=\"column\">\n\t\t\t<div class=\"elementor-widget-wrap elementor-element-populated\">\n\t\t\t\t\t\t\t\t<div class=\"elementor-element elementor-element-8b5c625 elementor-widget__width-initial elementor-widget-mobile__width-initial elementor-widget elementor-widget-image\" data-id=\"8b5c625\" data-element_type=\"widget\" data-widget_type=\"image.default\">\n\t\t\t\t<div class=\"elementor-widget-container\">\n\t\t\t\t\t\t\t\t\t\t\t\t\t\t\t<img decoding=\"async\" width=\"195\" height=\"265\" src=\"https:\/\/nescuba.cdtc.unb.br\/wp-content\/uploads\/2023\/08\/Julio_antonio_mella.jpg\" class=\"attachment-large size-large wp-image-6706\" alt=\"\" loading=\"lazy\" \/>\t\t\t\t\t\t\t\t\t\t\t\t\t\t\t<\/div>\n\t\t\t\t<\/div>\n\t\t\t\t\t<\/div>\n\t\t<\/div>\n\t\t\t\t<div class=\"elementor-column elementor-col-50 elementor-inner-column elementor-element elementor-element-d0c532d\" data-id=\"d0c532d\" data-element_type=\"column\">\n\t\t\t<div class=\"elementor-widget-wrap elementor-element-populated\">\n\t\t\t\t\t\t\t\t<div class=\"elementor-element elementor-element-fb20484 elementor-widget__width-initial elementor-widget elementor-widget-text-editor\" data-id=\"fb20484\" data-element_type=\"widget\" data-widget_type=\"text-editor.default\">\n\t\t\t\t<div class=\"elementor-widget-container\">\n\t\t\t\t\t\t\t<p>Revolucionario cubano, cofundador del <a title=\"Primer Partido Comunista de Cuba\" href=\"https:\/\/www.ecured.cu\/Primer_Partido_Comunista_de_Cuba\">Primer Partido Comunista de Cuba<\/a> y de la <a title=\"Federaci\u00f3n Estudiantil Universitaria\" href=\"https:\/\/www.ecured.cu\/Federaci%C3%B3n_Estudiantil_Universitaria\">Federaci\u00f3n Estudiantil Universitaria<\/a>, entre numerosas organizaciones. Desarroll\u00f3 en su corta existencia una febril actividad pol\u00edtica y revolucionaria que lo convirti\u00f3 en un l\u00edder de talla internacional. Su inolvidable frase \u00abMuero por la Revoluci\u00f3n\u00bb llevaba en si misma toda la fe y el \u00edmpetu de su acci\u00f3n liberadora.<\/p>\t\t\t\t\t\t<\/div>\n\t\t\t\t<\/div>\n\t\t\t\t<div class=\"elementor-element elementor-element-fb55acf elementor-widget elementor-widget-text-editor\" data-id=\"fb55acf\" data-element_type=\"widget\" data-widget_type=\"text-editor.default\">\n\t\t\t\t<div class=\"elementor-widget-container\">\n\t\t\t\t\t\t\t<p>Fuente: Ecured<\/p>\t\t\t\t\t\t<\/div>\n\t\t\t\t<\/div>\n\t\t\t\t\t<\/div>\n\t\t<\/div>\n\t\t\t\t\t\t\t<\/div>\n\t\t<\/section>\n\t\t\t\t\t<\/div>\n\t\t<\/div>\n\t\t\t\t\t\t\t<\/div>\n\t\t<\/section>\n\t\t\t\t<section class=\"elementor-section elementor-top-section elementor-element elementor-element-42c1ff3 elementor-section-stretched elementor-section-boxed elementor-section-height-default elementor-section-height-default\" data-id=\"42c1ff3\" data-element_type=\"section\" data-settings=\"{&quot;stretch_section&quot;:&quot;section-stretched&quot;,&quot;background_background&quot;:&quot;classic&quot;}\">\n\t\t\t\t\t\t<div class=\"elementor-container elementor-column-gap-default\">\n\t\t\t\t\t<div class=\"elementor-column elementor-col-100 elementor-top-column elementor-element elementor-element-1443848\" data-id=\"1443848\" data-element_type=\"column\">\n\t\t\t<div class=\"elementor-widget-wrap elementor-element-populated\">\n\t\t\t\t\t\t\t\t<div class=\"elementor-element elementor-element-677a812 elementor-widget elementor-widget-heading\" data-id=\"677a812\" data-element_type=\"widget\" data-widget_type=\"heading.default\">\n\t\t\t\t<div class=\"elementor-widget-container\">\n\t\t\t<h4 class=\"elementor-heading-title elementor-size-default\"><a href=\"http:\/\/www.ecured.cu\/Jos\u00e9_Antonio_Echeverr\u00eda\">Jos\u00e9 Antonio Echeverr\u00eda Bianchi\n(1932 \u2013 1957)\n\n\n<\/a><\/h4>\t\t<\/div>\n\t\t\t\t<\/div>\n\t\t\t\t<section class=\"elementor-section elementor-inner-section elementor-element elementor-element-93526f3 elementor-section-boxed elementor-section-height-default elementor-section-height-default\" data-id=\"93526f3\" data-element_type=\"section\">\n\t\t\t\t\t\t<div class=\"elementor-container elementor-column-gap-default\">\n\t\t\t\t\t<div class=\"elementor-column elementor-col-50 elementor-inner-column elementor-element elementor-element-7e18ab8\" data-id=\"7e18ab8\" data-element_type=\"column\">\n\t\t\t<div class=\"elementor-widget-wrap elementor-element-populated\">\n\t\t\t\t\t\t\t\t<div class=\"elementor-element elementor-element-6587af2 elementor-widget__width-initial elementor-widget-mobile__width-initial elementor-widget elementor-widget-image\" data-id=\"6587af2\" data-element_type=\"widget\" data-widget_type=\"image.default\">\n\t\t\t\t<div class=\"elementor-widget-container\">\n\t\t\t\t\t\t\t\t\t\t\t\t\t\t\t<img decoding=\"async\" width=\"260\" height=\"354\" src=\"https:\/\/nescuba.cdtc.unb.br\/wp-content\/uploads\/2023\/08\/Jose_Antoni_Echeverria.jpg\" class=\"attachment-large size-large wp-image-6714\" alt=\"\" loading=\"lazy\" srcset=\"https:\/\/nescuba.cdtc.unb.br\/wp-content\/uploads\/2023\/08\/Jose_Antoni_Echeverria.jpg 260w, https:\/\/nescuba.cdtc.unb.br\/wp-content\/uploads\/2023\/08\/Jose_Antoni_Echeverria-220x300.jpg 220w\" sizes=\"(max-width: 260px) 100vw, 260px\" \/>\t\t\t\t\t\t\t\t\t\t\t\t\t\t\t<\/div>\n\t\t\t\t<\/div>\n\t\t\t\t\t<\/div>\n\t\t<\/div>\n\t\t\t\t<div class=\"elementor-column elementor-col-50 elementor-inner-column elementor-element elementor-element-ab3c471\" data-id=\"ab3c471\" data-element_type=\"column\">\n\t\t\t<div class=\"elementor-widget-wrap elementor-element-populated\">\n\t\t\t\t\t\t\t\t<div class=\"elementor-element elementor-element-bd384b3 elementor-widget__width-initial elementor-widget elementor-widget-text-editor\" data-id=\"bd384b3\" data-element_type=\"widget\" data-widget_type=\"text-editor.default\">\n\t\t\t\t<div class=\"elementor-widget-container\">\n\t\t\t\t\t\t\t<p>Dirigente estudiantil y revolucionario cubano, presidente de la <a title=\"Federaci\u00f3n Estudiantil Universitaria\" href=\"https:\/\/www.ecured.cu\/Federaci%C3%B3n_Estudiantil_Universitaria\">Federaci\u00f3n Estudiantil Universitaria<\/a> (FEU) entre 1954 y 1957, fundador del <a title=\"Directorio Revolucionario\" href=\"https:\/\/www.ecured.cu\/Directorio_Revolucionario\">Directorio Revolucionario<\/a> (brazo armado de la FEU) y uno de los principales l\u00edderes opositores a la dictadura de <a title=\"Fulgencio Batista\" href=\"https:\/\/www.ecured.cu\/Fulgencio_Batista\">Fulgencio Batista<\/a>. Firm\u00f3, junto a <a title=\"Fidel Castro\" href=\"https:\/\/www.ecured.cu\/Fidel_Castro\">Fidel Castro<\/a>, la <i>Carta de M\u00e9xico<\/i>, que un\u00eda a la FEU y al <a title=\"Movimiento 26 de Julio\" href=\"https:\/\/www.ecured.cu\/Movimiento_26_de_Julio\">Movimiento 26 de Julio<\/a> en la liberaci\u00f3n de Cuba.\u00a0 Echeverr\u00eda cay\u00f3 en combate durante las acciones del <a title=\"13 de marzo\" href=\"https:\/\/www.ecured.cu\/13_de_marzo\">13 de marzo<\/a> de <a title=\"1957\" href=\"https:\/\/www.ecured.cu\/1957\">1957<\/a>, que ten\u00edan como objetivo el ajusticiamiento del tirano en el <a title=\"Museo de la Revoluci\u00f3n\" href=\"https:\/\/www.ecured.cu\/Museo_de_la_Revoluci%C3%B3n\">Palacio Presidencial<\/a>.<\/p>\t\t\t\t\t\t<\/div>\n\t\t\t\t<\/div>\n\t\t\t\t<div class=\"elementor-element elementor-element-0e5a17a elementor-widget elementor-widget-text-editor\" data-id=\"0e5a17a\" data-element_type=\"widget\" data-widget_type=\"text-editor.default\">\n\t\t\t\t<div class=\"elementor-widget-container\">\n\t\t\t\t\t\t\t<p>Fuente: Ecured<\/p>\t\t\t\t\t\t<\/div>\n\t\t\t\t<\/div>\n\t\t\t\t\t<\/div>\n\t\t<\/div>\n\t\t\t\t\t\t\t<\/div>\n\t\t<\/section>\n\t\t\t\t\t<\/div>\n\t\t<\/div>\n\t\t\t\t\t\t\t<\/div>\n\t\t<\/section>\n\t\t\t\t<section class=\"elementor-section elementor-top-section elementor-element elementor-element-b0228c3 elementor-section-stretched elementor-section-boxed elementor-section-height-default elementor-section-height-default\" data-id=\"b0228c3\" data-element_type=\"section\" data-settings=\"{&quot;stretch_section&quot;:&quot;section-stretched&quot;,&quot;background_background&quot;:&quot;classic&quot;}\">\n\t\t\t\t\t\t<div class=\"elementor-container elementor-column-gap-default\">\n\t\t\t\t\t<div class=\"elementor-column elementor-col-100 elementor-top-column elementor-element elementor-element-a1d68cd\" data-id=\"a1d68cd\" data-element_type=\"column\">\n\t\t\t<div class=\"elementor-widget-wrap elementor-element-populated\">\n\t\t\t\t\t\t\t\t<div class=\"elementor-element elementor-element-1021a67 elementor-widget elementor-widget-heading\" data-id=\"1021a67\" data-element_type=\"widget\" data-widget_type=\"heading.default\">\n\t\t\t\t<div class=\"elementor-widget-container\">\n\t\t\t<h4 class=\"elementor-heading-title elementor-size-default\"><a href=\"http:\/\/www.ecured.cu\/Frank_Pa\u00eds\">Frank Pa\u00eds Garc\u00eda\n(1932 \u2013 1957)\n\n\n<\/a><\/h4>\t\t<\/div>\n\t\t\t\t<\/div>\n\t\t\t\t<section class=\"elementor-section elementor-inner-section elementor-element elementor-element-e687f1d elementor-section-boxed elementor-section-height-default elementor-section-height-default\" data-id=\"e687f1d\" data-element_type=\"section\">\n\t\t\t\t\t\t<div class=\"elementor-container elementor-column-gap-default\">\n\t\t\t\t\t<div class=\"elementor-column elementor-col-50 elementor-inner-column elementor-element elementor-element-1bf4737\" data-id=\"1bf4737\" data-element_type=\"column\">\n\t\t\t<div class=\"elementor-widget-wrap elementor-element-populated\">\n\t\t\t\t\t\t\t\t<div class=\"elementor-element elementor-element-9f77ab3 elementor-widget__width-initial elementor-widget-mobile__width-initial elementor-widget elementor-widget-image\" data-id=\"9f77ab3\" data-element_type=\"widget\" data-widget_type=\"image.default\">\n\t\t\t\t<div class=\"elementor-widget-container\">\n\t\t\t\t\t\t\t\t\t\t\t\t\t\t\t<img decoding=\"async\" width=\"201\" height=\"251\" src=\"https:\/\/nescuba.cdtc.unb.br\/wp-content\/uploads\/2025\/07\/frank-pais.jpg\" class=\"attachment-large size-large wp-image-24478\" alt=\"\" loading=\"lazy\" \/>\t\t\t\t\t\t\t\t\t\t\t\t\t\t\t<\/div>\n\t\t\t\t<\/div>\n\t\t\t\t\t<\/div>\n\t\t<\/div>\n\t\t\t\t<div class=\"elementor-column elementor-col-50 elementor-inner-column elementor-element elementor-element-cbcc4c5\" data-id=\"cbcc4c5\" data-element_type=\"column\">\n\t\t\t<div class=\"elementor-widget-wrap elementor-element-populated\">\n\t\t\t\t\t\t\t\t<div class=\"elementor-element elementor-element-0989ab6 elementor-widget__width-initial elementor-widget elementor-widget-text-editor\" data-id=\"0989ab6\" data-element_type=\"widget\" data-widget_type=\"text-editor.default\">\n\t\t\t\t<div class=\"elementor-widget-container\">\n\t\t\t\t\t\t\t<p>Combatiente revolucionario cubano. Jefe de Acci\u00f3n y Sabotaje del <a title=\"Movimiento 26 de Julio\" href=\"https:\/\/www.ecured.cu\/Movimiento_26_de_Julio\">Movimiento 26 de Julio<\/a> e integrante de su Direcci\u00f3n Nacional. Organiz\u00f3 el <a class=\"mw-redirect\" title=\"Alzamiento del 30 de Noviembre\" href=\"https:\/\/www.ecured.cu\/Alzamiento_del_30_de_Noviembre\">Alzamiento del 30 de Noviembre<\/a> en <a title=\"Santiago de Cuba\" href=\"https:\/\/www.ecured.cu\/Santiago_de_Cuba\">Santiago de Cuba<\/a> en apoyo a los expedicionarios del <a title=\"Yate Granma\" href=\"https:\/\/www.ecured.cu\/Yate_Granma\">Granma<\/a>, y luego brind\u00f3 un apoyo vital a la guerrilla durante la fase n\u00f3mada de la misma. Fue asesinado por las fuerzas represivas de la dictadura de <a title=\"Fulgencio Batista\" href=\"https:\/\/www.ecured.cu\/Fulgencio_Batista\">Fulgencio Batista<\/a> el <a title=\"30 de julio\" href=\"https:\/\/www.ecured.cu\/30_de_julio\">30 de julio<\/a> de <a title=\"1957\" href=\"https:\/\/www.ecured.cu\/1957\">1957<\/a>.<\/p>\t\t\t\t\t\t<\/div>\n\t\t\t\t<\/div>\n\t\t\t\t<div class=\"elementor-element elementor-element-7dda202 elementor-widget elementor-widget-text-editor\" data-id=\"7dda202\" data-element_type=\"widget\" data-widget_type=\"text-editor.default\">\n\t\t\t\t<div class=\"elementor-widget-container\">\n\t\t\t\t\t\t\t<p>Fuente: Ecured<\/p>\t\t\t\t\t\t<\/div>\n\t\t\t\t<\/div>\n\t\t\t\t\t<\/div>\n\t\t<\/div>\n\t\t\t\t\t\t\t<\/div>\n\t\t<\/section>\n\t\t\t\t\t<\/div>\n\t\t<\/div>\n\t\t\t\t\t\t\t<\/div>\n\t\t<\/section>\n\t\t\t\t<section class=\"elementor-section elementor-top-section elementor-element elementor-element-684ab04 elementor-section-stretched elementor-section-boxed elementor-section-height-default elementor-section-height-default\" data-id=\"684ab04\" data-element_type=\"section\" data-settings=\"{&quot;stretch_section&quot;:&quot;section-stretched&quot;,&quot;background_background&quot;:&quot;classic&quot;}\">\n\t\t\t\t\t\t<div class=\"elementor-container elementor-column-gap-default\">\n\t\t\t\t\t<div class=\"elementor-column elementor-col-100 elementor-top-column elementor-element elementor-element-bace7a5\" data-id=\"bace7a5\" data-element_type=\"column\">\n\t\t\t<div class=\"elementor-widget-wrap elementor-element-populated\">\n\t\t\t\t\t\t\t\t<div class=\"elementor-element elementor-element-7b87d1e elementor-widget elementor-widget-heading\" data-id=\"7b87d1e\" data-element_type=\"widget\" data-widget_type=\"heading.default\">\n\t\t\t\t<div class=\"elementor-widget-container\">\n\t\t\t<h4 class=\"elementor-heading-title elementor-size-default\"><a href=\"http:\/\/www.ecured.cu\/Abel_Santamar\u00eda\">Abel Santamar\u00eda Cuadrado\n(1927 \u2013 1953)\n\n\n<\/a><\/h4>\t\t<\/div>\n\t\t\t\t<\/div>\n\t\t\t\t<section class=\"elementor-section elementor-inner-section elementor-element elementor-element-670d795 elementor-section-boxed elementor-section-height-default elementor-section-height-default\" data-id=\"670d795\" data-element_type=\"section\">\n\t\t\t\t\t\t<div class=\"elementor-container elementor-column-gap-default\">\n\t\t\t\t\t<div class=\"elementor-column elementor-col-50 elementor-inner-column elementor-element elementor-element-feec363\" data-id=\"feec363\" data-element_type=\"column\">\n\t\t\t<div class=\"elementor-widget-wrap elementor-element-populated\">\n\t\t\t\t\t\t\t\t<div class=\"elementor-element elementor-element-e96a559 elementor-widget__width-initial elementor-widget-mobile__width-initial elementor-widget elementor-widget-image\" data-id=\"e96a559\" data-element_type=\"widget\" data-widget_type=\"image.default\">\n\t\t\t\t<div class=\"elementor-widget-container\">\n\t\t\t\t\t\t\t\t\t\t\t\t\t\t\t<img decoding=\"async\" width=\"203\" height=\"248\" src=\"https:\/\/nescuba.cdtc.unb.br\/wp-content\/uploads\/2023\/08\/Abel-Santamaria.jpg\" class=\"attachment-large size-large wp-image-6719\" alt=\"\" loading=\"lazy\" \/>\t\t\t\t\t\t\t\t\t\t\t\t\t\t\t<\/div>\n\t\t\t\t<\/div>\n\t\t\t\t\t<\/div>\n\t\t<\/div>\n\t\t\t\t<div class=\"elementor-column elementor-col-50 elementor-inner-column elementor-element elementor-element-00eb963\" data-id=\"00eb963\" data-element_type=\"column\">\n\t\t\t<div class=\"elementor-widget-wrap elementor-element-populated\">\n\t\t\t\t\t\t\t\t<div class=\"elementor-element elementor-element-52b9a84 elementor-widget__width-initial elementor-widget elementor-widget-text-editor\" data-id=\"52b9a84\" data-element_type=\"widget\" data-widget_type=\"text-editor.default\">\n\t\t\t\t<div class=\"elementor-widget-container\">\n\t\t\t\t\t\t\t<p>Joven revolucionario cubano, segundo jefe del movimiento revolucionario que inici\u00f3 la lucha el <a title=\"26 de julio\" href=\"https:\/\/www.ecured.cu\/26_de_julio\">26 de julio<\/a>, dirigido por el joven abogado <a title=\"Fidel Castro\" href=\"https:\/\/www.ecured.cu\/Fidel_Castro\">Fidel Castro<\/a>. Organizado, de seriedad probada y discreci\u00f3n extraordinaria que cay\u00f3 asesinado en las acciones del <a class=\"mw-redirect\" title=\"Asalto al Cuartel Moncada\" href=\"https:\/\/www.ecured.cu\/Asalto_al_Cuartel_Moncada\">Asalto al Cuartel Moncada<\/a> en <a title=\"Santiago de Cuba\" href=\"https:\/\/www.ecured.cu\/Santiago_de_Cuba\">Santiago de Cuba<\/a>. Lleg\u00f3 a ser, seg\u00fan lo expresa el propio Fidel en el juicio del Moncada &#8220;el alma del movimiento&#8221;.<\/p>\t\t\t\t\t\t<\/div>\n\t\t\t\t<\/div>\n\t\t\t\t<div class=\"elementor-element elementor-element-c69358d elementor-widget elementor-widget-text-editor\" data-id=\"c69358d\" data-element_type=\"widget\" data-widget_type=\"text-editor.default\">\n\t\t\t\t<div class=\"elementor-widget-container\">\n\t\t\t\t\t\t\t<p>Fuente: Ecured<\/p>\t\t\t\t\t\t<\/div>\n\t\t\t\t<\/div>\n\t\t\t\t\t<\/div>\n\t\t<\/div>\n\t\t\t\t\t\t\t<\/div>\n\t\t<\/section>\n\t\t\t\t\t<\/div>\n\t\t<\/div>\n\t\t\t\t\t\t\t<\/div>\n\t\t<\/section>\n\t\t\t\t<section class=\"elementor-section elementor-top-section elementor-element elementor-element-3cd9a83 elementor-section-stretched elementor-section-boxed elementor-section-height-default elementor-section-height-default\" data-id=\"3cd9a83\" data-element_type=\"section\" data-settings=\"{&quot;stretch_section&quot;:&quot;section-stretched&quot;,&quot;background_background&quot;:&quot;classic&quot;}\">\n\t\t\t\t\t\t<div class=\"elementor-container elementor-column-gap-default\">\n\t\t\t\t\t<div class=\"elementor-column elementor-col-100 elementor-top-column elementor-element elementor-element-537d6c1\" data-id=\"537d6c1\" data-element_type=\"column\">\n\t\t\t<div class=\"elementor-widget-wrap elementor-element-populated\">\n\t\t\t\t\t\t\t\t<div class=\"elementor-element elementor-element-342bb79 elementor-widget elementor-widget-heading\" data-id=\"342bb79\" data-element_type=\"widget\" data-widget_type=\"heading.default\">\n\t\t\t\t<div class=\"elementor-widget-container\">\n\t\t\t<h4 class=\"elementor-heading-title elementor-size-default\"><a href=\"\/www.ecured.cu\/Ernesto_Guevara_de_la_Serna\">Ernesto Guevara de la Serna \u201cChe\u201d\n(1928 - 1967)\n\n\n\n<\/a><\/h4>\t\t<\/div>\n\t\t\t\t<\/div>\n\t\t\t\t<section class=\"elementor-section elementor-inner-section elementor-element elementor-element-ee29fbd elementor-section-boxed elementor-section-height-default elementor-section-height-default\" data-id=\"ee29fbd\" data-element_type=\"section\">\n\t\t\t\t\t\t<div class=\"elementor-container elementor-column-gap-default\">\n\t\t\t\t\t<div class=\"elementor-column elementor-col-50 elementor-inner-column elementor-element elementor-element-8be55d4\" data-id=\"8be55d4\" data-element_type=\"column\">\n\t\t\t<div class=\"elementor-widget-wrap elementor-element-populated\">\n\t\t\t\t\t\t\t\t<div class=\"elementor-element elementor-element-a9c3ab7 elementor-widget__width-initial elementor-widget-mobile__width-initial elementor-widget elementor-widget-image\" data-id=\"a9c3ab7\" data-element_type=\"widget\" data-widget_type=\"image.default\">\n\t\t\t\t<div class=\"elementor-widget-container\">\n\t\t\t\t\t\t\t\t\t\t\t\t\t\t\t<img decoding=\"async\" width=\"546\" height=\"720\" src=\"https:\/\/nescuba.cdtc.unb.br\/wp-content\/uploads\/2023\/08\/Che-Guevara.jpg\" class=\"attachment-large size-large wp-image-6745\" alt=\"\" loading=\"lazy\" srcset=\"https:\/\/nescuba.cdtc.unb.br\/wp-content\/uploads\/2023\/08\/Che-Guevara.jpg 546w, https:\/\/nescuba.cdtc.unb.br\/wp-content\/uploads\/2023\/08\/Che-Guevara-228x300.jpg 228w\" sizes=\"(max-width: 546px) 100vw, 546px\" \/>\t\t\t\t\t\t\t\t\t\t\t\t\t\t\t<\/div>\n\t\t\t\t<\/div>\n\t\t\t\t\t<\/div>\n\t\t<\/div>\n\t\t\t\t<div class=\"elementor-column elementor-col-50 elementor-inner-column elementor-element elementor-element-cb41bcf\" data-id=\"cb41bcf\" data-element_type=\"column\">\n\t\t\t<div class=\"elementor-widget-wrap elementor-element-populated\">\n\t\t\t\t\t\t\t\t<div class=\"elementor-element elementor-element-e1bccdb elementor-widget__width-initial elementor-widget elementor-widget-text-editor\" data-id=\"e1bccdb\" data-element_type=\"widget\" data-widget_type=\"text-editor.default\">\n\t\t\t\t<div class=\"elementor-widget-container\">\n\t\t\t\t\t\t\t<p>Fue un combatiente revolucionario, estadista, escritor y m\u00e9dico argentino-cubano. Su vida y su pensamiento se convirtieron en paradigma universal. Ex<a href=\"https:\/\/www.ecured.cu\/Expedici%C3%B3n_del_yate_Granma\">pedicionario del yate Granma<\/a>. Durante la Revoluci\u00f3n fue designado Presidente del <a title=\"Banco Nacional de Cuba\" href=\"https:\/\/www.ecured.cu\/Banco_Nacional_de_Cuba\">Banco Nacional de Cuba<\/a> y ministro de <a title=\"Ministerio de Industrias\" href=\"https:\/\/www.ecured.cu\/Ministerio_de_Industrias\">Industrias<\/a>. Tras una campa\u00f1a de varios meses cay\u00f3 prisionero de las tropas bolivianas en la <a class=\"mw-redirect\" title=\"Quebrada del Yuro\" href=\"https:\/\/www.ecured.cu\/Quebrada_del_Yuro\">quebrada del Yuro<\/a> y al d\u00eda siguiente de su captura fue asesinado. Sus restos fueron ubicados en <a title=\"1997\" href=\"https:\/\/www.ecured.cu\/1997\">1997<\/a> y enviados a Cuba donde descansan en el <a class=\"mw-redirect\" title=\"Conjunto Escult\u00f3rico Memorial Comandante Ernesto Che Guevara\" href=\"https:\/\/www.ecured.cu\/Conjunto_Escult%C3%B3rico_Memorial_Comandante_Ernesto_Che_Guevara\">Complejo Memorial Comandante Ernesto Che Guevara<\/a> que se construy\u00f3 con este objetivo en la ciudad de <a title=\"Santa Clara\" href=\"https:\/\/www.ecured.cu\/Santa_Clara\">Santa Clara<\/a>. <\/p>\t\t\t\t\t\t<\/div>\n\t\t\t\t<\/div>\n\t\t\t\t<div class=\"elementor-element elementor-element-98cc6b7 elementor-widget elementor-widget-text-editor\" data-id=\"98cc6b7\" data-element_type=\"widget\" data-widget_type=\"text-editor.default\">\n\t\t\t\t<div class=\"elementor-widget-container\">\n\t\t\t\t\t\t\t<p>Fuente: Ecured<\/p>\t\t\t\t\t\t<\/div>\n\t\t\t\t<\/div>\n\t\t\t\t\t<\/div>\n\t\t<\/div>\n\t\t\t\t\t\t\t<\/div>\n\t\t<\/section>\n\t\t\t\t\t<\/div>\n\t\t<\/div>\n\t\t\t\t\t\t\t<\/div>\n\t\t<\/section>\n\t\t\t\t<section class=\"elementor-section elementor-top-section elementor-element elementor-element-0b545dd elementor-section-stretched elementor-section-boxed elementor-section-height-default elementor-section-height-default\" data-id=\"0b545dd\" data-element_type=\"section\" data-settings=\"{&quot;stretch_section&quot;:&quot;section-stretched&quot;,&quot;background_background&quot;:&quot;classic&quot;}\">\n\t\t\t\t\t\t<div class=\"elementor-container elementor-column-gap-default\">\n\t\t\t\t\t<div class=\"elementor-column elementor-col-100 elementor-top-column elementor-element elementor-element-bd26f1b\" data-id=\"bd26f1b\" data-element_type=\"column\">\n\t\t\t<div class=\"elementor-widget-wrap elementor-element-populated\">\n\t\t\t\t\t\t\t\t<div class=\"elementor-element elementor-element-be7aa8a elementor-widget elementor-widget-heading\" data-id=\"be7aa8a\" data-element_type=\"widget\" data-widget_type=\"heading.default\">\n\t\t\t\t<div class=\"elementor-widget-container\">\n\t\t\t<h4 class=\"elementor-heading-title elementor-size-default\"><a href=\"http:\/\/www.ecured.cu\/Camilo_Cienfuegos\">Camilo Cienfuegos Gorriar\u00e1n\n(1932 \u2013 1959)\n\n\n<\/a><\/h4>\t\t<\/div>\n\t\t\t\t<\/div>\n\t\t\t\t<section class=\"elementor-section elementor-inner-section elementor-element elementor-element-277c26b elementor-section-boxed elementor-section-height-default elementor-section-height-default\" data-id=\"277c26b\" data-element_type=\"section\">\n\t\t\t\t\t\t<div class=\"elementor-container elementor-column-gap-default\">\n\t\t\t\t\t<div class=\"elementor-column elementor-col-50 elementor-inner-column elementor-element elementor-element-c2ead60\" data-id=\"c2ead60\" data-element_type=\"column\">\n\t\t\t<div class=\"elementor-widget-wrap elementor-element-populated\">\n\t\t\t\t\t\t\t\t<div class=\"elementor-element elementor-element-41acd7f elementor-widget__width-initial elementor-widget-mobile__width-initial elementor-widget elementor-widget-image\" data-id=\"41acd7f\" data-element_type=\"widget\" data-widget_type=\"image.default\">\n\t\t\t\t<div class=\"elementor-widget-container\">\n\t\t\t\t\t\t\t\t\t\t\t\t\t\t\t<img decoding=\"async\" width=\"216\" height=\"233\" src=\"https:\/\/nescuba.cdtc.unb.br\/wp-content\/uploads\/2025\/07\/camilo.jpg\" class=\"attachment-large size-large wp-image-24482\" alt=\"\" loading=\"lazy\" \/>\t\t\t\t\t\t\t\t\t\t\t\t\t\t\t<\/div>\n\t\t\t\t<\/div>\n\t\t\t\t\t<\/div>\n\t\t<\/div>\n\t\t\t\t<div class=\"elementor-column elementor-col-50 elementor-inner-column elementor-element elementor-element-83e7d6c\" data-id=\"83e7d6c\" data-element_type=\"column\">\n\t\t\t<div class=\"elementor-widget-wrap elementor-element-populated\">\n\t\t\t\t\t\t\t\t<div class=\"elementor-element elementor-element-4b70f53 elementor-widget__width-initial elementor-widget elementor-widget-text-editor\" data-id=\"4b70f53\" data-element_type=\"widget\" data-widget_type=\"text-editor.default\">\n\t\t\t\t<div class=\"elementor-widget-container\">\n\t\t\t\t\t\t\t<p>Combatiente y revolucionario cubano. Expedicionario del <a title=\"Yate Granma\" href=\"https:\/\/www.ecured.cu\/Yate_Granma\">Yate Granma<\/a>. Uno de los pilares fundamentales de la gesta armada que derroc\u00f3 a la tiran\u00eda pro imperialista del dictador <a title=\"Fulgencio Batista\" href=\"https:\/\/www.ecured.cu\/Fulgencio_Batista\">Fulgencio Batista<\/a> el <a title=\"1 de enero\" href=\"https:\/\/www.ecured.cu\/1_de_enero\">1 de enero<\/a> de <a title=\"1959\" href=\"https:\/\/www.ecured.cu\/1959\">1959<\/a>. Amigo inseparable de <a class=\"mw-redirect\" title=\"Ernesto Che Guevara\" href=\"https:\/\/www.ecured.cu\/Ernesto_Che_Guevara\">Ernesto Che Guevara<\/a>. Su valor hizo que el pueblo espont\u00e1neamente le otorgara el t\u00edtulo honor\u00edfico de <i><b>H\u00e9roe de Yaguajay<\/b><\/i> y <i><b>Se\u00f1or de la Vanguardia<\/b><\/i>. Tras el triunfo de la <a title=\"Revoluci\u00f3n Cubana\" href=\"https:\/\/www.ecured.cu\/Revoluci%C3%B3n_Cubana\">Revoluci\u00f3n Cubana<\/a> es designado Jefe del Estado Mayor del Ej\u00e9rcito Rebelde. El avi\u00f3n en que viajaba desaparece el <a title=\"28 de octubre\" href=\"https:\/\/www.ecured.cu\/28_de_octubre\">28 de octubre<\/a> de <a title=\"1959\" href=\"https:\/\/www.ecured.cu\/1959\">1959<\/a>. Ese d\u00eda, el pueblo lanza flores al mar y a los r\u00edos de toda Cuba como muestra de tributo a su vida y obra.<\/p>\t\t\t\t\t\t<\/div>\n\t\t\t\t<\/div>\n\t\t\t\t\t<\/div>\n\t\t<\/div>\n\t\t\t\t\t\t\t<\/div>\n\t\t<\/section>\n\t\t\t\t<section class=\"elementor-section elementor-inner-section elementor-element elementor-element-aa39eaf elementor-section-boxed elementor-section-height-default elementor-section-height-default\" data-id=\"aa39eaf\" data-element_type=\"section\">\n\t\t\t\t\t\t<div class=\"elementor-container elementor-column-gap-default\">\n\t\t\t\t\t<div class=\"elementor-column elementor-col-100 elementor-inner-column elementor-element elementor-element-bc4553f\" data-id=\"bc4553f\" data-element_type=\"column\">\n\t\t\t<div class=\"elementor-widget-wrap elementor-element-populated\">\n\t\t\t\t\t\t\t\t<div class=\"elementor-element elementor-element-8d7bc12 elementor-widget elementor-widget-text-editor\" data-id=\"8d7bc12\" data-element_type=\"widget\" data-widget_type=\"text-editor.default\">\n\t\t\t\t<div class=\"elementor-widget-container\">\n\t\t\t\t\t\t\t<p>Fuente: Ecured<\/p>\t\t\t\t\t\t<\/div>\n\t\t\t\t<\/div>\n\t\t\t\t\t<\/div>\n\t\t<\/div>\n\t\t\t\t\t\t\t<\/div>\n\t\t<\/section>\n\t\t\t\t\t<\/div>\n\t\t<\/div>\n\t\t\t\t\t\t\t<\/div>\n\t\t<\/section>\n\t\t\t\t<section class=\"elementor-section elementor-top-section elementor-element elementor-element-efc168a elementor-section-stretched elementor-section-boxed elementor-section-height-default elementor-section-height-default\" data-id=\"efc168a\" data-element_type=\"section\" data-settings=\"{&quot;stretch_section&quot;:&quot;section-stretched&quot;,&quot;background_background&quot;:&quot;classic&quot;}\">\n\t\t\t\t\t\t<div class=\"elementor-container elementor-column-gap-default\">\n\t\t\t\t\t<div class=\"elementor-column elementor-col-100 elementor-top-column elementor-element elementor-element-c525d04\" data-id=\"c525d04\" data-element_type=\"column\">\n\t\t\t<div class=\"elementor-widget-wrap elementor-element-populated\">\n\t\t\t\t\t\t\t\t<div class=\"elementor-element elementor-element-0365c33 elementor-widget elementor-widget-heading\" data-id=\"0365c33\" data-element_type=\"widget\" data-widget_type=\"heading.default\">\n\t\t\t\t<div class=\"elementor-widget-container\">\n\t\t\t<h4 class=\"elementor-heading-title elementor-size-default\"><a href=\"http:\/\/www.ecured.cu\/Melba_Hern\u00e1ndez\">Melba Hern\u00e1ndez Rodr\u00edguez del Rey\n(1921 \u2013 2014)\n\n\n\n<\/a><\/h4>\t\t<\/div>\n\t\t\t\t<\/div>\n\t\t\t\t<section class=\"elementor-section elementor-inner-section elementor-element elementor-element-236343e elementor-section-boxed elementor-section-height-default elementor-section-height-default\" data-id=\"236343e\" data-element_type=\"section\">\n\t\t\t\t\t\t<div class=\"elementor-container elementor-column-gap-default\">\n\t\t\t\t\t<div class=\"elementor-column elementor-col-50 elementor-inner-column elementor-element elementor-element-c863e33\" data-id=\"c863e33\" data-element_type=\"column\">\n\t\t\t<div class=\"elementor-widget-wrap elementor-element-populated\">\n\t\t\t\t\t\t\t\t<div class=\"elementor-element elementor-element-9c48e37 elementor-widget__width-initial elementor-widget-mobile__width-initial elementor-widget elementor-widget-image\" data-id=\"9c48e37\" data-element_type=\"widget\" data-widget_type=\"image.default\">\n\t\t\t\t<div class=\"elementor-widget-container\">\n\t\t\t\t\t\t\t\t\t\t\t\t\t\t\t<img decoding=\"async\" width=\"200\" height=\"190\" src=\"https:\/\/nescuba.cdtc.unb.br\/wp-content\/uploads\/2023\/08\/Melba.jpg\" class=\"attachment-large size-large wp-image-7437\" alt=\"\" loading=\"lazy\" \/>\t\t\t\t\t\t\t\t\t\t\t\t\t\t\t<\/div>\n\t\t\t\t<\/div>\n\t\t\t\t\t<\/div>\n\t\t<\/div>\n\t\t\t\t<div class=\"elementor-column elementor-col-50 elementor-inner-column elementor-element elementor-element-f5d1d1b\" data-id=\"f5d1d1b\" data-element_type=\"column\">\n\t\t\t<div class=\"elementor-widget-wrap elementor-element-populated\">\n\t\t\t\t\t\t\t\t<div class=\"elementor-element elementor-element-96d1a86 elementor-widget__width-initial elementor-widget elementor-widget-text-editor\" data-id=\"96d1a86\" data-element_type=\"widget\" data-widget_type=\"text-editor.default\">\n\t\t\t\t<div class=\"elementor-widget-container\">\n\t\t\t\t\t\t\t<p>Destacada combatiente revolucionaria. Hero\u00edna de la Rep\u00fablica de Cuba y Doctora Honoris Causa, del <a class=\"mw-redirect\" title=\"Instituto Superior de Relaciones Internacionales\" href=\"https:\/\/www.ecured.cu\/Instituto_Superior_de_Relaciones_Internacionales\">Instituto Superior de Relaciones Internacionales<\/a>. Particip\u00f3 activamente en la lucha contra la tiran\u00eda batistiana, siendo de las primeras en integrar las filas del movimiento revolucionario dirigido por <a title=\"Fidel Castro\" href=\"https:\/\/www.ecured.cu\/Fidel_Castro\">Fidel Castro<\/a>. Particip\u00f3 junto a <a title=\"Hayd\u00e9e Santamar\u00eda\" href=\"https:\/\/www.ecured.cu\/Hayd%C3%A9e_Santamar%C3%ADa\">Hayd\u00e9e Santamar\u00eda<\/a> en el ataque al <a title=\"Cuartel Moncada\" href=\"https:\/\/www.ecured.cu\/Cuartel_Moncada\">Cuartel Moncada<\/a>, el <a title=\"26 de julio\" href=\"https:\/\/www.ecured.cu\/26_de_julio\">26 de julio<\/a> de <a title=\"1953\" href=\"https:\/\/www.ecured.cu\/1953\">1953<\/a>. Fue detenida y sancionada a cumplir prisi\u00f3n. Integr\u00f3 la Direcci\u00f3n Nacional del <a title=\"Movimiento 26 de Julio\" href=\"https:\/\/www.ecured.cu\/Movimiento_26_de_Julio\">Movimiento 26 de Julio<\/a> y en <a title=\"M\u00e9xico\" href=\"https:\/\/www.ecured.cu\/M%C3%A9xico\">M\u00e9xico<\/a> particip\u00f3 en los preparativos de la expedici\u00f3n del <a title=\"Yate Granma\" href=\"https:\/\/www.ecured.cu\/Yate_Granma\">Granma<\/a>. Regres\u00f3 a Cuba y se incorpor\u00f3 a las filas del <a class=\"mw-redirect\" title=\"Tercer Frente Mario Mu\u00f1oz Monroy\" href=\"https:\/\/www.ecured.cu\/Tercer_Frente_Mario_Mu%C3%B1oz_Monroy\">Tercer Frente Mario Mu\u00f1oz Monroy<\/a>. Fundadora del <a title=\"Partido Comunista de Cuba\" href=\"https:\/\/www.ecured.cu\/Partido_Comunista_de_Cuba\">Partido Comunista de Cuba<\/a> y miembro de su Comit\u00e9 Central desde el Tercer Congreso, as\u00ed como diputada a la Asamblea Nacional hasta su deceso.<\/p>\t\t\t\t\t\t<\/div>\n\t\t\t\t<\/div>\n\t\t\t\t\t<\/div>\n\t\t<\/div>\n\t\t\t\t\t\t\t<\/div>\n\t\t<\/section>\n\t\t\t\t\t<\/div>\n\t\t<\/div>\n\t\t\t\t\t\t\t<\/div>\n\t\t<\/section>\n\t\t\t\t<section class=\"elementor-section elementor-top-section elementor-element elementor-element-5f1b62d elementor-section-stretched elementor-section-boxed elementor-section-height-default elementor-section-height-default\" data-id=\"5f1b62d\" data-element_type=\"section\" data-settings=\"{&quot;stretch_section&quot;:&quot;section-stretched&quot;,&quot;background_background&quot;:&quot;classic&quot;}\">\n\t\t\t\t\t\t<div class=\"elementor-container elementor-column-gap-default\">\n\t\t\t\t\t<div class=\"elementor-column elementor-col-100 elementor-top-column elementor-element elementor-element-b71c770\" data-id=\"b71c770\" data-element_type=\"column\">\n\t\t\t<div class=\"elementor-widget-wrap elementor-element-populated\">\n\t\t\t\t\t\t\t\t<div class=\"elementor-element elementor-element-c11605a elementor-widget elementor-widget-heading\" data-id=\"c11605a\" data-element_type=\"widget\" data-widget_type=\"heading.default\">\n\t\t\t\t<div class=\"elementor-widget-container\">\n\t\t\t<h4 class=\"elementor-heading-title elementor-size-default\"><a href=\"http:\/\/www.ecured.cu\/Celia_S\u00e1nchez\">Celia S\u00e1nchez Manduley\n(1920 \u2013 1980)\n\n\n\n<\/a><\/h4>\t\t<\/div>\n\t\t\t\t<\/div>\n\t\t\t\t<section class=\"elementor-section elementor-inner-section elementor-element elementor-element-871e941 elementor-section-boxed elementor-section-height-default elementor-section-height-default\" data-id=\"871e941\" data-element_type=\"section\">\n\t\t\t\t\t\t<div class=\"elementor-container elementor-column-gap-default\">\n\t\t\t\t\t<div class=\"elementor-column elementor-col-50 elementor-inner-column elementor-element elementor-element-951f9a8\" data-id=\"951f9a8\" data-element_type=\"column\">\n\t\t\t<div class=\"elementor-widget-wrap elementor-element-populated\">\n\t\t\t\t\t\t\t\t<div class=\"elementor-element elementor-element-f7c3e06 elementor-widget__width-initial elementor-widget-mobile__width-initial elementor-widget elementor-widget-image\" data-id=\"f7c3e06\" data-element_type=\"widget\" data-widget_type=\"image.default\">\n\t\t\t\t<div class=\"elementor-widget-container\">\n\t\t\t\t\t\t\t\t\t\t\t\t\t\t\t<img decoding=\"async\" width=\"186\" height=\"271\" src=\"https:\/\/nescuba.cdtc.unb.br\/wp-content\/uploads\/2023\/08\/Celia-Sanchez.jpg\" class=\"attachment-large size-large wp-image-6754\" alt=\"\" loading=\"lazy\" \/>\t\t\t\t\t\t\t\t\t\t\t\t\t\t\t<\/div>\n\t\t\t\t<\/div>\n\t\t\t\t\t<\/div>\n\t\t<\/div>\n\t\t\t\t<div class=\"elementor-column elementor-col-50 elementor-inner-column elementor-element elementor-element-1bd416b\" data-id=\"1bd416b\" data-element_type=\"column\">\n\t\t\t<div class=\"elementor-widget-wrap elementor-element-populated\">\n\t\t\t\t\t\t\t\t<div class=\"elementor-element elementor-element-f2fd294 elementor-widget__width-initial elementor-widget elementor-widget-text-editor\" data-id=\"f2fd294\" data-element_type=\"widget\" data-widget_type=\"text-editor.default\">\n\t\t\t\t<div class=\"elementor-widget-container\">\n\t\t\t\t\t\t\t<p>Combatiente revolucionaria, pol\u00edtica e investigadora cubana. Integr\u00f3 el <a title=\"Movimiento 26 de Julio\" href=\"https:\/\/www.ecured.cu\/Movimiento_26_de_Julio\">Movimiento 26 de Julio<\/a> durante la <a class=\"mw-redirect\" title=\"Guerra de Liberaci\u00f3n Nacional de Cuba\" href=\"https:\/\/www.ecured.cu\/Guerra_de_Liberaci%C3%B3n_Nacional_de_Cuba\">Guerra de Liberaci\u00f3n Nacional de Cuba<\/a> (<a title=\"1956\" href=\"https:\/\/www.ecured.cu\/1956\">1956<\/a>&#8211;<a title=\"1958\" href=\"https:\/\/www.ecured.cu\/1958\">1958<\/a>), desde donde organiz\u00f3 la red clandestina de campesinos, vital para la supervivencia de la guerrilla dirigida por <a title=\"Fidel Castro\" href=\"https:\/\/www.ecured.cu\/Fidel_Castro\">Fidel Castro.<\/a>\u00a0 Tras el triunfo de la <a title=\"Revoluci\u00f3n Cubana\" href=\"https:\/\/www.ecured.cu\/Revoluci%C3%B3n_Cubana\">Revoluci\u00f3n Cubana<\/a> en <a title=\"1959\" href=\"https:\/\/www.ecured.cu\/1959\">1959<\/a> asumi\u00f3 importantes tareas y responsabilidades.Fue miembro del <a title=\"Partido Comunista de Cuba\" href=\"https:\/\/www.ecured.cu\/Partido_Comunista_de_Cuba\">Partido Comunista de Cuba<\/a> desde su creaci\u00f3n hasta su fallecimiento. Por su labor es conocida como la <i>flor aut\u00f3ctona de la Revoluci\u00f3n<\/i><sup id=\"cite_ref-2\" class=\"reference\"><a href=\"https:\/\/www.ecured.cu\/Celia_S%C3%A1nchez#cite_note-2\">[2]<\/a><\/sup>.<\/p>\t\t\t\t\t\t<\/div>\n\t\t\t\t<\/div>\n\t\t\t\t<div class=\"elementor-element elementor-element-f7c35a9 elementor-widget elementor-widget-text-editor\" data-id=\"f7c35a9\" data-element_type=\"widget\" data-widget_type=\"text-editor.default\">\n\t\t\t\t<div class=\"elementor-widget-container\">\n\t\t\t\t\t\t\t<p>Fuente: Ecured<\/p>\t\t\t\t\t\t<\/div>\n\t\t\t\t<\/div>\n\t\t\t\t\t<\/div>\n\t\t<\/div>\n\t\t\t\t\t\t\t<\/div>\n\t\t<\/section>\n\t\t\t\t\t<\/div>\n\t\t<\/div>\n\t\t\t\t\t\t\t<\/div>\n\t\t<\/section>\n\t\t\t\t<section class=\"elementor-section elementor-top-section elementor-element elementor-element-4d92867 elementor-section-stretched elementor-section-boxed elementor-section-height-default elementor-section-height-default\" data-id=\"4d92867\" data-element_type=\"section\" data-settings=\"{&quot;stretch_section&quot;:&quot;section-stretched&quot;,&quot;background_background&quot;:&quot;classic&quot;}\">\n\t\t\t\t\t\t<div class=\"elementor-container elementor-column-gap-default\">\n\t\t\t\t\t<div class=\"elementor-column elementor-col-100 elementor-top-column elementor-element elementor-element-4fc1c83\" data-id=\"4fc1c83\" data-element_type=\"column\">\n\t\t\t<div class=\"elementor-widget-wrap elementor-element-populated\">\n\t\t\t\t\t\t\t\t<div class=\"elementor-element elementor-element-45c9072 elementor-widget elementor-widget-heading\" data-id=\"45c9072\" data-element_type=\"widget\" data-widget_type=\"heading.default\">\n\t\t\t\t<div class=\"elementor-widget-container\">\n\t\t\t<h4 class=\"elementor-heading-title elementor-size-default\"><a href=\"\/www.ecured.cu\/Ernesto_Guevara_de_la_Serna\">Vilma Esp\u00edn Guillois\n(1930 \u2013 2007)\n\n\n\n<\/a><\/h4>\t\t<\/div>\n\t\t\t\t<\/div>\n\t\t\t\t<section class=\"elementor-section elementor-inner-section elementor-element elementor-element-53dbf80 elementor-section-boxed elementor-section-height-default elementor-section-height-default\" data-id=\"53dbf80\" data-element_type=\"section\">\n\t\t\t\t\t\t<div class=\"elementor-container elementor-column-gap-default\">\n\t\t\t\t\t<div class=\"elementor-column elementor-col-50 elementor-inner-column elementor-element elementor-element-e0f3707\" data-id=\"e0f3707\" data-element_type=\"column\">\n\t\t\t<div class=\"elementor-widget-wrap elementor-element-populated\">\n\t\t\t\t\t\t\t\t<div class=\"elementor-element elementor-element-3e92b54 elementor-widget__width-initial elementor-widget-mobile__width-initial elementor-widget elementor-widget-image\" data-id=\"3e92b54\" data-element_type=\"widget\" data-widget_type=\"image.default\">\n\t\t\t\t<div class=\"elementor-widget-container\">\n\t\t\t\t\t\t\t\t\t\t\t\t\t\t\t<img decoding=\"async\" width=\"384\" height=\"512\" src=\"https:\/\/nescuba.cdtc.unb.br\/wp-content\/uploads\/2023\/08\/Vilma-Espin-Guillois.jpg\" class=\"attachment-large size-large wp-image-6770\" alt=\"\" loading=\"lazy\" srcset=\"https:\/\/nescuba.cdtc.unb.br\/wp-content\/uploads\/2023\/08\/Vilma-Espin-Guillois.jpg 384w, https:\/\/nescuba.cdtc.unb.br\/wp-content\/uploads\/2023\/08\/Vilma-Espin-Guillois-225x300.jpg 225w\" sizes=\"(max-width: 384px) 100vw, 384px\" \/>\t\t\t\t\t\t\t\t\t\t\t\t\t\t\t<\/div>\n\t\t\t\t<\/div>\n\t\t\t\t\t<\/div>\n\t\t<\/div>\n\t\t\t\t<div class=\"elementor-column elementor-col-50 elementor-inner-column elementor-element elementor-element-64e414f\" data-id=\"64e414f\" data-element_type=\"column\">\n\t\t\t<div class=\"elementor-widget-wrap elementor-element-populated\">\n\t\t\t\t\t\t\t\t<div class=\"elementor-element elementor-element-be5495e elementor-widget__width-initial elementor-widget elementor-widget-text-editor\" data-id=\"be5495e\" data-element_type=\"widget\" data-widget_type=\"text-editor.default\">\n\t\t\t\t<div class=\"elementor-widget-container\">\n\t\t\t\t\t\t\t<p>Importante personalidad del movimiento revolucionario cubano. <a title=\"H\u00e9roe de la Rep\u00fablica de Cuba\" href=\"https:\/\/www.ecured.cu\/H%C3%A9roe_de_la_Rep%C3%BAblica_de_Cuba\">Hero\u00edna de la Rep\u00fablica de Cuba<\/a> y presidenta fundadora de la <a title=\"Federaci\u00f3n de Mujeres Cubanas\" href=\"https:\/\/www.ecured.cu\/Federaci%C3%B3n_de_Mujeres_Cubanas\">Federaci\u00f3n de Mujeres Cubanas<\/a> en <a title=\"1960\" href=\"https:\/\/www.ecured.cu\/1960\">1960<\/a>. Con el nombre de guerra Deborah fue una notable combatiente clandestina bajo las \u00f3rdenes de <a class=\"mw-redirect\" title=\"Frank Pa\u00eds Garc\u00eda\" href=\"https:\/\/www.ecured.cu\/Frank_Pa%C3%ADs_Garc%C3%ADa\">Frank Pa\u00eds Garc\u00eda<\/a>, en especial durante el <a title=\"Alzamiento del 30 de noviembre\" href=\"https:\/\/www.ecured.cu\/Alzamiento_del_30_de_noviembre\">alzamiento del 30 de noviembre de 1956<\/a> en <a title=\"Santiago de Cuba\" href=\"https:\/\/www.ecured.cu\/Santiago_de_Cuba\">Santiago de Cuba<\/a>. Se uni\u00f3 al <a title=\"Ej\u00e9rcito Rebelde\" href=\"https:\/\/www.ecured.cu\/Ej%C3%A9rcito_Rebelde\">Ej\u00e9rcito Rebelde<\/a> en la <a class=\"mw-redirect\" title=\"Sierra Maestra\" href=\"https:\/\/www.ecured.cu\/Sierra_Maestra\">Sierra Maestra<\/a> cuando su vida corri\u00f3 extremo peligro en la insurrecci\u00f3n urbana. Ingeniera qu\u00edmica, cumpli\u00f3 funciones en el ejercicio de esa profesi\u00f3n.\u00a0 A partir de <a title=\"1959\" href=\"https:\/\/www.ecured.cu\/1959\">1959<\/a> fue conductora principal de las acciones pol\u00edticas y estatales para materializar el acceso pleno de la mujer cubana a sus derechos.<\/p>\t\t\t\t\t\t<\/div>\n\t\t\t\t<\/div>\n\t\t\t\t<div class=\"elementor-element elementor-element-51e3d21 elementor-widget elementor-widget-text-editor\" data-id=\"51e3d21\" data-element_type=\"widget\" data-widget_type=\"text-editor.default\">\n\t\t\t\t<div class=\"elementor-widget-container\">\n\t\t\t\t\t\t\t<p>Fuente: Ecured<\/p>\t\t\t\t\t\t<\/div>\n\t\t\t\t<\/div>\n\t\t\t\t\t<\/div>\n\t\t<\/div>\n\t\t\t\t\t\t\t<\/div>\n\t\t<\/section>\n\t\t\t\t\t<\/div>\n\t\t<\/div>\n\t\t\t\t\t\t\t<\/div>\n\t\t<\/section>\n\t\t\t\t<section class=\"elementor-section elementor-top-section elementor-element elementor-element-c0d79ab elementor-section-stretched elementor-section-boxed elementor-section-height-default elementor-section-height-default\" data-id=\"c0d79ab\" data-element_type=\"section\" data-settings=\"{&quot;stretch_section&quot;:&quot;section-stretched&quot;,&quot;background_background&quot;:&quot;classic&quot;}\">\n\t\t\t\t\t\t<div class=\"elementor-container elementor-column-gap-default\">\n\t\t\t\t\t<div class=\"elementor-column elementor-col-100 elementor-top-column elementor-element elementor-element-66d98a8\" data-id=\"66d98a8\" data-element_type=\"column\">\n\t\t\t<div class=\"elementor-widget-wrap elementor-element-populated\">\n\t\t\t\t\t\t\t\t<div class=\"elementor-element elementor-element-7ac843b elementor-widget elementor-widget-heading\" data-id=\"7ac843b\" data-element_type=\"widget\" data-widget_type=\"heading.default\">\n\t\t\t\t<div class=\"elementor-widget-container\">\n\t\t\t<h4 class=\"elementor-heading-title elementor-size-default\"><a href=\"http:\/\/www.ecured.cu\/Hayd\u00e9e_Santamar\u00eda\">Hayd\u00e9e Santamar\u00eda Cuadrado\n(1922 \u2013 1980)\n\n\n\n<\/a><\/h4>\t\t<\/div>\n\t\t\t\t<\/div>\n\t\t\t\t<section class=\"elementor-section elementor-inner-section elementor-element elementor-element-d93fadb elementor-section-boxed elementor-section-height-default elementor-section-height-default\" data-id=\"d93fadb\" data-element_type=\"section\">\n\t\t\t\t\t\t<div class=\"elementor-container elementor-column-gap-default\">\n\t\t\t\t\t<div class=\"elementor-column elementor-col-50 elementor-inner-column elementor-element elementor-element-30e5bc1\" data-id=\"30e5bc1\" data-element_type=\"column\">\n\t\t\t<div class=\"elementor-widget-wrap elementor-element-populated\">\n\t\t\t\t\t\t\t\t<div class=\"elementor-element elementor-element-7e07454 elementor-widget__width-initial elementor-widget-mobile__width-initial elementor-widget elementor-widget-image\" data-id=\"7e07454\" data-element_type=\"widget\" data-widget_type=\"image.default\">\n\t\t\t\t<div class=\"elementor-widget-container\">\n\t\t\t\t\t\t\t\t\t\t\t\t\t\t\t<img decoding=\"async\" width=\"250\" height=\"334\" src=\"https:\/\/nescuba.cdtc.unb.br\/wp-content\/uploads\/2023\/08\/Haydee_santamaria_cuadrado-1.jpeg\" class=\"attachment-large size-large wp-image-7427\" alt=\"\" loading=\"lazy\" srcset=\"https:\/\/nescuba.cdtc.unb.br\/wp-content\/uploads\/2023\/08\/Haydee_santamaria_cuadrado-1.jpeg 250w, https:\/\/nescuba.cdtc.unb.br\/wp-content\/uploads\/2023\/08\/Haydee_santamaria_cuadrado-1-225x300.jpeg 225w\" sizes=\"(max-width: 250px) 100vw, 250px\" \/>\t\t\t\t\t\t\t\t\t\t\t\t\t\t\t<\/div>\n\t\t\t\t<\/div>\n\t\t\t\t\t<\/div>\n\t\t<\/div>\n\t\t\t\t<div class=\"elementor-column elementor-col-50 elementor-inner-column elementor-element elementor-element-4431e42\" data-id=\"4431e42\" data-element_type=\"column\">\n\t\t\t<div class=\"elementor-widget-wrap elementor-element-populated\">\n\t\t\t\t\t\t\t\t<div class=\"elementor-element elementor-element-245ccf2 elementor-widget__width-initial elementor-widget elementor-widget-text-editor\" data-id=\"245ccf2\" data-element_type=\"widget\" data-widget_type=\"text-editor.default\">\n\t\t\t\t<div class=\"elementor-widget-container\">\n\t\t\t\t\t\t\t<p>Combatiente revolucionaria y pol\u00edtica cubana, <a class=\"mw-redirect\" title=\"Hero\u00edna de la Rep\u00fablica de Cuba\" href=\"https:\/\/www.ecured.cu\/Hero%C3%ADna_de_la_Rep%C3%BAblica_de_Cuba\">hero\u00edna de la Rep\u00fablica de Cuba<\/a>. El 26 de julio de 1953 particip\u00f3 del <a class=\"mw-redirect\" title=\"Asalto al Cuartel Moncada\" href=\"https:\/\/www.ecured.cu\/Asalto_al_Cuartel_Moncada\">asalto al Cuartel Moncada<\/a>, acci\u00f3n por la cual guard\u00f3 prisi\u00f3n junto a <a title=\"Melba Hern\u00e1ndez\" href=\"https:\/\/www.ecured.cu\/Melba_Hern%C3%A1ndez\">Melba Hern\u00e1ndez<\/a>.<\/p><p>Tras su liberaci\u00f3n integr\u00f3 la Direcci\u00f3n Nacional del <a title=\"Movimiento 26 de Julio\" href=\"https:\/\/www.ecured.cu\/Movimiento_26_de_Julio\">Movimiento 26 de Julio<\/a>. Apoy\u00f3 al destacamento guerrillero que dirig\u00eda Fidel Castro en la Sierra Maestra, y este le encomend\u00f3 que obtuviera fondos y armas y aglutinara a los revolucionarios en el exterior. Regres\u00f3 a Cuba al triunfar la Revoluci\u00f3n, y trabaj\u00f3 en el Ministerio de Educaci\u00f3n. Luego fund\u00f3 y dirigi\u00f3 por muchos a\u00f1os la <a title=\"Casa de las Am\u00e9ricas\" href=\"https:\/\/www.ecured.cu\/Casa_de_las_Am%C3%A9ricas\">Casa de las Am\u00e9ricas<\/a>, desde donde influy\u00f3 decisivamente en el devenir cultural del pa\u00eds.<\/p>\t\t\t\t\t\t<\/div>\n\t\t\t\t<\/div>\n\t\t\t\t<div class=\"elementor-element elementor-element-47ea768 elementor-widget elementor-widget-text-editor\" data-id=\"47ea768\" data-element_type=\"widget\" data-widget_type=\"text-editor.default\">\n\t\t\t\t<div class=\"elementor-widget-container\">\n\t\t\t\t\t\t\t<p><span style=\"color: #ffffff;\">Fuente: Ecured<\/span><\/p>\t\t\t\t\t\t<\/div>\n\t\t\t\t<\/div>\n\t\t\t\t\t<\/div>\n\t\t<\/div>\n\t\t\t\t\t\t\t<\/div>\n\t\t<\/section>\n\t\t\t\t\t<\/div>\n\t\t<\/div>\n\t\t\t\t\t\t\t<\/div>\n\t\t<\/section>\n\t\t\t\t<section class=\"elementor-section elementor-top-section elementor-element elementor-element-df9db9d elementor-section-stretched elementor-section-boxed elementor-section-height-default elementor-section-height-default\" data-id=\"df9db9d\" data-element_type=\"section\" data-settings=\"{&quot;stretch_section&quot;:&quot;section-stretched&quot;,&quot;background_background&quot;:&quot;classic&quot;}\">\n\t\t\t\t\t\t<div class=\"elementor-container elementor-column-gap-default\">\n\t\t\t\t\t<div class=\"elementor-column elementor-col-100 elementor-top-column elementor-element elementor-element-1c20a40\" data-id=\"1c20a40\" data-element_type=\"column\">\n\t\t\t<div class=\"elementor-widget-wrap elementor-element-populated\">\n\t\t\t\t\t\t\t\t<div class=\"elementor-element elementor-element-25f7480 elementor-widget elementor-widget-heading\" data-id=\"25f7480\" data-element_type=\"widget\" data-widget_type=\"heading.default\">\n\t\t\t\t<div class=\"elementor-widget-container\">\n\t\t\t<h4 class=\"elementor-heading-title elementor-size-default\"><a href=\"http:\/\/www.ecured.cu\/Juan_Almeida_Bosque\">Juan Almeida Bosque\n(1927 \u2013 2009)\n\n\n\n<\/a><\/h4>\t\t<\/div>\n\t\t\t\t<\/div>\n\t\t\t\t<section class=\"elementor-section elementor-inner-section elementor-element elementor-element-0a580f2 elementor-section-boxed elementor-section-height-default elementor-section-height-default\" data-id=\"0a580f2\" data-element_type=\"section\">\n\t\t\t\t\t\t<div class=\"elementor-container elementor-column-gap-default\">\n\t\t\t\t\t<div class=\"elementor-column elementor-col-50 elementor-inner-column elementor-element elementor-element-f9ddba1\" data-id=\"f9ddba1\" data-element_type=\"column\">\n\t\t\t<div class=\"elementor-widget-wrap elementor-element-populated\">\n\t\t\t\t\t\t\t\t<div class=\"elementor-element elementor-element-51160dc elementor-widget__width-initial elementor-widget-mobile__width-initial elementor-widget elementor-widget-image\" data-id=\"51160dc\" data-element_type=\"widget\" data-widget_type=\"image.default\">\n\t\t\t\t<div class=\"elementor-widget-container\">\n\t\t\t\t\t\t\t\t\t\t\t\t\t\t\t<img decoding=\"async\" width=\"220\" height=\"331\" src=\"https:\/\/nescuba.cdtc.unb.br\/wp-content\/uploads\/2023\/08\/Juan_almeida_bosque.jpg\" class=\"attachment-large size-large wp-image-6778\" alt=\"\" loading=\"lazy\" srcset=\"https:\/\/nescuba.cdtc.unb.br\/wp-content\/uploads\/2023\/08\/Juan_almeida_bosque.jpg 220w, https:\/\/nescuba.cdtc.unb.br\/wp-content\/uploads\/2023\/08\/Juan_almeida_bosque-199x300.jpg 199w\" sizes=\"(max-width: 220px) 100vw, 220px\" \/>\t\t\t\t\t\t\t\t\t\t\t\t\t\t\t<\/div>\n\t\t\t\t<\/div>\n\t\t\t\t\t<\/div>\n\t\t<\/div>\n\t\t\t\t<div class=\"elementor-column elementor-col-50 elementor-inner-column elementor-element elementor-element-245edaf\" data-id=\"245edaf\" data-element_type=\"column\">\n\t\t\t<div class=\"elementor-widget-wrap elementor-element-populated\">\n\t\t\t\t\t\t\t\t<div class=\"elementor-element elementor-element-ac58f77 elementor-widget__width-initial elementor-widget elementor-widget-text-editor\" data-id=\"ac58f77\" data-element_type=\"widget\" data-widget_type=\"text-editor.default\">\n\t\t\t\t<div class=\"elementor-widget-container\">\n\t\t\t\t\t\t\t<p>Comandante de la Revoluci\u00f3n, fue miembro del Bur\u00f3 Pol\u00edtico y Vicepresidente del <a class=\"mw-redirect\" title=\"Consejo de Estado\" href=\"https:\/\/www.ecured.cu\/Consejo_de_Estado\">Consejo de Estado<\/a>. Por sus muchos y relevantes m\u00e9ritos recibi\u00f3 m\u00faltiples condecoraciones y \u00f3rdenes nacionales e internacionales, entre los que destaca el T\u00edtulo Honor\u00edfico de <a title=\"H\u00e9roe de la Rep\u00fablica de Cuba\" href=\"https:\/\/www.ecured.cu\/H%C3%A9roe_de_la_Rep%C3%BAblica_de_Cuba\">H\u00e9roe de la Rep\u00fablica de Cuba<\/a> y la <a title=\"Orden M\u00e1ximo G\u00f3mez\" href=\"https:\/\/www.ecured.cu\/Orden_M%C3%A1ximo_G%C3%B3mez\">Orden M\u00e1ximo G\u00f3mez<\/a> de primer grado. Integr\u00f3 el Bur\u00f3 Pol\u00edtico del Comit\u00e9 Central del Partido desde su fundaci\u00f3n en 1965, responsabilidad en que fue ratificado en todos sus Congresos. Result\u00f3 electo Diputado a la Asamblea Nacional y Vicepresidente del Consejo de Estado, desde la primera legislatura de nuestro Parlamento. Incursion\u00f3 en el arte como escritor y como compositor musical.<\/p>\t\t\t\t\t\t<\/div>\n\t\t\t\t<\/div>\n\t\t\t\t<div class=\"elementor-element elementor-element-e404a4b elementor-widget elementor-widget-text-editor\" data-id=\"e404a4b\" data-element_type=\"widget\" data-widget_type=\"text-editor.default\">\n\t\t\t\t<div class=\"elementor-widget-container\">\n\t\t\t\t\t\t\t<p>Fuente: Ecured<\/p>\t\t\t\t\t\t<\/div>\n\t\t\t\t<\/div>\n\t\t\t\t\t<\/div>\n\t\t<\/div>\n\t\t\t\t\t\t\t<\/div>\n\t\t<\/section>\n\t\t\t\t\t<\/div>\n\t\t<\/div>\n\t\t\t\t\t\t\t<\/div>\n\t\t<\/section>\n\t\t\t\t<section class=\"elementor-section elementor-top-section elementor-element elementor-element-1f57ae3 elementor-section-stretched elementor-section-boxed elementor-section-height-default elementor-section-height-default\" data-id=\"1f57ae3\" data-element_type=\"section\" data-settings=\"{&quot;stretch_section&quot;:&quot;section-stretched&quot;,&quot;background_background&quot;:&quot;classic&quot;}\">\n\t\t\t\t\t\t<div class=\"elementor-container elementor-column-gap-default\">\n\t\t\t\t\t<div class=\"elementor-column elementor-col-100 elementor-top-column elementor-element elementor-element-e94cf1a\" data-id=\"e94cf1a\" data-element_type=\"column\">\n\t\t\t<div class=\"elementor-widget-wrap elementor-element-populated\">\n\t\t\t\t\t\t\t\t<div class=\"elementor-element elementor-element-6628e8a elementor-widget elementor-widget-heading\" data-id=\"6628e8a\" data-element_type=\"widget\" data-widget_type=\"heading.default\">\n\t\t\t\t<div class=\"elementor-widget-container\">\n\t\t\t<h4 class=\"elementor-heading-title elementor-size-default\"><a href=\"http:\/\/www.ecured.cu\/Fidel_Castro\">FIDEL ALEJANDRO CASTRO RUZ\n(1926 \u2013 2016)\n \n\n\n\n<\/a><\/h4>\t\t<\/div>\n\t\t\t\t<\/div>\n\t\t\t\t<div class=\"elementor-element elementor-element-5539373 elementor-widget elementor-widget-heading\" data-id=\"5539373\" data-element_type=\"widget\" data-widget_type=\"heading.default\">\n\t\t\t\t<div class=\"elementor-widget-container\">\n\t\t\t<h2 class=\"elementor-heading-title elementor-size-default\">Comandante en Jefe<\/h2>\t\t<\/div>\n\t\t\t\t<\/div>\n\t\t\t\t<section class=\"elementor-section elementor-inner-section elementor-element elementor-element-49882ca elementor-section-boxed elementor-section-height-default elementor-section-height-default\" data-id=\"49882ca\" data-element_type=\"section\">\n\t\t\t\t\t\t<div class=\"elementor-container elementor-column-gap-default\">\n\t\t\t\t\t<div class=\"elementor-column elementor-col-50 elementor-inner-column elementor-element elementor-element-0fafd7f\" data-id=\"0fafd7f\" data-element_type=\"column\">\n\t\t\t<div class=\"elementor-widget-wrap elementor-element-populated\">\n\t\t\t\t\t\t\t\t<div class=\"elementor-element elementor-element-11ad8d9 elementor-widget__width-initial elementor-widget-mobile__width-initial elementor-widget elementor-widget-image\" data-id=\"11ad8d9\" data-element_type=\"widget\" data-widget_type=\"image.default\">\n\t\t\t\t<div class=\"elementor-widget-container\">\n\t\t\t\t\t\t\t\t\t\t\t\t\t\t\t<img decoding=\"async\" width=\"747\" height=\"1024\" src=\"https:\/\/nescuba.cdtc.unb.br\/wp-content\/uploads\/2023\/08\/Fidel-Castro-747x1024.jpg\" class=\"attachment-large size-large wp-image-6787\" alt=\"\" loading=\"lazy\" srcset=\"https:\/\/nescuba.cdtc.unb.br\/wp-content\/uploads\/2023\/08\/Fidel-Castro-747x1024.jpg 747w, https:\/\/nescuba.cdtc.unb.br\/wp-content\/uploads\/2023\/08\/Fidel-Castro-219x300.jpg 219w, https:\/\/nescuba.cdtc.unb.br\/wp-content\/uploads\/2023\/08\/Fidel-Castro-768x1052.jpg 768w, https:\/\/nescuba.cdtc.unb.br\/wp-content\/uploads\/2023\/08\/Fidel-Castro-1121x1536.jpg 1121w, https:\/\/nescuba.cdtc.unb.br\/wp-content\/uploads\/2023\/08\/Fidel-Castro-1495x2048.jpg 1495w, https:\/\/nescuba.cdtc.unb.br\/wp-content\/uploads\/2023\/08\/Fidel-Castro-scaled.jpg 1868w\" sizes=\"(max-width: 747px) 100vw, 747px\" \/>\t\t\t\t\t\t\t\t\t\t\t\t\t\t\t<\/div>\n\t\t\t\t<\/div>\n\t\t\t\t\t<\/div>\n\t\t<\/div>\n\t\t\t\t<div class=\"elementor-column elementor-col-50 elementor-inner-column elementor-element elementor-element-0633203\" data-id=\"0633203\" data-element_type=\"column\">\n\t\t\t<div class=\"elementor-widget-wrap elementor-element-populated\">\n\t\t\t\t\t\t\t\t<div class=\"elementor-element elementor-element-26d445e elementor-widget__width-initial elementor-widget elementor-widget-text-editor\" data-id=\"26d445e\" data-element_type=\"widget\" data-widget_type=\"text-editor.default\">\n\t\t\t\t<div class=\"elementor-widget-container\">\n\t\t\t\t\t\t\t<p>L\u00edder hist\u00f3rico de la Revoluci\u00f3n Cubana. Destacan su autoridad y liderazgo por la consolidaci\u00f3n del proceso revo\u00adlucionario, su avance hacia el <a title=\"Socialismo\" href=\"https:\/\/www.ecured.cu\/Socialismo\">Socialismo<\/a>, as\u00ed como la unidad de las fuerzas revolucionarias y de todo el pueblo. Su gobierno se destac\u00f3 por profundas transformaciones econ\u00f3micas y sociales, el desarrollo de la educaci\u00f3n, la salud, el deporte, la cultura y la ciencia, as\u00ed como el enfrentamiento de las agresiones externas y la conducci\u00f3n de una activa pol\u00edtica exterior de principios.\u00a0 El <a title=\"16 de febrero\" href=\"https:\/\/www.ecured.cu\/16_de_febrero\">16 de febrero<\/a> de <a title=\"1959\" href=\"https:\/\/www.ecured.cu\/1959\">1959<\/a> fue nombrado Primer Ministro del Gobierno Revolucionario<sup id=\"cite_ref-ministro_3-0\" class=\"reference\"><a href=\"https:\/\/www.ecured.cu\/Fidel_Castro#cite_note-ministro-3\">[3]<\/a><\/sup>. El <a title=\"2 de diciembre\" href=\"https:\/\/www.ecured.cu\/2_de_diciembre\">2 de diciembre<\/a> de <a title=\"1976\" href=\"https:\/\/www.ecured.cu\/1976\">1976<\/a> es electo Presidente de los <a class=\"mw-redirect\" title=\"Consejo de Estado\" href=\"https:\/\/www.ecured.cu\/Consejo_de_Estado\">Consejos de Estado<\/a> y de <a class=\"mw-redirect\" title=\"Consejo de Ministros\" href=\"https:\/\/www.ecured.cu\/Consejo_de_Ministros\">Ministros<\/a> de la <a title=\"Rep\u00fablica de Cuba\" href=\"https:\/\/www.ecured.cu\/Rep%C3%BAblica_de_Cuba\">Rep\u00fablica de Cuba<\/a>, puesto que ocupa hasta su renuncia por problemas de salud el <a title=\"24 de febrero\" href=\"https:\/\/www.ecured.cu\/24_de_febrero\">24 de febrero<\/a> de <a title=\"2008\" href=\"https:\/\/www.ecured.cu\/2008\">2008<\/a>.<sup id=\"cite_ref-proclama_4-0\" class=\"reference\"><a href=\"https:\/\/www.ecured.cu\/Fidel_Castro#cite_note-proclama-4\">[4]<\/a><\/sup> Se desempe\u00f1\u00f3 como Primer Secretario del <a title=\"Partido Comunista de Cuba\" href=\"https:\/\/www.ecured.cu\/Partido_Comunista_de_Cuba\">Partido Comunista de Cuba<\/a> entre <a title=\"1965\" href=\"https:\/\/www.ecured.cu\/1965\">1965<\/a> y <a title=\"2011\" href=\"https:\/\/www.ecured.cu\/2011\">2011<\/a>.\u00a0<\/p>\t\t\t\t\t\t<\/div>\n\t\t\t\t<\/div>\n\t\t\t\t<div class=\"elementor-element elementor-element-c066a2c elementor-widget elementor-widget-text-editor\" data-id=\"c066a2c\" data-element_type=\"widget\" data-widget_type=\"text-editor.default\">\n\t\t\t\t<div class=\"elementor-widget-container\">\n\t\t\t\t\t\t\t<p>Fuente: Ecured<\/p>\t\t\t\t\t\t<\/div>\n\t\t\t\t<\/div>\n\t\t\t\t\t<\/div>\n\t\t<\/div>\n\t\t\t\t\t\t\t<\/div>\n\t\t<\/section>\n\t\t\t\t\t<\/div>\n\t\t<\/div>\n\t\t\t\t\t\t\t<\/div>\n\t\t<\/section>\n\t\t\t\t<section class=\"elementor-section elementor-top-section elementor-element elementor-element-0911ece elementor-section-stretched elementor-section-boxed elementor-section-height-default elementor-section-height-default\" data-id=\"0911ece\" data-element_type=\"section\" data-settings=\"{&quot;stretch_section&quot;:&quot;section-stretched&quot;,&quot;background_background&quot;:&quot;classic&quot;}\">\n\t\t\t\t\t\t<div class=\"elementor-container elementor-column-gap-default\">\n\t\t\t\t\t<div class=\"elementor-column elementor-col-100 elementor-top-column elementor-element elementor-element-00cfc7c\" data-id=\"00cfc7c\" data-element_type=\"column\">\n\t\t\t<div class=\"elementor-widget-wrap elementor-element-populated\">\n\t\t\t\t\t\t\t\t<div class=\"elementor-element elementor-element-84ff193 elementor-widget elementor-widget-heading\" data-id=\"84ff193\" data-element_type=\"widget\" data-widget_type=\"heading.default\">\n\t\t\t\t<div class=\"elementor-widget-container\">\n\t\t\t<h4 class=\"elementor-heading-title elementor-size-default\"><a href=\"http:\/\/www.ecured.cu\/Ramiro_Vald\u00e9s\">Ramiro Vald\u00e9s Men\u00e9ndez\n(1932)\n \n\n\n\n<\/a><\/h4>\t\t<\/div>\n\t\t\t\t<\/div>\n\t\t\t\t<section class=\"elementor-section elementor-inner-section elementor-element elementor-element-6c4c14a elementor-section-boxed elementor-section-height-default elementor-section-height-default\" data-id=\"6c4c14a\" data-element_type=\"section\">\n\t\t\t\t\t\t<div class=\"elementor-container elementor-column-gap-default\">\n\t\t\t\t\t<div class=\"elementor-column elementor-col-50 elementor-inner-column elementor-element elementor-element-30163aa\" data-id=\"30163aa\" data-element_type=\"column\">\n\t\t\t<div class=\"elementor-widget-wrap elementor-element-populated\">\n\t\t\t\t\t\t\t\t<div class=\"elementor-element elementor-element-d2545ee elementor-widget__width-initial elementor-widget-mobile__width-initial elementor-widget elementor-widget-image\" data-id=\"d2545ee\" data-element_type=\"widget\" data-widget_type=\"image.default\">\n\t\t\t\t<div class=\"elementor-widget-container\">\n\t\t\t\t\t\t\t\t\t\t\t\t\t\t\t<img decoding=\"async\" width=\"200\" height=\"320\" src=\"https:\/\/nescuba.cdtc.unb.br\/wp-content\/uploads\/2023\/08\/Ramiro_valdes.jpg\" class=\"attachment-large size-large wp-image-7446\" alt=\"\" loading=\"lazy\" srcset=\"https:\/\/nescuba.cdtc.unb.br\/wp-content\/uploads\/2023\/08\/Ramiro_valdes.jpg 200w, https:\/\/nescuba.cdtc.unb.br\/wp-content\/uploads\/2023\/08\/Ramiro_valdes-188x300.jpg 188w\" sizes=\"(max-width: 200px) 100vw, 200px\" \/>\t\t\t\t\t\t\t\t\t\t\t\t\t\t\t<\/div>\n\t\t\t\t<\/div>\n\t\t\t\t\t<\/div>\n\t\t<\/div>\n\t\t\t\t<div class=\"elementor-column elementor-col-50 elementor-inner-column elementor-element elementor-element-89dc656\" data-id=\"89dc656\" data-element_type=\"column\">\n\t\t\t<div class=\"elementor-widget-wrap elementor-element-populated\">\n\t\t\t\t\t\t\t\t<div class=\"elementor-element elementor-element-4a8f658 elementor-widget__width-initial elementor-widget elementor-widget-text-editor\" data-id=\"4a8f658\" data-element_type=\"widget\" data-widget_type=\"text-editor.default\">\n\t\t\t\t<div class=\"elementor-widget-container\">\n\t\t\t\t\t\t\t<p>Combatiente revolucionario cubano, <a title=\"H\u00e9roe de la Rep\u00fablica de Cuba\" href=\"https:\/\/www.ecured.cu\/H%C3%A9roe_de_la_Rep%C3%BAblica_de_Cuba\">H\u00e9roe de la Rep\u00fablica de Cuba<\/a> y Comandante de la <a title=\"Revoluci\u00f3n Cubana\" href=\"https:\/\/www.ecured.cu\/Revoluci%C3%B3n_Cubana\">Revoluci\u00f3n<\/a>. Particip\u00f3 en el <a class=\"mw-redirect\" title=\"Asalto al Cuartel Moncada\" href=\"https:\/\/www.ecured.cu\/Asalto_al_Cuartel_Moncada\">Asalto al Cuartel Moncada<\/a>, expedicionario del <a title=\"Yate Granma\" href=\"https:\/\/www.ecured.cu\/Yate_Granma\">yate Granma<\/a> e integr\u00f3 el <a title=\"Ej\u00e9rcito Rebelde\" href=\"https:\/\/www.ecured.cu\/Ej%C3%A9rcito_Rebelde\">Ej\u00e9rcito Rebelde<\/a> en lucha contra la dictadura de <a title=\"Fulgencio Batista\" href=\"https:\/\/www.ecured.cu\/Fulgencio_Batista\">Fulgencio Batista<\/a> en <a class=\"mw-redirect\" title=\"Cuba\" href=\"https:\/\/www.ecured.cu\/Cuba\">Cuba<\/a>. Miembro del Bur\u00f3 Pol\u00edtico del <a title=\"Partido Comunista de Cuba\" href=\"https:\/\/www.ecured.cu\/Partido_Comunista_de_Cuba\">Partido Comunista de Cuba<\/a> y Vicepresidente de los Consejos de Estado y de Ministros, cargo que ocup\u00f3 hasta el <a title=\"10 de octubre\" href=\"https:\/\/www.ecured.cu\/10_de_octubre\">10 de octubre<\/a> de <a title=\"2019\" href=\"https:\/\/www.ecured.cu\/2019\">2019<\/a>. Elegido Vice Primer Ministro de la Rep\u00fablica de Cuba el 21 de diciembre de 2019 en el IV per\u00edodo ordinario de sesiones correspondiente a la IX Legislatura de la <a title=\"Asamblea Nacional del Poder Popular\" href=\"https:\/\/www.ecured.cu\/Asamblea_Nacional_del_Poder_Popular\">Asamblea Nacional del Poder Popular<\/a>.<\/p>\t\t\t\t\t\t<\/div>\n\t\t\t\t<\/div>\n\t\t\t\t<div class=\"elementor-element elementor-element-6816dcf elementor-widget elementor-widget-text-editor\" data-id=\"6816dcf\" data-element_type=\"widget\" data-widget_type=\"text-editor.default\">\n\t\t\t\t<div class=\"elementor-widget-container\">\n\t\t\t\t\t\t\t<p>Fuente: Ecured<\/p>\t\t\t\t\t\t<\/div>\n\t\t\t\t<\/div>\n\t\t\t\t\t<\/div>\n\t\t<\/div>\n\t\t\t\t\t\t\t<\/div>\n\t\t<\/section>\n\t\t\t\t\t<\/div>\n\t\t<\/div>\n\t\t\t\t\t\t\t<\/div>\n\t\t<\/section>\n\t\t\t\t<section class=\"elementor-section elementor-top-section elementor-element elementor-element-dd23910 elementor-section-stretched elementor-section-boxed elementor-section-height-default elementor-section-height-default\" data-id=\"dd23910\" data-element_type=\"section\" data-settings=\"{&quot;stretch_section&quot;:&quot;section-stretched&quot;,&quot;background_background&quot;:&quot;classic&quot;}\">\n\t\t\t\t\t\t<div class=\"elementor-container elementor-column-gap-default\">\n\t\t\t\t\t<div class=\"elementor-column elementor-col-100 elementor-top-column elementor-element elementor-element-d78e2de\" data-id=\"d78e2de\" data-element_type=\"column\">\n\t\t\t<div class=\"elementor-widget-wrap elementor-element-populated\">\n\t\t\t\t\t\t\t\t<div class=\"elementor-element elementor-element-87cb8d1 elementor-widget elementor-widget-heading\" data-id=\"87cb8d1\" data-element_type=\"widget\" data-widget_type=\"heading.default\">\n\t\t\t\t<div class=\"elementor-widget-container\">\n\t\t\t<h4 class=\"elementor-heading-title elementor-size-default\"><a href=\"https:\/\/www.ecured.cu\/Ra%C3%BAl_Castro\">Ra\u00fal Castro Ruz\n(1931)\n\n\n<\/a><\/h4>\t\t<\/div>\n\t\t\t\t<\/div>\n\t\t\t\t<section class=\"elementor-section elementor-inner-section elementor-element elementor-element-c8c7bd8 elementor-section-boxed elementor-section-height-default elementor-section-height-default\" data-id=\"c8c7bd8\" data-element_type=\"section\">\n\t\t\t\t\t\t<div class=\"elementor-container elementor-column-gap-default\">\n\t\t\t\t\t<div class=\"elementor-column elementor-col-50 elementor-inner-column elementor-element elementor-element-aee4774\" data-id=\"aee4774\" data-element_type=\"column\">\n\t\t\t<div class=\"elementor-widget-wrap elementor-element-populated\">\n\t\t\t\t\t\t\t\t<div class=\"elementor-element elementor-element-a7c289d elementor-widget__width-initial elementor-widget-mobile__width-initial elementor-widget elementor-widget-image\" data-id=\"a7c289d\" data-element_type=\"widget\" data-widget_type=\"image.default\">\n\t\t\t\t<div class=\"elementor-widget-container\">\n\t\t\t\t\t\t\t\t\t\t\t\t\t\t\t<img decoding=\"async\" width=\"653\" height=\"820\" src=\"https:\/\/nescuba.cdtc.unb.br\/wp-content\/uploads\/2023\/08\/raul-1-copy.jpg\" class=\"attachment-large size-large wp-image-6798\" alt=\"\" loading=\"lazy\" srcset=\"https:\/\/nescuba.cdtc.unb.br\/wp-content\/uploads\/2023\/08\/raul-1-copy.jpg 653w, https:\/\/nescuba.cdtc.unb.br\/wp-content\/uploads\/2023\/08\/raul-1-copy-239x300.jpg 239w\" sizes=\"(max-width: 653px) 100vw, 653px\" \/>\t\t\t\t\t\t\t\t\t\t\t\t\t\t\t<\/div>\n\t\t\t\t<\/div>\n\t\t\t\t\t<\/div>\n\t\t<\/div>\n\t\t\t\t<div class=\"elementor-column elementor-col-50 elementor-inner-column elementor-element elementor-element-58bf963\" data-id=\"58bf963\" data-element_type=\"column\">\n\t\t\t<div class=\"elementor-widget-wrap elementor-element-populated\">\n\t\t\t\t\t\t\t\t<div class=\"elementor-element elementor-element-febf65d elementor-widget__width-initial elementor-widget elementor-widget-text-editor\" data-id=\"febf65d\" data-element_type=\"widget\" data-widget_type=\"text-editor.default\">\n\t\t\t\t<div class=\"elementor-widget-container\">\n\t\t\t\t\t\t\t<p>Fue presidente de los Consejos de Estado y de Ministros de la <a title=\"Rep\u00fablica de Cuba\" href=\"https:\/\/www.ecured.cu\/Rep%C3%BAblica_de_Cuba\">Rep\u00fablica de Cuba<\/a> y Primer Secretario del <a title=\"Comit\u00e9 Central del Partido Comunista de Cuba\" href=\"https:\/\/www.ecured.cu\/Comit%C3%A9_Central_del_Partido_Comunista_de_Cuba\">Comit\u00e9 Central del PCC<\/a>, cargo que ocup\u00f3 hasta el 19 de abril de 2021.\u00a0 Por los servicios prestados a la defensa del pa\u00eds, el <a title=\"15 de noviembre\" href=\"https:\/\/www.ecured.cu\/15_de_noviembre\">15 de noviembre<\/a> de <a title=\"1976\" href=\"https:\/\/www.ecured.cu\/1976\">1976<\/a> fue ascendido al grado de General de Ej\u00e9rcito. El <a title=\"27 de febrero\" href=\"https:\/\/www.ecured.cu\/27_de_febrero\">27 de febrero<\/a> de <a title=\"1998\" href=\"https:\/\/www.ecured.cu\/1998\">1998<\/a> le fue otorgado el t\u00edtulo honor\u00edfico de <a title=\"H\u00e9roe de la Rep\u00fablica de Cuba\" href=\"https:\/\/www.ecured.cu\/H%C3%A9roe_de_la_Rep%C3%BAblica_de_Cuba\">H\u00e9roe de la Rep\u00fablica de Cuba<\/a> y la <a title=\"Orden M\u00e1ximo G\u00f3mez\" href=\"https:\/\/www.ecured.cu\/Orden_M%C3%A1ximo_G%C3%B3mez\">Orden M\u00e1ximo G\u00f3mez<\/a> en Primer Grado, en consideraci\u00f3n a su larga trayectoria, sus grandes m\u00e9ritos revolucionarios y la consagraci\u00f3n al deber durante estos a\u00f1os. Se destaca su decisiva participaci\u00f3n al frente del <a class=\"mw-redirect\" title=\"FAR\" href=\"https:\/\/www.ecured.cu\/FAR\">Ministerio de las Fuerzas Armadas Revolucionarias<\/a> durante casi 49 a\u00f1os. El <a title=\"24 de febrero\" href=\"https:\/\/www.ecured.cu\/24_de_febrero\">24 de febrero<\/a> de <a title=\"2008\" href=\"https:\/\/www.ecured.cu\/2008\">2008<\/a> fue electo por la <a title=\"Asamblea Nacional del Poder Popular\" href=\"https:\/\/www.ecured.cu\/Asamblea_Nacional_del_Poder_Popular\">Asamblea Nacional<\/a> como Presidente de los Consejos de Estado y de Ministros, siendo reelecto para un segundo mandato en febrero de 2013<sup id=\"cite_ref-1\" class=\"reference\"><a href=\"https:\/\/www.ecured.cu\/Ra%C3%BAl_Castro#cite_note-1\">[1]<\/a><\/sup>, cargo que ocup\u00f3 hasta el 19 de abril de 2018.\u00a0 El esfuerzo de su administraci\u00f3n se destaca por el cont\u00ednuo perfeccionamiento del modelo del Socialismo en la Isla.<\/p>\t\t\t\t\t\t<\/div>\n\t\t\t\t<\/div>\n\t\t\t\t<div class=\"elementor-element elementor-element-770c0ac elementor-widget elementor-widget-text-editor\" data-id=\"770c0ac\" data-element_type=\"widget\" data-widget_type=\"text-editor.default\">\n\t\t\t\t<div class=\"elementor-widget-container\">\n\t\t\t\t\t\t\t<p>Fuente: Ecured<\/p>\t\t\t\t\t\t<\/div>\n\t\t\t\t<\/div>\n\t\t\t\t\t<\/div>\n\t\t<\/div>\n\t\t\t\t\t\t\t<\/div>\n\t\t<\/section>\n\t\t\t\t\t<\/div>\n\t\t<\/div>\n\t\t\t\t\t\t\t<\/div>\n\t\t<\/section>\n\t\t\t\t\t\t\t<\/div>\n\t\t","protected":false},"excerpt":{"rendered":"<p>Personagens Hist\u00f3ricos Carlos Manuel de C\u00e9spedes y del Castillo (1819 \u2013 1874) L\u00edder independentista cubano. Inici\u00f3 la Guerra de los Diez A\u00f1os al levantarse en armas contra el r\u00e9gimen colonial de Espa\u00f1a, el 10 de octubre de 1868, proclamando su determinaci\u00f3n de independencia o muerte y la libertad de sus esclavos. Primer presidente de la [&hellip;]<\/p>\n","protected":false},"author":2,"featured_media":0,"parent":0,"menu_order":0,"comment_status":"closed","ping_status":"closed","template":"","meta":[],"_links":{"self":[{"href":"https:\/\/nescuba.cdtc.unb.br\/index.php?rest_route=\/wp\/v2\/pages\/105"}],"collection":[{"href":"https:\/\/nescuba.cdtc.unb.br\/index.php?rest_route=\/wp\/v2\/pages"}],"about":[{"href":"https:\/\/nescuba.cdtc.unb.br\/index.php?rest_route=\/wp\/v2\/types\/page"}],"author":[{"embeddable":true,"href":"https:\/\/nescuba.cdtc.unb.br\/index.php?rest_route=\/wp\/v2\/users\/2"}],"replies":[{"embeddable":true,"href":"https:\/\/nescuba.cdtc.unb.br\/index.php?rest_route=%2Fwp%2Fv2%2Fcomments&post=105"}],"version-history":[{"count":335,"href":"https:\/\/nescuba.cdtc.unb.br\/index.php?rest_route=\/wp\/v2\/pages\/105\/revisions"}],"predecessor-version":[{"id":25178,"href":"https:\/\/nescuba.cdtc.unb.br\/index.php?rest_route=\/wp\/v2\/pages\/105\/revisions\/25178"}],"wp:attachment":[{"href":"https:\/\/nescuba.cdtc.unb.br\/index.php?rest_route=%2Fwp%2Fv2%2Fmedia&parent=105"}],"curies":[{"name":"wp","href":"https:\/\/api.w.org\/{rel}","templated":true}]}}